{"id":10436,"date":"2017-02-10T13:17:08","date_gmt":"2017-02-10T12:17:08","guid":{"rendered":"https:\/\/studia-wroclaw.pl\/?page_id=10436"},"modified":"2026-04-07T09:17:11","modified_gmt":"2026-04-07T07:17:11","slug":"koordynatorzy-dyscyplin-naukowych","status":"publish","type":"page","link":"https:\/\/studia-wroclaw.pl\/en\/koordynatorzy-dyscyplin-naukowych\/","title":{"rendered":"Koordynatorzy dyscyplin naukowych"},"content":{"rendered":"<div class=\"wpb-content-wrapper\"><div class=\"vc_custom_1775545323470\"><div class=\"container\"><div class=\"vc_row wpb_row vc_row-fluid vc_row-o-content-middle vc_row-flex\"><div class=\"wpb_column vc_column_container vc_col-sm-6\"><div class=\"vc_column-inner vc_custom_1716412282141\"><div class=\"wpb_wrapper\">\n\t<div class=\"wpb_text_column wpb_content_element  vc_custom_1775544197242\" >\n\t\t<div class=\"wpb_wrapper\">\n\t\t\t<h1><span>Koordynatorzy dyscyplin naukowych<\/span><\/h1>\n\n\t\t<\/div>\n\t<\/div>\n<div class=\"gt3_spacing\"><div class=\"gt3_spacing-height gt3_spacing-height_default\" style=\"height:25px;\"><\/div><\/div>  \r\n\n\t<div class=\"wpb_text_column wpb_content_element\" >\n\t\t<div class=\"wpb_wrapper\">\n\t\t\t<p><span>Koordynatorzy dyscyplin naukowych pe\u0142ni\u0105 kluczow\u0105 rol\u0119 w systemie jako\u015bci kszta\u0142cenia oraz w organizacji dzia\u0142alno\u015bci naukowej Wy\u017cszej Szko\u0142y Kszta\u0142cenia Zawodowego. Ich zadania, tryb powo\u0142ywania oraz zakres odpowiedzialno\u015bci okre\u015bla <\/span><strong data-renderer-mark=\"true\">\u00a7 32 Statutu <span class=\"acronym-highlight\">WSKZ<\/span><\/strong><span>.<\/span><\/p>\n\n\t\t<\/div>\n\t<\/div>\n<\/div><\/div><\/div><div class=\"wpb_column vc_column_container vc_col-sm-6\"><div class=\"vc_column-inner\"><div class=\"wpb_wrapper\"><div class=\"gt3_spacing\"><div class=\"gt3_spacing-height gt3_spacing-height_default\" style=\"height:40px;\"><\/div><\/div>  \r\n\n\t<div  class=\"wpb_single_image wpb_content_element vc_align_left\">\n\t\t\n\t\t<figure class=\"wpb_wrapper vc_figure\">\n\t\t\t<div class=\"vc_single_image-wrapper   vc_box_border_grey\"><img loading=\"lazy\" decoding=\"async\" width=\"500\" height=\"333\" src=\"https:\/\/studia-wroclaw.pl\/wp-content\/uploads\/2026\/04\/koordynatorzy-dyscyplin-naukowych-foto-main.png\" class=\"vc_single_image-img attachment-full\" alt=\"\" title=\"koordynatorzy-dyscyplin-naukowych-foto-main\" srcset=\"https:\/\/studia-wroclaw.pl\/wp-content\/uploads\/2026\/04\/koordynatorzy-dyscyplin-naukowych-foto-main.png 500w, https:\/\/studia-wroclaw.pl\/wp-content\/uploads\/2026\/04\/koordynatorzy-dyscyplin-naukowych-foto-main-300x200.png 300w, https:\/\/studia-wroclaw.pl\/wp-content\/uploads\/2026\/04\/koordynatorzy-dyscyplin-naukowych-foto-main-18x12.png 18w\" sizes=\"auto, (max-width: 500px) 100vw, 500px\" \/><\/div>\n\t\t<\/figure>\n\t<\/div>\n<\/div><\/div><\/div><\/div><\/div><\/div><div class=\"vc_custom_1728902093134\"><div class=\"container\"><div class=\"vc_row wpb_row vc_row-fluid\"><div class=\"wpb_column vc_column_container vc_col-sm-12\"><div class=\"vc_column-inner\"><div class=\"wpb_wrapper\">\n\t<div class=\"wpb_text_column wpb_content_element\" >\n\t\t<div class=\"wpb_wrapper\">\n\t\t\t<h3><span>Zgodnie ze Statutem:<\/span><\/h3>\n\n\t\t<\/div>\n\t<\/div>\n<\/div><\/div><\/div><\/div><\/div><\/div><div class=\"\"><div class=\"container\"><div class=\"vc_row wpb_row vc_row-fluid\"><div class=\"wpb_column vc_column_container vc_col-sm-12\"><div class=\"vc_column-inner\"><div class=\"wpb_wrapper\"><div class=\"vc_separator wpb_content_element vc_separator_align_center vc_sep_width_100 vc_sep_pos_align_center vc_separator_no_text\" ><span class=\"vc_sep_holder vc_sep_holder_l\"><span style=\"border-color:#fb7b01;\" class=\"vc_sep_line\"><\/span><\/span><span class=\"vc_sep_holder vc_sep_holder_r\"><span style=\"border-color:#fb7b01;\" class=\"vc_sep_line\"><\/span><\/span>\n<\/div><\/div><\/div><\/div><\/div><\/div><\/div><div class=\"vc_custom_1728902093134\"><div class=\"container\"><div class=\"vc_row wpb_row vc_row-fluid\"><div class=\"wpb_column vc_column_container vc_col-sm-12\"><div class=\"vc_column-inner\"><div class=\"wpb_wrapper\">\n\t<div class=\"wpb_text_column wpb_content_element\" >\n\t\t<div class=\"wpb_wrapper\">\n\t\t\t<ul>\n<li data-renderer-start-pos=\"471\">dla ka\u017cdej dyscypliny nauki, w kt\u00f3rej Uczelnia prowadzi kszta\u0142cenie, powo\u0142uje si\u0119 koordynatora b\u0119d\u0105cego nauczycielem akademickim <strong data-renderer-mark=\"true\">co najmniej ze stopniem doktora<\/strong>,<\/li>\n<li data-renderer-start-pos=\"651\">koordynator koordynuje dzia\u0142ania prowadzone w ramach danej dyscypliny,<\/li>\n<li data-renderer-start-pos=\"730\">wspiera Prorektora ds. Kszta\u0142cenia w realizacji jego zada\u0144,<\/li>\n<li data-renderer-start-pos=\"798\">wykonuje inne zadania okre\u015blone przez Rektora,<\/li>\n<li data-renderer-start-pos=\"848\">mo\u017ce reprezentowa\u0107 wi\u0119cej ni\u017c jedn\u0105 dyscyplin\u0119, je\u015bli jest to uzasadnione organizacyjnie lub naukowo,<\/li>\n<li data-renderer-start-pos=\"958\">koordynator\u00f3w powo\u0142uje i odwo\u0142uje Rektor, po uzyskaniu pozytywnej opinii Senatu.<\/li>\n<\/ul>\n\n\t\t<\/div>\n\t<\/div>\n<\/div><\/div><\/div><\/div><\/div><\/div><div class=\"\"><div class=\"container\"><div class=\"vc_row wpb_row vc_row-fluid\"><div class=\"wpb_column vc_column_container vc_col-sm-12\"><div class=\"vc_column-inner\"><div class=\"wpb_wrapper\"><div class=\"vc_separator wpb_content_element vc_separator_align_center vc_sep_width_100 vc_sep_pos_align_center vc_separator_no_text vc_sep_color_grey\" ><span class=\"vc_sep_holder vc_sep_holder_l\"><span class=\"vc_sep_line\"><\/span><\/span><span class=\"vc_sep_holder vc_sep_holder_r\"><span class=\"vc_sep_line\"><\/span><\/span>\n<\/div><\/div><\/div><\/div><\/div><\/div><\/div><div class=\"vc_custom_1728902093134\"><div class=\"container\"><div class=\"vc_row wpb_row vc_row-fluid\"><div class=\"wpb_column vc_column_container vc_col-sm-12\"><div class=\"vc_column-inner\"><div class=\"wpb_wrapper\">\n\t<div class=\"wpb_text_column wpb_content_element\" >\n\t\t<div class=\"wpb_wrapper\">\n\t\t\t<p><strong data-renderer-mark=\"true\">Koordynatorzy wsp\u00f3\u0142pracuj\u0105 z Dzia\u0142em Nauki, Instytutami, Wydzia\u0142ami oraz jednostkami odpowiedzialnymi za jako\u015b\u0107 kszta\u0142cenia, zapewniaj\u0105c sp\u00f3jno\u015b\u0107 dzia\u0142a\u0144 dydaktycznych i naukowych w ramach poszczeg\u00f3lnych dyscyplin.<\/strong><\/p>\n\n\t\t<\/div>\n\t<\/div>\n<\/div><\/div><\/div><\/div><\/div><\/div><div data-vc-full-width=\"true\" data-vc-full-width-init=\"false\" class=\"vc_custom_1775545351057\"><div class=\"container\"><div class=\"vc_row wpb_row vc_row-fluid vc_row-has-fill\"><div class=\"wpb_column vc_column_container vc_col-sm-12\"><div class=\"vc_column-inner\"><div class=\"wpb_wrapper\">\n\t<div class=\"wpb_text_column wpb_content_element  vc_custom_1775544760144\" >\n\t\t<div class=\"wpb_wrapper\">\n\t\t\t<h1 style=\"text-align: center;\" data-renderer-start-pos=\"1263\"><strong data-renderer-mark=\"true\">Koordynatorzy dyscyplin naukowych WSKZ<\/strong><\/h1>\n\n\t\t<\/div>\n\t<\/div>\n<\/div><\/div><\/div><\/div><\/div><\/div><div class=\"vc_row-full-width vc_clearfix\"><\/div><div data-vc-full-width=\"true\" data-vc-full-width-init=\"false\" class=\"vc_custom_1716412236966\"><div class=\"container\"><div class=\"vc_row wpb_row vc_row-fluid vc_row-has-fill\"><div class=\"wpb_column vc_column_container vc_col-sm-4\"><div class=\"vc_column-inner\"><div class=\"wpb_wrapper\">\n\t<div class=\"wpb_text_column wpb_content_element\" >\n\t\t<div class=\"wpb_wrapper\">\n\t\t\t<p style=\"text-align: center;\" data-renderer-start-pos=\"1263\">prof. dr hab.<\/p>\n\n\t\t<\/div>\n\t<\/div>\n\n\t<div class=\"wpb_text_column wpb_content_element  vc_custom_1775545158640\" >\n\t\t<div class=\"wpb_wrapper\">\n\t\t\t<h3 style=\"text-align: center;\" data-renderer-start-pos=\"1263\"><strong data-renderer-mark=\"true\">Andrzej Antoszewski<\/strong><\/h3>\n\n\t\t<\/div>\n\t<\/div>\n\n\t<div class=\"wpb_text_column wpb_content_element  vc_custom_1775544749265\" >\n\t\t<div class=\"wpb_wrapper\">\n\t\t\t<p style=\"text-align: center;\" data-renderer-start-pos=\"1305\"><em data-renderer-mark=\"true\">Institute of Administration and Political Science<\/em> Koordynator dyscypliny: <strong data-renderer-mark=\"true\">nauki o polityce i administracji<\/strong><\/p>\n\n\t\t<\/div>\n\t<\/div>\n<\/div><\/div><\/div><div class=\"wpb_column vc_column_container vc_col-sm-4\"><div class=\"vc_column-inner\"><div class=\"wpb_wrapper\">\n\t<div class=\"wpb_text_column wpb_content_element\" >\n\t\t<div class=\"wpb_wrapper\">\n\t\t\t<p style=\"text-align: center;\" data-renderer-start-pos=\"1263\">prof. dr hab.<\/p>\n\n\t\t<\/div>\n\t<\/div>\n\n\t<div class=\"wpb_text_column wpb_content_element  vc_custom_1775545182296\" >\n\t\t<div class=\"wpb_wrapper\">\n\t\t\t<h3 style=\"text-align: center;\" data-prosemirror-content-type=\"node\" data-prosemirror-node-name=\"paragraph\" data-prosemirror-node-block=\"true\" data-pm-slice=\"1 1 &#091;&quot;table&quot;,{&quot;displayMode&quot;:null,&quot;isNumberColumnEnabled&quot;:false,&quot;layout&quot;:&quot;default&quot;,&quot;localId&quot;:&quot;a831dc7d-eabc-4131-b548-0fa1a7eeb07f&quot;,&quot;width&quot;:null,&quot;__autoSize&quot;:false},&quot;tableRow&quot;,null,&quot;tableCell&quot;,{&quot;colspan&quot;:2,&quot;rowspan&quot;:1,&quot;colwidth&quot;:&#091;251,247&#093;,&quot;background&quot;:null,&quot;localId&quot;:null},&quot;orderedList&quot;,{&quot;order&quot;:2,&quot;localId&quot;:null},&quot;listItem&quot;,null&#093;\"><strong data-prosemirror-content-type=\"mark\" data-prosemirror-mark-name=\"strong\">Leszek Sobkowiak<\/strong><\/h3>\n\n\t\t<\/div>\n\t<\/div>\n\n\t<div class=\"wpb_text_column wpb_content_element  vc_custom_1775544884319\" >\n\t\t<div class=\"wpb_wrapper\">\n\t\t\t<p style=\"text-align: center;\" data-prosemirror-content-type=\"node\" data-prosemirror-node-name=\"paragraph\" data-prosemirror-node-block=\"true\" data-pm-slice=\"1 1 &#091;&quot;table&quot;,{&quot;displayMode&quot;:null,&quot;isNumberColumnEnabled&quot;:false,&quot;layout&quot;:&quot;default&quot;,&quot;localId&quot;:&quot;a831dc7d-eabc-4131-b548-0fa1a7eeb07f&quot;,&quot;width&quot;:null,&quot;__autoSize&quot;:false},&quot;tableRow&quot;,null,&quot;tableCell&quot;,{&quot;colspan&quot;:2,&quot;rowspan&quot;:1,&quot;colwidth&quot;:&#091;251,247&#093;,&quot;background&quot;:null,&quot;localId&quot;:null},&quot;orderedList&quot;,{&quot;order&quot;:2,&quot;localId&quot;:null},&quot;listItem&quot;,null&#093;\"><em data-prosemirror-content-type=\"mark\" data-prosemirror-mark-name=\"em\">Institute of Administration and Political Science<\/em> Koordynator dyscypliny: <strong data-prosemirror-content-type=\"mark\" data-prosemirror-mark-name=\"strong\">nauki o polityce i administracji<\/strong><\/p>\n\n\t\t<\/div>\n\t<\/div>\n<\/div><\/div><\/div><div class=\"wpb_column vc_column_container vc_col-sm-4\"><div class=\"vc_column-inner\"><div class=\"wpb_wrapper\">\n\t<div class=\"wpb_text_column wpb_content_element\" >\n\t\t<div class=\"wpb_wrapper\">\n\t\t\t<p style=\"text-align: center;\" data-renderer-start-pos=\"1263\">dr hab.<\/p>\n\n\t\t<\/div>\n\t<\/div>\n\n\t<div class=\"wpb_text_column wpb_content_element  vc_custom_1775545197426\" >\n\t\t<div class=\"wpb_wrapper\">\n\t\t\t<h3 style=\"text-align: center;\" data-prosemirror-content-type=\"node\" data-prosemirror-node-name=\"paragraph\" data-prosemirror-node-block=\"true\" data-pm-slice=\"1 1 &#091;&quot;table&quot;,{&quot;displayMode&quot;:null,&quot;isNumberColumnEnabled&quot;:false,&quot;layout&quot;:&quot;default&quot;,&quot;localId&quot;:&quot;a831dc7d-eabc-4131-b548-0fa1a7eeb07f&quot;,&quot;width&quot;:null,&quot;__autoSize&quot;:false},&quot;tableRow&quot;,null,&quot;tableCell&quot;,{&quot;colspan&quot;:2,&quot;rowspan&quot;:1,&quot;colwidth&quot;:&#091;251,247&#093;,&quot;background&quot;:null,&quot;localId&quot;:null},&quot;orderedList&quot;,{&quot;order&quot;:3,&quot;localId&quot;:null},&quot;listItem&quot;,null&#093;\"><strong data-prosemirror-content-type=\"mark\" data-prosemirror-mark-name=\"strong\">Mariusz Nepelski<\/strong><\/h3>\n\n\t\t<\/div>\n\t<\/div>\n\n\t<div class=\"wpb_text_column wpb_content_element  vc_custom_1775544912506\" >\n\t\t<div class=\"wpb_wrapper\">\n\t\t\t<p style=\"text-align: center;\" data-prosemirror-content-type=\"node\" data-prosemirror-node-name=\"paragraph\" data-prosemirror-node-block=\"true\" data-pm-slice=\"1 1 &#091;&quot;table&quot;,{&quot;displayMode&quot;:null,&quot;isNumberColumnEnabled&quot;:false,&quot;layout&quot;:&quot;default&quot;,&quot;localId&quot;:&quot;a831dc7d-eabc-4131-b548-0fa1a7eeb07f&quot;,&quot;width&quot;:null,&quot;__autoSize&quot;:false},&quot;tableRow&quot;,null,&quot;tableCell&quot;,{&quot;colspan&quot;:2,&quot;rowspan&quot;:1,&quot;colwidth&quot;:&#091;251,247&#093;,&quot;background&quot;:null,&quot;localId&quot;:null},&quot;orderedList&quot;,{&quot;order&quot;:3,&quot;localId&quot;:null},&quot;listItem&quot;,null&#093;\"><em data-prosemirror-content-type=\"mark\" data-prosemirror-mark-name=\"em\">Institute of Criminology and Homeland Security<\/em> Koordynator dyscypliny: <strong data-prosemirror-content-type=\"mark\" data-prosemirror-mark-name=\"strong\">nauki o bezpiecze\u0144stwie<\/strong><\/p>\n\n\t\t<\/div>\n\t<\/div>\n<\/div><\/div><\/div><\/div><\/div><\/div><div class=\"vc_row-full-width vc_clearfix\"><\/div><div data-vc-full-width=\"true\" data-vc-full-width-init=\"false\" class=\"vc_custom_1716412236966\"><div class=\"container\"><div class=\"vc_row wpb_row vc_row-fluid vc_row-has-fill\"><div class=\"wpb_column vc_column_container vc_col-sm-4\"><div class=\"vc_column-inner\"><div class=\"wpb_wrapper\">\n\t<div class=\"wpb_text_column wpb_content_element\" >\n\t\t<div class=\"wpb_wrapper\">\n\t\t\t<p style=\"text-align: center;\">Dr.<\/p>\n\n\t\t<\/div>\n\t<\/div>\n\n\t<div class=\"wpb_text_column wpb_content_element  vc_custom_1775545235856\" >\n\t\t<div class=\"wpb_wrapper\">\n\t\t\t<h3 style=\"text-align: center;\" data-prosemirror-content-type=\"node\" data-prosemirror-node-name=\"paragraph\" data-prosemirror-node-block=\"true\" data-pm-slice=\"1 1 &#091;&quot;table&quot;,{&quot;displayMode&quot;:null,&quot;isNumberColumnEnabled&quot;:false,&quot;layout&quot;:&quot;default&quot;,&quot;localId&quot;:&quot;a831dc7d-eabc-4131-b548-0fa1a7eeb07f&quot;,&quot;width&quot;:null,&quot;__autoSize&quot;:false},&quot;tableRow&quot;,null,&quot;tableCell&quot;,{&quot;colspan&quot;:2,&quot;rowspan&quot;:1,&quot;colwidth&quot;:&#091;251,247&#093;,&quot;background&quot;:null,&quot;localId&quot;:null},&quot;orderedList&quot;,{&quot;order&quot;:4,&quot;localId&quot;:null},&quot;listItem&quot;,null&#093;\"><strong data-prosemirror-content-type=\"mark\" data-prosemirror-mark-name=\"strong\">Henryk Wojtaszek<\/strong><\/h3>\n\n\t\t<\/div>\n\t<\/div>\n\n\t<div class=\"wpb_text_column wpb_content_element  vc_custom_1775544937097\" >\n\t\t<div class=\"wpb_wrapper\">\n\t\t\t<p style=\"text-align: center;\" data-prosemirror-content-type=\"node\" data-prosemirror-node-name=\"paragraph\" data-prosemirror-node-block=\"true\" data-pm-slice=\"1 1 &#091;&quot;table&quot;,{&quot;displayMode&quot;:null,&quot;isNumberColumnEnabled&quot;:false,&quot;layout&quot;:&quot;default&quot;,&quot;localId&quot;:&quot;a831dc7d-eabc-4131-b548-0fa1a7eeb07f&quot;,&quot;width&quot;:null,&quot;__autoSize&quot;:false},&quot;tableRow&quot;,null,&quot;tableCell&quot;,{&quot;colspan&quot;:2,&quot;rowspan&quot;:1,&quot;colwidth&quot;:&#091;251,247&#093;,&quot;background&quot;:null,&quot;localId&quot;:null},&quot;orderedList&quot;,{&quot;order&quot;:4,&quot;localId&quot;:null},&quot;listItem&quot;,null&#093;\"><em data-prosemirror-content-type=\"mark\" data-prosemirror-mark-name=\"em\">Instytut Zarz\u0105dzania i Nauk o Jako\u015bci Kszta\u0142cenia<\/em> Koordynator dyscypliny: <strong data-prosemirror-content-type=\"mark\" data-prosemirror-mark-name=\"strong\">nauki o zarz\u0105dzaniu i jako\u015bci<\/strong><\/p>\n\n\t\t<\/div>\n\t<\/div>\n<\/div><\/div><\/div><div class=\"wpb_column vc_column_container vc_col-sm-4\"><div class=\"vc_column-inner\"><div class=\"wpb_wrapper\">\n\t<div class=\"wpb_text_column wpb_content_element\" >\n\t\t<div class=\"wpb_wrapper\">\n\t\t\t<p style=\"text-align: center;\">Dr.<\/p>\n\n\t\t<\/div>\n\t<\/div>\n\n\t<div class=\"wpb_text_column wpb_content_element  vc_custom_1775545241257\" >\n\t\t<div class=\"wpb_wrapper\">\n\t\t\t<h3 style=\"text-align: center;\" data-prosemirror-content-type=\"node\" data-prosemirror-node-name=\"paragraph\" data-prosemirror-node-block=\"true\" data-pm-slice=\"1 1 &#091;&quot;table&quot;,{&quot;displayMode&quot;:null,&quot;isNumberColumnEnabled&quot;:false,&quot;layout&quot;:&quot;default&quot;,&quot;localId&quot;:&quot;a831dc7d-eabc-4131-b548-0fa1a7eeb07f&quot;,&quot;width&quot;:null,&quot;__autoSize&quot;:false},&quot;tableRow&quot;,null,&quot;tableCell&quot;,{&quot;colspan&quot;:2,&quot;rowspan&quot;:1,&quot;colwidth&quot;:&#091;251,247&#093;,&quot;background&quot;:null,&quot;localId&quot;:null},&quot;orderedList&quot;,{&quot;order&quot;:5,&quot;localId&quot;:null},&quot;listItem&quot;,null&#093;\"><strong data-prosemirror-content-type=\"mark\" data-prosemirror-mark-name=\"strong\">Micha\u0142 Stefa\u0144czyk<\/strong><\/h3>\n\n\t\t<\/div>\n\t<\/div>\n\n\t<div class=\"wpb_text_column wpb_content_element  vc_custom_1775544961729\" >\n\t\t<div class=\"wpb_wrapper\">\n\t\t\t<p style=\"text-align: center;\" data-prosemirror-content-type=\"node\" data-prosemirror-node-name=\"paragraph\" data-prosemirror-node-block=\"true\" data-pm-slice=\"1 1 &#091;&quot;table&quot;,{&quot;displayMode&quot;:null,&quot;isNumberColumnEnabled&quot;:false,&quot;layout&quot;:&quot;default&quot;,&quot;localId&quot;:&quot;a831dc7d-eabc-4131-b548-0fa1a7eeb07f&quot;,&quot;width&quot;:null,&quot;__autoSize&quot;:false},&quot;tableRow&quot;,null,&quot;tableCell&quot;,{&quot;colspan&quot;:2,&quot;rowspan&quot;:1,&quot;colwidth&quot;:&#091;251,247&#093;,&quot;background&quot;:null,&quot;localId&quot;:null},&quot;orderedList&quot;,{&quot;order&quot;:5,&quot;localId&quot;:null},&quot;listItem&quot;,null&#093;\"><em data-prosemirror-content-type=\"mark\" data-prosemirror-mark-name=\"em\">Wydzia\u0142 Psychologii<\/em> Koordynator dyscypliny: <strong data-prosemirror-content-type=\"mark\" data-prosemirror-mark-name=\"strong\">psychologia<\/strong><\/p>\n\n\t\t<\/div>\n\t<\/div>\n<\/div><\/div><\/div><div class=\"wpb_column vc_column_container vc_col-sm-4\"><div class=\"vc_column-inner\"><div class=\"wpb_wrapper\">\n\t<div class=\"wpb_text_column wpb_content_element\" >\n\t\t<div class=\"wpb_wrapper\">\n\t\t\t<p style=\"text-align: center;\">Dr.<\/p>\n\n\t\t<\/div>\n\t<\/div>\n\n\t<div class=\"wpb_text_column wpb_content_element  vc_custom_1775545247730\" >\n\t\t<div class=\"wpb_wrapper\">\n\t\t\t<h3 style=\"text-align: center;\" data-prosemirror-content-type=\"node\" data-prosemirror-node-name=\"paragraph\" data-prosemirror-node-block=\"true\" data-pm-slice=\"1 1 &#091;&quot;table&quot;,{&quot;displayMode&quot;:null,&quot;isNumberColumnEnabled&quot;:false,&quot;layout&quot;:&quot;default&quot;,&quot;localId&quot;:&quot;a831dc7d-eabc-4131-b548-0fa1a7eeb07f&quot;,&quot;width&quot;:null,&quot;__autoSize&quot;:false},&quot;tableRow&quot;,null,&quot;tableCell&quot;,{&quot;colspan&quot;:2,&quot;rowspan&quot;:1,&quot;colwidth&quot;:&#091;251,247&#093;,&quot;background&quot;:null,&quot;localId&quot;:null},&quot;orderedList&quot;,{&quot;order&quot;:6,&quot;localId&quot;:null},&quot;listItem&quot;,null&#093;\"><strong data-prosemirror-content-type=\"mark\" data-prosemirror-mark-name=\"strong\">Kamil St\u0119pniak<\/strong><\/h3>\n\n\t\t<\/div>\n\t<\/div>\n\n\t<div class=\"wpb_text_column wpb_content_element  vc_custom_1775544988953\" >\n\t\t<div class=\"wpb_wrapper\">\n\t\t\t<p style=\"text-align: center;\" data-prosemirror-content-type=\"node\" data-prosemirror-node-name=\"paragraph\" data-prosemirror-node-block=\"true\" data-pm-slice=\"1 1 &#091;&quot;table&quot;,{&quot;displayMode&quot;:null,&quot;isNumberColumnEnabled&quot;:false,&quot;layout&quot;:&quot;default&quot;,&quot;localId&quot;:&quot;a831dc7d-eabc-4131-b548-0fa1a7eeb07f&quot;,&quot;width&quot;:null,&quot;__autoSize&quot;:false},&quot;tableRow&quot;,null,&quot;tableCell&quot;,{&quot;colspan&quot;:2,&quot;rowspan&quot;:1,&quot;colwidth&quot;:&#091;251,247&#093;,&quot;background&quot;:null,&quot;localId&quot;:null},&quot;orderedList&quot;,{&quot;order&quot;:6,&quot;localId&quot;:null},&quot;listItem&quot;,null&#093;\"><em data-prosemirror-content-type=\"mark\" data-prosemirror-mark-name=\"em\">Law Institute<\/em> Koordynator dyscypliny: <strong data-prosemirror-content-type=\"mark\" data-prosemirror-mark-name=\"strong\">nauki prawne<\/strong><\/p>\n\n\t\t<\/div>\n\t<\/div>\n<\/div><\/div><\/div><\/div><\/div><\/div><div class=\"vc_row-full-width vc_clearfix\"><\/div><div class=\"vc_custom_1728902093134\"><div class=\"container\"><div class=\"vc_row wpb_row vc_row-fluid\"><div class=\"wpb_column vc_column_container vc_col-sm-12\"><div class=\"vc_column-inner\"><div class=\"wpb_wrapper\">\n\t<div class=\"wpb_text_column wpb_content_element\" >\n\t\t<div class=\"wpb_wrapper\">\n\t\t\t<h2 data-prosemirror-content-type=\"node\" data-prosemirror-node-name=\"heading\" data-prosemirror-node-block=\"true\" data-pm-slice=\"1 1 &#091;&quot;table&quot;,{&quot;displayMode&quot;:null,&quot;isNumberColumnEnabled&quot;:false,&quot;layout&quot;:&quot;default&quot;,&quot;localId&quot;:&quot;a831dc7d-eabc-4131-b548-0fa1a7eeb07f&quot;,&quot;width&quot;:null,&quot;__autoSize&quot;:false},&quot;tableRow&quot;,null,&quot;tableCell&quot;,{&quot;colspan&quot;:2,&quot;rowspan&quot;:1,&quot;colwidth&quot;:&#091;251,247&#093;,&quot;background&quot;:null,&quot;localId&quot;:null}&#093;\"><strong data-prosemirror-content-type=\"mark\" data-prosemirror-mark-name=\"strong\">Wsp\u00f3\u0142praca koordynator\u00f3w z Dzia\u0142em Nauki<\/strong><\/h2>\n\n\t\t<\/div>\n\t<\/div>\n<\/div><\/div><\/div><\/div><\/div><\/div><div class=\"vc_custom_1728902093134\"><div class=\"container\"><div class=\"vc_row wpb_row vc_row-fluid\"><div class=\"wpb_column vc_column_container vc_col-sm-12\"><div class=\"vc_column-inner\"><div class=\"wpb_wrapper\">\n\t<div class=\"wpb_text_column wpb_content_element\" >\n\t\t<div class=\"wpb_wrapper\">\n\t\t\t<p data-prosemirror-content-type=\"node\" data-prosemirror-node-name=\"paragraph\" data-prosemirror-node-block=\"true\" data-pm-slice=\"1 1 &#091;&quot;table&quot;,{&quot;displayMode&quot;:null,&quot;isNumberColumnEnabled&quot;:false,&quot;layout&quot;:&quot;default&quot;,&quot;localId&quot;:&quot;a831dc7d-eabc-4131-b548-0fa1a7eeb07f&quot;,&quot;width&quot;:null,&quot;__autoSize&quot;:false},&quot;tableRow&quot;,null,&quot;tableCell&quot;,{&quot;colspan&quot;:2,&quot;rowspan&quot;:1,&quot;colwidth&quot;:&#091;251,247&#093;,&quot;background&quot;:null,&quot;localId&quot;:null}&#093;\">Koordynatorzy dyscyplin wsp\u00f3\u0142pracuj\u0105 z Dzia\u0142em Nauki w spos\u00f3b systemowy, zapewniaj\u0105c prawid\u0142ow\u0105 organizacj\u0119 dzia\u0142alno\u015bci naukowej w ramach poszczeg\u00f3lnych instytut\u00f3w. W szczeg\u00f3lno\u015bci:<\/p>\n\n\t\t<\/div>\n\t<\/div>\n<\/div><\/div><\/div><\/div><\/div><\/div><div class=\"\"><div class=\"container\"><div class=\"vc_row wpb_row vc_row-fluid\"><div class=\"wpb_column vc_column_container vc_col-sm-12\"><div class=\"vc_column-inner\"><div class=\"wpb_wrapper\"><div class=\"vc_separator wpb_content_element vc_separator_align_center vc_sep_width_100 vc_sep_pos_align_center vc_separator_no_text\" ><span class=\"vc_sep_holder vc_sep_holder_l\"><span style=\"border-color:#fb7b01;\" class=\"vc_sep_line\"><\/span><\/span><span class=\"vc_sep_holder vc_sep_holder_r\"><span style=\"border-color:#fb7b01;\" class=\"vc_sep_line\"><\/span><\/span>\n<\/div><\/div><\/div><\/div><\/div><\/div><\/div><div class=\"vc_custom_1728902093134\"><div class=\"container\"><div class=\"vc_row wpb_row vc_row-fluid\"><div class=\"wpb_column vc_column_container vc_col-sm-12\"><div class=\"vc_column-inner\"><div class=\"wpb_wrapper\">\n\t<div class=\"wpb_text_column wpb_content_element\" >\n\t\t<div class=\"wpb_wrapper\">\n\t\t\t<ul>\n<li data-prosemirror-content-type=\"node\" data-prosemirror-node-name=\"paragraph\" data-prosemirror-node-block=\"true\">prowadz\u0105 ewidencj\u0119 dorobku naukowego pracownik\u00f3w w instytutach,<\/li>\n<li data-prosemirror-content-type=\"node\" data-prosemirror-node-name=\"paragraph\" data-prosemirror-node-block=\"true\">systematycznie przekazuj\u0105 dorobek naukowy pracownik\u00f3w do Dzia\u0142u Nauki,<\/li>\n<li data-prosemirror-content-type=\"node\" data-prosemirror-node-name=\"paragraph\" data-prosemirror-node-block=\"true\">przekazywanie odbywa si\u0119 bezpo\u015brednio do: Zespo\u0142u ds. Mobilno\u015bci Naukowej, prowadzonego przez p. Daniela \u015aliwi\u0144skiego, kt\u00f3ry odpowiada za rejestracj\u0119 aktywno\u015bci naukowej i mobilno\u015bciowej,<\/li>\n<li data-prosemirror-content-type=\"node\" data-prosemirror-node-name=\"paragraph\" data-prosemirror-node-block=\"true\">wsp\u00f3\u0142pracuj\u0105 przy przygotowywaniu danych do system\u00f3w POL\u2011on, PBN i SEDN, dbaj\u0105c o poprawno\u015b\u0107 i kompletno\u015b\u0107 informacji,<\/li>\n<li data-prosemirror-content-type=\"node\" data-prosemirror-node-name=\"paragraph\" data-prosemirror-node-block=\"true\">wspieraj\u0105 Dzia\u0142 Nauki w procesach ewaluacyjnych, raportowych i sprawozdawczych,<\/li>\n<li data-prosemirror-content-type=\"node\" data-prosemirror-node-name=\"paragraph\" data-prosemirror-node-block=\"true\">uczestnicz\u0105 w planowaniu i koordynacji projekt\u00f3w badawczych, seminari\u00f3w i inicjatyw naukowych,<\/li>\n<li data-prosemirror-content-type=\"node\" data-prosemirror-node-name=\"paragraph\" data-prosemirror-node-block=\"true\">opiniuj\u0105 dzia\u0142ania naukowe i dydaktyczne podejmowane w ramach dyscypliny,<\/li>\n<li data-prosemirror-content-type=\"node\" data-prosemirror-node-name=\"paragraph\" data-prosemirror-node-block=\"true\">identyfikuj\u0105 potrzeby szkoleniowe i rozwojowe kadry akademickiej, przekazuj\u0105c je do Dzia\u0142u Nauki i Centrum Doskonalenia Dydaktycznego i Rozwoju Naukowego.<\/li>\n<\/ul>\n\n\t\t<\/div>\n\t<\/div>\n<\/div><\/div><\/div><\/div><\/div><\/div><div class=\"\"><div class=\"container\"><div class=\"vc_row wpb_row vc_row-fluid\"><div class=\"wpb_column vc_column_container vc_col-sm-12\"><div class=\"vc_column-inner\"><div class=\"wpb_wrapper\"><div class=\"vc_separator wpb_content_element vc_separator_align_center vc_sep_width_100 vc_sep_pos_align_center vc_separator_no_text vc_sep_color_grey\" ><span class=\"vc_sep_holder vc_sep_holder_l\"><span class=\"vc_sep_line\"><\/span><\/span><span class=\"vc_sep_holder vc_sep_holder_r\"><span class=\"vc_sep_line\"><\/span><\/span>\n<\/div><\/div><\/div><\/div><\/div><\/div><\/div><div class=\"vc_custom_1728902093134\"><div class=\"container\"><div class=\"vc_row wpb_row vc_row-fluid\"><div class=\"wpb_column vc_column_container vc_col-sm-12\"><div class=\"vc_column-inner\"><div class=\"wpb_wrapper\">\n\t<div class=\"wpb_text_column wpb_content_element\" >\n\t\t<div class=\"wpb_wrapper\">\n\t\t\t<p data-prosemirror-content-type=\"node\" data-prosemirror-node-name=\"paragraph\" data-prosemirror-node-block=\"true\" data-pm-slice=\"1 1 &#091;&quot;table&quot;,{&quot;displayMode&quot;:null,&quot;isNumberColumnEnabled&quot;:false,&quot;layout&quot;:&quot;default&quot;,&quot;localId&quot;:&quot;a831dc7d-eabc-4131-b548-0fa1a7eeb07f&quot;,&quot;width&quot;:null,&quot;__autoSize&quot;:false},&quot;tableRow&quot;,null,&quot;tableCell&quot;,{&quot;colspan&quot;:2,&quot;rowspan&quot;:1,&quot;colwidth&quot;:&#091;251,247&#093;,&quot;background&quot;:null,&quot;localId&quot;:null}&#093;\">Wsp\u00f3\u0142praca ta ma charakter ci\u0105g\u0142y i merytoryczny, a jej celem jest zapewnienie wysokiej jako\u015bci kszta\u0142cenia, rzetelno\u015bci danych naukowych oraz rozwoju potencja\u0142u badawczego WSKZ.<\/p>\n\n\t\t<\/div>\n\t<\/div>\n<\/div><\/div><\/div><\/div><\/div><\/div>\n<\/div>","protected":false},"excerpt":{"rendered":"Koordynatorzy dyscyplin naukowych Koordynatorzy dyscyplin naukowych pe\u0142ni\u0105 kluczow\u0105 rol\u0119 w systemie jako\u015bci kszta\u0142cenia oraz w organizacji dzia\u0142alno\u015bci naukowej Wy\u017cszej Szko\u0142y Kszta\u0142cenia Zawodowego. Ich zadania, tryb powo\u0142ywania oraz zakres odpowiedzialno\u015bci okre\u015bla \u00a7 32 Statutu WSKZ. Zgodnie ze Statutem: dla ka\u017cdej dyscypliny nauki, w kt\u00f3rej Uczelnia prowadzi kszta\u0142cenie, powo\u0142uje si\u0119 koordynatora b\u0119d\u0105cego nauczycielem akademickim co najmniej ze [...]","protected":false},"author":34,"featured_media":0,"parent":0,"menu_order":0,"comment_status":"closed","ping_status":"closed","template":"","meta":{"om_disable_all_campaigns":false,"footnotes":""},"class_list":["post-10436","page","type-page","status-publish","hentry"],"yoast_head":"<!-- This site is optimized with the Yoast SEO plugin v25.9 - https:\/\/yoast.com\/wordpress\/plugins\/seo\/ -->\n<title>Koordynatorzy dyscyplin naukowych | studia-wroclaw.pl<\/title>\n<meta name=\"description\" content=\"Odkryj przestrze\u0144, w kt\u00f3rej teoria \u0142\u0105czy si\u0119 z praktyk\u0105! Nasza nowoczesna baza dydaktyczna jest przystosowana dla os\u00f3b z niepe\u0142nosprawno\u015bciami, oferuje komfortowe miejsca do nauki oraz \u0142atwy dojazd.\" \/>\n<meta name=\"robots\" content=\"index, follow, max-snippet:-1, max-image-preview:large, max-video-preview:-1\" \/>\n<link rel=\"canonical\" href=\"https:\/\/studia-wroclaw.pl\/en\/koordynatorzy-dyscyplin-naukowych\/\" \/>\n<meta property=\"og:locale\" content=\"en_GB\" \/>\n<meta property=\"og:type\" content=\"article\" \/>\n<meta property=\"og:title\" content=\"Koordynatorzy dyscyplin naukowych | studia-wroclaw.pl\" \/>\n<meta property=\"og:description\" content=\"Odkryj przestrze\u0144, w kt\u00f3rej teoria \u0142\u0105czy si\u0119 z praktyk\u0105! Nasza nowoczesna baza dydaktyczna jest przystosowana dla os\u00f3b z niepe\u0142nosprawno\u015bciami, oferuje komfortowe miejsca do nauki oraz \u0142atwy dojazd.\" \/>\n<meta property=\"og:url\" content=\"https:\/\/studia-wroclaw.pl\/en\/koordynatorzy-dyscyplin-naukowych\/\" \/>\n<meta property=\"og:site_name\" content=\"Studia Wroc\u0142aw\" \/>\n<meta property=\"article:modified_time\" content=\"2026-04-07T07:17:11+00:00\" \/>\n<meta name=\"twitter:card\" content=\"summary_large_image\" \/>\n<meta name=\"twitter:label1\" content=\"Estimated reading time\" \/>\n\t<meta name=\"twitter:data1\" content=\"4 minutes\" \/>\n<script type=\"application\/ld+json\" class=\"yoast-schema-graph\">{\"@context\":\"https:\/\/schema.org\",\"@graph\":[{\"@type\":\"WebPage\",\"@id\":\"https:\/\/studia-wroclaw.pl\/koordynatorzy-dyscyplin-naukowych\/\",\"url\":\"https:\/\/studia-wroclaw.pl\/koordynatorzy-dyscyplin-naukowych\/\",\"name\":\"Koordynatorzy dyscyplin naukowych | studia-wroclaw.pl\",\"isPartOf\":{\"@id\":\"https:\/\/studia-wroclaw.pl\/#website\"},\"datePublished\":\"2017-02-10T12:17:08+00:00\",\"dateModified\":\"2026-04-07T07:17:11+00:00\",\"description\":\"Odkryj przestrze\u0144, w kt\u00f3rej teoria \u0142\u0105czy si\u0119 z praktyk\u0105! Nasza nowoczesna baza dydaktyczna jest przystosowana dla os\u00f3b z niepe\u0142nosprawno\u015bciami, oferuje komfortowe miejsca do nauki oraz \u0142atwy dojazd.\",\"breadcrumb\":{\"@id\":\"https:\/\/studia-wroclaw.pl\/koordynatorzy-dyscyplin-naukowych\/#breadcrumb\"},\"inLanguage\":\"en-GB\",\"potentialAction\":[{\"@type\":\"ReadAction\",\"target\":[\"https:\/\/studia-wroclaw.pl\/koordynatorzy-dyscyplin-naukowych\/\"]}]},{\"@type\":\"BreadcrumbList\",\"@id\":\"https:\/\/studia-wroclaw.pl\/koordynatorzy-dyscyplin-naukowych\/#breadcrumb\",\"itemListElement\":[{\"@type\":\"ListItem\",\"position\":1,\"name\":\"Strona g\u0142\u00f3wna\",\"item\":\"https:\/\/studia-wroclaw.pl\/\"},{\"@type\":\"ListItem\",\"position\":2,\"name\":\"Koordynatorzy dyscyplin naukowych\"}]},{\"@type\":\"WebSite\",\"@id\":\"https:\/\/studia-wroclaw.pl\/#website\",\"url\":\"https:\/\/studia-wroclaw.pl\/\",\"name\":\"Studia Wroc\u0142aw\",\"description\":\"\",\"potentialAction\":[{\"@type\":\"SearchAction\",\"target\":{\"@type\":\"EntryPoint\",\"urlTemplate\":\"https:\/\/studia-wroclaw.pl\/?s={search_term_string}\"},\"query-input\":{\"@type\":\"PropertyValueSpecification\",\"valueRequired\":true,\"valueName\":\"search_term_string\"}}],\"inLanguage\":\"en-GB\"}]}<\/script>\n<!-- \/ Yoast SEO plugin. -->","yoast_head_json":{"title":"Koordynatorzy dyscyplin naukowych | studia-wroclaw.pl","description":"Odkryj przestrze\u0144, w kt\u00f3rej teoria \u0142\u0105czy si\u0119 z praktyk\u0105! Nasza nowoczesna baza dydaktyczna jest przystosowana dla os\u00f3b z niepe\u0142nosprawno\u015bciami, oferuje komfortowe miejsca do nauki oraz \u0142atwy dojazd.","robots":{"index":"index","follow":"follow","max-snippet":"max-snippet:-1","max-image-preview":"max-image-preview:large","max-video-preview":"max-video-preview:-1"},"canonical":"https:\/\/studia-wroclaw.pl\/en\/koordynatorzy-dyscyplin-naukowych\/","og_locale":"en_GB","og_type":"article","og_title":"Koordynatorzy dyscyplin naukowych | studia-wroclaw.pl","og_description":"Odkryj przestrze\u0144, w kt\u00f3rej teoria \u0142\u0105czy si\u0119 z praktyk\u0105! Nasza nowoczesna baza dydaktyczna jest przystosowana dla os\u00f3b z niepe\u0142nosprawno\u015bciami, oferuje komfortowe miejsca do nauki oraz \u0142atwy dojazd.","og_url":"https:\/\/studia-wroclaw.pl\/en\/koordynatorzy-dyscyplin-naukowych\/","og_site_name":"Studia Wroc\u0142aw","article_modified_time":"2026-04-07T07:17:11+00:00","twitter_card":"summary_large_image","twitter_misc":{"Estimated reading time":"4 minutes"},"schema":{"@context":"https:\/\/schema.org","@graph":[{"@type":"WebPage","@id":"https:\/\/studia-wroclaw.pl\/koordynatorzy-dyscyplin-naukowych\/","url":"https:\/\/studia-wroclaw.pl\/koordynatorzy-dyscyplin-naukowych\/","name":"Koordynatorzy dyscyplin naukowych | studia-wroclaw.pl","isPartOf":{"@id":"https:\/\/studia-wroclaw.pl\/#website"},"datePublished":"2017-02-10T12:17:08+00:00","dateModified":"2026-04-07T07:17:11+00:00","description":"Odkryj przestrze\u0144, w kt\u00f3rej teoria \u0142\u0105czy si\u0119 z praktyk\u0105! Nasza nowoczesna baza dydaktyczna jest przystosowana dla os\u00f3b z niepe\u0142nosprawno\u015bciami, oferuje komfortowe miejsca do nauki oraz \u0142atwy dojazd.","breadcrumb":{"@id":"https:\/\/studia-wroclaw.pl\/koordynatorzy-dyscyplin-naukowych\/#breadcrumb"},"inLanguage":"en-GB","potentialAction":[{"@type":"ReadAction","target":["https:\/\/studia-wroclaw.pl\/koordynatorzy-dyscyplin-naukowych\/"]}]},{"@type":"BreadcrumbList","@id":"https:\/\/studia-wroclaw.pl\/koordynatorzy-dyscyplin-naukowych\/#breadcrumb","itemListElement":[{"@type":"ListItem","position":1,"name":"Strona g\u0142\u00f3wna","item":"https:\/\/studia-wroclaw.pl\/"},{"@type":"ListItem","position":2,"name":"Koordynatorzy dyscyplin naukowych"}]},{"@type":"WebSite","@id":"https:\/\/studia-wroclaw.pl\/#website","url":"https:\/\/studia-wroclaw.pl\/","name":"Studies Wroclaw","description":"","potentialAction":[{"@type":"SearchAction","target":{"@type":"EntryPoint","urlTemplate":"https:\/\/studia-wroclaw.pl\/?s={search_term_string}"},"query-input":{"@type":"PropertyValueSpecification","valueRequired":true,"valueName":"search_term_string"}}],"inLanguage":"en-GB"}]}},"_links":{"self":[{"href":"https:\/\/studia-wroclaw.pl\/en\/wp-json\/wp\/v2\/pages\/10436","targetHints":{"allow":["GET"]}}],"collection":[{"href":"https:\/\/studia-wroclaw.pl\/en\/wp-json\/wp\/v2\/pages"}],"about":[{"href":"https:\/\/studia-wroclaw.pl\/en\/wp-json\/wp\/v2\/types\/page"}],"author":[{"embeddable":true,"href":"https:\/\/studia-wroclaw.pl\/en\/wp-json\/wp\/v2\/users\/34"}],"replies":[{"embeddable":true,"href":"https:\/\/studia-wroclaw.pl\/en\/wp-json\/wp\/v2\/comments?post=10436"}],"version-history":[{"count":18,"href":"https:\/\/studia-wroclaw.pl\/en\/wp-json\/wp\/v2\/pages\/10436\/revisions"}],"predecessor-version":[{"id":10457,"href":"https:\/\/studia-wroclaw.pl\/en\/wp-json\/wp\/v2\/pages\/10436\/revisions\/10457"}],"wp:attachment":[{"href":"https:\/\/studia-wroclaw.pl\/en\/wp-json\/wp\/v2\/media?parent=10436"}],"curies":[{"name":"wp","href":"https:\/\/api.w.org\/{rel}","templated":true}]}}