{"id":10677,"date":"2024-05-09T12:37:13","date_gmt":"2024-05-09T10:37:13","guid":{"rendered":"https:\/\/studia-wroclaw.pl\/?page_id=10677"},"modified":"2026-04-27T11:02:48","modified_gmt":"2026-04-27T09:02:48","slug":"przywodztwo-i-transformacja-kompetencje-lidera-przyszlosci-2030","status":"publish","type":"page","link":"https:\/\/studia-wroclaw.pl\/en\/studia-podyplomowe\/przywodztwo-i-transformacja-kompetencje-lidera-przyszlosci-2030\/","title":{"rendered":"Przyw\u00f3dztwo i transformacja \u2013 Kompetencje Lidera Przysz\u0142o\u015bci 2030+"},"content":{"rendered":"<div class=\"wpb-content-wrapper\"><div class=\"vc_custom_1718098694488\"><div class=\"container\"><div class=\"vc_row wpb_row vc_row-fluid vc_row-o-content-top vc_row-flex\"><div class=\"wpb_column vc_column_container vc_col-sm-8\"><div class=\"vc_column-inner vc_custom_1715541040811\"><div class=\"wpb_wrapper\">\n\t<div class=\"wpb_text_column wpb_content_element\" >\n\t\t<div class=\"wpb_wrapper\">\n\t\t\t<h1><b>Przyw\u00f3dztwo i transformacja \u2013 Kompetencje Lidera Przysz\u0142o\u015bci 2030+<\/b><\/h1>\n\n\t\t<\/div>\n\t<\/div>\n\n\t<div class=\"wpb_text_column wpb_content_element  vc_custom_1760079361531\" >\n\t\t<div class=\"wpb_wrapper\">\n\t\t\t<h3>postgraduate studies<\/h3>\n\n\t\t<\/div>\n\t<\/div>\n<div class=\"gt3_spacing\"><div class=\"gt3_spacing-height gt3_spacing-height_default\" style=\"height:32px;\"><\/div><\/div>  \r\n\n\t<div class=\"wpb_text_column wpb_content_element  vc_custom_1776845209566\" >\n\t\t<div class=\"wpb_wrapper\">\n\t\t\t<div class=\"wpb_text_column wpb_content_element vc_custom_1715691197782\">\n<div class=\"wpb_wrapper\">\n<p><span style=\"font-weight: 400;\">Celem studi\u00f3w jest przygotowanie s\u0142uchaczy do <\/span><b>pe\u0142nienia r\u00f3l przyw\u00f3dczych<\/b><span style=\"font-weight: 400;\"> w warunkach dynamicznych zmian spo\u0142ecznych, technologicznych i organizacyjnych.<\/span><\/p>\n<p><span style=\"font-weight: 400;\">Program studi\u00f3w koncentruje si\u0119 na rozwoju <\/span><b>kompetencji przysz\u0142o\u015bci niezb\u0119dnych do skutecznego rozwoju kariery mened\u017cerskiej w perspektywie lat 2030-2040<\/b><span style=\"font-weight: 400;\">. Szczeg\u00f3lny nacisk k\u0142adziony jest na podejmowanie decyzji w warunkach niepewno\u015bci i presji, budowanie odporno\u015bci psychologicznej i organizacyjnej oraz \u015bwiadome kszta\u0142towanie swojej roli przyw\u00f3dczej. Istotnym elementem kszta\u0142cenia jest r\u00f3wnie\u017c integracja podej\u015bcia human-centered w zwi\u0105zku z rozwojem nowych technologii, w tym narz\u0119dzi opartych na sztucznej inteligencji. W trakcie studi\u00f3w s\u0142uchacze poznaj\u0105 te\u017c zagadnienia z zakresu nowoczesnego przyw\u00f3dztwa, zarz\u0105dzania zmian\u0105, psychologii adaptacji, neuroprzyw\u00f3dztwa, komunikacji strategicznej oraz pracy z talentami.<\/span><\/p>\n<p><b>Absolwenci tych studi\u00f3w s\u0105 przygotowani do inicjowania i nadzorowania proces\u00f3w transformacyjnych, pracy z zespo\u0142ami w \u015brodowisku VUCA i BANI, rozwi\u0105zywania z\u0142o\u017conych problem\u00f3w oraz projektowania rozwi\u0105za\u0144 organizacyjnych w oparciu o my\u015blenie systemowe i projektowe. Rozwijaj\u0105 tak\u017ce kompetencje komunikacyjne, zdolno\u015b\u0107 budowania zaufania oraz efektywnego dzia\u0142ania w \u015brodowisku globalnym i mi\u0119dzykulturowym.<\/b><\/p>\n<p><b>Duration of study:<\/b><span style=\"font-weight: 400;\"> 2 semestry<\/span><\/p>\n<p><span style=\"font-weight: 400;\">Zaj\u0119cia realizowane s\u0105 w formule hybrydowej, \u0142\u0105cz\u0105cej spotkania stacjonarne z wykorzystaniem nowoczesnych narz\u0119dzi dydaktycznych. S\u0142uchacze otrzymuj\u0105 dost\u0119p do materia\u0142\u00f3w edukacyjnych oraz wsparcia dydaktycznego, co umo\u017cliwia efektywne \u0142\u0105czenie rozwoju zawodowego z innymi obowi\u0105zkami.<\/span><\/p>\n<\/div>\n<\/div>\n\n\t\t<\/div>\n\t<\/div>\n<\/div><\/div><\/div><div class=\"wpb_column vc_column_container vc_col-sm-4\"><div class=\"vc_column-inner\"><div class=\"wpb_wrapper\">\n\t<div  class=\"wpb_single_image wpb_content_element vc_align_center\">\n\t\t\n\t\t<figure class=\"wpb_wrapper vc_figure\">\n\t\t\t<div class=\"vc_single_image-wrapper   vc_box_border_grey\"><img decoding=\"async\" class=\"vc_single_image-img\" src=\"https:\/\/studia-wroclaw.pl\/wp-content\/uploads\/2026\/04\/przywodztwo-i-transformacja-kompetencje-lidera-przyszlosci-400x300.png\" width=\"400\" height=\"300\" alt=\"przywodztwo-i-transformacja-kompetencje-lidera-przyszlosci\" title=\"przywodztwo-i-transformacja-kompetencje-lidera-przyszlosci\" loading=\"lazy\" \/><\/div>\n\t\t<\/figure>\n\t<\/div>\n\n\t<div class=\"wpb_text_column wpb_content_element  vc_custom_1776847725317\" >\n\t\t<div class=\"wpb_wrapper\">\n\t\t\t<h4><span style=\"color: #ffffff;\"><img loading=\"lazy\" decoding=\"async\" class=\"alignnone size-full wp-image-3309\" src=\"https:\/\/studia-wroclaw.pl\/wp-content\/uploads\/2024\/06\/konkurencyjne-ceny1.png\" alt=\"\" width=\"26\" height=\"26\" \/>\u00a0 Niskie czesne &#8211; ju\u017c od 1080 z\u0142<\/span><\/h4>\n<hr \/>\n<h4><span style=\"color: #ffffff;\"><img loading=\"lazy\" decoding=\"async\" class=\"alignnone size-full wp-image-3310\" src=\"https:\/\/studia-wroclaw.pl\/wp-content\/uploads\/2024\/06\/brak-oplaty1.png\" alt=\"\" width=\"26\" height=\"26\" \/>\u00a0 Entry fee 0 z\u0142<\/span><\/h4>\n<div id=\"_tcx-m0p0iu65uoi\" class=\"_tc_offscreeneded\"><\/div>\n<div id=\"_tcx-7g6kksw2rcl\" class=\"_tc_offscreeneded\"><\/div>\n<div id=\"_tcx-4sozruqx3wj\" class=\"_tc_offscreeneded\"><\/div>\n<div id=\"_tcx-4wxhjzopu8b\" class=\"_tc_offscreeneded\"><\/div>\n\n\t\t<\/div>\n\t<\/div>\n<div class=\"vc_btn3-container vc_btn3-center vc_custom_1757411190170\" ><a class=\"vc_general vc_btn3 vc_btn3-size-md vc_btn3-shape-round vc_btn3-style-flat vc_btn3-block vc_btn3-color-warning\" href=\"#div1\" title=\"\" onclick=\"showDiv(&#039;div1&#039;)\">ENROL FOR STUDIES<\/a><\/div><\/div><\/div><\/div><\/div><\/div><\/div><div class=\"\"><div class=\"container\"><div class=\"vc_row wpb_row vc_row-fluid\"><div class=\"wpb_column vc_column_container vc_col-sm-4\"><div class=\"vc_column-inner vc_custom_1725538062693\"><div class=\"wpb_wrapper\"><section ><div id=\"vc-pricing-table-69f25ca9870f7\" class=\"vc_general wpb-pricing-table vc_custom_1776846150205\"><h3 style=\"font-size: 20px;text-align: center;font-family:PT Serif;font-weight:400;font-style:normal\" class=\"vc_custom_heading\" >Tuition payment - 1st year<\/h3><p class=\"wpb-plan-description\"><\/p><div class=\"wpb-price-container\"><sup class=\"wpb-currency\"><\/sup><strong class=\"wpb-price\">1080 z\u0142 x 10<\/strong><sub class=\"wpb-period\"><\/sub><\/div><div class=\"vc_btn3-container vc_btn3-center\" ><a class=\"vc_general vc_btn3 vc_btn3-size-md vc_btn3-shape-round vc_btn3-style-classic vc_btn3-block vc_btn3-color-primary\" href=\"#div1\" title=\"\" onclick=\"showDiv(&#039;div1&#039;)\">REGISTER<\/a><\/div><ul>\n<li>Low tuition fees<\/li>\n<li>No additional costs<\/li>\n<\/ul>\n<\/div><\/section><style>#vc-pricing-table-69f25ca9870f7 .wpb-plan-features li::before {  content: \"\";  display: inline-block;  margin: 0 10px 0 0; width: 18px;  height: 18px;  vertical-align: middle;  background: url(\"data:image\/svg+xml,%3Csvg xmlns='http:\/\/www.w3.org\/2000\/svg' width='22px' height='22px' viewBox='0 0 22 22' version='1.1'%3E%3Cg id='Page-1' stroke='none' stroke-width='1' fill='none' fill-rule='evenodd'%3E%3Cg id='Artboard' transform='translate(-472.000000, -546.000000)' fill-rule='nonzero'%3E%3Cg id='wpb-pricing-table-element' transform='translate(445.000000, 222.000000)'%3E%3Cg id='bullet' transform='translate(27.000000, 324.000000)'%3E%3Cpath d='M22,10.9999756 C22,17.0751668 17.0751778,22 11,22 C4.92487111,22 0,17.0751668 0,10.9999756 C0,4.92488206 4.92487111,0 11,0 C17.0751778,0 22,4.92488206 22,10.9999756 Z' id='Path' fill='%235188f1'\/%3E%3Cpolygon id='Path' fill='%23FFFFFF' transform='translate(11.011123, 9.631788) rotate(-45.000000) translate(-11.011123, -9.631788) ' points='8.39375516 6.63178844 8.39375516 10.0231025 16.2371538 10.0231255 16.2371538 12.6317884 5.78509217 12.6317133 5.78509217 6.63178844'\/%3E%3C\/g%3E%3C\/g%3E%3C\/g%3E%3C\/g%3E%3C\/svg%3E\") center no-repeat;  background-size: 18px; }<\/style><\/div><\/div><\/div><div class=\"wpb_column vc_column_container vc_col-sm-4\"><div class=\"vc_column-inner vc_custom_1725538070814\"><div class=\"wpb_wrapper\"><section ><div id=\"vc-pricing-table-69f25ca9875c7\" class=\"vc_general wpb-pricing-table vc_custom_1776846128410\"><h3 style=\"font-size: 20px;text-align: center;font-family:PT Serif;font-weight:400;font-style:normal\" class=\"vc_custom_heading\" >Semester payment - 1st year<\/h3><p class=\"wpb-plan-description\"><\/p><div class=\"wpb-price-container\"><sup class=\"wpb-currency\"><\/sup><strong class=\"wpb-price\">4950 z\u0142 x 2<\/strong><sub class=\"wpb-period\"><\/sub><\/div><div class=\"vc_btn3-container vc_btn3-center\" ><a class=\"vc_general vc_btn3 vc_btn3-size-md vc_btn3-shape-round vc_btn3-style-classic vc_btn3-block vc_btn3-color-primary\" href=\"#div2\" title=\"\" onclick=\"showDiv(&#039;div2&#039;)\">REGISTER<\/a><\/div><ul>\n<li>Convenient payments every semester<\/li>\n<li>No additional costs<\/li>\n<\/ul>\n<\/div><\/section><style>#vc-pricing-table-69f25ca9875c7 .wpb-plan-features li::before {  content: \"\";  display: inline-block;  margin: 0 10px 0 0; width: 18px;  height: 18px;  vertical-align: middle;  background: url(\"data:image\/svg+xml,%3Csvg xmlns='http:\/\/www.w3.org\/2000\/svg' width='22px' height='22px' viewBox='0 0 22 22' version='1.1'%3E%3Cg id='Page-1' stroke='none' stroke-width='1' fill='none' fill-rule='evenodd'%3E%3Cg id='Artboard' transform='translate(-472.000000, -546.000000)' fill-rule='nonzero'%3E%3Cg id='wpb-pricing-table-element' transform='translate(445.000000, 222.000000)'%3E%3Cg id='bullet' transform='translate(27.000000, 324.000000)'%3E%3Cpath d='M22,10.9999756 C22,17.0751668 17.0751778,22 11,22 C4.92487111,22 0,17.0751668 0,10.9999756 C0,4.92488206 4.92487111,0 11,0 C17.0751778,0 22,4.92488206 22,10.9999756 Z' id='Path' fill='%235188f1'\/%3E%3Cpolygon id='Path' fill='%23FFFFFF' transform='translate(11.011123, 9.631788) rotate(-45.000000) translate(-11.011123, -9.631788) ' points='8.39375516 6.63178844 8.39375516 10.0231025 16.2371538 10.0231255 16.2371538 12.6317884 5.78509217 12.6317133 5.78509217 6.63178844'\/%3E%3C\/g%3E%3C\/g%3E%3C\/g%3E%3C\/g%3E%3C\/svg%3E\") center no-repeat;  background-size: 18px; }<\/style><\/div><\/div><\/div><div class=\"wpb_column vc_column_container vc_col-sm-4\"><div class=\"vc_column-inner vc_custom_1725538078736\"><div class=\"wpb_wrapper\"><section ><div id=\"vc-pricing-table-69f25ca987a65\" class=\"vc_general wpb-pricing-table vc_custom_1776846141919\"><h3 style=\"font-size: 20px;text-align: center;font-family:PT Serif;font-weight:400;font-style:normal\" class=\"vc_custom_heading\" >Single payment - 1st year<\/h3><p class=\"wpb-plan-description\"><\/p><div class=\"wpb-price-container\"><sup class=\"wpb-currency\"><\/sup><strong class=\"wpb-price\">9000 z\u0142<\/strong><sub class=\"wpb-period\"><\/sub><\/div><div class=\"vc_btn3-container vc_btn3-center\" ><a class=\"vc_general vc_btn3 vc_btn3-size-md vc_btn3-shape-round vc_btn3-style-classic vc_btn3-block vc_btn3-color-primary\" href=\"#div3\" title=\"\" onclick=\"showDiv(&#039;div3&#039;)\">REGISTER<\/a><\/div><ul>\n<li>Lowest price<\/li>\n<li>No additional costs<\/li>\n<\/ul>\n<\/div><\/section><style>#vc-pricing-table-69f25ca987a65 .wpb-plan-features li::before {  content: \"\";  display: inline-block;  margin: 0 10px 0 0; width: 18px;  height: 18px;  vertical-align: middle;  background: url(\"data:image\/svg+xml,%3Csvg xmlns='http:\/\/www.w3.org\/2000\/svg' width='22px' height='22px' viewBox='0 0 22 22' version='1.1'%3E%3Cg id='Page-1' stroke='none' stroke-width='1' fill='none' fill-rule='evenodd'%3E%3Cg id='Artboard' transform='translate(-472.000000, -546.000000)' fill-rule='nonzero'%3E%3Cg id='wpb-pricing-table-element' transform='translate(445.000000, 222.000000)'%3E%3Cg id='bullet' transform='translate(27.000000, 324.000000)'%3E%3Cpath d='M22,10.9999756 C22,17.0751668 17.0751778,22 11,22 C4.92487111,22 0,17.0751668 0,10.9999756 C0,4.92488206 4.92487111,0 11,0 C17.0751778,0 22,4.92488206 22,10.9999756 Z' id='Path' fill='%23rgba(0,152,234,0.16)'\/%3E%3Cpolygon id='Path' fill='%23FFFFFF' transform='translate(11.011123, 9.631788) rotate(-45.000000) translate(-11.011123, -9.631788) ' points='8.39375516 6.63178844 8.39375516 10.0231025 16.2371538 10.0231255 16.2371538 12.6317884 5.78509217 12.6317133 5.78509217 6.63178844'\/%3E%3C\/g%3E%3C\/g%3E%3C\/g%3E%3C\/g%3E%3C\/svg%3E\") center no-repeat;  background-size: 18px; }<\/style><\/div><\/div><\/div><\/div><\/div><\/div><div data-vc-full-width=\"true\" data-vc-full-width-init=\"false\" class=\"vc_custom_1718101534797\"><div class=\"container\"><div class=\"vc_row wpb_row vc_row-fluid vc_row-has-fill vc_row-o-content-bottom vc_row-flex\"><div class=\"wpb_column vc_column_container vc_col-sm-6\"><div class=\"vc_column-inner\"><div class=\"wpb_wrapper\">\n\t<div  class=\"wpb_single_image wpb_content_element vc_align_left\">\n\t\t\n\t\t<figure class=\"wpb_wrapper vc_figure\">\n\t\t\t<div class=\"vc_single_image-wrapper   vc_box_border_grey\"><img loading=\"lazy\" decoding=\"async\" width=\"1200\" height=\"1200\" src=\"https:\/\/studia-wroclaw.pl\/wp-content\/uploads\/2026\/04\/lider2030.png\" class=\"vc_single_image-img attachment-full\" alt=\"\" title=\"lider2030\" srcset=\"https:\/\/studia-wroclaw.pl\/wp-content\/uploads\/2026\/04\/lider2030.png 1200w, https:\/\/studia-wroclaw.pl\/wp-content\/uploads\/2026\/04\/lider2030-300x300.png 300w, https:\/\/studia-wroclaw.pl\/wp-content\/uploads\/2026\/04\/lider2030-1024x1024.png 1024w, https:\/\/studia-wroclaw.pl\/wp-content\/uploads\/2026\/04\/lider2030-150x150.png 150w, https:\/\/studia-wroclaw.pl\/wp-content\/uploads\/2026\/04\/lider2030-768x768.png 768w, https:\/\/studia-wroclaw.pl\/wp-content\/uploads\/2026\/04\/lider2030-12x12.png 12w\" sizes=\"auto, (max-width: 1200px) 100vw, 1200px\" \/><\/div>\n\t\t<\/figure>\n\t<\/div>\n<\/div><\/div><\/div><div class=\"wpb_column vc_column_container vc_col-sm-6\"><div class=\"vc_column-inner vc_custom_1715677281422\"><div class=\"wpb_wrapper\">\n\t<div class=\"wpb_text_column wpb_content_element\" >\n\t\t<div class=\"wpb_wrapper\">\n\t\t\t<h2><b>Studia dla lider\u00f3w przysz\u0142o\u015bci<\/b><\/h2>\n\n\t\t<\/div>\n\t<\/div>\n\n\t<div class=\"wpb_text_column wpb_content_element  vc_custom_1776845261916\" >\n\t\t<div class=\"wpb_wrapper\">\n\t\t\t<div class=\"wpb_text_column wpb_content_element vc_custom_1715691278285\">\n<div class=\"wpb_wrapper\">\n<p><span style=\"font-weight: 400;\">Postgraduate studies <\/span><i><span style=\"font-weight: 400;\">Przyw\u00f3dztwo i transformacja \u2013 Kompetencje Lidera Przysz\u0142o\u015bci 2030+<\/span><\/i><span style=\"font-weight: 400;\"> zosta\u0142y zaprojektowane z my\u015bl\u0105 o osobach, kt\u00f3re chc\u0105 \u015bwiadomie rozwija\u0107 swoje kompetencje przyw\u00f3dcze oraz skutecznie funkcjonowa\u0107 w \u015brodowisku biznesowym. Adresowane s\u0105 do kadry kierowniczej, lider\u00f3w zespo\u0142\u00f3w, projekt mened\u017cer\u00f3w, specjalist\u00f3w aspiruj\u0105cych do r\u00f3l przyw\u00f3dczych, os\u00f3b pracuj\u0105cych w obszarach: HR, coachingu i doradztwa, a tak\u017ce przedsi\u0119biorc\u00f3w i os\u00f3b w procesie zmiany zawodowej.<\/span><\/p>\n<p><span style=\"font-weight: 400;\">Absolwenci maj\u0105 szans\u0119 na rozw\u00f3j w:<\/span><\/p>\n<ul>\n<li style=\"font-weight: 400;\" aria-level=\"1\"><span style=\"font-weight: 400;\">urz\u0119dach administracji publicznej jako specjali\u015bci ds. zarz\u0105dzania zmian\u0105 i rozwoju organizacji;<\/span><\/li>\n<li style=\"font-weight: 400;\" aria-level=\"1\"><span style=\"font-weight: 400;\">przedsi\u0119biorstwach z sektora prywatnego jako liderzy zespo\u0142\u00f3w, mened\u017cerowie lub project managerowie;<\/span><\/li>\n<li style=\"font-weight: 400;\" aria-level=\"1\"><span style=\"font-weight: 400;\">dzia\u0142ach HR jako specjali\u015bci ds. rozwoju talent\u00f3w i kultury organizacyjnej;<\/span><\/li>\n<li style=\"font-weight: 400;\" aria-level=\"1\"><span style=\"font-weight: 400;\">firmach doradczych i szkoleniowych jako konsultanci i trenerzy rozwoju;<\/span><\/li>\n<li style=\"font-weight: 400;\" aria-level=\"1\"><span style=\"font-weight: 400;\">organizacjach mi\u0119dzynarodowych jako koordynatorzy wsp\u00f3\u0142prac;<\/span><\/li>\n<li style=\"font-weight: 400;\" aria-level=\"1\"><span style=\"font-weight: 400;\">w\u0142asnej dzia\u0142alno\u015bci gospodarczej.<\/span><\/li>\n<\/ul>\n<\/div>\n<\/div>\n\n\t\t<\/div>\n\t<\/div>\n<\/div><\/div><\/div><\/div><\/div><\/div><div class=\"vc_row-full-width vc_clearfix\"><\/div><div data-vc-full-width=\"true\" data-vc-full-width-init=\"false\" data-vc-parallax=\"5\" class=\"vc_custom_1715599415871\"><div class=\"container\"><div class=\"vc_row wpb_row vc_row-fluid vc_row-has-fill vc_general vc_parallax vc_parallax-content-moving\"><div class=\"wpb_column vc_column_container vc_col-sm-12\"><div class=\"vc_column-inner\"><div class=\"wpb_wrapper\"><div class=\"vc_row wpb_row vc_inner vc_row-fluid vc_custom_1715540630091\"><div class=\"wpb_column vc_column_container vc_col-sm-12\"><div class=\"vc_column-inner\"><div class=\"wpb_wrapper\">\n\t<div class=\"wpb_text_column wpb_content_element  vc_custom_1776845274928\" >\n\t\t<div class=\"wpb_wrapper\">\n\t\t\t<h2 style=\"text-align: center;\"><b>Szerokie mo\u017cliwo\u015bci rozwoju i przysz\u0142o\u015bciowe kompetencje<\/b><\/h2>\n\n\t\t<\/div>\n\t<\/div>\n\n\t<div class=\"wpb_text_column wpb_content_element  vc_custom_1776845283487\" >\n\t\t<div class=\"wpb_wrapper\">\n\t\t\t<div class=\"wpb_text_column wpb_content_element vc_custom_1715691233226\">\n<div class=\"wpb_wrapper\">\n<p style=\"text-align: center;\"><span style=\"font-weight: 400;\">Postgraduate studies <\/span><i><span style=\"font-weight: 400;\">Przyw\u00f3dztwo i transformacja \u2013 Kompetencje Lidera Przysz\u0142o\u015bci 2030+<\/span><\/i><span style=\"font-weight: 400;\"> koncentruj\u0105 si\u0119 na rozwijaniu <\/span><b>nowoczesnych umiej\u0119tno\u015bci przyw\u00f3dczych i transformacyjnych<\/b><span style=\"font-weight: 400;\">. During the course of study:<\/span><\/p>\n<\/div>\n<\/div>\n\n\t\t<\/div>\n\t<\/div>\n<\/div><\/div><\/div><\/div><div class=\"vc_row wpb_row vc_inner vc_row-fluid vc_custom_1715599278868 vc_row-has-fill\"><div class=\"wpb_column vc_column_container vc_col-sm-4\"><div class=\"vc_column-inner\"><div class=\"wpb_wrapper\">\n\t<div  class=\"wpb_single_image wpb_content_element vc_align_center\">\n\t\t\n\t\t<figure class=\"wpb_wrapper vc_figure\">\n\t\t\t<div class=\"vc_single_image-wrapper   vc_box_border_grey\"><img decoding=\"async\" class=\"vc_single_image-img\" src=\"https:\/\/studia-wroclaw.pl\/wp-content\/uploads\/2024\/05\/techniki-badawcze-120x120.png\" width=\"120\" height=\"120\" alt=\"Techniki badawcze\" title=\"\" loading=\"lazy\" \/><\/div>\n\t\t<\/figure>\n\t<\/div>\n\n\t<div class=\"wpb_text_column wpb_content_element\" >\n\t\t<div class=\"wpb_wrapper\">\n\t\t\t<p style=\"text-align: center;\"><span style=\"font-weight: 400;\">zdob\u0119dziesz wiedz\u0119 z zakresu megatrend\u00f3w spo\u0142ecznych, technologicznych i kulturowych;<\/span><\/p>\n\n\t\t<\/div>\n\t<\/div>\n<\/div><\/div><\/div><div class=\"wpb_column vc_column_container vc_col-sm-4\"><div class=\"vc_column-inner\"><div class=\"wpb_wrapper\">\n\t<div  class=\"wpb_single_image wpb_content_element vc_align_center\">\n\t\t\n\t\t<figure class=\"wpb_wrapper vc_figure\">\n\t\t\t<div class=\"vc_single_image-wrapper   vc_box_border_grey\"><img decoding=\"async\" class=\"vc_single_image-img\" src=\"https:\/\/studia-wroclaw.pl\/wp-content\/uploads\/2024\/05\/mechanizmy-psychologiczne-120x120.png\" width=\"120\" height=\"120\" alt=\"Mechanizmy psychologiczne\" title=\"\" loading=\"lazy\" \/><\/div>\n\t\t<\/figure>\n\t<\/div>\n\n\t<div class=\"wpb_text_column wpb_content_element\" >\n\t\t<div class=\"wpb_wrapper\">\n\t\t\t<p style=\"text-align: center;\"><span style=\"font-weight: 400;\">nauczysz si\u0119 prowadzenia skutecznej komunikacji, dialogu i budowania zaufania w zespo\u0142ach;<\/span><\/p>\n\n\t\t<\/div>\n\t<\/div>\n<\/div><\/div><\/div><div class=\"wpb_column vc_column_container vc_col-sm-4\"><div class=\"vc_column-inner\"><div class=\"wpb_wrapper\">\n\t<div  class=\"wpb_single_image wpb_content_element vc_align_center\">\n\t\t\n\t\t<figure class=\"wpb_wrapper vc_figure\">\n\t\t\t<div class=\"vc_single_image-wrapper   vc_box_border_grey\"><img decoding=\"async\" class=\"vc_single_image-img\" src=\"https:\/\/studia-wroclaw.pl\/wp-content\/uploads\/2024\/05\/psychologia-spoleczna-120x120.png\" width=\"120\" height=\"120\" alt=\"Psychologia spo\u0142eczna\" title=\"\" loading=\"lazy\" \/><\/div>\n\t\t<\/figure>\n\t<\/div>\n\n\t<div class=\"wpb_text_column wpb_content_element\" >\n\t\t<div class=\"wpb_wrapper\">\n\t\t\t<p style=\"text-align: center;\"><span style=\"font-weight: 400;\">poznasz style reagowania na stres i zmian\u0119 oraz zasady budowania odporno\u015bci psychicznej;<\/span><\/p>\n\n\t\t<\/div>\n\t<\/div>\n<\/div><\/div><\/div><\/div><div class=\"vc_row wpb_row vc_inner vc_row-fluid\"><div class=\"wpb_column vc_column_container vc_col-sm-4\"><div class=\"vc_column-inner\"><div class=\"wpb_wrapper\">\n\t<div  class=\"wpb_single_image wpb_content_element vc_align_center\">\n\t\t\n\t\t<figure class=\"wpb_wrapper vc_figure\">\n\t\t\t<div class=\"vc_single_image-wrapper   vc_box_border_grey\"><img decoding=\"async\" class=\"vc_single_image-img\" src=\"https:\/\/studia-wroclaw.pl\/wp-content\/uploads\/2024\/05\/teorie-psychologiczne-120x120.png\" width=\"120\" height=\"120\" alt=\"Teorie psychologiczne\" title=\"\" loading=\"lazy\" \/><\/div>\n\t\t<\/figure>\n\t<\/div>\n\n\t<div class=\"wpb_text_column wpb_content_element\" >\n\t\t<div class=\"wpb_wrapper\">\n\t\t\t<p style=\"text-align: center;\"><span style=\"font-weight: 400;\">dowiesz si\u0119 wi\u0119cej o neurobiologii motywacji i zaanga\u017cowania oraz rozwiniesz umiej\u0119tno\u015bci podejmowania decyzji;<\/span><\/p>\n\n\t\t<\/div>\n\t<\/div>\n<\/div><\/div><\/div><div class=\"wpb_column vc_column_container vc_col-sm-4\"><div class=\"vc_column-inner\"><div class=\"wpb_wrapper\">\n\t<div  class=\"wpb_single_image wpb_content_element vc_align_center\">\n\t\t\n\t\t<figure class=\"wpb_wrapper vc_figure\">\n\t\t\t<div class=\"vc_single_image-wrapper   vc_box_border_grey\"><img decoding=\"async\" class=\"vc_single_image-img\" src=\"https:\/\/studia-wroclaw.pl\/wp-content\/uploads\/2024\/05\/ochrona-danych-osobowych-120x120.png\" width=\"120\" height=\"120\" alt=\"Ochrona danych osobowych\" title=\"\" loading=\"lazy\" \/><\/div>\n\t\t<\/figure>\n\t<\/div>\n\n\t<div class=\"wpb_text_column wpb_content_element\" >\n\t\t<div class=\"wpb_wrapper\">\n\t\t\t<p style=\"text-align: center;\"><span style=\"font-weight: 400;\">opanujesz <\/span><i><span style=\"font-weight: 400;\">talent mapping<\/span><\/i><span style=\"font-weight: 400;\"> oraz projektowanie \u015bcie\u017cek rozwojowych dostosowanych do indywidualnych umiej\u0119tno\u015bci;<\/span><\/p>\n\n\t\t<\/div>\n\t<\/div>\n<\/div><\/div><\/div><div class=\"wpb_column vc_column_container vc_col-sm-4\"><div class=\"vc_column-inner\"><div class=\"wpb_wrapper\">\n\t<div  class=\"wpb_single_image wpb_content_element vc_align_center\">\n\t\t\n\t\t<figure class=\"wpb_wrapper vc_figure\">\n\t\t\t<div class=\"vc_single_image-wrapper   vc_box_border_grey\"><img decoding=\"async\" class=\"vc_single_image-img\" src=\"https:\/\/studia-wroclaw.pl\/wp-content\/uploads\/2024\/05\/umiejetnosci-diagnostyczne-120x120.png\" width=\"120\" height=\"120\" alt=\"Umiej\u0119tno\u015bci diagnostyczne\" title=\"\" loading=\"lazy\" \/><\/div>\n\t\t<\/figure>\n\t<\/div>\n\n\t<div class=\"wpb_text_column wpb_content_element\" >\n\t\t<div class=\"wpb_wrapper\">\n\t\t\t<p style=\"text-align: center;\"><span style=\"font-weight: 400;\">zostaniesz zapoznany z metodami my\u015blenia systemowego i design thinking oraz mo\u017cliwo\u015bciami wykorzystania AI<\/span><\/p>\n\n\t\t<\/div>\n\t<\/div>\n<\/div><\/div><\/div><\/div><\/div><\/div><\/div><\/div><\/div><\/div><div class=\"vc_row-full-width vc_clearfix\"><\/div><div data-vc-full-width=\"true\" data-vc-full-width-init=\"false\" class=\"vc_custom_1755007268987\"><div class=\"container\"><div class=\"vc_row wpb_row vc_row-fluid vc_row-has-fill\"><div class=\"wpb_column vc_column_container vc_col-sm-12\"><div class=\"vc_column-inner\"><div class=\"wpb_wrapper\">\n\t<div class=\"wpb_text_column wpb_content_element\" >\n\t\t<div class=\"wpb_wrapper\">\n\t\t\t<h2><b>Practical dimension of training<\/b><\/h2>\n\n\t\t<\/div>\n\t<\/div>\n\n\t<div class=\"wpb_text_column wpb_content_element  vc_custom_1776845353095\" >\n\t\t<div class=\"wpb_wrapper\">\n\t\t\t<p><span style=\"font-weight: 400;\">Postgraduate studies <\/span><i><span style=\"font-weight: 400;\">Przyw\u00f3dztwo i transformacja \u2013 Kompetencje Lidera Przysz\u0142o\u015bci 2030+<\/span><\/i><span style=\"font-weight: 400;\"> maj\u0105 charakter <\/span><b>interdyscyplinarny i praktyczny<\/b><span style=\"font-weight: 400;\">. Program zosta\u0142 opracowany w odpowiedzi na aktualne i prognozowane potrzeby rynku pracy oraz organizacji z r\u00f3\u017cnych bran\u017c. Kszta\u0142cenie obejmuje prac\u0119 nad realnymi wyzwaniami oraz rozw\u00f3j przydatnych kompetencji podczas realizacji projektu dyplomowego, kt\u00f3ry \u0142\u0105czy zdobyt\u0105 wiedz\u0119 i umiej\u0119tno\u015bci.<\/span><\/p>\n\n\t\t<\/div>\n\t<\/div>\n<\/div><\/div><\/div><\/div><\/div><\/div><div class=\"vc_row-full-width vc_clearfix\"><\/div><div class=\"vc_custom_1715692261732\"><div class=\"container\"><div class=\"vc_row wpb_row vc_row-fluid\"><div class=\"wpb_column vc_column_container vc_col-sm-12\"><div class=\"vc_column-inner\"><div class=\"wpb_wrapper\">\n\t<div class=\"wpb_text_column wpb_content_element  vc_custom_1754990809424\" >\n\t\t<div class=\"wpb_wrapper\">\n\t\t\t<h2 style=\"text-align: left;\"><b>What do you gain by choosing studia-wroclaw.pl?<\/b><\/h2>\n\n\t\t<\/div>\n\t<\/div>\n<\/div><\/div><\/div><\/div><\/div><\/div><div class=\"\"><div class=\"container\"><div class=\"vc_row wpb_row vc_row-fluid\"><div class=\"wpb_column vc_column_container vc_col-sm-12\"><div class=\"vc_column-inner\"><div class=\"wpb_wrapper\"><div class=\"vc_tta-container\" data-vc-action=\"collapse\" data-vc-tta-autoplay=\"{&quot;delay&quot;:5000}\"><div class=\"vc_general vc_tta vc_tta-tabs vc_tta-o-shape-group vc_tta-tabs-position-top vc_tta-controls-align-left\"><div class=\"vc_tta-tabs-container\"><ul class=\"vc_tta-tabs-list\"><li class=\"vc_tta-tab vc_active\" data-vc-tab><a href=\"#1715691373025-31d9dcb4-3790\" data-vc-tabs data-vc-container=\".vc_tta\"><span class=\"vc_tta-title-text\">Flexibility<\/span><\/a><\/li><li class=\"vc_tta-tab\" data-vc-tab><a href=\"#1715691796759-35a5e08f-f687\" data-vc-tabs data-vc-container=\".vc_tta\"><span class=\"vc_tta-title-text\">Professionalism<\/span><\/a><\/li><li class=\"vc_tta-tab\" data-vc-tab><a href=\"#1715691829726-ec23e909-81ae\" data-vc-tabs data-vc-container=\".vc_tta\"><span class=\"vc_tta-title-text\">High quality education<\/span><\/a><\/li><li class=\"vc_tta-tab\" data-vc-tab><a href=\"#1715691885856-d48a9939-680e\" data-vc-tabs data-vc-container=\".vc_tta\"><span class=\"vc_tta-title-text\">Documentation<\/span><\/a><\/li><\/ul><\/div><div class=\"vc_tta-panels-container\"><div class=\"vc_tta-panels\"><div class=\"vc_tta-panel vc_active\" id=\"1715691373025-31d9dcb4-3790\" data-vc-content=\".vc_tta-panel-body\"><div class=\"vc_tta-panel-heading\"><h4 class=\"vc_tta-panel-title\"><a href=\"#1715691373025-31d9dcb4-3790\" data-vc-accordion data-vc-container=\".vc_tta-container\"><span class=\"vc_tta-title-text\">Flexibility<\/span><\/a><\/h4><\/div><div class=\"vc_tta-panel-body\">\n\t<div class=\"wpb_text_column wpb_content_element\" >\n\t\t<div class=\"wpb_wrapper\">\n\t\t\t<p><span style=\"font-weight: 400;\">Thanks to modern training methods, these studies offer the opportunity to flexibly combine study with work and family responsibilities.<\/span><\/p>\n\n\t\t<\/div>\n\t<\/div>\n<\/div><\/div><div class=\"vc_tta-panel\" id=\"1715691796759-35a5e08f-f687\" data-vc-content=\".vc_tta-panel-body\"><div class=\"vc_tta-panel-heading\"><h4 class=\"vc_tta-panel-title\"><a href=\"#1715691796759-35a5e08f-f687\" data-vc-accordion data-vc-container=\".vc_tta-container\"><span class=\"vc_tta-title-text\">Professionalism<\/span><\/a><\/h4><\/div><div class=\"vc_tta-panel-body\">\n\t<div class=\"wpb_text_column wpb_content_element\" >\n\t\t<div class=\"wpb_wrapper\">\n\t\t\t<p><span style=\"font-weight: 400;\">Studying with us, you benefit from the knowledge and experience of lecturers and practitioners from both Poland and abroad - including top global universities.<\/span><\/p>\n\n\t\t<\/div>\n\t<\/div>\n<\/div><\/div><div class=\"vc_tta-panel\" id=\"1715691829726-ec23e909-81ae\" data-vc-content=\".vc_tta-panel-body\"><div class=\"vc_tta-panel-heading\"><h4 class=\"vc_tta-panel-title\"><a href=\"#1715691829726-ec23e909-81ae\" data-vc-accordion data-vc-container=\".vc_tta-container\"><span class=\"vc_tta-title-text\">High quality education<\/span><\/a><\/h4><\/div><div class=\"vc_tta-panel-body\">\n\t<div class=\"wpb_text_column wpb_content_element\" >\n\t\t<div class=\"wpb_wrapper\">\n\t\t\t<p><span style=\"font-weight: 400;\">Our ISO 9001:2015 certification confirms that WSKZ effectively manages the quality of its educational services.<\/span><\/p>\n\n\t\t<\/div>\n\t<\/div>\n<\/div><\/div><div class=\"vc_tta-panel\" id=\"1715691885856-d48a9939-680e\" data-vc-content=\".vc_tta-panel-body\"><div class=\"vc_tta-panel-heading\"><h4 class=\"vc_tta-panel-title\"><a href=\"#1715691885856-d48a9939-680e\" data-vc-accordion data-vc-container=\".vc_tta-container\"><span class=\"vc_tta-title-text\">Documentation<\/span><\/a><\/h4><\/div><div class=\"vc_tta-panel-body\">\n\t<div class=\"wpb_text_column wpb_content_element\" >\n\t\t<div class=\"wpb_wrapper\">\n\t\t\t<p><span style=\"font-weight: 400;\">Po uko\u0144czeniu studi\u00f3w uzyskasz \u015bwiadectwo zgodne z rozporz\u0105dzeniem MNiSW.<\/span><\/p>\n\n\t\t<\/div>\n\t<\/div>\n<\/div><\/div><\/div><\/div><\/div><\/div><div class=\"vc_separator wpb_content_element vc_separator_align_center vc_sep_width_100 vc_sep_pos_align_center vc_separator_no_text vc_sep_color_grey\" ><span class=\"vc_sep_holder vc_sep_holder_l\"><span class=\"vc_sep_line\"><\/span><\/span><span class=\"vc_sep_holder vc_sep_holder_r\"><span class=\"vc_sep_line\"><\/span><\/span>\n<\/div><\/div><\/div><\/div><\/div><\/div><\/div><div class=\"\"><div class=\"container\"><div class=\"vc_row wpb_row vc_row-fluid vc_row-o-content-top vc_row-flex\"><div class=\"wpb_column vc_column_container vc_col-sm-8\"><div class=\"vc_column-inner vc_custom_1715689547215\"><div class=\"wpb_wrapper\">\n\t<div class=\"wpb_text_column wpb_content_element  vc_custom_1754991014427\" >\n\t\t<div class=\"wpb_wrapper\">\n\t\t\t<h3><b>Certificate<\/b><\/h3>\n\n\t\t<\/div>\n\t<\/div>\n\n\t<div class=\"wpb_text_column wpb_content_element  vc_custom_1776845483169\" >\n\t\t<div class=\"wpb_wrapper\">\n\t\t\t<p><span style=\"font-weight: 400;\">Po uko\u0144czeniu studi\u00f3w otrzymasz \u015bwiadectwo zgodne z rozporz\u0105dzeniem Ministra Nauki i Szkolnictwa Wy\u017cszego z dnia 12 wrze\u015bnia 2018 r. w sprawie dokument\u00f3w wydawanych w zwi\u0105zku z przebiegiem lub uko\u0144czeniem studi\u00f3w podyplomowych i kszta\u0142cenia specjalistycznego (Dz.U. z 2018 r., poz. 1791 z p\u00f3\u017an. zm.) wydanym na podstawie ustawy z dnia 20 lipca 2018 r. \u2013 Prawo o szkolnictwie wy\u017cszym i nauce (<\/span><span style=\"font-weight: 400;\">Dz.U.2024.1571<\/span><span style=\"font-weight: 400;\">, z p\u00f3\u017an. zm.).<\/span><\/p>\n\n\t\t<\/div>\n\t<\/div>\n<\/div><\/div><\/div><div class=\"wpb_column vc_column_container vc_col-sm-4\"><div class=\"vc_column-inner\"><div class=\"wpb_wrapper\">\n\t<div  class=\"wpb_single_image wpb_content_element vc_align_left\">\n\t\t\n\t\t<figure class=\"wpb_wrapper vc_figure\">\n\t\t\t<div class=\"vc_single_image-wrapper   vc_box_border_grey\"><img loading=\"lazy\" decoding=\"async\" width=\"400\" height=\"400\" src=\"https:\/\/studia-wroclaw.pl\/wp-content\/uploads\/2024\/05\/absolwent-studia-wroclaw.png\" class=\"vc_single_image-img attachment-full\" alt=\"Nowe kwalifikacje\" title=\"\" srcset=\"https:\/\/studia-wroclaw.pl\/wp-content\/uploads\/2024\/05\/absolwent-studia-wroclaw.png 400w, https:\/\/studia-wroclaw.pl\/wp-content\/uploads\/2024\/05\/absolwent-studia-wroclaw-300x300.png 300w, https:\/\/studia-wroclaw.pl\/wp-content\/uploads\/2024\/05\/absolwent-studia-wroclaw-150x150.png 150w\" sizes=\"auto, (max-width: 400px) 100vw, 400px\" \/><\/div>\n\t\t<\/figure>\n\t<\/div>\n<\/div><\/div><\/div><\/div><\/div><\/div><div data-vc-full-width=\"true\" data-vc-full-width-init=\"false\" data-vc-stretch-content=\"true\" class=\"vc_row wpb_row vc_row-fluid vc_custom_1756990061642 vc_row-has-fill vc_row-o-equal-height vc_row-o-content-middle vc_row-flex\"><div class=\"wpb_column vc_column_container vc_col-sm-2\"><div class=\"vc_column-inner vc_custom_1715533178238\"><div class=\"wpb_wrapper\"><\/div><\/div><\/div><div class=\"wpb_column vc_column_container vc_col-sm-8 vc_col-has-fill\"><div class=\"vc_column-inner vc_custom_1715532982808\"><div class=\"wpb_wrapper\"><div class=\"vc_row wpb_row vc_inner vc_row-fluid vc_custom_1715533111368 vc_row-o-equal-height vc_row-o-content-middle vc_row-flex\"><div class=\"wpb_column vc_column_container vc_col-sm-3\"><div class=\"vc_column-inner vc_custom_1715533022715\"><div class=\"wpb_wrapper\">\n\t<div  class=\"wpb_single_image wpb_content_element vc_align_center\">\n\t\t\n\t\t<figure class=\"wpb_wrapper vc_figure\">\n\t\t\t<div class=\"vc_single_image-wrapper   vc_box_border_grey\"><img decoding=\"async\" class=\"vc_single_image-img\" src=\"https:\/\/studia-wroclaw.pl\/wp-content\/uploads\/2024\/05\/herb-100x100.png\" width=\"100\" height=\"100\" alt=\"herb\" title=\"coat of arms\" loading=\"lazy\" \/><\/div>\n\t\t<\/figure>\n\t<\/div>\n<\/div><\/div><\/div><div class=\"wpb_column vc_column_container vc_col-sm-9\"><div class=\"vc_column-inner vc_custom_1715534147774\"><div class=\"wpb_wrapper\">\n\t<div class=\"wpb_text_column wpb_content_element  vc_custom_1760079823218\" >\n\t\t<div class=\"wpb_wrapper\">\n\t\t\t<p><span><\/span><span><\/span><span style=\"color: #ffffff;\">Studia realizowane s\u0105 zgodnie z wymogami okre\u015blonymi w Rozporz\u0105dzeniu Ministra Nauki i Szkolnictwa Wy\u017cszego z dnia 27 wrze\u015bnia 2018 r. w sprawie studi\u00f3w (Dz.U.2023.2787, z p\u00f3\u017an. zm) oraz Ustawy z dnia 20 lipca 2018 r. Prawo o szkolnictwie wy\u017cszym i nauce (Dz.U.2024.1571, z p\u00f3\u017an. zm.).<\/span><\/p>\n\n\t\t<\/div>\n\t<\/div>\n<\/div><\/div><\/div><\/div><\/div><\/div><\/div><div class=\"wpb_column vc_column_container vc_col-sm-2\"><div class=\"vc_column-inner vc_custom_1715533188827\"><div class=\"wpb_wrapper\"><\/div><\/div><\/div><\/div><div class=\"vc_row-full-width vc_clearfix\"><\/div><div class=\"\"><div class=\"container\"><div class=\"vc_row wpb_row vc_row-fluid\"><div class=\"wpb_column vc_column_container vc_col-sm-12\"><div class=\"vc_column-inner\"><div class=\"wpb_wrapper\">\n\t<div class=\"wpb_raw_code wpb_content_element wpb_raw_html vc_custom_1776846219572\" >\n\t\t<div class=\"wpb_wrapper\">\n\t\t\t<div id=\"div1\" class=\"content-div div1\" style=\"display:none; padding:40px;\">\n[enrollment type=\"czesne\" studies=\"podyplomowe-9000\"]\n<\/div>\n\n<div id=\"div2\" class=\"content-div div2\" style=\"display:none; padding:40px;\">\n[enrollment type=\"semestralna\" studies=\"podyplomowe-9000\"]\n<\/div>\n\n<div id=\"div3\" class=\"content-div div3\" style=\"display:none; padding:40px;\">\n[enrollment type=\"jednorazowa\" studies=\"podyplomowe-9000\"]\n<\/div>\n\n<script>\nfunction showDiv(divId) {\n    \/\/ Ukryj wszystkie divy\n    var divs = document.querySelectorAll('.content-div');\n    divs.forEach(function(div) {\n        div.style.display = 'none';\n    });\n    \n    \/\/ Poka\u017c wybrany div\n    document.getElementById(divId).style.display = 'block';\n}\n<\/script>\n\t\t<\/div>\n\t<\/div>\n<\/div><\/div><\/div><\/div><\/div><\/div>\n<\/div>","protected":false},"excerpt":{"rendered":"Przyw\u00f3dztwo i transformacja \u2013 Kompetencje Lidera Przysz\u0142o\u015bci 2030+ studia podyplomowe Celem studi\u00f3w jest przygotowanie s\u0142uchaczy do pe\u0142nienia r\u00f3l przyw\u00f3dczych w warunkach dynamicznych zmian spo\u0142ecznych, technologicznych i organizacyjnych. Program studi\u00f3w koncentruje si\u0119 na rozwoju kompetencji przysz\u0142o\u015bci niezb\u0119dnych do skutecznego rozwoju kariery mened\u017cerskiej w perspektywie lat 2030-2040. Szczeg\u00f3lny nacisk k\u0142adziony jest na podejmowanie decyzji w warunkach niepewno\u015bci [...]","protected":false},"author":34,"featured_media":0,"parent":6316,"menu_order":0,"comment_status":"closed","ping_status":"closed","template":"","meta":{"om_disable_all_campaigns":false,"footnotes":""},"class_list":["post-10677","page","type-page","status-publish","hentry"],"yoast_head":"<!-- This site is optimized with the Yoast SEO plugin v25.9 - https:\/\/yoast.com\/wordpress\/plugins\/seo\/ -->\n<title>Przyw\u00f3dztwo i transformacja \u2013 Kompetencje Lidera Przysz\u0142o\u015bci 2030+<\/title>\n<meta name=\"description\" content=\"Nowoczesne przyw\u00f3dztwo i skuteczna transformacja organizacji \u2013 studia podyplomowe dla przysz\u0142ych lider\u00f3w. Rozwijaj kompetencje strategiczne, zarz\u0105dzanie zmian\u0105, komunikacj\u0119 i budowanie zespo\u0142\u00f3w w dynamicznym \u015brodowisku. Zapisz si\u0119 i przygotuj si\u0119 na wyzwania 2030+.\" \/>\n<meta name=\"robots\" content=\"index, follow, max-snippet:-1, max-image-preview:large, max-video-preview:-1\" \/>\n<link rel=\"canonical\" href=\"https:\/\/studia-wroclaw.pl\/en\/studia-podyplomowe\/przywodztwo-i-transformacja-kompetencje-lidera-przyszlosci-2030\/\" \/>\n<meta property=\"og:locale\" content=\"en_GB\" \/>\n<meta property=\"og:type\" content=\"article\" \/>\n<meta property=\"og:title\" content=\"Przyw\u00f3dztwo i transformacja \u2013 Kompetencje Lidera Przysz\u0142o\u015bci 2030+\" \/>\n<meta property=\"og:description\" content=\"Nowoczesne przyw\u00f3dztwo i skuteczna transformacja organizacji \u2013 studia podyplomowe dla przysz\u0142ych lider\u00f3w. Rozwijaj kompetencje strategiczne, zarz\u0105dzanie zmian\u0105, komunikacj\u0119 i budowanie zespo\u0142\u00f3w w dynamicznym \u015brodowisku. Zapisz si\u0119 i przygotuj si\u0119 na wyzwania 2030+.\" \/>\n<meta property=\"og:url\" content=\"https:\/\/studia-wroclaw.pl\/en\/studia-podyplomowe\/przywodztwo-i-transformacja-kompetencje-lidera-przyszlosci-2030\/\" \/>\n<meta property=\"og:site_name\" content=\"Studia Wroc\u0142aw\" \/>\n<meta property=\"article:modified_time\" content=\"2026-04-27T09:02:48+00:00\" \/>\n<meta property=\"og:image\" content=\"https:\/\/studia-wroclaw.pl\/wp-content\/uploads\/2024\/06\/konkurencyjne-ceny1.png\" \/>\n<meta name=\"twitter:card\" content=\"summary_large_image\" \/>\n<meta name=\"twitter:label1\" content=\"Estimated reading time\" \/>\n\t<meta name=\"twitter:data1\" content=\"26 minutes\" \/>\n<script type=\"application\/ld+json\" class=\"yoast-schema-graph\">{\"@context\":\"https:\/\/schema.org\",\"@graph\":[{\"@type\":\"WebPage\",\"@id\":\"https:\/\/studia-wroclaw.pl\/studia-podyplomowe\/przywodztwo-i-transformacja-kompetencje-lidera-przyszlosci-2030\/\",\"url\":\"https:\/\/studia-wroclaw.pl\/studia-podyplomowe\/przywodztwo-i-transformacja-kompetencje-lidera-przyszlosci-2030\/\",\"name\":\"Przyw\u00f3dztwo i transformacja \u2013 Kompetencje Lidera Przysz\u0142o\u015bci 2030+\",\"isPartOf\":{\"@id\":\"https:\/\/studia-wroclaw.pl\/#website\"},\"primaryImageOfPage\":{\"@id\":\"https:\/\/studia-wroclaw.pl\/studia-podyplomowe\/przywodztwo-i-transformacja-kompetencje-lidera-przyszlosci-2030\/#primaryimage\"},\"image\":{\"@id\":\"https:\/\/studia-wroclaw.pl\/studia-podyplomowe\/przywodztwo-i-transformacja-kompetencje-lidera-przyszlosci-2030\/#primaryimage\"},\"thumbnailUrl\":\"https:\/\/studia-wroclaw.pl\/wp-content\/uploads\/2024\/06\/konkurencyjne-ceny1.png\",\"datePublished\":\"2024-05-09T10:37:13+00:00\",\"dateModified\":\"2026-04-27T09:02:48+00:00\",\"description\":\"Nowoczesne przyw\u00f3dztwo i skuteczna transformacja organizacji \u2013 studia podyplomowe dla przysz\u0142ych lider\u00f3w. Rozwijaj kompetencje strategiczne, zarz\u0105dzanie zmian\u0105, komunikacj\u0119 i budowanie zespo\u0142\u00f3w w dynamicznym \u015brodowisku. Zapisz si\u0119 i przygotuj si\u0119 na wyzwania 2030+.\",\"breadcrumb\":{\"@id\":\"https:\/\/studia-wroclaw.pl\/studia-podyplomowe\/przywodztwo-i-transformacja-kompetencje-lidera-przyszlosci-2030\/#breadcrumb\"},\"inLanguage\":\"en-GB\",\"potentialAction\":[{\"@type\":\"ReadAction\",\"target\":[\"https:\/\/studia-wroclaw.pl\/studia-podyplomowe\/przywodztwo-i-transformacja-kompetencje-lidera-przyszlosci-2030\/\"]}]},{\"@type\":\"ImageObject\",\"inLanguage\":\"en-GB\",\"@id\":\"https:\/\/studia-wroclaw.pl\/studia-podyplomowe\/przywodztwo-i-transformacja-kompetencje-lidera-przyszlosci-2030\/#primaryimage\",\"url\":\"https:\/\/studia-wroclaw.pl\/wp-content\/uploads\/2024\/06\/konkurencyjne-ceny1.png\",\"contentUrl\":\"https:\/\/studia-wroclaw.pl\/wp-content\/uploads\/2024\/06\/konkurencyjne-ceny1.png\"},{\"@type\":\"BreadcrumbList\",\"@id\":\"https:\/\/studia-wroclaw.pl\/studia-podyplomowe\/przywodztwo-i-transformacja-kompetencje-lidera-przyszlosci-2030\/#breadcrumb\",\"itemListElement\":[{\"@type\":\"ListItem\",\"position\":1,\"name\":\"Strona g\u0142\u00f3wna\",\"item\":\"https:\/\/studia-wroclaw.pl\/\"},{\"@type\":\"ListItem\",\"position\":2,\"name\":\"Studia podyplomowe\",\"item\":\"https:\/\/studia-wroclaw.pl\/studia-podyplomowe\/\"},{\"@type\":\"ListItem\",\"position\":3,\"name\":\"Przyw\u00f3dztwo i transformacja \u2013 Kompetencje Lidera Przysz\u0142o\u015bci 2030+\"}]},{\"@type\":\"WebSite\",\"@id\":\"https:\/\/studia-wroclaw.pl\/#website\",\"url\":\"https:\/\/studia-wroclaw.pl\/\",\"name\":\"Studia Wroc\u0142aw\",\"description\":\"\",\"potentialAction\":[{\"@type\":\"SearchAction\",\"target\":{\"@type\":\"EntryPoint\",\"urlTemplate\":\"https:\/\/studia-wroclaw.pl\/?s={search_term_string}\"},\"query-input\":{\"@type\":\"PropertyValueSpecification\",\"valueRequired\":true,\"valueName\":\"search_term_string\"}}],\"inLanguage\":\"en-GB\"}]}<\/script>\n<!-- \/ Yoast SEO plugin. -->","yoast_head_json":{"title":"Przyw\u00f3dztwo i transformacja \u2013 Kompetencje Lidera Przysz\u0142o\u015bci 2030+","description":"Nowoczesne przyw\u00f3dztwo i skuteczna transformacja organizacji \u2013 studia podyplomowe dla przysz\u0142ych lider\u00f3w. Rozwijaj kompetencje strategiczne, zarz\u0105dzanie zmian\u0105, komunikacj\u0119 i budowanie zespo\u0142\u00f3w w dynamicznym \u015brodowisku. Zapisz si\u0119 i przygotuj si\u0119 na wyzwania 2030+.","robots":{"index":"index","follow":"follow","max-snippet":"max-snippet:-1","max-image-preview":"max-image-preview:large","max-video-preview":"max-video-preview:-1"},"canonical":"https:\/\/studia-wroclaw.pl\/en\/studia-podyplomowe\/przywodztwo-i-transformacja-kompetencje-lidera-przyszlosci-2030\/","og_locale":"en_GB","og_type":"article","og_title":"Przyw\u00f3dztwo i transformacja \u2013 Kompetencje Lidera Przysz\u0142o\u015bci 2030+","og_description":"Nowoczesne przyw\u00f3dztwo i skuteczna transformacja organizacji \u2013 studia podyplomowe dla przysz\u0142ych lider\u00f3w. Rozwijaj kompetencje strategiczne, zarz\u0105dzanie zmian\u0105, komunikacj\u0119 i budowanie zespo\u0142\u00f3w w dynamicznym \u015brodowisku. Zapisz si\u0119 i przygotuj si\u0119 na wyzwania 2030+.","og_url":"https:\/\/studia-wroclaw.pl\/en\/studia-podyplomowe\/przywodztwo-i-transformacja-kompetencje-lidera-przyszlosci-2030\/","og_site_name":"Studia Wroc\u0142aw","article_modified_time":"2026-04-27T09:02:48+00:00","og_image":[{"url":"https:\/\/studia-wroclaw.pl\/wp-content\/uploads\/2024\/06\/konkurencyjne-ceny1.png","type":"","width":"","height":""}],"twitter_card":"summary_large_image","twitter_misc":{"Estimated reading time":"26 minutes"},"schema":{"@context":"https:\/\/schema.org","@graph":[{"@type":"WebPage","@id":"https:\/\/studia-wroclaw.pl\/studia-podyplomowe\/przywodztwo-i-transformacja-kompetencje-lidera-przyszlosci-2030\/","url":"https:\/\/studia-wroclaw.pl\/studia-podyplomowe\/przywodztwo-i-transformacja-kompetencje-lidera-przyszlosci-2030\/","name":"Przyw\u00f3dztwo i transformacja \u2013 Kompetencje Lidera Przysz\u0142o\u015bci 2030+","isPartOf":{"@id":"https:\/\/studia-wroclaw.pl\/#website"},"primaryImageOfPage":{"@id":"https:\/\/studia-wroclaw.pl\/studia-podyplomowe\/przywodztwo-i-transformacja-kompetencje-lidera-przyszlosci-2030\/#primaryimage"},"image":{"@id":"https:\/\/studia-wroclaw.pl\/studia-podyplomowe\/przywodztwo-i-transformacja-kompetencje-lidera-przyszlosci-2030\/#primaryimage"},"thumbnailUrl":"https:\/\/studia-wroclaw.pl\/wp-content\/uploads\/2024\/06\/konkurencyjne-ceny1.png","datePublished":"2024-05-09T10:37:13+00:00","dateModified":"2026-04-27T09:02:48+00:00","description":"Nowoczesne przyw\u00f3dztwo i skuteczna transformacja organizacji \u2013 studia podyplomowe dla przysz\u0142ych lider\u00f3w. Rozwijaj kompetencje strategiczne, zarz\u0105dzanie zmian\u0105, komunikacj\u0119 i budowanie zespo\u0142\u00f3w w dynamicznym \u015brodowisku. Zapisz si\u0119 i przygotuj si\u0119 na wyzwania 2030+.","breadcrumb":{"@id":"https:\/\/studia-wroclaw.pl\/studia-podyplomowe\/przywodztwo-i-transformacja-kompetencje-lidera-przyszlosci-2030\/#breadcrumb"},"inLanguage":"en-GB","potentialAction":[{"@type":"ReadAction","target":["https:\/\/studia-wroclaw.pl\/studia-podyplomowe\/przywodztwo-i-transformacja-kompetencje-lidera-przyszlosci-2030\/"]}]},{"@type":"ImageObject","inLanguage":"en-GB","@id":"https:\/\/studia-wroclaw.pl\/studia-podyplomowe\/przywodztwo-i-transformacja-kompetencje-lidera-przyszlosci-2030\/#primaryimage","url":"https:\/\/studia-wroclaw.pl\/wp-content\/uploads\/2024\/06\/konkurencyjne-ceny1.png","contentUrl":"https:\/\/studia-wroclaw.pl\/wp-content\/uploads\/2024\/06\/konkurencyjne-ceny1.png"},{"@type":"BreadcrumbList","@id":"https:\/\/studia-wroclaw.pl\/studia-podyplomowe\/przywodztwo-i-transformacja-kompetencje-lidera-przyszlosci-2030\/#breadcrumb","itemListElement":[{"@type":"ListItem","position":1,"name":"Strona g\u0142\u00f3wna","item":"https:\/\/studia-wroclaw.pl\/"},{"@type":"ListItem","position":2,"name":"Studia podyplomowe","item":"https:\/\/studia-wroclaw.pl\/studia-podyplomowe\/"},{"@type":"ListItem","position":3,"name":"Przyw\u00f3dztwo i transformacja \u2013 Kompetencje Lidera Przysz\u0142o\u015bci 2030+"}]},{"@type":"WebSite","@id":"https:\/\/studia-wroclaw.pl\/#website","url":"https:\/\/studia-wroclaw.pl\/","name":"Studies Wroclaw","description":"","potentialAction":[{"@type":"SearchAction","target":{"@type":"EntryPoint","urlTemplate":"https:\/\/studia-wroclaw.pl\/?s={search_term_string}"},"query-input":{"@type":"PropertyValueSpecification","valueRequired":true,"valueName":"search_term_string"}}],"inLanguage":"en-GB"}]}},"_links":{"self":[{"href":"https:\/\/studia-wroclaw.pl\/en\/wp-json\/wp\/v2\/pages\/10677","targetHints":{"allow":["GET"]}}],"collection":[{"href":"https:\/\/studia-wroclaw.pl\/en\/wp-json\/wp\/v2\/pages"}],"about":[{"href":"https:\/\/studia-wroclaw.pl\/en\/wp-json\/wp\/v2\/types\/page"}],"author":[{"embeddable":true,"href":"https:\/\/studia-wroclaw.pl\/en\/wp-json\/wp\/v2\/users\/34"}],"replies":[{"embeddable":true,"href":"https:\/\/studia-wroclaw.pl\/en\/wp-json\/wp\/v2\/comments?post=10677"}],"version-history":[{"count":9,"href":"https:\/\/studia-wroclaw.pl\/en\/wp-json\/wp\/v2\/pages\/10677\/revisions"}],"predecessor-version":[{"id":10947,"href":"https:\/\/studia-wroclaw.pl\/en\/wp-json\/wp\/v2\/pages\/10677\/revisions\/10947"}],"up":[{"embeddable":true,"href":"https:\/\/studia-wroclaw.pl\/en\/wp-json\/wp\/v2\/pages\/6316"}],"wp:attachment":[{"href":"https:\/\/studia-wroclaw.pl\/en\/wp-json\/wp\/v2\/media?parent=10677"}],"curies":[{"name":"wp","href":"https:\/\/api.w.org\/{rel}","templated":true}]}}