{"id":13042,"date":"2026-05-19T09:52:20","date_gmt":"2026-05-19T07:52:20","guid":{"rendered":"https:\/\/studia-wroclaw.pl\/?page_id=13042"},"modified":"2026-09-03T11:30:38","modified_gmt":"2026-09-03T09:30:38","slug":"wskz-na-29-dolnoslaskim-festiwalu-nauki","status":"publish","type":"page","link":"https:\/\/studia-wroclaw.pl\/en\/wskz-na-29-dolnoslaskim-festiwalu-nauki\/","title":{"rendered":"WSKZ na 29. Dolno\u015bl\u0105skim Festiwalu Nauki"},"content":{"rendered":"<div class=\"wpb-content-wrapper\"><div data-vc-full-width=\"true\" data-vc-full-width-init=\"false\" class=\"vc_custom_1787663904809\"><div class=\"container\"><div class=\"vc_row wpb_row vc_row-fluid vc_row-has-fill\"><div class=\"wpb_column vc_column_container vc_col-sm-12\"><div class=\"vc_column-inner\"><div class=\"wpb_wrapper\"><h2 style=\"font-size: 36px;color: #c9922a;text-align: left;font-family:PT Serif;font-weight:700;font-style:normal\" class=\"vc_custom_heading eyebrow-header-gold\" >Wrzesie\u0144\u2013pa\u017adziernik 2026 r.<\/h2><h1 style=\"font-size: 51px;color: #ffffff;text-align: left;font-family:PT Serif;font-weight:700;font-style:normal\" class=\"vc_custom_heading headline\" >WSKZ na 29. Dolno\u015bl\u0105skim<br \/>\nFestiwalu Nauki<\/h1><h2 style=\"font-size: 18px;color: #d1d1d1;line-height: 1.25;text-align: left;font-family:Damion;font-weight:400;font-style:normal\" class=\"vc_custom_heading subheadline vc_custom_1787657065897\" >Jak dzia\u0142a nasz m\u00f3zg? Sk\u0105d bior\u0105 si\u0119 emocje? Czy sztucznej inteligencji mo\u017cna zaufa\u0107?<\/h2><div class=\"vc_separator wpb_content_element vc_separator_align_center vc_sep_width_20 vc_sep_pos_align_left vc_separator_no_text vc_custom_1779103898970  vc_custom_1779103898970\" ><span class=\"vc_sep_holder vc_sep_holder_l\"><span style=\"border-color:#c9922a;\" class=\"vc_sep_line\"><\/span><\/span><span class=\"vc_sep_holder vc_sep_holder_r\"><span style=\"border-color:#c9922a;\" class=\"vc_sep_line\"><\/span><\/span>\n<\/div><h2 style=\"font-size: 24px;color: #c9922a;text-align: left;font-family:PT Serif;font-weight:700;font-style:normal\" class=\"vc_custom_heading headline\" >Na te i wiele innych pyta\u0144 odpowiedz\u0105 eksperci WSKZ<br \/>\npodczas bezp\u0142atnych wyk\u0142ad\u00f3w i warsztat\u00f3w organizowanych<br \/>\nw ramach 29. Dolno\u015bl\u0105skiego Festiwalu Nauki.<\/h2><h2 style=\"font-size: 14px;color: #d1d1d1;line-height: 1.25;text-align: left;font-family:Damion;font-weight:400;font-style:normal\" class=\"vc_custom_heading subheadline vc_custom_1787657086748\" >Zapoznaj si\u0119 z programem:<\/h2><div class=\"vc_row wpb_row vc_inner vc_row-fluid\"><div class=\"wpb_column vc_column_container vc_col-sm-12\"><div class=\"vc_column-inner\"><div class=\"wpb_wrapper\">\n\t<div class=\"wpb_raw_code wpb_content_element wpb_raw_html\" >\n\t\t<div class=\"wpb_wrapper\">\n\t\t\t<a href=\"https:\/\/www.festiwal.wroc.pl\/wp-content\/uploads\/2026\/07\/DFN_2026_druk.pdf\" class=\"maia-cta-btn\">\n  <i data-lucide=\"clipboard-list\"><\/i>\n  Sprawdzam program\n<\/a>\n\t\t<\/div>\n\t<\/div>\n<\/div><\/div><\/div><\/div><\/div><\/div><\/div><\/div><\/div><\/div><div class=\"vc_row-full-width vc_clearfix\"><\/div><div class=\"\"><div class=\"container\"><div class=\"vc_row wpb_row vc_row-fluid\"><div class=\"wpb_column vc_column_container vc_col-sm-12\"><div class=\"vc_column-inner\"><div class=\"wpb_wrapper\">\n\t<div class=\"wpb_raw_code wpb_content_element wpb_raw_html\" >\n\t\t<div class=\"wpb_wrapper\">\n\t\t\t<script src=\"https:\/\/unpkg.com\/lucide@latest\"><\/script>\n<script>\n  document.addEventListener('DOMContentLoaded', function() {\n    lucide.createIcons();\n  });\n<\/script>\n\t\t<\/div>\n\t<\/div>\n\n\t<div class=\"wpb_raw_code wpb_content_element wpb_raw_html\" >\n\t\t<div class=\"wpb_wrapper\">\n\t\t\t<link rel=\"preconnect\" href=\"https:\/\/fonts.googleapis.com\">\n<link rel=\"preconnect\" href=\"https:\/\/fonts.gstatic.com\" crossorigin>\n<link href=\"https:\/\/fonts.googleapis.com\/css2?family=Playfair+Display:ital,wght@0,600;0,700;1,400&family=Source+Serif+4:ital,wght@0,300;0,400;1,300&display=swap\" rel=\"stylesheet\">\n\t\t<\/div>\n\t<\/div>\n<\/div><\/div><\/div><\/div><\/div><\/div><section id=\"wydzial-psychologii\" data-vc-full-width=\"true\" data-vc-full-width-init=\"false\" class=\"vc_section vc_custom_1779182802783 vc_section-has-fill\"><div class=\"\"><div class=\"container\"><div class=\"vc_row wpb_row vc_row-fluid\"><div class=\"wpb_column vc_column_container vc_col-sm-12\"><div class=\"vc_column-inner\"><div class=\"wpb_wrapper\"><h4 style=\"font-size: 11px;color: #ffffff;text-align: left;font-family:PT Serif;font-weight:700;font-style:normal\" class=\"vc_custom_heading eyebrow-header-gold\" >O festiwalu<\/h4><h2 style=\"font-size: 26px;color: #1b2a4a;text-align: left;font-family:PT Serif;font-weight:700;font-style:normal\" class=\"vc_custom_heading headline\" >WSKZ cz\u0119\u015bci\u0105 29. Dolno\u015bl\u0105skiego Festiwalu Nauki<\/h2><div class=\"vc_separator wpb_content_element vc_separator_align_center vc_sep_width_100 vc_sep_pos_align_left vc_separator_no_text vc_custom_1779106822579  vc_custom_1779106822579\" ><span class=\"vc_sep_holder vc_sep_holder_l\"><span style=\"border-color:#c9922a;\" class=\"vc_sep_line\"><\/span><\/span><span class=\"vc_sep_holder vc_sep_holder_r\"><span style=\"border-color:#c9922a;\" class=\"vc_sep_line\"><\/span><\/span>\n<\/div>\n\t<div class=\"wpb_text_column wpb_content_element  vc_custom_1787657681002 opis-co-to-jest\" >\n\t\t<div class=\"wpb_wrapper\">\n\t\t\t<p><b>Dolno\u015bl\u0105ski Festiwal Nauki to jedno z najwi\u0119kszych wydarze\u0144 popularyzuj\u0105cych nauk\u0119 w Polsce.<\/b><span style=\"font-weight: 400;\"> Co roku gromadzi ekspert\u00f3w z r\u00f3\u017cnych dziedzin oraz wszystkich, kt\u00f3rzy chc\u0105 odkrywa\u0107 \u015bwiat, zadawa\u0107 pytania i poszerza\u0107 swoj\u0105 wiedz\u0119.\u00a0<\/span><\/p>\n<p><b>W programie 29. edycji Festiwalu nie zabraknie wydarze\u0144 przygotowanych przez ekspert\u00f3w Wy\u017cszej Szko\u0142y Kszta\u0142cenia Zawodowego.<\/b><span style=\"font-weight: 400;\"> Wyk\u0142adowcy WSKZ zaprosz\u0105 uczestnik\u00f3w na wyk\u0142ady i warsztaty po\u015bwi\u0119cone zagadnieniom, kt\u00f3re dotycz\u0105 codziennego \u017cycia, wsp\u00f3\u0142czesnych wyzwa\u0144 oraz zmieniaj\u0105cego si\u0119 \u015bwiata.<\/span><\/p>\n<p><span style=\"font-weight: 400;\">Wszystkie wydarzenia s\u0105 bezp\u0142atne.<\/span><\/p>\n\n\t\t<\/div>\n\t<\/div>\n<\/div><\/div><\/div><\/div><\/div><\/div><\/section><div class=\"vc_row-full-width vc_clearfix\"><\/div><section data-vc-full-width=\"true\" data-vc-full-width-init=\"false\" class=\"vc_section vc_custom_1779108397496 vc_section-has-fill\"><div data-vc-full-width=\"true\" data-vc-full-width-init=\"false\" class=\"\"><div class=\"container\"><div class=\"vc_row wpb_row vc_row-fluid\"><div class=\"wpb_column vc_column_container vc_col-sm-12\"><div class=\"vc_column-inner\"><div class=\"wpb_wrapper\"><h1 style=\"font-size: 11px;color: #ffffff;text-align: left;font-family:PT Serif;font-weight:700;font-style:normal\" class=\"vc_custom_heading eyebrow-header-gold\" >Korzy\u015bci<\/h1><h2 style=\"font-size: 26px;color: #ffffff;text-align: left;font-family:PT Serif;font-weight:700;font-style:normal\" class=\"vc_custom_heading headline\" >Dlaczego warto?<\/h2><div class=\"vc_separator wpb_content_element vc_separator_align_center vc_sep_width_100 vc_sep_pos_align_left vc_separator_no_text vc_custom_1779106822579  vc_custom_1779106822579\" ><span class=\"vc_sep_holder vc_sep_holder_l\"><span style=\"border-color:#c9922a;\" class=\"vc_sep_line\"><\/span><\/span><span class=\"vc_sep_holder vc_sep_holder_r\"><span style=\"border-color:#c9922a;\" class=\"vc_sep_line\"><\/span><\/span>\n<\/div>\n\t<div class=\"wpb_text_column wpb_content_element  vc_custom_1779182947497 opis-co-to-jest\" >\n\t\t<div class=\"wpb_wrapper\">\n\t\t\t<p><span style=\"font-weight: 400; color: #ffffff;\">Wydarzenie ma charakter otwarty. Zapraszamy do udzia\u0142u:<\/span><\/p>\n\n\t\t<\/div>\n\t<\/div>\n<\/div><\/div><\/div><\/div><\/div><\/div><div class=\"vc_row-full-width vc_clearfix\"><\/div><div data-vc-full-width=\"true\" data-vc-full-width-init=\"false\" class=\"vc_custom_1779267294259\"><div class=\"container\"><div class=\"vc_row wpb_row vc_row-fluid  uczestnicy-row\"><div class=\"wpb_column vc_column_container vc_col-sm-6\"><div class=\"vc_column-inner\"><div class=\"wpb_wrapper\">\n\t<div class=\"wpb_text_column wpb_content_element  uczestnicy-box\" >\n\t\t<div class=\"wpb_wrapper\">\n\t\t\t<p><span style=\"font-weight: 400;\">Spotkasz <\/span><b>ekspert\u00f3w i praktyk\u00f3w<\/b><span style=\"font-weight: 400;\"> z r\u00f3\u017cnych dziedzin<\/span><\/p>\n\n\t\t<\/div>\n\t<\/div>\n<\/div><\/div><\/div><div class=\"wpb_column vc_column_container vc_col-sm-6\"><div class=\"vc_column-inner\"><div class=\"wpb_wrapper\">\n\t<div class=\"wpb_text_column wpb_content_element  uczestnicy-box\" >\n\t\t<div class=\"wpb_wrapper\">\n\t\t\t<p><span style=\"font-weight: 400;\">We\u017amiesz udzia\u0142 w <\/span><b>bezp\u0142atnych wyk\u0142adach i warsztatach<\/b><\/p>\n\n\t\t<\/div>\n\t<\/div>\n<\/div><\/div><\/div><\/div><\/div><\/div><div class=\"vc_row-full-width vc_clearfix\"><\/div><div data-vc-full-width=\"true\" data-vc-full-width-init=\"false\" class=\"vc_custom_1779267425324\"><div class=\"container\"><div class=\"vc_row wpb_row vc_row-fluid  uczestnicy-row\"><div class=\"wpb_column vc_column_container vc_col-sm-6\"><div class=\"vc_column-inner\"><div class=\"wpb_wrapper\">\n\t<div class=\"wpb_text_column wpb_content_element  uczestnicy-box\" >\n\t\t<div class=\"wpb_wrapper\">\n\t\t\t<p><span style=\"font-weight: 400;\">Poznasz aktualne <\/span><b>wyzwania wsp\u00f3\u0142czesnego \u015bwiata<\/b><\/p>\n\n\t\t<\/div>\n\t<\/div>\n<\/div><\/div><\/div><div class=\"wpb_column vc_column_container vc_col-sm-6\"><div class=\"vc_column-inner\"><div class=\"wpb_wrapper\">\n\t<div class=\"wpb_text_column wpb_content_element  uczestnicy-box\" >\n\t\t<div class=\"wpb_wrapper\">\n\t\t\t<p><span style=\"font-weight: 400;\">Spojrzysz na znane zagadnienia <\/span><b>z nowej perspektywy <\/b><\/p>\n\n\t\t<\/div>\n\t<\/div>\n<\/div><\/div><\/div><\/div><\/div><\/div><div class=\"vc_row-full-width vc_clearfix\"><\/div><\/section><div class=\"vc_row-full-width vc_clearfix\"><\/div><section data-vc-full-width=\"true\" data-vc-full-width-init=\"false\" class=\"vc_section vc_custom_1779268781134 vc_section-has-fill\"><div class=\"\"><div class=\"container\"><div class=\"vc_row wpb_row vc_row-fluid\"><div class=\"wpb_column vc_column_container vc_col-sm-12\"><div class=\"vc_column-inner\"><div class=\"wpb_wrapper\"><h4 style=\"font-size: 11px;color: #ffffff;text-align: left;font-family:PT Serif;font-weight:700;font-style:normal\" class=\"vc_custom_heading eyebrow-header-gold\" >Tematy<\/h4><h2 style=\"font-size: 26px;color: #1b2a4a;text-align: left;font-family:PT Serif;font-weight:700;font-style:normal\" class=\"vc_custom_heading headline\" >Odkrywaj nauk\u0119 z WSKZ<\/h2><div class=\"vc_separator wpb_content_element vc_separator_align_center vc_sep_width_100 vc_sep_pos_align_left vc_separator_no_text vc_custom_1779106822579  vc_custom_1779106822579\" ><span class=\"vc_sep_holder vc_sep_holder_l\"><span style=\"border-color:#c9922a;\" class=\"vc_sep_line\"><\/span><\/span><span class=\"vc_sep_holder vc_sep_holder_r\"><span style=\"border-color:#c9922a;\" class=\"vc_sep_line\"><\/span><\/span>\n<\/div>\n\t<div class=\"wpb_text_column wpb_content_element  vc_custom_1787659263259 opis-co-to-jest\" >\n\t\t<div class=\"wpb_wrapper\">\n\t\t\t<p><span style=\"font-weight: 400;\">Od psychologii i sztucznej inteligencji, przez komunikacj\u0119 i edukacj\u0119, a\u017c po przedsi\u0119biorczo\u015b\u0107. Wybierz wyk\u0142ad lub warsztat, kt\u00f3ry najbardziej Ci\u0119 zainteresuje. <\/span><span style=\"font-weight: 400;\">Szczeg\u00f3\u0142y dotycz\u0105ce udzia\u0142u i zapis\u00f3w na poszczeg\u00f3lne wydarzenia znajdziesz w programie Festiwalu. <\/span><\/p>\n\n\t\t<\/div>\n\t<\/div>\n\n\t<div class=\"wpb_raw_code wpb_content_element wpb_raw_html vc_custom_1787663686337\" >\n\t\t<div class=\"wpb_wrapper\">\n\t\t\t<a href=\"https:\/\/www.festiwal.wroc.pl\/wp-content\/uploads\/2026\/07\/DFN_2026_druk.pdf\" class=\"maia-cta-btn\">\n  <i data-lucide=\"clipboard-list\"><\/i>\n  Pobierz program\n<\/a>\n\t\t<\/div>\n\t<\/div>\n\n\t<div class=\"wpb_text_column wpb_content_element  vc_custom_1787659381287 opis-co-to-jest-maly\" >\n\t\t<div class=\"wpb_wrapper\">\n\t\t\t<p><span style=\"font-size: 10px;\"><b>Uwaga:<\/b><span style=\"font-weight: 400;\"> Program Dolno\u015bl\u0105skiego Festiwalu Nauki jest na bie\u017c\u0105co aktualizowany. Zach\u0119camy do \u015bledzenia ewentualnych zmian na oficjalnej stronie Festiwalu:<\/span><a href=\"https:\/\/www.festiwal.wroc.pl\/2025\/06\/zmiany-w-programie-2\/\"> <span style=\"font-weight: 400;\">https:\/\/www.festiwal.wroc.pl\/2025\/06\/zmiany-w-programie-2\/<\/span><\/a><\/span><\/p>\n\n\t\t<\/div>\n\t<\/div>\n<\/div><\/div><\/div><\/div><\/div><\/div><div class=\"\"><div class=\"container\"><div class=\"vc_row wpb_row vc_row-fluid\"><div class=\"wpb_column vc_column_container vc_col-sm-12\"><div class=\"vc_column-inner\"><div class=\"wpb_wrapper\">\n\t<div class=\"wpb_raw_code wpb_content_element wpb_raw_html\" >\n\t\t<div class=\"wpb_wrapper\">\n\t\t\t<style>\n.tabbar{display:flex;gap:10px;flex-wrap:wrap;margin:8px 0 30px;}\n.tab{padding:11px 22px;border:1.5px solid #1b2a4a;border-radius:2px;background:transparent;color:#1b2a4a;font-size:14px;cursor:pointer;font-family:'Source Serif 4',Georgia,serif;letter-spacing:.02em;}\n.tab.active{background:#1b2a4a;color:#fff;}\n.day-panel{display:none;}\n.day-panel.active{display:block;animation:fade .25s ease;}\n@keyframes fade{from{opacity:0;transform:translateY(4px);}to{opacity:1;transform:translateY(0);}}\n\n.agenda-row{display:grid;grid-template-columns:130px 1fr;gap:24px;padding:20px 0;}\n.agenda-row + .agenda-row{border-top:1px solid #e2ddd4;}\n.agenda-time{font-family:'Playfair Display',Georgia,serif;font-weight:600;color:#c9922a;font-size:15px;padding-top:2px;}\n.agenda-content p{font-family:'Source Serif 4',Georgia,serif;font-size:14.88px;line-height:1.78;color:#2c2c2c;margin:0 0 6px;}\n.agenda-content p strong{font-weight:600;color:#1b2a4a;}\n.agenda-title{font-family:'Playfair Display',Georgia,serif;font-weight:600;color:#1b2a4a;font-size:18px;margin:0 0 10px;line-height:1.35;}\n\n.empty-state{padding:44px 20px;text-align:center;background:#fff;border:1px dashed #e2ddd4;border-radius:4px;}\n.empty-state strong{display:block;color:#1b2a4a;font-family:'Playfair Display',Georgia,serif;font-size:17px;margin-bottom:6px;}\n\n@media (max-width:700px){.agenda-row{grid-template-columns:1fr;}}\n<\/style>\n\n<div class=\"tabbar\" role=\"tablist\">\n  <button class=\"tab active\" data-day=\"14-09\" role=\"tab\">14 wrz<\/button>\n  <button class=\"tab\" data-day=\"15-09\" role=\"tab\">15 wrz<\/button>\n  <button class=\"tab\" data-day=\"16-09\" role=\"tab\">16 wrz<\/button>\n  <button class=\"tab\" data-day=\"18-09\" role=\"tab\">18 wrz<\/button>\n  <button class=\"tab\" data-day=\"02-10\" role=\"tab\">2 pa\u017a<\/button>\n  <button class=\"tab\" data-day=\"09-10\" role=\"tab\">9 pa\u017a<\/button>\n  <button class=\"tab\" data-day=\"15-10\" role=\"tab\">15 pa\u017a<\/button>\n  <button class=\"tab\" data-day=\"22-10\" role=\"tab\">22 pa\u017a<\/button>\n  <button class=\"tab\" data-day=\"23-10\" role=\"tab\">23 pa\u017a<\/button>\n<\/div>\n\n<!-- 14 wrze\u015bnia -->\n<div class=\"day-panel active\" data-panel=\"14-09\">\n  <div class=\"agenda-row\">\n    <div class=\"agenda-time\">9:00<\/div>\n    <div class=\"agenda-content\">\n      <div class=\"agenda-title\">ADHD bez mit\u00f3w: jak dzia\u0142a m\u00f3zg i jak skutecznie wspiera\u0107 uwag\u0119, emocje i zachowanie<\/div>\n      <p><strong>Prowadz\u0105ca:<\/strong> mgr Anna Mierzy\u0144ska<\/p>\n      <p><strong>Termin:<\/strong> 14 wrze\u015bnia 2026, godz. 9:00<\/p>\n      <p><strong>Miejsce:<\/strong> Sky Tower, Wroc\u0142aw (sala 7.6)<\/p>\n      <p><strong>Dla kogo:<\/strong> uczniowie klas VII\u2013VIII szk\u00f3\u0142 podstawowych, szk\u00f3\u0142 ponadpodstawowych oraz doro\u015bli<\/p>\n    <\/div>\n  <\/div>\n  <div class=\"agenda-row\">\n    <div class=\"agenda-time\">9:30<\/div>\n    <div class=\"agenda-content\">\n      <div class=\"agenda-title\">Savoir-vivre w szkole i poza szko\u0142\u0105<\/div>\n      <p><strong>Prowadz\u0105ca:<\/strong> dr Aneta Kazanecka<\/p>\n      <p><strong>Termin:<\/strong> 14 wrze\u015bnia 2026, godz. 9:30<\/p>\n      <p><strong>Miejsce:<\/strong> Sky Tower, Wroc\u0142aw (sala 7.6)<\/p>\n      <p><strong>Dla kogo:<\/strong> uczniowie klas VII\u2013VIII szk\u00f3\u0142 podstawowych, szk\u00f3\u0142 ponadpodstawowych oraz doro\u015bli<\/p>\n    <\/div>\n  <\/div>\n  <div class=\"agenda-row\">\n    <div class=\"agenda-time\">12:00<\/div>\n    <div class=\"agenda-content\">\n      <div class=\"agenda-title\">Wstr\u0119tna psychologia<\/div>\n      <p><strong>Prowadz\u0105cy:<\/strong> dr Micha\u0142 Stefa\u0144czyk<\/p>\n      <p><strong>Termin:<\/strong> 14 wrze\u015bnia 2026, godz. 12:00<\/p>\n      <p><strong>Miejsce:<\/strong> Sky Tower, Wroc\u0142aw (sala 7.6)<\/p>\n      <p><strong>Dla kogo:<\/strong> uczniowie szk\u00f3\u0142 ponadpodstawowych oraz doro\u015bli<\/p>\n    <\/div>\n  <\/div>\n  <div class=\"agenda-row\">\n    <div class=\"agenda-time\">13:00<\/div>\n    <div class=\"agenda-content\">\n      <div class=\"agenda-title\">Szkolny Klub Mediatora \u2013 zamie\u0144 walk\u0119 na wsp\u00f3\u0142prac\u0119<\/div>\n      <p><strong>Prowadz\u0105cy:<\/strong> dr Maciej Ciechomski, Wiktoria Kowalska<\/p>\n      <p><strong>Termin:<\/strong> 14 wrze\u015bnia 2026, godz. 13:00<\/p>\n      <p><strong>Miejsce:<\/strong> Sky Tower, Wroc\u0142aw (sala 7.6)<\/p>\n      <p><strong>Dla kogo:<\/strong> uczniowie szk\u00f3\u0142 ponadpodstawowych oraz doro\u015bli<\/p>\n    <\/div>\n  <\/div>\n  <div class=\"agenda-row\">\n    <div class=\"agenda-time\">16:00<\/div>\n    <div class=\"agenda-content\">\n      <div class=\"agenda-title\">\u0141\u0105cz\u0105 nas klocki \u2013 warsztaty dla dzieci w PRACOWNI LEGO\u00ae WSKZ<\/div>\n      <p><strong>Prowadz\u0105cy:<\/strong> dr Maciej Ciechomski, Wiktoria Kowalska<\/p>\n      <p><strong>Termin:<\/strong> 14 wrze\u015bnia 2026, godz. 16:00<\/p>\n      <p><strong>Miejsce:<\/strong> Sky Tower, Wroc\u0142aw (sala 7.6)<\/p>\n      <p><strong>Dla kogo:<\/strong> dzieci z przedszkoli oraz uczniowie klas 0\u2013III szk\u00f3\u0142 podstawowych<\/p>\n    <\/div>\n  <\/div>\n<\/div>\n\n<!-- 15 wrze\u015bnia -->\n<div class=\"day-panel\" data-panel=\"15-09\">\n  <div class=\"agenda-row\">\n    <div class=\"agenda-time\">10:00<\/div>\n    <div class=\"agenda-content\">\n      <div class=\"agenda-title\">Tw\u00f3j m\u00f3zg pod presj\u0105: jak dzia\u0142a uk\u0142ad nerwowy i emocje?<\/div>\n      <p><strong>Prowadz\u0105ca:<\/strong> mgr Anna Mierzy\u0144ska<\/p>\n      <p><strong>Termin:<\/strong> 15 wrze\u015bnia 2026, godz. 10:00<\/p>\n      <p><strong>Miejsce:<\/strong> Sky Tower, Wroc\u0142aw (sala 7.6)<\/p>\n      <p><strong>Dla kogo:<\/strong> uczniowie klas VII\u2013VIII szk\u00f3\u0142 podstawowych, uczniowie szk\u00f3\u0142 ponadpodstawowych i doro\u015bli<\/p>\n    <\/div>\n  <\/div>\n  <div class=\"agenda-row\">\n    <div class=\"agenda-time\">11:15<\/div>\n    <div class=\"agenda-content\">\n      <div class=\"agenda-title\">B\u0105d\u017a gotowy! Jak si\u0119 przygotowa\u0107 na kryzys? Jak nie da\u0107 si\u0119 z\u0142apa\u0107 w pu\u0142apk\u0119 dezinformacji?<\/div>\n      <p><strong>Prowadz\u0105cy:<\/strong> dr Wojciech Kazanecki<\/p>\n      <p><strong>Termin:<\/strong> 15 wrze\u015bnia 2026, godz. 11:15<\/p>\n      <p><strong>Miejsce:<\/strong> Sky Tower, Wroc\u0142aw (sala 7.6)<\/p>\n      <p><strong>Dla kogo:<\/strong> uczniowie szk\u00f3\u0142 ponadpodstawowych oraz doro\u015bli<\/p>\n    <\/div>\n  <\/div>\n  <div class=\"agenda-row\">\n    <div class=\"agenda-time\">11:30<\/div>\n    <div class=\"agenda-content\">\n      <div class=\"agenda-title\">Mi\u0119dzy emocj\u0105 a kontrol\u0105: dlaczego nastolatki dzia\u0142aj\u0105 inaczej ni\u017c doro\u015bli?<\/div>\n      <p><strong>Prowadz\u0105ca:<\/strong> mgr Anna Mierzy\u0144ska<\/p>\n      <p><strong>Termin:<\/strong> 15 wrze\u015bnia 2026, godz. 11:30<\/p>\n      <p><strong>Miejsce:<\/strong> Sky Tower, Wroc\u0142aw (sala 7.5)<\/p>\n      <p><strong>Dla kogo:<\/strong> doro\u015bli<\/p>\n    <\/div>\n  <\/div>\n  <div class=\"agenda-row\">\n    <div class=\"agenda-time\">11:30<\/div>\n    <div class=\"agenda-content\">\n      <div class=\"agenda-title\">Komunikacja sensytywna: jak rozmawia\u0107 w sytuacjach granicznych. S\u0142owa, kt\u00f3re mog\u0105 leczy\u0107 lub kaleczy\u0107<\/div>\n      <p><strong>Prowadz\u0105ca:<\/strong> mgr Agnieszka Nehring<\/p>\n      <p><strong>Termin:<\/strong> 15 wrze\u015bnia 2026, godz. 11:30<\/p>\n      <p><strong>Miejsce:<\/strong> PWr, Filia w Jeleniej G\u00f3rze, pl. Piastowski 27, Aula<\/p>\n      <p><strong>Dla kogo:<\/strong> uczniowie szk\u00f3\u0142 ponadpodstawowych<\/p>\n    <\/div>\n  <\/div>\n  <div class=\"agenda-row\">\n    <div class=\"agenda-time\">13:00<\/div>\n    <div class=\"agenda-content\">\n      <div class=\"agenda-title\">Dlaczego cia\u0142o pami\u0119ta stres? Co dzieje si\u0119 w m\u00f3zgu i ciele po traumie<\/div>\n      <p><strong>Prowadz\u0105ca:<\/strong> mgr Anna Mierzy\u0144ska<\/p>\n      <p><strong>Termin:<\/strong> 15 wrze\u015bnia 2026, godz. 13:00<\/p>\n      <p><strong>Miejsce:<\/strong> Sky Tower, Wroc\u0142aw (sala 7.5)<\/p>\n      <p><strong>Dla kogo:<\/strong> uczniowie szk\u00f3\u0142 ponadpodstawowych oraz doro\u015bli<\/p>\n    <\/div>\n  <\/div>\n  <div class=\"agenda-row\">\n    <div class=\"agenda-time\">13:00<\/div>\n    <div class=\"agenda-content\">\n      <div class=\"agenda-title\">Ile TikTok\u00f3w trzeba, \u017ceby \u017cadnego nie zapami\u0119ta\u0107?<\/div>\n      <p><strong>Prowadz\u0105ca:<\/strong> Anna Lazopoulos<\/p>\n      <p><strong>Termin:<\/strong> 15 wrze\u015bnia 2026, godz. 13:00<\/p>\n      <p><strong>Miejsce:<\/strong> Sky Tower, Wroc\u0142aw (sala 7.6)<\/p>\n      <p><strong>Dla kogo:<\/strong> uczniowie szk\u00f3\u0142 ponadpodstawowych oraz doro\u015bli<\/p>\n    <\/div>\n  <\/div>\n  <div class=\"agenda-row\">\n    <div class=\"agenda-time\">16:15<\/div>\n    <div class=\"agenda-content\">\n      <div class=\"agenda-title\">Psychologia przeklinania<\/div>\n      <p><strong>Prowadz\u0105cy:<\/strong> dr Micha\u0142 Stefa\u0144czyk<\/p>\n      <p><strong>Termin:<\/strong> 15 wrze\u015bnia 2026, godz. 16:15<\/p>\n      <p><strong>Miejsce:<\/strong> Sky Tower, Wroc\u0142aw (sala 7.6)<\/p>\n      <p><strong>Dla kogo:<\/strong> uczniowie szk\u00f3\u0142 ponadpodstawowych oraz doro\u015bli<\/p>\n    <\/div>\n  <\/div>\n  <div class=\"agenda-row\">\n    <div class=\"agenda-time\">16:30<\/div>\n    <div class=\"agenda-content\">\n      <div class=\"agenda-title\">Coaching we wsp\u00f3\u0142czesnym zarz\u0105dzaniu<\/div>\n      <p><strong>Prowadz\u0105ca:<\/strong> mgr in\u017c. Agnieszka Polarczyk-Bia\u0142ek<\/p>\n      <p><strong>Termin:<\/strong> 15 wrze\u015bnia 2026, godz. 16:30<\/p>\n      <p><strong>Miejsce:<\/strong> Sky Tower, Wroc\u0142aw (sala 7.6)<\/p>\n      <p><strong>Dla kogo:<\/strong> uczniowie szk\u00f3\u0142 ponadpodstawowych oraz doro\u015bli<\/p>\n    <\/div>\n  <\/div>\n<\/div>\n\n<!-- 16 wrze\u015bnia -->\n<div class=\"day-panel\" data-panel=\"16-09\">\n  <div class=\"agenda-row\">\n    <div class=\"agenda-time\">8:45<\/div>\n    <div class=\"agenda-content\">\n      <div class=\"agenda-title\">Wp\u0142yw (braku) poczucia bezpiecze\u0144stwa w wi\u0119zi na o\u015brodkowy i obwodowy uk\u0142ad nerwowy, w tym na pami\u0119\u0107 i uwag\u0119<\/div>\n      <p><strong>Prowadz\u0105ca:<\/strong> dr hab. Adrianna Grabizna, prof. WSKZ<\/p>\n      <p><strong>Termin:<\/strong> 16 wrze\u015bnia 2026, godz. 8:45<\/p>\n      <p><strong>Miejsce:<\/strong> I LO, ul. Kochanowskiego 18, Aula<\/p>\n      <p><strong>Dla kogo:<\/strong> uczniowie klas VII\u2013VIII szk\u00f3\u0142 podstawowych, szk\u00f3\u0142 ponadpodstawowych oraz doro\u015bli<\/p>\n    <\/div>\n  <\/div>\n  <div class=\"agenda-row\">\n    <div class=\"agenda-time\">10:00<\/div>\n    <div class=\"agenda-content\">\n      <div class=\"agenda-title\">Ile (neuro-)nauki jest w hipnozie?<\/div>\n      <p><strong>Prowadz\u0105ca:<\/strong> dr hab. Adrianna Grabizna, prof. WSKZ<\/p>\n      <p><strong>Termin:<\/strong> 16 wrze\u015bnia 2026, godz. 10:00<\/p>\n      <p><strong>Miejsce:<\/strong> PWr, Filia w Jeleniej G\u00f3rze, pl. Piastowski 27, Aula<\/p>\n      <p><strong>Dla kogo:<\/strong> uczniowie szk\u00f3\u0142 ponadpodstawowych oraz doro\u015bli<\/p>\n    <\/div>\n  <\/div>\n  <div class=\"agenda-row\">\n    <div class=\"agenda-time\">10:00<\/div>\n    <div class=\"agenda-content\">\n      <div class=\"agenda-title\">AI jako cyfrowy kolega. Kiedy mo\u017cna mu ufa\u0107, a kiedy trzeba powiedzie\u0107: sprawdzam?<\/div>\n      <p><strong>Prowadz\u0105ca:<\/strong> dr Oliwia Tarasewicz-Gryt<\/p>\n      <p><strong>Termin:<\/strong> 16 wrze\u015bnia 2026, godz. 10:00<\/p>\n      <p><strong>Miejsce:<\/strong> Sky Tower, Wroc\u0142aw (sala 7.6)<\/p>\n      <p><strong>Dla kogo:<\/strong> uczniowie klas VII\u2013VIII szk\u00f3\u0142 podstawowych oraz szk\u00f3\u0142 ponadpodstawowych<\/p>\n    <\/div>\n  <\/div>\n  <div class=\"agenda-row\">\n    <div class=\"agenda-time\">12:00<\/div>\n    <div class=\"agenda-content\">\n      <div class=\"agenda-title\">Iluzje muzyczne \u2013 jak oszuka\u0107 sw\u00f3j m\u00f3zg?<\/div>\n      <p><strong>Prowadz\u0105ca:<\/strong> Katarzyna Pypno-Blajda<\/p>\n      <p><strong>Termin:<\/strong> 16 wrze\u015bnia 2026, godz. 12:00<\/p>\n      <p><strong>Miejsce:<\/strong> Sky Tower, Wroc\u0142aw (sala 7.6)<\/p>\n      <p><strong>Dla kogo:<\/strong> uczniowie klas VII\u2013VIII szk\u00f3\u0142 podstawowych, szk\u00f3\u0142 ponadpodstawowych oraz doro\u015bli<\/p>\n    <\/div>\n  <\/div>\n  <div class=\"agenda-row\">\n    <div class=\"agenda-time\">15:00<\/div>\n    <div class=\"agenda-content\">\n      <div class=\"agenda-title\">Inspiracja na Start: Sztuka efektywnego rozpoczynania w\u0142asnego biznesu w erze sztucznej inteligencji<\/div>\n      <p><strong>Prowadz\u0105cy:<\/strong> mgr Mehmet Omurlu<\/p>\n      <p><strong>Termin:<\/strong> 16 wrze\u015bnia 2026, godz. 15:00<\/p>\n      <p><strong>Miejsce:<\/strong> Sky Tower, Wroc\u0142aw (sala 7.6)<\/p>\n      <p><strong>Dla kogo:<\/strong> uczniowie klas VII\u2013VIII szk\u00f3\u0142 podstawowych, szk\u00f3\u0142 ponadpodstawowych oraz doro\u015bli<\/p>\n    <\/div>\n  <\/div>\n  <div class=\"agenda-row\">\n    <div class=\"agenda-time\">godz. XX<\/div>\n    <div class=\"agenda-content\">\n      <div class=\"agenda-title\">Masz ty rozum i godno\u015b\u0107 cz\u0142owieka?! Czy mo\u017cna z\u0142o\u017cy\u0107 reklamacj\u0119 na ch\u0142opaka z Tindera<\/div>\n      <p><strong>Prowadz\u0105cy:<\/strong> dr Kamil St\u0119pniak<\/p>\n      <p><strong>Termin:<\/strong> 16 wrze\u015bnia 2026, godz. XX<\/p>\n      <p><strong>Miejsce:<\/strong> Sky Tower, Wroc\u0142aw<\/p>\n      <p><strong>Dla kogo:<\/strong> uczniowie szk\u00f3\u0142 ponadpodstawowych oraz doro\u015bli<\/p>\n    <\/div>\n  <\/div>\n<\/div>\n\n<!-- 18 wrze\u015bnia -->\n<div class=\"day-panel\" data-panel=\"18-09\">\n  <div class=\"agenda-row\">\n    <div class=\"agenda-time\">9:00<\/div>\n    <div class=\"agenda-content\">\n      <div class=\"agenda-title\">Deepfake i manipulacja \u2013 czy mo\u017cna jeszcze wierzy\u0107 obrazom?<\/div>\n      <p><strong>Prowadz\u0105cy:<\/strong> dr Daniel Damian Kasprzycki<\/p>\n      <p><strong>Termin:<\/strong> 18 wrze\u015bnia 2026, godz. 9:00<\/p>\n      <p><strong>Miejsce:<\/strong> Sky Tower, Wroc\u0142aw (sala 7.6)<\/p>\n      <p><strong>Dla kogo:<\/strong> uczniowie szk\u00f3\u0142 ponadpodstawowych<\/p>\n    <\/div>\n  <\/div>\n<\/div>\n\n<!-- 2 pa\u017adziernika -->\n<div class=\"day-panel\" data-panel=\"02-10\">\n  <div class=\"agenda-row\">\n    <div class=\"agenda-time\">11:30<\/div>\n    <div class=\"agenda-content\">\n      <div class=\"agenda-title\">Poci\u0105g pe\u0142en dylemat\u00f3w: dylemat wagonika w sytuacjach trudnych<\/div>\n      <p><strong>Prowadz\u0105cy:<\/strong> dr hab. Jerzy Luty<\/p>\n      <p><strong>Termin:<\/strong> 2 pa\u017adziernika 2026, godz. 11:30<\/p>\n      <p><strong>Miejsce:<\/strong> I LO, ul. Pi\u0142sudskiego 10<\/p>\n      <p><strong>Dla kogo:<\/strong> uczniowie szk\u00f3\u0142 ponadpodstawowych<\/p>\n    <\/div>\n  <\/div>\n<\/div>\n\n<!-- 9 pa\u017adziernika -->\n<div class=\"day-panel\" data-panel=\"09-10\">\n  <div class=\"agenda-row\">\n    <div class=\"agenda-time\">11:00<\/div>\n    <div class=\"agenda-content\">\n      <div class=\"agenda-title\">AI jako cyfrowy kolega. Kiedy mo\u017cna mu ufa\u0107, a kiedy trzeba powiedzie\u0107: sprawdzam?<\/div>\n      <p><strong>Prowadz\u0105ca:<\/strong> dr Oliwia Tarasewicz-Gryt<\/p>\n      <p><strong>Termin:<\/strong> 9 pa\u017adziernika 2026, godz. 11:00<\/p>\n      <p><strong>Miejsce:<\/strong> ZSO, ul. Sempo\u0142owskiej 13, s. 18<\/p>\n      <p><strong>Dla kogo:<\/strong> uczniowie klas VII\u2013VIII szk\u00f3\u0142 podstawowych oraz szk\u00f3\u0142 ponadpodstawowych<\/p>\n    <\/div>\n  <\/div>\n<\/div>\n\n<!-- 15 pa\u017adziernika -->\n<div class=\"day-panel\" data-panel=\"15-10\">\n  <div class=\"agenda-row\">\n    <div class=\"agenda-time\">12:00<\/div>\n    <div class=\"agenda-content\">\n      <div class=\"agenda-title\">Poci\u0105g pe\u0142en dylemat\u00f3w: dylemat wagonika w sytuacjach trudnych<\/div>\n      <p><strong>Prowadz\u0105cy:<\/strong> dr hab. Jerzy Luty<\/p>\n      <p><strong>Termin:<\/strong> 15 pa\u017adziernika 2026, godz. 12:00<\/p>\n      <p><strong>Miejsce:<\/strong> PWr, Filia w Jeleniej G\u00f3rze, pl. Piastowski 27, Aula<\/p>\n      <p><strong>Dla kogo:<\/strong> uczniowie szk\u00f3\u0142 ponadpodstawowych<\/p>\n    <\/div>\n  <\/div>\n<\/div>\n\n<!-- 22 pa\u017adziernika -->\n<div class=\"day-panel\" data-panel=\"22-10\">\n  <div class=\"agenda-row\">\n    <div class=\"agenda-time\">12:00<\/div>\n    <div class=\"agenda-content\">\n      <div class=\"agenda-title\">Poci\u0105g pe\u0142en dylemat\u00f3w: dylemat wagonika w sytuacjach trudnych<\/div>\n      <p><strong>Prowadz\u0105cy:<\/strong> dr hab. Jerzy Luty<\/p>\n      <p><strong>Termin:<\/strong> 22 pa\u017adziernika 2026, godz. 12:00<\/p>\n      <p><strong>Miejsce:<\/strong> Boles\u0142awiecki O\u015brodek Kultury \u2013 Mi\u0119dzynarodowe Centrum Ceramiki, pl. J. Pi\u0142sudskiego 1C, s. konferencyjna<\/p>\n      <p><strong>Dla kogo:<\/strong> uczniowie szk\u00f3\u0142 ponadpodstawowych<\/p>\n    <\/div>\n  <\/div>\n  <div class=\"agenda-row\">\n    <div class=\"agenda-time\">12:00<\/div>\n    <div class=\"agenda-content\">\n      <div class=\"agenda-title\">Poznaj i polub siebie, czyli psychologia pozytywna w praktyce<\/div>\n      <p><strong>Prowadz\u0105ca:<\/strong> dr Bogna Bartosz<\/p>\n      <p><strong>Termin:<\/strong> 22 pa\u017adziernika 2026, godz. 12:00<\/p>\n      <p><strong>Miejsce:<\/strong> I LO, ul. Tyrankiewicz\u00f3w 11, s. 119<\/p>\n      <p><strong>Dla kogo:<\/strong> uczniowie szk\u00f3\u0142 ponadpodstawowych<\/p>\n    <\/div>\n  <\/div>\n<\/div>\n\n<!-- 23 pa\u017adziernika -->\n<div class=\"day-panel\" data-panel=\"23-10\">\n  <div class=\"agenda-row\">\n    <div class=\"agenda-time\">11:45<\/div>\n    <div class=\"agenda-content\">\n      <div class=\"agenda-title\">AI jako cyfrowy kolega. Kiedy mo\u017cna mu ufa\u0107, a kiedy trzeba powiedzie\u0107: sprawdzam?<\/div>\n      <p><strong>Prowadz\u0105ca:<\/strong> dr Oliwia Tarasewicz-Gryt<\/p>\n      <p><strong>Termin:<\/strong> 23 pa\u017adziernika 2026, godz. 11:45<\/p>\n      <p><strong>Miejsce:<\/strong> I LO, ul. Tyrankiewicz\u00f3w 11, s. 311<\/p>\n      <p><strong>Dla kogo:<\/strong> uczniowie klas VII\u2013VIII szk\u00f3\u0142 podstawowych oraz szk\u00f3\u0142 ponadpodstawowych<\/p>\n    <\/div>\n  <\/div>\n<\/div>\n\n<script>\n  (function(){\n    var tabs = document.querySelectorAll('.tab');\n    var panels = document.querySelectorAll('.day-panel');\n    tabs.forEach(function(tab){\n      tab.addEventListener('click', function(){\n        tabs.forEach(function(t){ t.classList.remove('active'); });\n        panels.forEach(function(p){ p.classList.remove('active'); });\n        tab.classList.add('active');\n        document.querySelector('.day-panel[data-panel=\"' + tab.dataset.day + '\"]').classList.add('active');\n      });\n    });\n  })();\n<\/script>\n\t\t<\/div>\n\t<\/div>\n<\/div><\/div><\/div><\/div><\/div><\/div><\/section><div class=\"vc_row-full-width vc_clearfix\"><\/div><section data-vc-full-width=\"true\" data-vc-full-width-init=\"false\" class=\"vc_section vc_custom_1779268818211 vc_section-has-fill\"><div class=\"\"><div class=\"container\"><div class=\"vc_row wpb_row vc_row-fluid\"><div class=\"wpb_column vc_column_container vc_col-sm-12\"><div class=\"vc_column-inner\"><div class=\"wpb_wrapper\"><h4 style=\"font-size: 11px;color: #ffffff;text-align: left;font-family:PT Serif;font-weight:700;font-style:normal\" class=\"vc_custom_heading eyebrow-header-gold\" >Wyk\u0142adowcy<\/h4><h2 style=\"font-size: 26px;color: #1b2a4a;text-align: left;font-family:PT Serif;font-weight:700;font-style:normal\" class=\"vc_custom_heading headline\" >Poznaj ekspert\u00f3w WSKZ<\/h2><div class=\"vc_separator wpb_content_element vc_separator_align_center vc_sep_width_100 vc_sep_pos_align_left vc_separator_no_text vc_custom_1779106822579  vc_custom_1779106822579\" ><span class=\"vc_sep_holder vc_sep_holder_l\"><span style=\"border-color:#c9922a;\" class=\"vc_sep_line\"><\/span><\/span><span class=\"vc_sep_holder vc_sep_holder_r\"><span style=\"border-color:#c9922a;\" class=\"vc_sep_line\"><\/span><\/span>\n<\/div>\n\t<div class=\"wpb_text_column wpb_content_element  vc_custom_1787659723538 opis-co-to-jest\" >\n\t\t<div class=\"wpb_wrapper\">\n\t\t\t<p><span style=\"font-weight: 400;\">To oni poprowadz\u0105 wyk\u0142ady i warsztaty podczas Dolno\u015bl\u0105skiego Festiwalu Nauki.<\/span><\/p>\n\n\t\t<\/div>\n\t<\/div>\n\n\t<div class=\"wpb_raw_code wpb_content_element wpb_raw_html vc_custom_1787662107946\" >\n\t\t<div class=\"wpb_wrapper\">\n\t\t\t<style>\r\n.tedx-wrap{\r\n  background:#f1eee6;\r\n  padding:60px 20px 70px;\r\n  border-radius:8px;\r\n}\r\n.tedx-carousel{\r\n  position:relative;\r\n  max-width:1080px;\r\n  margin:0 auto;\r\n  display:flex;\r\n  align-items:center;\r\n  justify-content:center;\r\n  gap:16px;\r\n}\r\n.tedx-stage{\r\n  flex:1;\r\n  display:flex;\r\n  justify-content:center;\r\n}\r\n.tedx-track{\r\n  display:flex;\r\n  align-items:center;\r\n  justify-content:center;\r\n  gap:20px;\r\n}\r\n.tedx-card{\r\n  display:flex;\r\n  border-radius:6px;\r\n  overflow:hidden;\r\n  box-shadow:0 10px 30px rgba(27,42,74,.12);\r\n  flex:none;\r\n  transition:opacity .3s ease, transform .3s ease;\r\n}\r\n.tedx-card.is-current{ width:560px; opacity:1; transform:scale(1); z-index:2; }\r\n.tedx-card.is-side{\r\n  width:180px;\r\n  min-height:150px;\r\n  opacity:.55;\r\n  transform:scale(.96);\r\n  pointer-events:none;\r\n  background:linear-gradient(155deg,#1b2a4a,#2a3a5c);\r\n  padding:18px 16px;\r\n  flex-direction:column;\r\n  justify-content:space-between;\r\n  color:#fff;\r\n}\r\n\r\n.tedx-photo{\r\n  flex:none;\r\n  width:38%;\r\n  background:#ffffff;\r\n  display:flex;\r\n  align-items:center;\r\n  justify-content:center;\r\n}\r\n.tedx-card.is-current .tedx-photo{ min-height:280px; }\r\n.tedx-photo svg{ width:34%; height:auto; }\r\n\r\n.tedx-bio{\r\n  flex:1;\r\n  background:linear-gradient(155deg,#1b2a4a,#2a3a5c);\r\n  padding:26px 26px 22px;\r\n  display:flex;\r\n  flex-direction:column;\r\n  justify-content:space-between;\r\n  color:#fff;\r\n}\r\n.tedx-text{\r\n  font-family:'Source Serif 4',Georgia,serif;\r\n  font-size:13px;\r\n  line-height:1.7;\r\n  color:rgba(255,255,255,.78);\r\n  margin:0 0 16px;\r\n  display:-webkit-box;\r\n  -webkit-box-orient:vertical;\r\n  overflow:hidden;\r\n  -webkit-line-clamp:8;\r\n}\r\n.tedx-name{\r\n  font-family:'Playfair Display',Georgia,serif;\r\n  font-weight:600;\r\n  font-size:20px;\r\n  line-height:1.25;\r\n  color:#ffffff;\r\n}\r\n.tedx-card.is-side .tedx-name{ font-size:14px; margin:0 0 6px; }\r\n.tedx-card.is-side .tedx-text{\r\n  font-size:11.5px;\r\n  line-height:1.5;\r\n  margin:0;\r\n  color:rgba(255,255,255,.65);\r\n  -webkit-line-clamp:4;\r\n}\r\n\r\n.tedx-arrow{\r\n  flex:none;\r\n  width:44px;\r\n  height:44px;\r\n  border-radius:50%;\r\n  background:#ffffff;\r\n  border:1px solid #e2ddd4;\r\n  display:flex;\r\n  align-items:center;\r\n  justify-content:center;\r\n  cursor:pointer;\r\n  color:#1b2a4a;\r\n  box-shadow:0 4px 14px rgba(27,42,74,.1);\r\n  transition:border-color .2s, color .2s;\r\n  z-index:3;\r\n  padding:0;\r\n}\r\n.tedx-arrow:hover{ border-color:#c9922a; color:#c9922a; }\r\n.tedx-arrow svg{ width:18px; height:18px; display:block; }\r\n\r\n@media (max-width:900px){\r\n  .tedx-card.is-side{ display:none; }\r\n  .tedx-card.is-current{ width:100%; max-width:420px; }\r\n  .tedx-photo{ width:0; display:none; }\r\n}\r\n<\/style>\r\n\r\n<div class=\"tedx-wrap\">\r\n  <div class=\"tedx-carousel\">\r\n    <button type=\"button\" class=\"tedx-arrow\" id=\"tedxPrev\" aria-label=\"Poprzedni prelegent\">\r\n      <svg viewBox=\"0 0 24 24\" fill=\"none\" stroke=\"currentColor\" stroke-width=\"2.3\" stroke-linecap=\"round\" stroke-linejoin=\"round\"><path d=\"M15 18l-6-6 6-6\"><\/path><\/svg>\r\n    <\/button>\r\n    <div class=\"tedx-stage\">\r\n      <div class=\"tedx-track\" id=\"tedxTrack\"><\/div>\r\n    <\/div>\r\n    <button type=\"button\" class=\"tedx-arrow\" id=\"tedxNext\" aria-label=\"Nast\u0119pny prelegent\">\r\n      <svg viewBox=\"0 0 24 24\" fill=\"none\" stroke=\"currentColor\" stroke-width=\"2.3\" stroke-linecap=\"round\" stroke-linejoin=\"round\"><path d=\"M9 18l6-6-6-6\"><\/path><\/svg>\r\n    <\/button>\r\n  <\/div>\r\n  <template id=\"tedxPersonIcon\">\r\n    <svg viewBox=\"0 0 24 24\" fill=\"none\" stroke=\"#c9c2b0\" stroke-width=\"1.3\"><circle cx=\"12\" cy=\"8\" r=\"4\"><\/circle><path d=\"M4 21v-1a7 7 0 0 1 7-7h2a7 7 0 0 1 7 7v1\"><\/path><\/svg>\r\n  <\/template>\r\n<\/div>\r\n\r\n<script>\r\ntry {\r\n  var speakers = [\r\n    { name: \"dr Wojciech Kazanecki\", bio: \"Doktor nauk o polityce, ekspert w zakresie polityki mi\\u0119dzynarodowej oraz tematyki bezpiecze\\u0144stwa i budowania odporno\\u015bci spo\\u0142ecznej. Adiunkt w Instytucie Administracji i Nauk o Polityce Wy\\u017cszej Szko\\u0142y Kszta\\u0142cenia Zawodowego. \\u017bo\\u0142nierz Wojsk Obrony Terytorialnej od 2020 r. Cz\\u0142onek Komitetu Prognoz Polskiej Akademii Nauk (kadencje 2019-2022 i 2023-2026) oraz polskich i zagranicznych towarzystw naukowych. Od 2004 r. obserwuje wybory na \\u015bwiecie z ramienia OBWE oraz Unii Europejskiej. Autor trzech monografii, kilkunastu publikacji naukowych oraz artyku\\u0142\\u00f3w w prasie lokalnej. Prowadzi blog kazanecki.wordpress.com, gdzie komentuje bie\\u017c\\u0105ce wydarzenia polityki mi\\u0119dzynarodowej, recenzuje ksi\\u0105\\u017cki i informuje o swojej aktywno\\u015bci w sferze publicznej.\" },\r\n    { name: \"dr Kamil St\\u0119pniak\", bio: \"Doktor nauk spo\\u0142ecznych w dyscyplinie nauki prawne, konstytucjonalista. Autor ksi\\u0105\\u017cki popularnonaukowej \\u201eMasz prawo. Jak zachowa\\u0107 rozum i godno\\u015b\\u0107 cz\\u0142owieka w Polsce\\u201d, kilkudziesi\\u0119ciu artyku\\u0142\\u00f3w naukowych i rozdzia\\u0142\\u00f3w w monografiach oraz kilku monografii naukowych \\u2013 najnowsza z nich, wydana przez wydawnictwo Wolters Kluwer, nosi tytu\\u0142 \\u201eSztuczna inteligencja a etyka prawnicza\\u201d. Laureat nagrody publiczno\\u015bci Pi\\u00f3ro Nadziei 2024 przyznawanej przez Amnesty International Polska oraz nagrody specjalnej Rising Stars Prawnicy \\u2013 liderzy jutra 2021 przyznawanej przez wydawnictwo Wolters Kluwer Polska. Dziekan Wydzia\\u0142u Prawa, Bezpiecze\\u0144stwa i Kryminologii Wy\\u017cszej Szko\\u0142y Kszta\\u0142cenia Zawodowego, prezes Centrum Konstytucyjnego i Monitorowania Praworz\\u0105dno\\u015bci. Felietonista portalu gazeta.pl. W mediach spo\\u0142eczno\\u015bciowych znany jako @konstytucjonalista.\" },\r\n    { name: \"dr Oliwia Tarasewicz-Gryt\", bio: \"Wyk\\u0142adowczyni akademicka, trenerka i badaczka komunikacji. Prowadzi zaj\\u0119cia po\\u015bwi\\u0119cone m.in. krytycznemu my\\u015bleniu, komunikacji, kompetencjom przysz\\u0142o\\u015bci oraz wsp\\u00f3\\u0142pracy cz\\u0142owieka ze sztuczn\\u0105 inteligencj\\u0105. Jest autork\\u0105 publikacji naukowych i popularnonaukowych dotycz\\u0105cych komunikacji, medi\\u00f3w, argumentacji i zjawiska dezinformacji. Przez wiele lat pracowa\\u0142a jako dziennikarka, dlatego szczeg\\u00f3lnie interesuje j\\u0105 spos\\u00f3b, w jaki oceniamy wiarygodno\\u015b\\u0107 informacji i odr\\u00f3\\u017cniamy fakty od przekonuj\\u0105cych, lecz nie zawsze prawdziwych odpowiedzi.\" },\r\n    { name: \"dr hab. Jerzy Luty\", bio: \"Filozof, estetyk oraz profesor w Zak\\u0142adzie Medi\\u00f3w i Komunikacji Wizerunkowej w Wy\\u017cszej Szkole Kszta\\u0142cenia Zawodowego. Jest autorem oko\\u0142o 60 artyku\\u0142\\u00f3w oraz kilku monografii autorskich, takich jak: \\u201eJohn Cage. Filozofia muzycznego przypadku\\u201d, \\u201eEtyka wybranych zawod\\u00f3w zaufania publicznego\\u201d, \\u201eSztuka jako adaptacja. Uniwersalizm w estetyce ewolucyjnej\\u201d oraz \\u201eW stron\\u0119 Homo Aestheticus: sztuka w perspektywie psychologii ewolucyjnej\\u201d. Jest stypendyst\\u0105 Narodowego Centrum Nauki oraz Fundacji Ko\\u015bciuszkowskiej. Prowadzi\\u0142 badania na renomowanych uczelniach, takich jak University of Oregon, London School of Economics czy Uniwersytet Karola w Pradze. Jego prace naukowe koncentruj\\u0105 si\\u0119 na ewolucyjnych i kognitywnych podej\\u015bciach do sztuki i estetyki. Jest r\\u00f3wnie\\u017c autorem przek\\u0142ad\\u00f3w artyku\\u0142\\u00f3w angloj\\u0119zycznych oraz polskiego t\\u0142umaczenia ksi\\u0105\\u017cek Denisa Duttona i Daniela Everetta.\" },\r\n    { name: \"mgr Agnieszka Nehring\", bio: \"Specjalistka ds. promocji, komunikacji mi\\u0119dzykulturowej oraz komunikacji lekarzy i innych pracownik\\u00f3w ochrony zdrowia z pacjentami. Certyfikowana event manager. By\\u0142a dziennikarka i rzeczniczka prasowa cyklicznej akcji charytatywnej \\u201eZ Kultur\\u0105 do Zwierz\\u0105t\\u201d. Publikowa\\u0142a w \\u201eNotatniku Teatralnym\\u201d. Do\\u015bwiadczenie zawodowe \\u0142\\u0105czy z dzia\\u0142alno\\u015bci\\u0105 dydaktyczn\\u0105. Prowadzi\\u0142a zaj\\u0119cia z public relations, dziennikarstwa radiowego i teorii kultury. W Zak\\u0142adzie Medi\\u00f3w i Komunikacji Wizerunkowej w Wy\\u017cszej Szkole Kszta\\u0142cenia Zawodowego naucza komunikacji interpersonalnej. Wsp\\u00f3\\u0142organizowa\\u0142a Mi\\u0119dzynarodowy Festiwal Medi\\u00f3w w Instytucie Dziennikarstwa i Komunikacji Spo\\u0142ecznej Uniwersytetu Wroc\\u0142awskiego oraz og\\u00f3lnopolsk\\u0105 konferencj\\u0119 naukow\\u0105 \\u201eMedycyna narracyjna a komunikacja w sytuacjach granicznych\\u201d. Jako specjalistka ds. promocji i komunikacji mi\\u0119dzykulturowej na Politechnice Wroc\\u0142awskiej zajmowa\\u0142a si\\u0119 promocj\\u0105 mi\\u0119dzynarodow\\u0105, przygotowuj\\u0105c materia\\u0142y promocyjne oraz organizuj\\u0105c r\\u00f3\\u017cne wydarzenia. Prowadzi\\u0142a tam te\\u017c wyk\\u0142ady z komunikacji mi\\u0119dzykulturowej oraz realizowa\\u0142a projekt Student Emergency Contacts Card dla student\\u00f3w przyje\\u017cd\\u017caj\\u0105cych z r\\u00f3\\u017cnych stron \\u015bwiata.\" },\r\n    { name: \"mgr Mehmet Omurlu\", bio: \"Mened\\u017cer, wyk\\u0142adowca akademicki i ekspert w obszarze zarz\\u0105dzania, marketingu oraz wsp\\u00f3\\u0142pracy mi\\u0119dzynarodowej. Od ponad 15 lat \\u0142\\u0105czy dzia\\u0142alno\\u015b\\u0107 akademick\\u0105 z praktyk\\u0105 biznesow\\u0105 oraz realizacj\\u0105 projekt\\u00f3w krajowych i mi\\u0119dzynarodowych, w tym Erasmus+. Organizator konferencji, seminari\\u00f3w i spotka\\u0144 z ekspertami z Polski i zagranicy. Opiekun studenckich k\\u00f3\\u0142 naukowych i inicjator projekt\\u00f3w \\u0142\\u0105cz\\u0105cych edukacj\\u0119 z praktyk\\u0105 biznesow\\u0105. W swojej dzia\\u0142alno\\u015bci koncentruje si\\u0119 na zarz\\u0105dzaniu, marketingu, nowych technologiach, AI w biznesie oraz rozwoju kompetencji przysz\\u0142o\\u015bci.\" },\r\n    { name: \"mgr Katarzyna Pypno-Blajda\", bio: \"Psycholo\\u017cka, badaczka i wyk\\u0142adowczyni akademicka, specjalizuj\\u0105ca si\\u0119 w psychologii moralno\\u015bci, muzyki oraz psychologii eksperymentalnej. Jest absolwentk\\u0105 psychologii oraz doradztwa filozoficznego na Uniwersytecie \\u015al\\u0105skim, a tak\\u017ce instrumentalistyki na Akademii Muzycznej w Katowicach. Laureatka licznych stypendi\\u00f3w i wyr\\u00f3\\u017cnie\\u0144 naukowych, w tym programu NAWA oraz Transform4Europe. Anga\\u017cuje si\\u0119 r\\u00f3wnie\\u017c w popularyzacj\\u0119 nauki, wsp\\u00f3\\u0142tworz\\u0105c projekty badawcze oraz uczestnicz\\u0105c w wydarzeniach takich jak \\u015al\\u0105ski Festiwal Nauki, a tak\\u017ce w dzia\\u0142aniach medialnych i edukacyjnych z zakresu psychologii.\" },\r\n    { name: \"dr Maciej To\\u0142wi\\u0144ski\", bio: \"Doktor nauk o bezpiecze\\u0144stwie, adiunkt na Wydziale Prawa i Bezpiecze\\u0144stwa Akademii im. Jakuba z Parady\\u017ca w Gorzowie Wielkopolskim oraz w Wy\\u017cszej Szkole Kszta\\u0142cenia Zawodowego we Wroc\\u0142awiu. Jego g\\u0142\\u00f3wne obszary badawcze obejmuj\\u0105 wsp\\u00f3\\u0142czesne wojny i konflikty zbrojne, przeciwdzia\\u0142anie dezinformacji, bezpiecze\\u0144stwo informacyjne oraz filozofi\\u0119 i etyk\\u0119 bezpiecze\\u0144stwa. Autor blisko 60 publikacji naukowych, w tym monografii i artyku\\u0142\\u00f3w w recenzowanych czasopismach, a tak\\u017ce wsp\\u00f3\\u0142autor opracowa\\u0144 zbiorowych. Aktywnie zaanga\\u017cowany w dzia\\u0142alno\\u015b\\u0107 redakcyjn\\u0105 i naukow\\u0105, w tym wsp\\u00f3\\u0142prac\\u0119 z czasopismem \\u201eDoctrina\\u201d. Uczestnik blisko 150 krajowych i mi\\u0119dzynarodowych konferencji naukowych, podczas kt\\u00f3rych prezentuje wyniki bada\\u0144 oraz bierze udzia\\u0142 w debatach eksperckich. Cz\\u0142onek Polskiego Towarzystwa Filozoficznego (PTF) oraz sekretarz s\\u0105du kole\\u017ce\\u0144skiego Polskiego Towarzystwa Nauk o Bezpiecze\\u0144stwie (PTNoB). Aktywnie uczestniczy w \\u017cyciu \\u015brodowiska naukowego, pe\\u0142ni\\u0105c r\\u00f3wnie\\u017c funkcje recenzenckie i organizacyjne. \\u0141\\u0105czy dzia\\u0142alno\\u015b\\u0107 akademick\\u0105 z eksperck\\u0105, szkoleniow\\u0105 i doradcz\\u0105, realizuj\\u0105c projekty z zakresu bezpiecze\\u0144stwa, analizy zagro\\u017ce\\u0144 oraz \\u015brodowiska informacyjnego. Prowadzi dzia\\u0142alno\\u015b\\u0107 popularyzatorsk\\u0105 poprzez profil \\u201eTo\\u0142wi\\u0144ski o bezpiecze\\u0144stwie\\u201d oraz audycj\\u0119 \\u201eRozkoduj fake\\u201d w Radiu Gorz\\u00f3w.\" },\r\n    { name: \"dr hab. Adrianna Grabizna, prof. WSKZ\", bio: \"Doktor nauk humanistycznych w dyscyplinie filozofii. Jej obszar badawczy to pogranicze biologii, nauk i praktyk dot. zdrowia psychicznego i filozofii. Studiowa\\u0142a biologi\\u0119 i filozofi\\u0119 na Uniwersytecie Wroc\\u0142awskim, doktorat (tytu\\u0142 Doktoratu Europejskiego, dyplom mi\\u0119dzynarodowy) uzyska\\u0142a w 2006 r. na Universit\\u00e9 Lyon 3 we Francji, a habilitacj\\u0119 w 2015 r. na Universit\\u00e9 Paris Nanterre, tak\\u017ce we Francji. Pracowa\\u0142a w zagranicznych o\\u015brodkach naukowych, tj. na Wydziale Bioinformatyki University of Windsor (Ontario, Kanada) i w Konrad Lorenz Institute for Evolution and Cognition Research w Austrii. Od roku pracuje na stanowisku profesora w WSKZ. Obecnie ko\\u0144czy ksi\\u0105\\u017ck\\u0119 dot. biologicznych i filozoficznych podstaw psychologii.\" },\r\n    { name: \"mgr Anna Lazopoulos\", bio: \"Psycholo\\u017cka i wyk\\u0142adowczyni akademicka. Absolwentka Uniwersytetu Wroc\\u0142awskiego. Zawodowo koncentruje si\\u0119 na wspieraniu m\\u0142odzie\\u017cy i m\\u0142odych doros\\u0142ych w radzeniu sobie z codziennymi wyzwaniami. Jako wyk\\u0142adowczyni prowadzi zaj\\u0119cia z psychologii og\\u00f3lnej, psychologii r\\u00f3\\u017cnic indywidualnych, metodologii bada\\u0144 psychologicznych i statystyki. Jej zainteresowania naukowe obejmuj\\u0105 problematyk\\u0119 r\\u00f3\\u017cnic mi\\u0119dzykulturowych oraz wp\\u0142yw r\\u00f3\\u017cnych form medi\\u00f3w na procesy poznawcze i zachowanie.\" },\r\n    { name: \"dr Aneta Kazanecka\", bio: \"Doktor nauk o polityce, absolwentka stosunk\\u00f3w mi\\u0119dzynarodowych na Uniwersytecie Wroc\\u0142awskim, studi\\u00f3w MBA dyplomacja w Akademii Marynarki Wojennej i studi\\u00f3w podyplomowych z protoko\\u0142u dyplomatycznego w Akademii Sztuki Wojennej. Od 15 lat prowadzi zaj\\u0119cia interaktywne \\u201eSavoir-vivre w szkole i poza szko\\u0142\\u0105\\u201d w ramach Dolno\\u015bl\\u0105skiego Festiwalu Nauki. Do\\u015bwiadczenie praktyczne z zakresu savoir-vivre i etykiety zdobywa\\u0142a mi\\u0119dzy innymi podczas sta\\u017cy w Ambasadzie RP w Pary\\u017cu i Parlamencie Europejskim w Strasburgu. Wyk\\u0142adowczyni akademicka, trenerka biznesu i etykiety.\" },\r\n    { name: \"dr Micha\\u0142 Stefa\\u0144czyk\", bio: \"Psycholog ewolucyjny i spo\\u0142eczny, doktorat otrzyma\\u0142 w 2024 r. na Uniwersytecie Wroc\\u0142awskim. W ramach swojej aktywno\\u015bci badawczej zajmuje si\\u0119 psychologi\\u0105 wstr\\u0119tu, psychologi\\u0105 podejmowania decyzji oraz zjawiskiem autoprezentacji. Tw\\u00f3rca w\\u0142asnych cykli wyk\\u0142ad\\u00f3w zwi\\u0105zanych z psychologi\\u0105 tabu i psychologi\\u0105 kryzysu w\\u015br\\u00f3d m\\u0119\\u017cczyzn i ch\\u0142opc\\u00f3w w XXI wieku. Laureat stypendium ministra dla m\\u0142odych naukowc\\u00f3w, stypendium im. Wincentego Stysia miasta Wroc\\u0142aw, nagrody im prof. Strza\\u0142ko Polskiego Towarzystwa Nauk o Cz\\u0142owieku i Ewolucji, a tak\\u017ce stypendium Fundacji na rzecz Nauki Polskiej dla m\\u0142odych naukowc\\u00f3w. Swoj\\u0105 dzia\\u0142alno\\u015b\\u0107 badawcz\\u0105 i dydaktyczn\\u0105 prowadzi\\u0142 \\u2013 poza Polsk\\u0105 \\u2013 w USA, Mongolii, Czechach, Australii i na W\\u0119grzech.\" }\r\n  ];\r\n\r\n  var track = document.getElementById('tedxTrack');\r\n  var iconTpl = document.getElementById('tedxPersonIcon');\r\n  var current = 0;\r\n\r\n  function el(tag, className, text){\r\n    var node = document.createElement(tag);\r\n    if (className) { node.className = className; }\r\n    if (text) { node.textContent = text; }\r\n    return node;\r\n  }\r\n\r\n  function buildCard(speaker, role){\r\n    var card = el('div', 'tedx-card is-' + role);\r\n\r\n    if (role === 'current') {\r\n      var photo = el('div', 'tedx-photo');\r\n      if (iconTpl && iconTpl.content) {\r\n        photo.appendChild(iconTpl.content.cloneNode(true));\r\n      }\r\n\r\n      var bio = el('div', 'tedx-bio');\r\n      var text = el('p', 'tedx-text', speaker.bio);\r\n      var name = el('div', 'tedx-name', speaker.name);\r\n\r\n      bio.appendChild(text);\r\n      bio.appendChild(name);\r\n\r\n      card.appendChild(photo);\r\n      card.appendChild(bio);\r\n    } else {\r\n      var sideText = el('p', 'tedx-text', speaker.bio);\r\n      var sideName = el('div', 'tedx-name', speaker.name);\r\n      card.appendChild(sideText);\r\n      card.appendChild(sideName);\r\n    }\r\n\r\n    return card;\r\n  }\r\n\r\n  function render(){\r\n    var n = speakers.length;\r\n    var prevIdx = (current - 1 + n) % n;\r\n    var nextIdx = (current + 1) % n;\r\n\r\n    while (track.firstChild) { track.removeChild(track.firstChild); }\r\n    track.appendChild(buildCard(speakers[prevIdx], 'side'));\r\n    track.appendChild(buildCard(speakers[current], 'current'));\r\n    track.appendChild(buildCard(speakers[nextIdx], 'side'));\r\n  }\r\n\r\n  document.getElementById('tedxPrev').addEventListener('click', function(){\r\n    current = (current - 1 + speakers.length) % speakers.length;\r\n    render();\r\n  });\r\n  document.getElementById('tedxNext').addEventListener('click', function(){\r\n    current = (current + 1) % speakers.length;\r\n    render();\r\n  });\r\n\r\n  render();\r\n} catch (e) {\r\n  if (window.console && console.error) { console.error('tedx-carousel error:', e); }\r\n}\r\n<\/script>\n\t\t<\/div>\n\t<\/div>\n<\/div><\/div><\/div><\/div><\/div><\/div><\/section><div class=\"vc_row-full-width vc_clearfix\"><\/div><section id=\"wydzial-psychologii\" data-vc-full-width=\"true\" data-vc-full-width-init=\"false\" class=\"vc_section vc_custom_1779110503129 vc_section-has-fill\"><div class=\"vc_custom_1779189736661\"><div class=\"container\"><div class=\"vc_row wpb_row vc_row-fluid\"><div class=\"wpb_column vc_column_container vc_col-sm-12\"><div class=\"vc_column-inner\"><div class=\"wpb_wrapper\"><h2 style=\"font-size: 26px;color: #1b2a4a;text-align: center;font-family:PT Serif;font-weight:700;font-style:normal\" class=\"vc_custom_heading headline vc_custom_1787663335004\" >Odkryj jeszcze wi\u0119cej wydarze\u0144<\/h2>\n\t<div class=\"wpb_text_column wpb_content_element  vc_custom_1787663344068 opis-co-to-jest\" >\n\t\t<div class=\"wpb_wrapper\">\n\t\t\t<p style=\"text-align: center;\"><span style=\"font-weight: 400;\">Pobierz program 29. Dolno\u015bl\u0105skiego Festiwalu Nauki, aby pozna\u0107 wszystkie wydarzenia oraz szczeg\u00f3\u0142owe informacje dotycz\u0105ce udzia\u0142u i zapis\u00f3w. <\/span><\/p>\n\n\t\t<\/div>\n\t<\/div>\n\n\t<div class=\"wpb_raw_code wpb_content_element wpb_raw_html btn-center\" id=\"fbr-btn\">\n\t\t<div class=\"wpb_wrapper\">\n\t\t\t<a href=\"https:\/\/www.festiwal.wroc.pl\/wp-content\/uploads\/2026\/07\/DFN_2026_druk.pdf\" class=\"maia-cta-btn\">\n  <i data-lucide=\"clipboard-list\"><\/i>\n  Sprawd\u017a pe\u0142ny program\n<\/a>\n\t\t<\/div>\n\t<\/div>\n\n\t<div class=\"wpb_text_column wpb_content_element  vc_custom_1787663586250 opis-co-to-jest\" >\n\t\t<div class=\"wpb_wrapper\">\n\t\t\t<p style=\"text-align: center; font-size: 10px;\"><span style=\"font-weight: 400;\"><span style=\"color: #999999;\">Wy\u017csza Szko\u0142a Kszta\u0142cenia Zawodowego nie jest organizatorem Dolno\u015bl\u0105skiego Festiwalu Nauki. Zapisy na wydarzenia odbywaj\u0105 si\u0119 zgodnie z zasadami wskazanymi w programie Festiwalu. Wy\u017csza Szko\u0142a Kszta\u0142cenia Zawodowego nie prowadzi zapis\u00f3w na wydarzenia ani nie odpowiada za przetwarzanie danych osobowych przekazywanych w zwi\u0105zku ze zg\u0142oszeniem udzia\u0142u.<\/span> <\/span><\/p>\n\n\t\t<\/div>\n\t<\/div>\n<\/div><\/div><\/div><\/div><\/div><\/div><\/section><div class=\"vc_row-full-width vc_clearfix\"><\/div>\n<\/div>","protected":false},"excerpt":{"rendered":"Wrzesie\u0144\u2013pa\u017adziernik 2026 r.WSKZ na 29. Dolno\u015bl\u0105skim Festiwalu NaukiJak dzia\u0142a nasz m\u00f3zg? Sk\u0105d bior\u0105 si\u0119 emocje? Czy sztucznej inteligencji mo\u017cna zaufa\u0107? Na te i wiele innych pyta\u0144 odpowiedz\u0105 eksperci WSKZ podczas bezp\u0142atnych wyk\u0142ad\u00f3w i warsztat\u00f3w organizowanych w ramach 29. Dolno\u015bl\u0105skiego Festiwalu Nauki.Zapoznaj si\u0119 z programem: Sprawdzam program O festiwaluWSKZ cz\u0119\u015bci\u0105 29. Dolno\u015bl\u0105skiego Festiwalu Nauki Dolno\u015bl\u0105ski Festiwal [...]","protected":false},"author":34,"featured_media":0,"parent":0,"menu_order":0,"comment_status":"closed","ping_status":"closed","template":"","meta":{"om_disable_all_campaigns":false,"footnotes":""},"class_list":["post-13042","page","type-page","status-publish","hentry"],"yoast_head":"<!-- This site is optimized with the Yoast SEO plugin v28.1 - https:\/\/yoast.com\/product\/yoast-seo-wordpress\/ -->\n<title>WSKZ na 29. Dolno\u015bl\u0105skim Festiwalu Nauki - Studia Wroc\u0142aw<\/title>\n<meta name=\"description\" content=\"Pracownie i laboratoria Wydzia\u0142u Psychologii WSKZ \u2013 nowoczesna infrastruktura dydaktyczna: laboratorium psychofizjologiczne, kryminalistyczne i pracownie specjalistyczne.\" \/>\n<meta name=\"robots\" content=\"index, follow, max-snippet:-1, max-image-preview:large, max-video-preview:-1\" \/>\n<link rel=\"canonical\" href=\"https:\/\/studia-wroclaw.pl\/en\/wskz-na-29-dolnoslaskim-festiwalu-nauki\/\" \/>\n<meta property=\"og:locale\" content=\"en_GB\" \/>\n<meta property=\"og:type\" content=\"article\" \/>\n<meta property=\"og:title\" content=\"WSKZ na 29. Dolno\u015bl\u0105skim Festiwalu Nauki - Studia Wroc\u0142aw\" \/>\n<meta property=\"og:description\" content=\"Pracownie i laboratoria Wydzia\u0142u Psychologii WSKZ \u2013 nowoczesna infrastruktura dydaktyczna: laboratorium psychofizjologiczne, kryminalistyczne i pracownie specjalistyczne.\" \/>\n<meta property=\"og:url\" content=\"https:\/\/studia-wroclaw.pl\/en\/wskz-na-29-dolnoslaskim-festiwalu-nauki\/\" \/>\n<meta property=\"og:site_name\" content=\"Studia Wroc\u0142aw\" \/>\n<meta property=\"article:modified_time\" content=\"2026-09-03T09:30:38+00:00\" \/>\n<meta name=\"twitter:card\" content=\"summary_large_image\" \/>\n<meta name=\"twitter:label1\" content=\"Estimated reading time\" \/>\n\t<meta name=\"twitter:data1\" content=\"2 minutes\" \/>\n<script type=\"application\/ld+json\" class=\"yoast-schema-graph\">{\"@context\":\"https:\\\/\\\/schema.org\",\"@graph\":[{\"@type\":\"WebPage\",\"@id\":\"https:\\\/\\\/studia-wroclaw.pl\\\/wskz-na-29-dolnoslaskim-festiwalu-nauki\\\/\",\"url\":\"https:\\\/\\\/studia-wroclaw.pl\\\/wskz-na-29-dolnoslaskim-festiwalu-nauki\\\/\",\"name\":\"WSKZ na 29. Dolno\u015bl\u0105skim Festiwalu Nauki - Studia Wroc\u0142aw\",\"isPartOf\":{\"@id\":\"https:\\\/\\\/studia-wroclaw.pl\\\/#website\"},\"datePublished\":\"2026-05-19T07:52:20+00:00\",\"dateModified\":\"2026-09-03T09:30:38+00:00\",\"description\":\"Pracownie i laboratoria Wydzia\u0142u Psychologii WSKZ \u2013 nowoczesna infrastruktura dydaktyczna: laboratorium psychofizjologiczne, kryminalistyczne i pracownie specjalistyczne.\",\"breadcrumb\":{\"@id\":\"https:\\\/\\\/studia-wroclaw.pl\\\/wskz-na-29-dolnoslaskim-festiwalu-nauki\\\/#breadcrumb\"},\"inLanguage\":\"en-GB\",\"potentialAction\":[{\"@type\":\"ReadAction\",\"target\":[\"https:\\\/\\\/studia-wroclaw.pl\\\/wskz-na-29-dolnoslaskim-festiwalu-nauki\\\/\"]}]},{\"@type\":\"BreadcrumbList\",\"@id\":\"https:\\\/\\\/studia-wroclaw.pl\\\/wskz-na-29-dolnoslaskim-festiwalu-nauki\\\/#breadcrumb\",\"itemListElement\":[{\"@type\":\"ListItem\",\"position\":1,\"name\":\"Strona g\u0142\u00f3wna\",\"item\":\"https:\\\/\\\/studia-wroclaw.pl\\\/\"},{\"@type\":\"ListItem\",\"position\":2,\"name\":\"WSKZ na 29. Dolno\u015bl\u0105skim Festiwalu Nauki\"}]},{\"@type\":\"WebSite\",\"@id\":\"https:\\\/\\\/studia-wroclaw.pl\\\/#website\",\"url\":\"https:\\\/\\\/studia-wroclaw.pl\\\/\",\"name\":\"Studia Wroc\u0142aw\",\"description\":\"\",\"potentialAction\":[{\"@type\":\"SearchAction\",\"target\":{\"@type\":\"EntryPoint\",\"urlTemplate\":\"https:\\\/\\\/studia-wroclaw.pl\\\/?s={search_term_string}\"},\"query-input\":{\"@type\":\"PropertyValueSpecification\",\"valueRequired\":true,\"valueName\":\"search_term_string\"}}],\"inLanguage\":\"en-GB\"}]}<\/script>\n<!-- \/ Yoast SEO plugin. -->","yoast_head_json":{"title":"WSKZ na 29. Dolno\u015bl\u0105skim Festiwalu Nauki - Studia Wroc\u0142aw","description":"Pracownie i laboratoria Wydzia\u0142u Psychologii WSKZ \u2013 nowoczesna infrastruktura dydaktyczna: laboratorium psychofizjologiczne, kryminalistyczne i pracownie specjalistyczne.","robots":{"index":"index","follow":"follow","max-snippet":"max-snippet:-1","max-image-preview":"max-image-preview:large","max-video-preview":"max-video-preview:-1"},"canonical":"https:\/\/studia-wroclaw.pl\/en\/wskz-na-29-dolnoslaskim-festiwalu-nauki\/","og_locale":"en_GB","og_type":"article","og_title":"WSKZ na 29. Dolno\u015bl\u0105skim Festiwalu Nauki - Studia Wroc\u0142aw","og_description":"Pracownie i laboratoria Wydzia\u0142u Psychologii WSKZ \u2013 nowoczesna infrastruktura dydaktyczna: laboratorium psychofizjologiczne, kryminalistyczne i pracownie specjalistyczne.","og_url":"https:\/\/studia-wroclaw.pl\/en\/wskz-na-29-dolnoslaskim-festiwalu-nauki\/","og_site_name":"Studia Wroc\u0142aw","article_modified_time":"2026-09-03T09:30:38+00:00","twitter_card":"summary_large_image","twitter_misc":{"Estimated reading time":"2 minutes"},"schema":{"@context":"https:\/\/schema.org","@graph":[{"@type":"WebPage","@id":"https:\/\/studia-wroclaw.pl\/wskz-na-29-dolnoslaskim-festiwalu-nauki\/","url":"https:\/\/studia-wroclaw.pl\/wskz-na-29-dolnoslaskim-festiwalu-nauki\/","name":"WSKZ na 29. Dolno\u015bl\u0105skim Festiwalu Nauki - Studia Wroc\u0142aw","isPartOf":{"@id":"https:\/\/studia-wroclaw.pl\/#website"},"datePublished":"2026-05-19T07:52:20+00:00","dateModified":"2026-09-03T09:30:38+00:00","description":"Pracownie i laboratoria Wydzia\u0142u Psychologii WSKZ \u2013 nowoczesna infrastruktura dydaktyczna: laboratorium psychofizjologiczne, kryminalistyczne i pracownie specjalistyczne.","breadcrumb":{"@id":"https:\/\/studia-wroclaw.pl\/wskz-na-29-dolnoslaskim-festiwalu-nauki\/#breadcrumb"},"inLanguage":"en-GB","potentialAction":[{"@type":"ReadAction","target":["https:\/\/studia-wroclaw.pl\/wskz-na-29-dolnoslaskim-festiwalu-nauki\/"]}]},{"@type":"BreadcrumbList","@id":"https:\/\/studia-wroclaw.pl\/wskz-na-29-dolnoslaskim-festiwalu-nauki\/#breadcrumb","itemListElement":[{"@type":"ListItem","position":1,"name":"Strona g\u0142\u00f3wna","item":"https:\/\/studia-wroclaw.pl\/"},{"@type":"ListItem","position":2,"name":"WSKZ na 29. Dolno\u015bl\u0105skim Festiwalu Nauki"}]},{"@type":"WebSite","@id":"https:\/\/studia-wroclaw.pl\/#website","url":"https:\/\/studia-wroclaw.pl\/","name":"Studies Wroclaw","description":"","potentialAction":[{"@type":"SearchAction","target":{"@type":"EntryPoint","urlTemplate":"https:\/\/studia-wroclaw.pl\/?s={search_term_string}"},"query-input":{"@type":"PropertyValueSpecification","valueRequired":true,"valueName":"search_term_string"}}],"inLanguage":"en-GB"}]}},"_links":{"self":[{"href":"https:\/\/studia-wroclaw.pl\/en\/wp-json\/wp\/v2\/pages\/13042","targetHints":{"allow":["GET"]}}],"collection":[{"href":"https:\/\/studia-wroclaw.pl\/en\/wp-json\/wp\/v2\/pages"}],"about":[{"href":"https:\/\/studia-wroclaw.pl\/en\/wp-json\/wp\/v2\/types\/page"}],"author":[{"embeddable":true,"href":"https:\/\/studia-wroclaw.pl\/en\/wp-json\/wp\/v2\/users\/34"}],"replies":[{"embeddable":true,"href":"https:\/\/studia-wroclaw.pl\/en\/wp-json\/wp\/v2\/comments?post=13042"}],"version-history":[{"count":34,"href":"https:\/\/studia-wroclaw.pl\/en\/wp-json\/wp\/v2\/pages\/13042\/revisions"}],"predecessor-version":[{"id":13088,"href":"https:\/\/studia-wroclaw.pl\/en\/wp-json\/wp\/v2\/pages\/13042\/revisions\/13088"}],"wp:attachment":[{"href":"https:\/\/studia-wroclaw.pl\/en\/wp-json\/wp\/v2\/media?parent=13042"}],"curies":[{"name":"wp","href":"https:\/\/api.w.org\/{rel}","templated":true}]}}