{"id":3607,"date":"2024-11-21T09:53:00","date_gmt":"2024-11-21T08:53:00","guid":{"rendered":"https:\/\/studia-wroclaw.pl\/?page_id=3607"},"modified":"2025-10-31T14:36:20","modified_gmt":"2025-10-31T13:36:20","slug":"news","status":"publish","type":"page","link":"https:\/\/studia-wroclaw.pl\/en\/aktualnosci\/","title":{"rendered":"News"},"content":{"rendered":"<div class=\"wpb-content-wrapper\"><div class=\"\"><div class=\"container\"><div class=\"vc_row wpb_row vc_row-fluid\"><div class=\"wpb_column vc_column_container vc_col-sm-12\"><div class=\"vc_column-inner\"><div class=\"wpb_wrapper\">\n\t<div class=\"wpb_text_column wpb_content_element  vc_custom_1721643894591\" >\n\t\t<div class=\"wpb_wrapper\">\n\t\t\t<h1>News from the life of the university<\/h1>\n\n\t\t<\/div>\n\t<\/div>\n<div class=\"vc_row wpb_row vc_inner vc_row-fluid\"><div class=\"wpb_column vc_column_container vc_col-sm-12\"><div class=\"vc_column-inner\"><div class=\"wpb_wrapper\"><div class=\"vc_row\">\r\n    <div class=\"vc_col-sm-12 gt3_module_blog  wpb_animate_when_almost_visible wpb_fadeIn fadeIn  items2\">\r\n\r\n        <div class=\"spacing_beetween_items_5 isotope_blog_items\">\r\n\t\t\t\t\t<div class=\"blog_post_preview element format-standard-image\">\r\n                        <div class=\"item_wrapper\">\r\n                            <div class=\"blog_content\"><div class=\"blog_post_media\"><img decoding=\"async\" src=\"https:\/\/studia-wroclaw.pl\/wp-content\/uploads\/2026\/08\/Bianka-Lewandowska.jpg\" alt=\"\" \/><\/div><h2 class=\"blogpost_title\"><a href=\"https:\/\/studia-wroclaw.pl\/en\/od-obrazu-ciala-po-psychodietetyke-czym-zajmuje-sie-dr-bianka-lewandowska\/\">Od obrazu cia\u0142a po psychodietetyk\u0119 \u2013 czym zajmuje si\u0119 dr Bianka Lewandowska?<\/a><\/h2>\nKim jest Dr Bianka Lewandowska? To wyk\u0142adowczyni WSKZ, kt\u00f3ra na co dzie\u0144 analizuje relacje mi\u0119dzy psychik\u0105 a cia\u0142em, \u0142\u0105cz\u0105c dzia\u0142alno\u015b\u0107 naukow\u0105 z do\u015bwiadczeniem psychologicznym i psychoterapeutycznym. Jej zainteresowania obejmuj\u0105 m.in. psychologi\u0119 kliniczn\u0105 i zdrowia, psychodietetyk\u0119 oraz mechanizmy reguluj\u0105ce zachowania zdrowotne. Poznaj ekspertk\u0119 i sprawd\u017a, jakie do\u015bwiadczenie wnosi do...<div class=\"clear post_clear\"><\/div><a href=\"https:\/\/studia-wroclaw.pl\/en\/od-obrazu-ciala-po-psychodietetyke-czym-zajmuje-sie-dr-bianka-lewandowska\/\" class=\"learn_more\">Read More<span><\/span><\/a><div class=\"post_info\">\r\n                                <\/div>\r\n                                <div class=\"clear\"><\/div>\r\n                            <\/div>\r\n\t\t\t\t\t\t<\/div>\r\n\t\t\t\t\t<\/div>\r\n\t\t\t\t\t\r\n\t\t\t\t\t<div class=\"blog_post_preview element format-standard-image\">\r\n                        <div class=\"item_wrapper\">\r\n                            <div class=\"blog_content\"><div class=\"blog_post_media\"><img decoding=\"async\" src=\"https:\/\/studia-wroclaw.pl\/wp-content\/uploads\/2026\/08\/Marta-Swiatek-Prycik.jpg\" alt=\"\" \/><\/div><h2 class=\"blogpost_title\"><a href=\"https:\/\/studia-wroclaw.pl\/en\/od-psychologii-sadowej-po-prace-z-osobami-w-kryzysie-czym-zajmuje-sie-mgr-marta-swiatek-prycik\/\">Od psychologii s\u0105dowej po prac\u0119 z osobami w kryzysie \u2013 czym zajmuje si\u0119 mgr Marta \u015awi\u0105tek-Prycik?<\/a><\/h2>\nKim jest mgr Marta \u015awi\u0105tek-Prycik? To wyk\u0142adowczyni WSKZ, kt\u00f3ra na co dzie\u0144 \u0142\u0105czy do\u015bwiadczenie psycholo\u017cki, terapeutki i nauczycielki akademickiej z dzia\u0142alno\u015bci\u0105 w obszarze psychologii s\u0105dowej, diagnozy oraz wsparcia dzieci i m\u0142odzie\u017cy. Poznaj ekspertk\u0119 i sprawd\u017a, jakie do\u015bwiadczenie wnosi do pracy ze studentami.\n\n\n\nKim jest mgr Marta \u015awi\u0105tek-Prycik?\n\n\n\nMgr Marta \u015awi\u0105tek-Prycik jest...<div class=\"clear post_clear\"><\/div><a href=\"https:\/\/studia-wroclaw.pl\/en\/od-psychologii-sadowej-po-prace-z-osobami-w-kryzysie-czym-zajmuje-sie-mgr-marta-swiatek-prycik\/\" class=\"learn_more\">Read More<span><\/span><\/a><div class=\"post_info\">\r\n                                <\/div>\r\n                                <div class=\"clear\"><\/div>\r\n                            <\/div>\r\n\t\t\t\t\t\t<\/div>\r\n\t\t\t\t\t<\/div>\r\n\t\t\t\t\t\r\n\t\t\t\t\t<div class=\"blog_post_preview element format-standard-image\">\r\n                        <div class=\"item_wrapper\">\r\n                            <div class=\"blog_content\"><div class=\"blog_post_media\"><img decoding=\"async\" src=\"https:\/\/studia-wroclaw.pl\/wp-content\/uploads\/2026\/08\/dr-Dorota-Ackermann-Szulgit.jpg\" alt=\"\" \/><\/div><h2 class=\"blogpost_title\"><a href=\"https:\/\/studia-wroclaw.pl\/en\/neuropsychologia-mozg-i-emocje-jak-doswiadczenie-dr-doroty-ackermann-szulgit-wspiera-studentow-wskz\/\">Neuropsychologia, m\u00f3zg i emocje \u2013 jak do\u015bwiadczenie dr Doroty Ackermann-Szulgit wspiera student\u00f3w WSKZ?<\/a><\/h2>\nCo \u0142\u0105czy psychologi\u0119, neurobiologi\u0119, praktyk\u0119 kliniczn\u0105 i badania nad wp\u0142ywem naturalnych substancji na uk\u0142ad nerwowy? Dr Dorota Ackermann-Szulgit pokazuje, \u017ce zrozumienie cz\u0142owieka wymaga spojrzenia na funkcjonowanie m\u00f3zgu z wielu perspektyw i opierania wiedzy na wynikach bada\u0144 naukowych. Jako psycholog, neuropsycholog i adiunkt WSKZ \u0142\u0105czy do\u015bwiadczenie kliniczne z dzia\u0142alno\u015bci\u0105 naukow\u0105 oraz...<div class=\"clear post_clear\"><\/div><a href=\"https:\/\/studia-wroclaw.pl\/en\/neuropsychologia-mozg-i-emocje-jak-doswiadczenie-dr-doroty-ackermann-szulgit-wspiera-studentow-wskz\/\" class=\"learn_more\">Read More<span><\/span><\/a><div class=\"post_info\">\r\n                                <\/div>\r\n                                <div class=\"clear\"><\/div>\r\n                            <\/div>\r\n\t\t\t\t\t\t<\/div>\r\n\t\t\t\t\t<\/div>\r\n\t\t\t\t\t\r\n\t\t\t\t\t<div class=\"blog_post_preview element format-standard-image\">\r\n                        <div class=\"item_wrapper\">\r\n                            <div class=\"blog_content\"><div class=\"blog_post_media\"><img decoding=\"async\" src=\"https:\/\/studia-wroclaw.pl\/wp-content\/uploads\/2026\/08\/Projekt-bez-nazwy-1.jpg\" alt=\"\" \/><\/div><h2 class=\"blogpost_title\"><a href=\"https:\/\/studia-wroclaw.pl\/en\/biznes-bez-lukrowania-wywiad-z-mehmetem-omurlu-ekspertem-wskz-o-zarzadzaniu-ai-i-odwadze-w-podejmowaniu-decyzji\/\">Biznes bez lukrowania. Wywiad z Mehmetem Omurlu \u2013 ekspertem WSKZ o zarz\u0105dzaniu, AI i odwadze w podejmowaniu decyzji<\/a><\/h2>\nJak przygotowa\u0107 student\u00f3w do \u015bwiata biznesu, w kt\u00f3rym nie zawsze istnieje jedna w\u0142a\u015bciwa odpowied\u017a? Zdaniem eksperta WSKZ, mgr Mehmeta Omurlu, kluczowe jest \u0142\u0105czenie wiedzy akademickiej z do\u015bwiadczeniami, podejmowaniem decyzji i wyci\u0105ganiem wniosk\u00f3w tak\u017ce z pope\u0142nianych b\u0142\u0119d\u00f3w. Zapraszamy do lektury rozmowy, w kt\u00f3rej ekspertka opowiada o swojej drodze zawodowej, wykorzystaniu AI i nowych...<div class=\"clear post_clear\"><\/div><a href=\"https:\/\/studia-wroclaw.pl\/en\/biznes-bez-lukrowania-wywiad-z-mehmetem-omurlu-ekspertem-wskz-o-zarzadzaniu-ai-i-odwadze-w-podejmowaniu-decyzji\/\" class=\"learn_more\">Read More<span><\/span><\/a><div class=\"post_info\">\r\n                                <\/div>\r\n                                <div class=\"clear\"><\/div>\r\n                            <\/div>\r\n\t\t\t\t\t\t<\/div>\r\n\t\t\t\t\t<\/div>\r\n\t\t\t\t\t\r\n\t\t\t\t\t<div class=\"blog_post_preview element format-standard-image\">\r\n                        <div class=\"item_wrapper\">\r\n                            <div class=\"blog_content\"><div class=\"blog_post_media\"><img decoding=\"async\" src=\"https:\/\/studia-wroclaw.pl\/wp-content\/uploads\/2026\/08\/prof.-Mariusz-Jedrzejko.jpg\" alt=\"\" \/><\/div><h2 class=\"blogpost_title\"><a href=\"https:\/\/studia-wroclaw.pl\/en\/od-uzaleznien-po-cyberzagrozenia-jak-doswiadczenie-prof-mariusza-jedrzejki-wspiera-studentow-wskz\/\">Od uzale\u017cnie\u0144 po cyberzagro\u017cenia \u2013 jak do\u015bwiadczenie prof. Mariusza J\u0119drzejki wspiera student\u00f3w WSKZ?<\/a><\/h2>\nJak zmieniaj\u0105ce si\u0119 technologie, substancje psychoaktywne i wsp\u00f3\u0142czesne problemy spo\u0142eczne wp\u0142ywaj\u0105 na funkcjonowanie dzieci, m\u0142odzie\u017cy oraz rodzin? Prof. Mariusz J\u0119drzejko od lat analizuje mechanizmy uzale\u017cnie\u0144, cyberzaburze\u0144 i zachowa\u0144 ryzykownych, \u0142\u0105cz\u0105c dzia\u0142alno\u015b\u0107 naukow\u0105 z do\u015bwiadczeniem diagnostycznym, terapeutycznym i spo\u0142ecznym. Jako wyk\u0142adowca dzieli si\u0119 ze studentami wiedz\u0105...<div class=\"clear post_clear\"><\/div><a href=\"https:\/\/studia-wroclaw.pl\/en\/od-uzaleznien-po-cyberzagrozenia-jak-doswiadczenie-prof-mariusza-jedrzejki-wspiera-studentow-wskz\/\" class=\"learn_more\">Read More<span><\/span><\/a><div class=\"post_info\">\r\n                                <\/div>\r\n                                <div class=\"clear\"><\/div>\r\n                            <\/div>\r\n\t\t\t\t\t\t<\/div>\r\n\t\t\t\t\t<\/div>\r\n\t\t\t\t\t\r\n\t\t\t\t\t<div class=\"blog_post_preview element format-standard\">\r\n                        <div class=\"item_wrapper\">\r\n                            <div class=\"blog_content\"><h2 class=\"blogpost_title\"><a href=\"https:\/\/studia-wroclaw.pl\/en\/wspolczesne-dzieci-bardziej-okrutne-niz-ich-rowiesnicy-sprzed-lat-rozmowa-z-dr-hab-mariuszem-jedrzejko-prof-wskz\/\">Wsp\u00f3\u0142czesne dzieci. Bardziej okrutne, ni\u017c ich r\u00f3wie\u015bnicy sprzed lat? Rozmowa z dr hab. Mariuszem J\u0119drzejko, prof. WSKZ.<\/a><\/h2>\nNa pocz\u0105tku pa\u017adziernika, w Krynicy-Zdroju dr hab. Mariusz J\u0119drzejko, prof. WSKZ poprowadzi szereg szkole\u0144 adresowanych do kurator\u00f3w s\u0105dowych S\u0105du Okr\u0119gowego w Tarnowie. W\u015br\u00f3d temat\u00f3w znajd\u0105 si\u0119 m.in.: higiena cyfrowa, czy zagro\u017cenia zwi\u0105zane z substancjami psychoaktywnymi. A skoro stoimy u progu nowego roku szkolnego, wrzesie\u0144 bowiem za pasem, zadali\u015bmy Profesorowi kilka istotnych pyta\u0144...<div class=\"clear post_clear\"><\/div><a href=\"https:\/\/studia-wroclaw.pl\/en\/wspolczesne-dzieci-bardziej-okrutne-niz-ich-rowiesnicy-sprzed-lat-rozmowa-z-dr-hab-mariuszem-jedrzejko-prof-wskz\/\" class=\"learn_more\">Read More<span><\/span><\/a><div class=\"post_info\">\r\n                                <\/div>\r\n                                <div class=\"clear\"><\/div>\r\n                            <\/div>\r\n\t\t\t\t\t\t<\/div>\r\n\t\t\t\t\t<\/div>\r\n\t\t\t\t\t\r\n\t\t\t\t\t<div class=\"blog_post_preview element format-standard-image\">\r\n                        <div class=\"item_wrapper\">\r\n                            <div class=\"blog_content\"><div class=\"blog_post_media\"><img decoding=\"async\" src=\"https:\/\/studia-wroclaw.pl\/wp-content\/uploads\/2026\/08\/Projekt-bez-nazwy-1.jpg\" alt=\"\" \/><\/div><h2 class=\"blogpost_title\"><a href=\"https:\/\/studia-wroclaw.pl\/en\/kim-jest-mgr-mehmet-omurlu-poznaj-zastepce-dyrektora-instytutu-zarzadzania-i-nauk-o-jakosci-naszej-uczelni\/\">Kim jest mgr Mehmet \u00d6m\u00fcrl\u00fc? Poznaj Zast\u0119pc\u0119 Dyrektora Instytutu Zarz\u0105dzania i Nauk o Jako\u015bci naszej Uczelni<\/a><\/h2>\nJak mgr Mehmet \u00d6m\u00fcrl\u00fc \u0142\u0105czy dzia\u0142alno\u015b\u0107 akademick\u0105 z praktyk\u0105 biznesow\u0105? Podczas zaj\u0119\u0107 wykorzystuje wieloletnie do\u015bwiadczenie zawodowe, pokazuj\u0105c studentom, jak wiedza z zakresu zarz\u0105dzania i marketingu przek\u0142ada si\u0119 na funkcjonowanie przedsi\u0119biorstw. Poznaj bli\u017cej sylwetk\u0119 wyk\u0142adowcy Wy\u017cszej Szko\u0142y Kszta\u0142cenia Zawodowego.\n\n\n\nKim jest mgr Mehmet \u00d6m\u00fcrl\u00fc?\n\n\n\nMgr Mehmet \u00d6m\u00fcrl\u00fc jest Zast\u0119pc\u0105...<div class=\"clear post_clear\"><\/div><a href=\"https:\/\/studia-wroclaw.pl\/en\/kim-jest-mgr-mehmet-omurlu-poznaj-zastepce-dyrektora-instytutu-zarzadzania-i-nauk-o-jakosci-naszej-uczelni\/\" class=\"learn_more\">Read More<span><\/span><\/a><div class=\"post_info\">\r\n                                <\/div>\r\n                                <div class=\"clear\"><\/div>\r\n                            <\/div>\r\n\t\t\t\t\t\t<\/div>\r\n\t\t\t\t\t<\/div>\r\n\t\t\t\t\t\r\n\t\t\t\t\t<div class=\"blog_post_preview element format-standard-image\">\r\n                        <div class=\"item_wrapper\">\r\n                            <div class=\"blog_content\"><div class=\"blog_post_media\"><img decoding=\"async\" src=\"https:\/\/studia-wroclaw.pl\/wp-content\/uploads\/2026\/08\/Projekt-bez-nazwy.jpg\" alt=\"\" \/><\/div><h2 class=\"blogpost_title\"><a href=\"https:\/\/studia-wroclaw.pl\/en\/prawo-to-nie-tylko-kodeksy-to-swiat-pelen-mozliwosci-wywiad-z-dr-barbara-jelonek-zacha\/\">\u201ePrawo to nie tylko kodeksy. To \u015bwiat pe\u0142en mo\u017cliwo\u015bci\u201d. Wywiad z dr Barbar\u0105 Jelonek-Zach\u0105<\/a><\/h2>\nCzy prawnik musi ju\u017c na pocz\u0105tku studi\u00f3w wiedzie\u0107, jak\u0105 drog\u0105 zawodow\u0105 chce pod\u0105\u017ca\u0107? Dr Barbara Jelonek-Zacha pokazuje, \u017ce poszukiwanie w\u0142asnej \u015bcie\u017cki mo\u017ce by\u0107 r\u00f3wnie wa\u017cne jak jej odnalezienie. W swojej dzia\u0142alno\u015bci \u0142\u0105czy prawo karne, kryminologi\u0119, cyberbezpiecze\u0144stwo i badania nad dezinformacj\u0105.&nbsp;\n\n\n\nO swojej drodze zawodowej, zainteresowaniach naukowych i do\u015bwiadczeniach...<div class=\"clear post_clear\"><\/div><a href=\"https:\/\/studia-wroclaw.pl\/en\/prawo-to-nie-tylko-kodeksy-to-swiat-pelen-mozliwosci-wywiad-z-dr-barbara-jelonek-zacha\/\" class=\"learn_more\">Read More<span><\/span><\/a><div class=\"post_info\">\r\n                                <\/div>\r\n                                <div class=\"clear\"><\/div>\r\n                            <\/div>\r\n\t\t\t\t\t\t<\/div>\r\n\t\t\t\t\t<\/div>\r\n\t\t\t\t\t\r\n\t\t\t\t\t<div class=\"blog_post_preview element format-standard-image\">\r\n                        <div class=\"item_wrapper\">\r\n                            <div class=\"blog_content\"><div class=\"blog_post_media\"><img decoding=\"async\" src=\"https:\/\/studia-wroclaw.pl\/wp-content\/uploads\/2026\/08\/Projekt-bez-nazwy.jpg\" alt=\"\" \/><\/div><h2 class=\"blogpost_title\"><a href=\"https:\/\/studia-wroclaw.pl\/en\/kim-jest-dr-barbara-jelonek-zacha-poznaj-prawniczke-i-wykladowczynie-akademicka-wskz\/\">Kim jest dr Barbara Jelonek-Zacha? Poznaj prawniczk\u0119 i wyk\u0142adowczyni\u0119 akademick\u0105 WSKZ\u00a0<\/a><\/h2>\nCo wyr\u00f3\u017cnia dzia\u0142alno\u015b\u0107 zawodow\u0105 i dydaktyczn\u0105 dr Barbary Jelonek-Zachy? Przede wszystkim \u0142\u0105czenie praktyki prawniczej z ponad 10-letnim do\u015bwiadczeniem akademickim oraz wspieranie student\u00f3w w poznawaniu prawa od strony praktycznej. Poznaj jej zainteresowania badawcze, dorobek naukowy i najwa\u017cniejsze osi\u0105gni\u0119cia.&nbsp;\n\n\n\nKim jest dr Barbara Jelonek-Zacha?\n\n\n\nDr Barbara Jelonek-Zacha jest...<div class=\"clear post_clear\"><\/div><a href=\"https:\/\/studia-wroclaw.pl\/en\/kim-jest-dr-barbara-jelonek-zacha-poznaj-prawniczke-i-wykladowczynie-akademicka-wskz\/\" class=\"learn_more\">Read More<span><\/span><\/a><div class=\"post_info\">\r\n                                <\/div>\r\n                                <div class=\"clear\"><\/div>\r\n                            <\/div>\r\n\t\t\t\t\t\t<\/div>\r\n\t\t\t\t\t<\/div>\r\n\t\t\t\t\t\r\n\t\t\t\t\t<div class=\"blog_post_preview element format-standard-image\">\r\n                        <div class=\"item_wrapper\">\r\n                            <div class=\"blog_content\"><div class=\"blog_post_media\"><img decoding=\"async\" src=\"https:\/\/studia-wroclaw.pl\/wp-content\/uploads\/2026\/08\/Marta-Swiatek-Prycik.jpg\" alt=\"\" \/><\/div><h2 class=\"blogpost_title\"><a href=\"https:\/\/studia-wroclaw.pl\/en\/miedzy-empatia-a-krytycznym-mysleniem-wywiad-z-mgr-marta-swiatek-prycik-ekspertka-wskz\/\">Mi\u0119dzy empati\u0105 a krytycznym my\u015bleniem. Wywiad z mgr Mart\u0105 \u015awi\u0105tek-Prycik \u2013 ekspertk\u0105 WSKZ<\/a><\/h2>\nCo sprawi\u0142o, \u017ce mgr Marta \u015awi\u0105tek-Prycik zwi\u0105za\u0142a swoj\u0105 drog\u0119 zawodow\u0105 z psychologi\u0105 i prac\u0105 z osobami w kryzysie? Jak sama podkre\u015bla, najwa\u017cniejsze pytania pojawiaj\u0105 si\u0119 w bezpo\u015brednim kontakcie z cz\u0142owiekiem, jego emocjami, do\u015bwiadczeniami i sposobem radzenia sobie z trudno\u015bciami. Zapraszamy do lektury rozmowy, w kt\u00f3rej ekspertka WSKZ opowiada o psychologii s\u0105dowej, pracy z osobami...<div class=\"clear post_clear\"><\/div><a href=\"https:\/\/studia-wroclaw.pl\/en\/miedzy-empatia-a-krytycznym-mysleniem-wywiad-z-mgr-marta-swiatek-prycik-ekspertka-wskz\/\" class=\"learn_more\">Read More<span><\/span><\/a><div class=\"post_info\">\r\n                                <\/div>\r\n                                <div class=\"clear\"><\/div>\r\n                            <\/div>\r\n\t\t\t\t\t\t<\/div>\r\n\t\t\t\t\t<\/div>\r\n\t\t\t\t\t\r\n\t\t\t\t\t<div class=\"blog_post_preview element format-standard-image\">\r\n                        <div class=\"item_wrapper\">\r\n                            <div class=\"blog_content\"><div class=\"blog_post_media\"><img decoding=\"async\" src=\"https:\/\/studia-wroclaw.pl\/wp-content\/uploads\/2026\/08\/Wykladowca-Roku-2026-El-Ghamari-e1787653921106.jpg\" alt=\"\" \/><\/div><h2 class=\"blogpost_title\"><a href=\"https:\/\/studia-wroclaw.pl\/en\/bezpieczenstwo-zaczyna-sie-od-rozumienia-ludzi-i-kontekstu-wywiad-z-dr-magdalena-el-ghamari-ekspertka-wskz\/\">Bezpiecze\u0144stwo zaczyna si\u0119 od rozumienia ludzi i kontekstu. Wywiad z dr Magdalen\u0105 El Ghamari \u2013 ekspertk\u0105 WSKZ<\/a><\/h2>\nCo sprawi\u0142o, \u017ce dr Magdalena El Ghamari zacz\u0119\u0142a patrze\u0107 na bezpiecze\u0144stwo szerzej ni\u017c tylko przez pryzmat dzia\u0142a\u0144 militarnych? Jak sama podkre\u015bla, wsp\u00f3\u0142czesnych zagro\u017ce\u0144 nie da si\u0119 zrozumie\u0107 bez uwzgl\u0119dnienia kultury, religii, to\u017csamo\u015bci, narracji i sposobu interpretowania rzeczywisto\u015bci przez ludzi. W naszym wywiadzie ekspertka WSKZ opowiada o swojej drodze zawodowej, badaniach nad...<div class=\"clear post_clear\"><\/div><a href=\"https:\/\/studia-wroclaw.pl\/en\/bezpieczenstwo-zaczyna-sie-od-rozumienia-ludzi-i-kontekstu-wywiad-z-dr-magdalena-el-ghamari-ekspertka-wskz\/\" class=\"learn_more\">Read More<span><\/span><\/a><div class=\"post_info\">\r\n                                <\/div>\r\n                                <div class=\"clear\"><\/div>\r\n                            <\/div>\r\n\t\t\t\t\t\t<\/div>\r\n\t\t\t\t\t<\/div>\r\n\t\t\t\t\t\r\n\t\t\t\t\t<div class=\"blog_post_preview element format-standard-image\">\r\n                        <div class=\"item_wrapper\">\r\n                            <div class=\"blog_content\"><div class=\"blog_post_media\"><img decoding=\"async\" src=\"https:\/\/studia-wroclaw.pl\/wp-content\/uploads\/2026\/08\/Wykladowca-Roku-2026.jpg\" alt=\"\" \/><\/div><h2 class=\"blogpost_title\"><a href=\"https:\/\/studia-wroclaw.pl\/en\/plebiscyt-wykladowca-roku-2026-poznaj-nominowanych-i-oddaj-swoj-glos\/\">Plebiscyt Wyk\u0142adowca Roku 2026 \u2013 poznaj nominowanych i oddaj sw\u00f3j g\u0142os<\/a><\/h2>\nCzym jest Plebiscyt Wyk\u0142adowca Roku 2026 i kto mo\u017ce wzi\u0105\u0107 udzia\u0142 w g\u0142osowaniu? To inicjatywa Wy\u017cszej Szko\u0142y Kszta\u0142cenia Zawodowego, dzi\u0119ki kt\u00f3rej studenci i s\u0142uchacze mog\u0105 wyr\u00f3\u017cni\u0107 ekspert\u00f3w szczeg\u00f3lnie cenionych za wiedz\u0119, do\u015bwiadczenie, zaanga\u017cowanie oraz podej\u015bcie do nauczania. 25 nominowanych os\u00f3b, 25 wyj\u0105tkowych historii i jeden wsp\u00f3lny cel \u2013 doceni\u0107 tych, kt\u00f3rzy ka\u017cdego dnia wsp\u00f3\u0142tworz\u0105...<div class=\"clear post_clear\"><\/div><a href=\"https:\/\/studia-wroclaw.pl\/en\/plebiscyt-wykladowca-roku-2026-poznaj-nominowanych-i-oddaj-swoj-glos\/\" class=\"learn_more\">Read More<span><\/span><\/a><div class=\"post_info\">\r\n                                <\/div>\r\n                                <div class=\"clear\"><\/div>\r\n                            <\/div>\r\n\t\t\t\t\t\t<\/div>\r\n\t\t\t\t\t<\/div>\r\n\t\t\t\t\t<\/div><ul class=\"pagerblock\"><li><a href='https:\/\/studia-wroclaw.pl\/en\/wp-json\/wp\/v2\/pages\/3607\/' class='current'>1<\/a><\/li><li><a href='https:\/\/studia-wroclaw.pl\/en\/wp-json\/wp\/v2\/pages\/3607\/page\/2\/'>2<\/a><\/li><li><a href='https:\/\/studia-wroclaw.pl\/en\/wp-json\/wp\/v2\/pages\/3607\/page\/3\/'>3<\/a><\/li><li><a href='https:\/\/studia-wroclaw.pl\/en\/wp-json\/wp\/v2\/pages\/3607\/page\/4\/'>4<\/a><\/li><li><a href='https:\/\/studia-wroclaw.pl\/en\/wp-json\/wp\/v2\/pages\/3607\/page\/5\/'>5<\/a><\/li><li><a href='https:\/\/studia-wroclaw.pl\/en\/wp-json\/wp\/v2\/pages\/3607\/page\/6\/'>6<\/a><\/li><li><a href='https:\/\/studia-wroclaw.pl\/en\/wp-json\/wp\/v2\/pages\/3607\/page\/7\/'>7<\/a><\/li><li><a href='https:\/\/studia-wroclaw.pl\/en\/wp-json\/wp\/v2\/pages\/3607\/page\/8\/'>8<\/a><\/li><li><a href='https:\/\/studia-wroclaw.pl\/en\/wp-json\/wp\/v2\/pages\/3607\/page\/9\/'>9<\/a><\/li><li><a href='https:\/\/studia-wroclaw.pl\/en\/wp-json\/wp\/v2\/pages\/3607\/page\/10\/'>10<\/a><\/li><li><a href='https:\/\/studia-wroclaw.pl\/en\/wp-json\/wp\/v2\/pages\/3607\/page\/11\/'>11<\/a><\/li><li class=\"next_page\"><a href=\"https:\/\/studia-wroclaw.pl\/en\/wp-json\/wp\/v2\/pages\/3607\/page\/2\/\"><i class=\"fa fa-angle-right\"><\/i><\/a><\/li><\/ul>    <\/div>\r\n<\/div>\r\n<\/div><\/div><\/div><\/div><\/div><\/div><\/div><\/div><\/div><\/div><div class=\"\"><div class=\"container\"><div class=\"vc_row wpb_row vc_row-fluid\"><div class=\"wpb_column vc_column_container vc_col-sm-12\"><div class=\"vc_column-inner\"><div class=\"wpb_wrapper\">\n\t<div class=\"wpb_text_column wpb_content_element  vc_custom_1734735835309\" >\n\t\t<div class=\"wpb_wrapper\">\n\t\t\t<h2><span>Recent achievements of WSKZ lecturers - conferences and scientific publications<\/span><\/h2>\n\n\t\t<\/div>\n\t<\/div>\n<div class=\"vc_row wpb_row vc_inner vc_row-fluid\"><div class=\"wpb_column vc_column_container vc_col-sm-12\"><div class=\"vc_column-inner\"><div class=\"wpb_wrapper\"><div class=\"vc_row\">\r\n    <div class=\"vc_col-sm-12 gt3_module_blog  wpb_animate_when_almost_visible wpb_fadeIn fadeIn  items2\">\r\n\r\n        <div class=\"spacing_beetween_items_5 isotope_blog_items\">\r\n\t\t\t\t\t<div class=\"blog_post_preview element format-standard\">\r\n                        <div class=\"item_wrapper\">\r\n                            <div class=\"blog_content\"><h2 class=\"blogpost_title\"><a href=\"https:\/\/studia-wroclaw.pl\/en\/rywalizacja-usa-chiny-dyskusja-ekspercka\/\">Rywalizacja USA\u2013Chiny \u2013 dyskusja ekspercka<\/a><\/h2>\nKo\u0142o Naukowe GeoPolitica&nbsp;zaprasza na dyskusj\u0119 eksperck\u0105 po\u015bwi\u0119con\u0105 rywalizacji Stan\u00f3w Zjednoczonych i Chi\u0144skiej Republiki Ludowej oraz jej wp\u0142ywowi na wsp\u00f3\u0142czesny \u0142ad mi\u0119dzynarodowy.\n\n\n\n\ud83d\udcc5&nbsp;Termin:&nbsp;24 lipca 2026 r. (pi\u0105tek), godz. 17:30\ud83d\udccd&nbsp;Miejsce:&nbsp;Cafe R\u00f3wnik, ul. Jedno\u015bci Narodowej 47\n\n\n\nPodczas spotkania poruszone zostan\u0105 zagadnienia zwi\u0105zane z geopolityczn\u0105...<div class=\"clear post_clear\"><\/div><a href=\"https:\/\/studia-wroclaw.pl\/en\/rywalizacja-usa-chiny-dyskusja-ekspercka\/\" class=\"learn_more\">Read More<span><\/span><\/a><div class=\"post_info\">\r\n                                <\/div>\r\n                                <div class=\"clear\"><\/div>\r\n                            <\/div>\r\n\t\t\t\t\t\t<\/div>\r\n\t\t\t\t\t<\/div>\r\n\t\t\t\t\t\r\n\t\t\t\t\t<div class=\"blog_post_preview element format-standard\">\r\n                        <div class=\"item_wrapper\">\r\n                            <div class=\"blog_content\"><h2 class=\"blogpost_title\"><a href=\"https:\/\/studia-wroclaw.pl\/en\/informacja-dla-nauczycieli-akademickich\/\">Informacja dla nauczycieli akademickich\u00a0<\/a><\/h2>\nSzanowni Pa\u0144stwo,\n\n\n\nzach\u0119cam do aktywnego udzia\u0142u w krajowych i mi\u0119dzynarodowych konferencjach naukowych planowanych na lata 2026\u20132027, obejmuj\u0105cych obszary: zarz\u0105dzania, administracji, psychologii, prawa oraz bezpiecze\u0144stwa.\n\n\n\nUdzia\u0142 w wydarzeniach naukowych stanowi istotny element rozwoju zawodowego, wzmacnia dorobek naukowy oraz umo\u017cliwia nawi\u0105zywanie wsp\u00f3\u0142pracy z o\u015brodkami akademickimi...<div class=\"clear post_clear\"><\/div><a href=\"https:\/\/studia-wroclaw.pl\/en\/informacja-dla-nauczycieli-akademickich\/\" class=\"learn_more\">Read More<span><\/span><\/a><div class=\"post_info\">\r\n                                <\/div>\r\n                                <div class=\"clear\"><\/div>\r\n                            <\/div>\r\n\t\t\t\t\t\t<\/div>\r\n\t\t\t\t\t<\/div>\r\n\t\t\t\t\t\r\n\t\t\t\t\t<div class=\"blog_post_preview element format-standard\">\r\n                        <div class=\"item_wrapper\">\r\n                            <div class=\"blog_content\"><h2 class=\"blogpost_title\"><a href=\"https:\/\/studia-wroclaw.pl\/en\/kolejny-sukces-naukowy-pracownika-wskz\/\">Kolejny sukces naukowy pracownika WSKZ<\/a><\/h2>\nZ przyjemno\u015bci\u0105 informujemy, \u017ce 16 czerwca 2026 r. Rada Naukowa Instytutu Stosunk\u00f3w Mi\u0119dzynarodowych Uniwersytetu Marii Curie-Sk\u0142odowskiej w Lublinie podj\u0119\u0142a jednog\u0142o\u015bn\u0105 uchwa\u0142\u0119 o nadaniu dr. Grzegorzowi K. Zaj\u0105cowi stopnia doktora habilitowanego nauk spo\u0142ecznych w dyscyplinie stosunki mi\u0119dzynarodowe.\n\n\n\nPodstaw\u0119 post\u0119powania habilitacyjnego stanowi\u0142a monografia naukowa&nbsp;Safety Regulation...<div class=\"clear post_clear\"><\/div><a href=\"https:\/\/studia-wroclaw.pl\/en\/kolejny-sukces-naukowy-pracownika-wskz\/\" class=\"learn_more\">Read More<span><\/span><\/a><div class=\"post_info\">\r\n                                <\/div>\r\n                                <div class=\"clear\"><\/div>\r\n                            <\/div>\r\n\t\t\t\t\t\t<\/div>\r\n\t\t\t\t\t<\/div>\r\n\t\t\t\t\t\r\n\t\t\t\t\t<div class=\"blog_post_preview element format-standard\">\r\n                        <div class=\"item_wrapper\">\r\n                            <div class=\"blog_content\"><h2 class=\"blogpost_title\"><a href=\"https:\/\/studia-wroclaw.pl\/en\/dr-dorota-dyjakon-uczestniczka-4-miedzynarodowego-webinaru-poswieconego-neuronauce-i-zdrowiu-psychicznemu-wprost-z-malezji\/\">Dr Dorota Dyjakon uczestniczk\u0105 4. Mi\u0119dzynarodowego Webinaru po\u015bwi\u0119conego Neuronauce i Zdrowiu Psychicznemu &#8211; wprost z Malezji!<\/a><\/h2>\nW dniach 28-29 maja 2026 roku odby\u0142a si\u0119 mi\u0119dzynarodowa konferencja online po\u015bwi\u0119cona najnowszym osi\u0105gni\u0119ciom w obszarze neuronauki oraz zdrowia psychicznego. W wydarzeniu uczestniczyli naukowcy, klinicy\u015bci, specjali\u015bci zdrowia psychicznego, a tak\u017ce eksperci zaanga\u017cowani w rozw\u00f3j i promocj\u0119 nowoczesnych metod wsparcia psychologicznego z r\u00f3\u017cnych cz\u0119\u015bci \u015bwiata.\n\n\n\nTematyka spotkania\n\n\n\nCelem...<div class=\"clear post_clear\"><\/div><a href=\"https:\/\/studia-wroclaw.pl\/en\/dr-dorota-dyjakon-uczestniczka-4-miedzynarodowego-webinaru-poswieconego-neuronauce-i-zdrowiu-psychicznemu-wprost-z-malezji\/\" class=\"learn_more\">Read More<span><\/span><\/a><div class=\"post_info\">\r\n                                <\/div>\r\n                                <div class=\"clear\"><\/div>\r\n                            <\/div>\r\n\t\t\t\t\t\t<\/div>\r\n\t\t\t\t\t<\/div>\r\n\t\t\t\t\t\r\n\t\t\t\t\t<div class=\"blog_post_preview element format-standard\">\r\n                        <div class=\"item_wrapper\">\r\n                            <div class=\"blog_content\"><h2 class=\"blogpost_title\"><a href=\"https:\/\/studia-wroclaw.pl\/en\/dr-hab-mariusz-jedrzejko-kolejne-miesiace-pelne-osiagniec-profesora-wskz\/\">Dr hab. Mariusz J\u0119drzejko \u2013 kolejne miesi\u0105ce pe\u0142ne osi\u0105gni\u0119\u0107 profesora WSKZ<\/a><\/h2>\nDzia\u0142alno\u015b\u0107 naukowa nie ko\u0144czy si\u0119 w murach uczelni. Najwi\u0119ksz\u0105 warto\u015b\u0107 zyskuje wtedy, gdy przek\u0142ada si\u0119 na dzia\u0142ania spo\u0142eczne, edukacyjne i profilaktyczne. Doskona\u0142ym przyk\u0142adem takiego podej\u015bcia jest aktywno\u015b\u0107 dr hab. Mariusza J\u0119drzejki, prof. WSKZ \u2013 wyk\u0142adowcy Wydzia\u0142u Psychologii WSKZ oraz cenionego eksperta medialnego. Przeczytaj artyku\u0142 i poznaj jego osi\u0105gni\u0119cia z ostatnich...<div class=\"clear post_clear\"><\/div><a href=\"https:\/\/studia-wroclaw.pl\/en\/dr-hab-mariusz-jedrzejko-kolejne-miesiace-pelne-osiagniec-profesora-wskz\/\" class=\"learn_more\">Read More<span><\/span><\/a><div class=\"post_info\">\r\n                                <\/div>\r\n                                <div class=\"clear\"><\/div>\r\n                            <\/div>\r\n\t\t\t\t\t\t<\/div>\r\n\t\t\t\t\t<\/div>\r\n\t\t\t\t\t\r\n\t\t\t\t\t<div class=\"blog_post_preview element format-standard\">\r\n                        <div class=\"item_wrapper\">\r\n                            <div class=\"blog_content\"><h2 class=\"blogpost_title\"><a href=\"https:\/\/studia-wroclaw.pl\/en\/miedzynarodowa-konferencja-cyfrowa-transformacja-edukacji-wskz-wspoltworzy-globalna-przestrzen-dialogu-o-przyszlosci-ksztalcenia\/\">Mi\u0119dzynarodowa Konferencja \u201eCyfrowa transformacja edukacji\u201d \u2013 WSKZ wsp\u00f3\u0142tworzy globaln\u0105 przestrze\u0144 dialogu o przysz\u0142o\u015bci kszta\u0142cenia<\/a><\/h2>\n28 kwietnia 2026 r. odby\u0142a si\u0119 Mi\u0119dzynarodowa Konferencja pt. \u201eCyfrowa transformacja edukacji: innowacje, wyzwania i mo\u017cliwo\u015bci\u201d. Organizatorem spotkania by\u0142a Wy\u017csza Szko\u0142a Kszta\u0142cenia Zawodowego we Wroc\u0142awiu we wsp\u00f3\u0142pracy z Kirowohradzkim Regionalnym Instytutem Podyplomowego Kszta\u0142cenia Pedagogicznego im. Wasyla Suchom\u0142y\u0144skiego.\n\n\n\nMi\u0119dzynarodowy motyw wydarzenia\n\n\n\nWydarzenie wsp\u00f3\u0142tworzone...<div class=\"clear post_clear\"><\/div><a href=\"https:\/\/studia-wroclaw.pl\/en\/miedzynarodowa-konferencja-cyfrowa-transformacja-edukacji-wskz-wspoltworzy-globalna-przestrzen-dialogu-o-przyszlosci-ksztalcenia\/\" class=\"learn_more\">Read More<span><\/span><\/a><div class=\"post_info\">\r\n                                <\/div>\r\n                                <div class=\"clear\"><\/div>\r\n                            <\/div>\r\n\t\t\t\t\t\t<\/div>\r\n\t\t\t\t\t<\/div>\r\n\t\t\t\t\t\r\n\t\t\t\t\t<div class=\"blog_post_preview element format-standard\">\r\n                        <div class=\"item_wrapper\">\r\n                            <div class=\"blog_content\"><h2 class=\"blogpost_title\"><a href=\"https:\/\/studia-wroclaw.pl\/en\/wykladowczyni-wskz-zaproszona-jako-prelegentka-na-qatar-education-leadership-expo\/\">Wyk\u0142adowczyni WSKZ zaproszona jako prelegentka na Qatar Education Leadership Expo<\/a><\/h2>\nZ dum\u0105 informujemy, \u017ce Pani El\u017cbieta Deja, wyk\u0142adowczyni WSKZ, zosta\u0142a zaproszona jako prelegentka na presti\u017cowe wydarzenie Qatar Education Leadership Expo, kt\u00f3re odb\u0119dzie si\u0119 w dniach 23-24 maja w Doha. Panel z jej udzia\u0142em skupi si\u0119 na strategicznych wyzwaniach wsp\u00f3\u0142czesnej edukacji. To istotne wyr\u00f3\u017cnienie oraz potwierdzenie rosn\u0105cej obecno\u015bci naszej Uczelni w globalnym \u015brodowisku...<div class=\"clear post_clear\"><\/div><a href=\"https:\/\/studia-wroclaw.pl\/en\/wykladowczyni-wskz-zaproszona-jako-prelegentka-na-qatar-education-leadership-expo\/\" class=\"learn_more\">Read More<span><\/span><\/a><div class=\"post_info\">\r\n                                <\/div>\r\n                                <div class=\"clear\"><\/div>\r\n                            <\/div>\r\n\t\t\t\t\t\t<\/div>\r\n\t\t\t\t\t<\/div>\r\n\t\t\t\t\t\r\n\t\t\t\t\t<div class=\"blog_post_preview element format-standard\">\r\n                        <div class=\"item_wrapper\">\r\n                            <div class=\"blog_content\"><h2 class=\"blogpost_title\"><a href=\"https:\/\/studia-wroclaw.pl\/en\/naukowcy-wskz-z-publikacja-w-springer-nature\/\">Naukowcy WSKZ z publikacj\u0105 w Springer Nature<\/a><\/h2>\nWy\u017csza Szko\u0142a Kszta\u0142cenia Zawodowego we Wroc\u0142awiu konsekwentnie wzmacnia swoj\u0105 obecno\u015b\u0107 w mi\u0119dzynarodowym \u015brodowisku naukowym. Potwierdzeniem tego jest najnowsza publikacja autorstwa prof. Waldemara Ratajczaka oraz prof. Petera Nijkampa, zwi\u0105zanych z Centrum Wsp\u00f3\u0142pracy Mi\u0119dzynarodowej WSKZ, kt\u00f3ra ukaza\u0142a si\u0119 w presti\u017cowym wydawnictwie Springer Nature. Sprawd\u017a, jakie tematy porusza artyku\u0142...<div class=\"clear post_clear\"><\/div><a href=\"https:\/\/studia-wroclaw.pl\/en\/naukowcy-wskz-z-publikacja-w-springer-nature\/\" class=\"learn_more\">Read More<span><\/span><\/a><div class=\"post_info\">\r\n                                <\/div>\r\n                                <div class=\"clear\"><\/div>\r\n                            <\/div>\r\n\t\t\t\t\t\t<\/div>\r\n\t\t\t\t\t<\/div>\r\n\t\t\t\t\t\r\n\t\t\t\t\t<div class=\"blog_post_preview element format-standard\">\r\n                        <div class=\"item_wrapper\">\r\n                            <div class=\"blog_content\"><h2 class=\"blogpost_title\"><a href=\"https:\/\/studia-wroclaw.pl\/en\/miedzynarodowy-sukces-naukowy-mgr-malgorzaty-piorkowskiej-pelnomocnik-rektora-ds-rownego-traktowania-wskz-na-konferencji-w-kazachstanie\/\">Mi\u0119dzynarodowy sukces naukowy mgr Ma\u0142gorzaty Pi\u00f3rkowskiej, Pe\u0142nomocnik Rektora ds. R\u00f3wnego Traktowania WSKZ, na konferencji w Kazachstanie<\/a><\/h2>\nZ przyjemno\u015bci\u0105 informujemy, \u017ce mgr Ma\u0142gorzata Pi\u00f3rkowska, Pe\u0142nomocnik Rektora ds. R\u00f3wnego Traktowania WSKZ, odnios\u0142a znacz\u0105cy sukces naukowy podczas mi\u0119dzynarodowej konferencji m\u0142odych badaczy. Wydarzenie odby\u0142o si\u0119 13 kwietnia 2026 r. na Uniwersytecie Euroazjatyckim w Astanie. Osi\u0105gni\u0119cie to stanowi wa\u017cny krok w rozwoju wsp\u00f3\u0142pracy mi\u0119dzynarodowej oraz potwierdzenie wysokiego poziomu bada\u0144...<div class=\"clear post_clear\"><\/div><a href=\"https:\/\/studia-wroclaw.pl\/en\/miedzynarodowy-sukces-naukowy-mgr-malgorzaty-piorkowskiej-pelnomocnik-rektora-ds-rownego-traktowania-wskz-na-konferencji-w-kazachstanie\/\" class=\"learn_more\">Read More<span><\/span><\/a><div class=\"post_info\">\r\n                                <\/div>\r\n                                <div class=\"clear\"><\/div>\r\n                            <\/div>\r\n\t\t\t\t\t\t<\/div>\r\n\t\t\t\t\t<\/div>\r\n\t\t\t\t\t\r\n\t\t\t\t\t<div class=\"blog_post_preview element format-standard\">\r\n                        <div class=\"item_wrapper\">\r\n                            <div class=\"blog_content\"><h2 class=\"blogpost_title\"><a href=\"https:\/\/studia-wroclaw.pl\/en\/prof-tomasz-witkowski-glos-ktory-zmienia-sposob-myslenia-o-psychologii\/\">Prof. Tomasz Witkowski \u2013 A voice that changes the way we think about psychology<\/a><\/h2>\nS\u0105 eksperci, kt\u00f3rzy komentuj\u0105 rzeczywisto\u015b\u0107 i tacy, kt\u00f3rzy wp\u0142ywaj\u0105 na to, jak j\u0105 rozumiemy. Profesor Tomasz Witkowski nale\u017cy do tej drugiej grupy. Poznaj jego dzia\u0142alno\u015b\u0107 i sprawd\u017a, jak \u0142\u0105czy wiedz\u0119 akademick\u0105 z praktyk\u0105.\n\n\n\nObecno\u015b\u0107, kt\u00f3ra wykracza poza uczelni\u0119\n\n\n\nProf. Tomasz Witkowski nie ogranicza swojej aktywno\u015bci jedynie do pracy dydaktycznej. Regularnie uczestniczy w debacie...<div class=\"clear post_clear\"><\/div><a href=\"https:\/\/studia-wroclaw.pl\/en\/prof-tomasz-witkowski-glos-ktory-zmienia-sposob-myslenia-o-psychologii\/\" class=\"learn_more\">Read More<span><\/span><\/a><div class=\"post_info\">\r\n                                <\/div>\r\n                                <div class=\"clear\"><\/div>\r\n                            <\/div>\r\n\t\t\t\t\t\t<\/div>\r\n\t\t\t\t\t<\/div>\r\n\t\t\t\t\t\r\n\t\t\t\t\t<div class=\"blog_post_preview element format-standard\">\r\n                        <div class=\"item_wrapper\">\r\n                            <div class=\"blog_content\"><h2 class=\"blogpost_title\"><a href=\"https:\/\/studia-wroclaw.pl\/en\/miedzynarodowa-konferencja-o-zaginieciach-osob-wskz-zaprasza-do-wroclawia\/\">Mi\u0119dzynarodowa konferencja o zagini\u0119ciach os\u00f3b \u2013 WSKZ zaprasza do Wroc\u0142awia<\/a><\/h2>\nWy\u017csza Szko\u0142a Kszta\u0142cenia Zawodowego we Wroc\u0142awiu zaprasza do udzia\u0142u w Mi\u0119dzynarodowej Konferencji Naukowej \u201eZagini\u0119cia os\u00f3b w \u015bwietle psychologii s\u0105dowej i kryminalistyki \u2013 wyzwania wsp\u00f3\u0142czesnych \u015bledztw\u201d. Wydarzenie odb\u0119dzie si\u0119 17 kwietnia 2026 r. we Wroc\u0142awiu. Spotkanie stanowi odpowied\u017a na rosn\u0105c\u0105 z\u0142o\u017cono\u015b\u0107 problematyki zagini\u0119\u0107 os\u00f3b \u2013 jednego z najbardziej wymagaj\u0105cych wyzwa\u0144 w...<div class=\"clear post_clear\"><\/div><a href=\"https:\/\/studia-wroclaw.pl\/en\/miedzynarodowa-konferencja-o-zaginieciach-osob-wskz-zaprasza-do-wroclawia\/\" class=\"learn_more\">Read More<span><\/span><\/a><div class=\"post_info\">\r\n                                <\/div>\r\n                                <div class=\"clear\"><\/div>\r\n                            <\/div>\r\n\t\t\t\t\t\t<\/div>\r\n\t\t\t\t\t<\/div>\r\n\t\t\t\t\t\r\n\t\t\t\t\t<div class=\"blog_post_preview element format-standard\">\r\n                        <div class=\"item_wrapper\">\r\n                            <div class=\"blog_content\"><h2 class=\"blogpost_title\"><a href=\"https:\/\/studia-wroclaw.pl\/en\/architektura-bezpieczenstwa-w-samorzadzie-ekspercki-artykul-dr-rafala-guzowskiego\/\">Architektura bezpiecze\u0144stwa w samorz\u0105dzie \u2013 ekspercki artyku\u0142 dr. Rafa\u0142a Guzowskiego<\/a><\/h2>\nW najnowszym numerze miesi\u0119cznika \u201ePrzetargi Publiczne\u201d ukaza\u0142 si\u0119 artyku\u0142 ekspercki autorstwa dr. Rafa\u0142a Guzowskiego \u2013 Prodziekana Wydzia\u0142u Nauk Spo\u0142ecznych i Technicznych WSKZ. Publikacja stanowi istotny g\u0142os w dyskusji o nowoczesnym podej\u015bciu do projektowania bezpiecznych przestrzeni publicznych.\n\n\n\nBezpiecze\u0144stwo zaczyna si\u0119 od projektowania\n\n\n\nW artykule pt. \u201eBezpiecze\u0144stwo to nie tylko...<div class=\"clear post_clear\"><\/div><a href=\"https:\/\/studia-wroclaw.pl\/en\/architektura-bezpieczenstwa-w-samorzadzie-ekspercki-artykul-dr-rafala-guzowskiego\/\" class=\"learn_more\">Read More<span><\/span><\/a><div class=\"post_info\">\r\n                                <\/div>\r\n                                <div class=\"clear\"><\/div>\r\n                            <\/div>\r\n\t\t\t\t\t\t<\/div>\r\n\t\t\t\t\t<\/div>\r\n\t\t\t\t\t<\/div><ul class=\"pagerblock\"><li><a href='https:\/\/studia-wroclaw.pl\/en\/wp-json\/wp\/v2\/pages\/3607\/' class='current'>1<\/a><\/li><li><a href='https:\/\/studia-wroclaw.pl\/en\/wp-json\/wp\/v2\/pages\/3607\/page\/2\/'>2<\/a><\/li><li><a href='https:\/\/studia-wroclaw.pl\/en\/wp-json\/wp\/v2\/pages\/3607\/page\/3\/'>3<\/a><\/li><li><a href='https:\/\/studia-wroclaw.pl\/en\/wp-json\/wp\/v2\/pages\/3607\/page\/4\/'>4<\/a><\/li><li><a href='https:\/\/studia-wroclaw.pl\/en\/wp-json\/wp\/v2\/pages\/3607\/page\/5\/'>5<\/a><\/li><li><a href='https:\/\/studia-wroclaw.pl\/en\/wp-json\/wp\/v2\/pages\/3607\/page\/6\/'>6<\/a><\/li><li><a href='https:\/\/studia-wroclaw.pl\/en\/wp-json\/wp\/v2\/pages\/3607\/page\/7\/'>7<\/a><\/li><li class=\"next_page\"><a href=\"https:\/\/studia-wroclaw.pl\/en\/wp-json\/wp\/v2\/pages\/3607\/page\/2\/\"><i class=\"fa fa-angle-right\"><\/i><\/a><\/li><\/ul>    <\/div>\r\n<\/div>\r\n<\/div><\/div><\/div><\/div><\/div><\/div><\/div><\/div><\/div><\/div>\n<\/div>","protected":false},"excerpt":{"rendered":"W najnowszym numerze miesi\u0119cznika \u201ePrzetargi Publiczne\u201d ukaza\u0142 si\u0119 artyku\u0142 ekspercki autorstwa dr. Rafa\u0142a Guzowskiego \u2013 Prodziekana Wydzia\u0142u Nauk Spo\u0142ecznych i Technicznych WSKZ. Publikacja stanowi istotny g\u0142os w dyskusji o nowoczesnym podej\u015bciu do projektowania bezpiecznych przestrzeni publicznych. Bezpiecze\u0144stwo zaczyna si\u0119 od projektowania W artykule pt. \u201eBezpiecze\u0144stwo to nie tylko kamery\u201d autor zwraca uwag\u0119, \u017ce fundamentem bezpiecze\u0144stwa [...]","protected":false},"author":1,"featured_media":0,"parent":0,"menu_order":0,"comment_status":"closed","ping_status":"closed","template":"","meta":{"om_disable_all_campaigns":false,"footnotes":""},"class_list":["post-3607","page","type-page","status-publish","hentry"],"yoast_head":"<!-- This site is optimized with the Yoast SEO plugin v28.1 - https:\/\/yoast.com\/product\/yoast-seo-wordpress\/ -->\n<title>Aktualno\u015bci | studia-wroclaw.pl<\/title>\n<meta name=\"description\" content=\"Naj\u015bwie\u017csze informacje dotycz\u0105ce wydarze\u0144, nowych kierunk\u00f3w i specjalno\u015bci, terminy rekrutacji, wydarzenia, partnerstwa z biznesem oraz \u017cycie uczelni. Zobacz, co si\u0119 u nas dzieje, \u017ceby by\u0107 na bie\u017c\u0105co!\" \/>\n<meta name=\"robots\" content=\"index, follow, max-snippet:-1, max-image-preview:large, max-video-preview:-1\" \/>\n<link rel=\"canonical\" href=\"https:\/\/studia-wroclaw.pl\/en\/news\/\" \/>\n<meta property=\"og:locale\" content=\"en_GB\" \/>\n<meta property=\"og:type\" content=\"article\" \/>\n<meta property=\"og:title\" content=\"Aktualno\u015bci | studia-wroclaw.pl\" \/>\n<meta property=\"og:description\" content=\"Naj\u015bwie\u017csze informacje dotycz\u0105ce wydarze\u0144, nowych kierunk\u00f3w i specjalno\u015bci, terminy rekrutacji, wydarzenia, partnerstwa z biznesem oraz \u017cycie uczelni. Zobacz, co si\u0119 u nas dzieje, \u017ceby by\u0107 na bie\u017c\u0105co!\" \/>\n<meta property=\"og:url\" content=\"https:\/\/studia-wroclaw.pl\/en\/news\/\" \/>\n<meta property=\"og:site_name\" content=\"Studia Wroc\u0142aw\" \/>\n<meta property=\"article:modified_time\" content=\"2025-10-31T13:36:20+00:00\" \/>\n<meta name=\"twitter:card\" content=\"summary_large_image\" \/>\n<meta name=\"twitter:label1\" content=\"Estimated reading time\" \/>\n\t<meta name=\"twitter:data1\" content=\"4 minutes\" \/>\n<script type=\"application\/ld+json\" class=\"yoast-schema-graph\">{\"@context\":\"https:\\\/\\\/schema.org\",\"@graph\":[{\"@type\":\"WebPage\",\"@id\":\"https:\\\/\\\/studia-wroclaw.pl\\\/aktualnosci\\\/\",\"url\":\"https:\\\/\\\/studia-wroclaw.pl\\\/aktualnosci\\\/\",\"name\":\"Aktualno\u015bci | studia-wroclaw.pl\",\"isPartOf\":{\"@id\":\"https:\\\/\\\/studia-wroclaw.pl\\\/#website\"},\"datePublished\":\"2024-11-21T08:53:00+00:00\",\"dateModified\":\"2025-10-31T13:36:20+00:00\",\"description\":\"Naj\u015bwie\u017csze informacje dotycz\u0105ce wydarze\u0144, nowych kierunk\u00f3w i specjalno\u015bci, terminy rekrutacji, wydarzenia, partnerstwa z biznesem oraz \u017cycie uczelni. Zobacz, co si\u0119 u nas dzieje, \u017ceby by\u0107 na bie\u017c\u0105co!\",\"breadcrumb\":{\"@id\":\"https:\\\/\\\/studia-wroclaw.pl\\\/aktualnosci\\\/#breadcrumb\"},\"inLanguage\":\"en-GB\",\"potentialAction\":[{\"@type\":\"ReadAction\",\"target\":[\"https:\\\/\\\/studia-wroclaw.pl\\\/aktualnosci\\\/\"]}]},{\"@type\":\"BreadcrumbList\",\"@id\":\"https:\\\/\\\/studia-wroclaw.pl\\\/aktualnosci\\\/#breadcrumb\",\"itemListElement\":[{\"@type\":\"ListItem\",\"position\":1,\"name\":\"Strona g\u0142\u00f3wna\",\"item\":\"https:\\\/\\\/studia-wroclaw.pl\\\/\"},{\"@type\":\"ListItem\",\"position\":2,\"name\":\"Aktualno\u015bci\"}]},{\"@type\":\"WebSite\",\"@id\":\"https:\\\/\\\/studia-wroclaw.pl\\\/#website\",\"url\":\"https:\\\/\\\/studia-wroclaw.pl\\\/\",\"name\":\"Studia Wroc\u0142aw\",\"description\":\"\",\"potentialAction\":[{\"@type\":\"SearchAction\",\"target\":{\"@type\":\"EntryPoint\",\"urlTemplate\":\"https:\\\/\\\/studia-wroclaw.pl\\\/?s={search_term_string}\"},\"query-input\":{\"@type\":\"PropertyValueSpecification\",\"valueRequired\":true,\"valueName\":\"search_term_string\"}}],\"inLanguage\":\"en-GB\"}]}<\/script>\n<!-- \/ Yoast SEO plugin. -->","yoast_head_json":{"title":"News | studia-wroclaw.pl","description":"The latest news on events, new courses and specialisms, recruitment deadlines, events, business partnerships, and university life. See what's happening with us to stay up to date!","robots":{"index":"index","follow":"follow","max-snippet":"max-snippet:-1","max-image-preview":"max-image-preview:large","max-video-preview":"max-video-preview:-1"},"canonical":"https:\/\/studia-wroclaw.pl\/en\/news\/","og_locale":"en_GB","og_type":"article","og_title":"Aktualno\u015bci | studia-wroclaw.pl","og_description":"Naj\u015bwie\u017csze informacje dotycz\u0105ce wydarze\u0144, nowych kierunk\u00f3w i specjalno\u015bci, terminy rekrutacji, wydarzenia, partnerstwa z biznesem oraz \u017cycie uczelni. Zobacz, co si\u0119 u nas dzieje, \u017ceby by\u0107 na bie\u017c\u0105co!","og_url":"https:\/\/studia-wroclaw.pl\/en\/news\/","og_site_name":"Studia Wroc\u0142aw","article_modified_time":"2025-10-31T13:36:20+00:00","twitter_card":"summary_large_image","twitter_misc":{"Estimated reading time":"4 minutes"},"schema":{"@context":"https:\/\/schema.org","@graph":[{"@type":"WebPage","@id":"https:\/\/studia-wroclaw.pl\/aktualnosci\/","url":"https:\/\/studia-wroclaw.pl\/aktualnosci\/","name":"News | studia-wroclaw.pl","isPartOf":{"@id":"https:\/\/studia-wroclaw.pl\/#website"},"datePublished":"2024-11-21T08:53:00+00:00","dateModified":"2025-10-31T13:36:20+00:00","description":"The latest news on events, new courses and specialisms, recruitment deadlines, events, business partnerships, and university life. See what's happening with us to stay up to date!","breadcrumb":{"@id":"https:\/\/studia-wroclaw.pl\/aktualnosci\/#breadcrumb"},"inLanguage":"en-GB","potentialAction":[{"@type":"ReadAction","target":["https:\/\/studia-wroclaw.pl\/aktualnosci\/"]}]},{"@type":"BreadcrumbList","@id":"https:\/\/studia-wroclaw.pl\/aktualnosci\/#breadcrumb","itemListElement":[{"@type":"ListItem","position":1,"name":"Strona g\u0142\u00f3wna","item":"https:\/\/studia-wroclaw.pl\/"},{"@type":"ListItem","position":2,"name":"Aktualno\u015bci"}]},{"@type":"WebSite","@id":"https:\/\/studia-wroclaw.pl\/#website","url":"https:\/\/studia-wroclaw.pl\/","name":"Studies Wroclaw","description":"","potentialAction":[{"@type":"SearchAction","target":{"@type":"EntryPoint","urlTemplate":"https:\/\/studia-wroclaw.pl\/?s={search_term_string}"},"query-input":{"@type":"PropertyValueSpecification","valueRequired":true,"valueName":"search_term_string"}}],"inLanguage":"en-GB"}]}},"_links":{"self":[{"href":"https:\/\/studia-wroclaw.pl\/en\/wp-json\/wp\/v2\/pages\/3607","targetHints":{"allow":["GET"]}}],"collection":[{"href":"https:\/\/studia-wroclaw.pl\/en\/wp-json\/wp\/v2\/pages"}],"about":[{"href":"https:\/\/studia-wroclaw.pl\/en\/wp-json\/wp\/v2\/types\/page"}],"author":[{"embeddable":true,"href":"https:\/\/studia-wroclaw.pl\/en\/wp-json\/wp\/v2\/users\/1"}],"replies":[{"embeddable":true,"href":"https:\/\/studia-wroclaw.pl\/en\/wp-json\/wp\/v2\/comments?post=3607"}],"version-history":[{"count":33,"href":"https:\/\/studia-wroclaw.pl\/en\/wp-json\/wp\/v2\/pages\/3607\/revisions"}],"predecessor-version":[{"id":7012,"href":"https:\/\/studia-wroclaw.pl\/en\/wp-json\/wp\/v2\/pages\/3607\/revisions\/7012"}],"wp:attachment":[{"href":"https:\/\/studia-wroclaw.pl\/en\/wp-json\/wp\/v2\/media?parent=3607"}],"curies":[{"name":"wp","href":"https:\/\/api.w.org\/{rel}","templated":true}]}}