{"id":4684,"date":"2017-02-15T10:52:25","date_gmt":"2017-02-15T09:52:25","guid":{"rendered":"https:\/\/studia-wroclaw.pl\/?page_id=4684"},"modified":"2026-04-29T10:20:54","modified_gmt":"2026-04-29T08:20:54","slug":"wydarzenia-miedzynarodowe","status":"publish","type":"page","link":"https:\/\/studia-wroclaw.pl\/en\/wspolpraca-miedzynarodowa-2\/wydarzenia-miedzynarodowe\/","title":{"rendered":"Events"},"content":{"rendered":"<div class=\"wpb-content-wrapper\"><div class=\"vc_custom_1741731415229\"><div class=\"container\"><div class=\"vc_row wpb_row vc_row-fluid vc_row-o-content-middle vc_row-flex\"><div class=\"wpb_column vc_column_container vc_col-sm-12\"><div class=\"vc_column-inner\"><div class=\"wpb_wrapper\">\n\t<div class=\"wpb_text_column wpb_content_element\" >\n\t\t<div class=\"wpb_wrapper\">\n\t\t\t<h2>Events<\/h2>\n\n\t\t<\/div>\n\t<\/div>\n\n\t<div class=\"wpb_text_column wpb_content_element  vc_custom_1741777770078\" >\n\t\t<div class=\"wpb_wrapper\">\n\t\t\t<p><strong>In pursuing its educational mission, the University College of Professional Education not only educates students but is also an active centre of scientific and academic life. This is best exemplified by the numerous scientific conferences that we organise in cooperation with renowned universities from Poland and abroad.<\/strong><\/p>\n<p>The objectives of the conference focus on the exchange of views, opinions and experiences of representatives of the scientific world and European law enforcement agencies and services in the field of combating environmental crime. Scientific conferences bring together academics and practitioners. They provide a forum for discussing problems of social, economic and political life. They provide an opportunity to confront science with practice by exchanging views and experiences. The meetings present scientific achievements in a given field and the latest trends and solutions. The conferences organised by the WSKZ are also attended by representatives of law enforcement bodies, as well as representatives of services and institutions responsible for environmental protection<\/p>\n\n\t\t<\/div>\n\t<\/div>\n<\/div><\/div><\/div><\/div><\/div><\/div><div class=\"\"><div class=\"container\"><div class=\"vc_row wpb_row vc_row-fluid\"><div class=\"wpb_column vc_column_container vc_col-sm-12\"><div class=\"vc_column-inner\"><div class=\"wpb_wrapper\"><\/div><\/div><\/div><\/div><\/div><\/div><div class=\"\"><div class=\"container\"><div class=\"vc_row wpb_row vc_row-fluid\"><div class=\"wpb_column vc_column_container vc_col-sm-12\"><div class=\"vc_column-inner\"><div class=\"wpb_wrapper\"><\/div><\/div><\/div><\/div><\/div><\/div><div class=\"\"><div class=\"container\"><div class=\"vc_row wpb_row vc_row-fluid\"><div class=\"wpb_column vc_column_container vc_col-sm-12\"><div class=\"vc_column-inner\"><div class=\"wpb_wrapper\">\n\t<div class=\"wpb_text_column wpb_content_element  vc_custom_1741791238317\" >\n\t\t<div class=\"wpb_wrapper\">\n\t\t\t<h2>Realised events<\/h2>\n\n\t\t<\/div>\n\t<\/div>\n<\/div><\/div><\/div><\/div><\/div><\/div><div class=\"vc_custom_1741792736328\"><div class=\"container\"><div class=\"vc_row wpb_row vc_row-fluid\"><div class=\"wpb_column vc_column_container vc_col-sm-12\"><div class=\"vc_column-inner\"><div class=\"wpb_wrapper\"><div class=\"vc_tta-container\" data-vc-action=\"collapse\"><div class=\"vc_general vc_tta vc_tta-accordion vc_tta-style-accordion_solid vc_tta-o-shape-group vc_tta-controls-align-default\"><div class=\"vc_tta-panels-container\"><div class=\"vc_tta-panels\"><div class=\"vc_tta-panel vc_active\" id=\"1777450451158-3eae770d-6320\" data-vc-content=\".vc_tta-panel-body\"><div class=\"vc_tta-panel-heading\"><h4 class=\"vc_tta-panel-title vc_tta-controls-icon-position-left\"><a href=\"#1777450451158-3eae770d-6320\" data-vc-accordion data-vc-container=\".vc_tta-container\"><span class=\"vc_tta-title-text\">Religia w erze algorytm\u00f3w \u2013 fina\u0142 Laboratorium Bliskowschodniego w WSKZ<\/span><i class=\"vc_tta-controls-icon vc_tta-controls-icon-chevron\"><\/i><\/a><\/h4><\/div><div class=\"vc_tta-panel-body\">\n\t<div class=\"wpb_text_column wpb_content_element\" >\n\t\t<div class=\"wpb_wrapper\">\n\t\t\t<p><span style=\"font-weight: 400;\">W dniu 20 maja 2026 r. o godz. 18:00 odb\u0119dzie si\u0119 <\/span><b>spotkanie online zamykaj\u0105ce cykl Laboratorium Bliskowschodnie<\/b><span style=\"font-weight: 400;\">. Po\u015bwi\u0119cone b\u0119dzie ono relacjom religii, duchowo\u015bci i nowych technologii. Podczas wydarzenia poruszony zostanie tak\u017ce temat wp\u0142ywu sztucznej inteligencji na wsp\u00f3\u0142czesne rozumienie sacrum i profanum. <\/span><\/p>\n<h2><span style=\"font-weight: 400;\">Cyfrowe sacrum \u2013 jak technologia zmienia religi\u0119?<\/span><\/h2>\n<p><span style=\"font-weight: 400;\">Fina\u0142owe spotkanie z cyklu <\/span><b>Laboratorium Bliskowschodnie po\u015bwi\u0119cone b\u0119dzie temu, jak technologie cyfrowe przestaj\u0105 by\u0107 jedynie narz\u0119dziem komunikacji<\/b><span style=\"font-weight: 400;\">, a staj\u0105 si\u0119 pe\u0142noprawn\u0105 przestrzeni\u0105 praktyk religijnych.<\/span><\/p>\n<p><span style=\"font-weight: 400;\">Podczas wydarzenia uczestnicy przeanalizuj\u0105 <\/span><b>wp\u0142yw wsp\u00f3\u0142czesnych rozwi\u0105za\u0144 technologicznych na r\u00f3\u017cne obszary \u017cycia duchowego<\/b><span style=\"font-weight: 400;\">, w tym:<\/span><\/p>\n<ul>\n<li style=\"font-weight: 400;\" aria-level=\"1\"><span style=\"font-weight: 400;\">religijno\u015b\u0107 \u201ecodzienn\u0105\u201d i indywidualne praktyki duchowe;<\/span><\/li>\n<li style=\"font-weight: 400;\" aria-level=\"1\"><span style=\"font-weight: 400;\">funkcjonowanie wsp\u00f3lnot wiernych w \u015brodowisku online;<\/span><\/li>\n<li style=\"font-weight: 400;\" aria-level=\"1\"><span style=\"font-weight: 400;\">zmiany w postrzeganiu i budowaniu autorytetu religijnego;<\/span><\/li>\n<li style=\"font-weight: 400;\" aria-level=\"1\"><span style=\"font-weight: 400;\">powstawanie nowych to\u017csamo\u015bci i rytua\u0142\u00f3w cyfrowych.<\/span><\/li>\n<\/ul>\n<p><span style=\"font-weight: 400;\">Punktem wyj\u015bcia do dyskusji b\u0119dzie <\/span><b>pytanie o status sacrum w \u015bwiecie cyfrowym. <\/b><span style=\"font-weight: 400;\">Uczestnicy zastanowi\u0105 si\u0119, czy Internet i technologie immersyjne jedynie po\u015brednicz\u0105 w do\u015bwiadczeniu religijnym, czy te\u017c <\/span><b>tworz\u0105 zupe\u0142nie nowe formy prze\u017cywania transcendencji.<\/b><\/p>\n<h2><span style=\"font-weight: 400;\">Najwa\u017cniejsze informacje o wydarzeniu<\/span><\/h2>\n<ul>\n<li style=\"font-weight: 400;\" aria-level=\"1\"><b>Deadline:<\/b><span style=\"font-weight: 400;\"> 20 maja 2026 r., godz. 18:00<\/span><\/li>\n<li style=\"font-weight: 400;\" aria-level=\"1\"><b>Form:<\/b><span style=\"font-weight: 400;\"> spotkanie online<\/span><\/li>\n<li style=\"font-weight: 400;\" aria-level=\"1\"><b>Link:<\/b> <a href=\"https:\/\/meet.google.com\/rbg-dfzg-vsv\"><span style=\"font-weight: 400;\">Meet<\/span><\/a><\/li>\n<\/ul>\n<h3><span style=\"font-weight: 400;\">Prowadz\u0105ca i go\u015bcinie\u00a0<\/span><\/h3>\n<p><span style=\"font-weight: 400;\">Spotkanie poprowadzi <\/span><b>dr Magdalena El Ghamari z Instytutu Kryminologii i Bezpiecze\u0144stwa Wewn\u0119trznego WSKZ<\/b><span style=\"font-weight: 400;\">.\u00a0<\/span><\/p>\n<p><span style=\"font-weight: 400;\">Do dyskusji do\u0142\u0105cz\u0105 zaproszone ekspertki:<\/span><\/p>\n<ul>\n<li style=\"font-weight: 400;\" aria-level=\"1\"><b>dr Agnieszka Bukowska<\/b><span style=\"font-weight: 400;\"> \u2013 Kierowniczka Pracowni Bada\u0144 Tradycyjnych i Nowych Form Duchowo\u015bci, Uniwersytet Civitas.<\/span><\/li>\n<li style=\"font-weight: 400;\" aria-level=\"1\"><b>El\u017cbieta Deja<\/b><span style=\"font-weight: 400;\"> \u2013\u00a0 Kierowniczka Pracowni Sztucznej Inteligencji, Edukacji i Kompetencji Przysz\u0142o\u015bci w Centrum Bada\u0144 nad Bezpiecze\u0144stwem Kulturowym WSKZ, IFOD.\u00a0<\/span><\/li>\n<\/ul>\n<p><span style=\"font-weight: 400;\">Zapraszamy do udzia\u0142u w spotkaniu oraz <\/span><b>aktywnej dyskusji nad rol\u0105 religii i duchowo\u015bci w zmieniaj\u0105cym si\u0119 \u015bwiecie technologii cyfrowych.<\/b><\/p>\n<p><b>\u00a0<\/b><\/p>\n\n\t\t<\/div>\n\t<\/div>\n<\/div><\/div><div class=\"vc_tta-panel\" id=\"1776678481458-2cfaace2-e848\" data-vc-content=\".vc_tta-panel-body\"><div class=\"vc_tta-panel-heading\"><h4 class=\"vc_tta-panel-title vc_tta-controls-icon-position-left\"><a href=\"#1776678481458-2cfaace2-e848\" data-vc-accordion data-vc-container=\".vc_tta-container\"><span class=\"vc_tta-title-text\">Wyk\u0142ad go\u015bcinny dr S\u00fcheyli Ayfer Arslan \u2013 analiza miejsca zdarzenia oraz nowoczesne metody badawcze w kryminalistyce<\/span><i class=\"vc_tta-controls-icon vc_tta-controls-icon-chevron\"><\/i><\/a><\/h4><\/div><div class=\"vc_tta-panel-body\">\n\t<div class=\"wpb_text_column wpb_content_element\" >\n\t\t<div class=\"wpb_wrapper\">\n\t\t\t<p><span style=\"font-weight: 400;\">On<\/span><b> 18 kwietnia 2026 r. <\/b><span style=\"font-weight: 400;\">o godz. 11:30 na Wydziale Prawa, Administracji i Ekonomii Uniwersytetu Wroc\u0142awskiego odby\u0142 si\u0119 wyk\u0142ad go\u015bcinny dr S\u00fcheyli Ayfer Arslan z Istanbul Ayd\u0131n University. Spotkanie pt. \u201eThe Crime Scene: Reading the Unseen\u201d po\u015bwi\u0119cone by\u0142o <\/span><b>zagadnieniom z zakresu medycyny s\u0105dowej i kryminalistyki<\/b><span style=\"font-weight: 400;\">. Uczestnicy poznali metody analizy miejsca zdarzenia oraz wsp\u00f3\u0142czesnych narz\u0119dzi wykorzystywanych w pracy ekspert\u00f3w.<\/span><\/p>\n<h2><span style=\"font-weight: 400;\">Tematem przewodnim miejsce zdarzenia i dowody w naukach s\u0105dowych<\/span><\/h2>\n<p><span style=\"font-weight: 400;\">During the lecture <\/span><b>dr S\u00fcheyla Ayfer Arslan<\/b><span style=\"font-weight: 400;\">, Kierowniczka Katedry Medycyny S\u0105dowej na Wydziale Lekarskim Istanbul Ayd\u0131n University w Turcji, wprowadzi\u0142a uczestnik\u00f3w w <\/span><b>zagadnienia zwi\u0105zane z interpretacj\u0105 miejsca zdarzenia oraz wykorzystaniem dowod\u00f3w biologicznych w badaniach kryminalistycznych.<\/b><\/p>\n<p><span style=\"font-weight: 400;\">Spotkanie po\u015bwi\u0119cone by\u0142o <\/span><b>wybranym obszarom nauk s\u0105dowych, <\/b><span style=\"font-weight: 400;\">takim jak:<\/span><\/p>\n<ul>\n<li style=\"font-weight: 400;\" aria-level=\"1\"><span style=\"font-weight: 400;\">identyfikacja os\u00f3b na podstawie materia\u0142u dowodowego;<\/span><\/li>\n<li style=\"font-weight: 400;\" aria-level=\"1\"><span style=\"font-weight: 400;\">znaczenie sekcji zw\u0142ok w procesie dochodzeniowym;<\/span><\/li>\n<li style=\"font-weight: 400;\" aria-level=\"1\"><span style=\"font-weight: 400;\">analiza nierozwi\u0105zanych spraw kryminalnych.<\/span><\/li>\n<\/ul>\n<h2><span style=\"font-weight: 400;\">Nowoczesne metody badawcze w kryminalistyce<\/span><\/h2>\n<p><span style=\"font-weight: 400;\">Podczas wyk\u0142adu om\u00f3wiona zosta\u0142a r\u00f3wnie\u017c <\/span><b>rola nowoczesnych metod badawczych w procesie identyfikacji i rekonstrukcji zdarze\u0144<\/b><span style=\"font-weight: 400;\">. Szczeg\u00f3ln\u0105 uwag\u0119 prowadz\u0105ca po\u015bwi\u0119ci\u0142a analizom genetycznym oraz molekularnym oraz ich praktycznemu zastosowaniu w pracy ekspert\u00f3w medycyny s\u0105dowej.<\/span><\/p>\n<p><span style=\"font-weight: 400;\">Uczestnicy mieli okazj\u0119 zapozna\u0107 si\u0119 z <\/span><b>przyk\u0142adami wykorzystania danych naukowych w analizie przypadk\u00f3w kryminalnych<\/b><span style=\"font-weight: 400;\"> oraz zrozumie\u0107, jak wsp\u00f3\u0142czesna nauka wspiera dzia\u0142ania \u015bledcze.<\/span><\/p>\n\n\t\t<\/div>\n\t<\/div>\n<\/div><\/div><div class=\"vc_tta-panel\" id=\"1769600958339-4e24d613-c590\" data-vc-content=\".vc_tta-panel-body\"><div class=\"vc_tta-panel-heading\"><h4 class=\"vc_tta-panel-title vc_tta-controls-icon-position-left\"><a href=\"#1769600958339-4e24d613-c590\" data-vc-accordion data-vc-container=\".vc_tta-container\"><span class=\"vc_tta-title-text\">Nowa umowa mi\u0119dzynarodowa WSKZ \u2013 wsp\u00f3\u0142praca z Azerbaijan State Agricultural University<\/span><i class=\"vc_tta-controls-icon vc_tta-controls-icon-chevron\"><\/i><\/a><\/h4><\/div><div class=\"vc_tta-panel-body\">\n\t<div class=\"wpb_text_column wpb_content_element\" >\n\t\t<div class=\"wpb_wrapper\">\n\t\t\t<p>Wy\u017csza Szko\u0142a Kszta\u0142cenia Zawodowego informuje o zawarciu<span>\u00a0<\/span><strong>umowy o wsp\u00f3\u0142pracy mi\u0119dzynarodowej z Azerbaijan State Agricultural University (ASAU)<\/strong><span>\u00a0<\/span>\u2013 wiod\u0105c\u0105 uczelni\u0105 rolnicz\u0105 w Republice Azerbejd\u017canu. Jest to<span>\u00a0<\/span><strong>kolejny sukces WSKZ<\/strong><span>\u00a0<\/span>i wa\u017cny krok w rozwoju mi\u0119dzynarodowej aktywno\u015bci uczelni.<\/p>\n<p>Porozumienie to w pe\u0142ni<span>\u00a0<\/span><strong>wpisuje si\u0119 w realizowan\u0105 przez Centrum Wsp\u00f3\u0142pracy Mi\u0119dzynarodowej strategi\u0119 umi\u0119dzynarodowienia uczelni<\/strong>, rozbudowy sieci partner\u00f3w zagranicznych oraz wzmacniania obecno\u015bci WSKZ poza granicami Polski.<\/p>\n<p>Podpisana umowa stwarza podstawy do wsp\u00f3\u0142pracy<span>\u00a0<\/span><a href=\"http:\/\/m.in\/\"><u>inter alia<\/u><\/a>. w zakresie:<\/p>\n<ul class=\"wp-block-list\">\n<li>kszta\u0142cenia akademickiego;<\/li>\n<li>wymiany do\u015bwiadcze\u0144 dydaktycznych i organizacyjnych;<\/li>\n<li>mobilno\u015bci student\u00f3w i kadry akademickiej;<\/li>\n<li>wsp\u00f3lnych inicjatyw naukowych i projektowych;<\/li>\n<li>rozwoju kompetencji w obszarze nauk rolniczych i pokrewnych.<\/li>\n<\/ul>\n<h2 class=\"wp-block-heading\"><strong>Azerbaijan State Agricultural University \u2013 silny o\u015brodek akademicki regionu<\/strong><\/h2>\n<p class=\"wp-block-heading\">Azerbaijan State Agricultural University to<span>\u00a0<\/span><strong>jedna z najwa\u017cniejszych uczelni wy\u017cszych w Azerbejd\u017canie<\/strong>, specjalizuj\u0105ca si\u0119 w naukach rolniczych, przyrodniczych i technicznych. Uczelnia odgrywa istotn\u0105 rol\u0119 w rozwoju bada\u0144 naukowych oraz nowoczesnych rozwi\u0105za\u0144 w sektorze rolnictwa i zr\u00f3wnowa\u017conego rozwoju, aktywnie wsp\u00f3\u0142pracuj\u0105c z partnerami mi\u0119dzynarodowymi.<\/p>\n<p>Zawarcie tej umowy potwierdza<span>\u00a0<\/span><strong>rosn\u0105c\u0105 rozpoznawalno\u015b\u0107 i atrakcyjno\u015b\u0107 WSKZ jako partnera akademickiego<\/strong><span>\u00a0<\/span>oraz konsekwentne rozszerzanie wsp\u00f3\u0142pracy z uczelniami spoza Unii Europejskiej. Centrum Wsp\u00f3\u0142pracy Mi\u0119dzynarodowej WSKZ b\u0119dzie wspiera\u0107 dalsze dzia\u0142ania wynikaj\u0105ce z zawartego porozumienia, dbaj\u0105c o jego sp\u00f3jno\u015b\u0107 z d\u0142ugofalow\u0105 strategi\u0105 rozwoju mi\u0119dzynarodowego uczelni.<\/p>\n\n\t\t<\/div>\n\t<\/div>\n<\/div><\/div><div class=\"vc_tta-panel\" id=\"1763715850864-b872b5b3-7d59\" data-vc-content=\".vc_tta-panel-body\"><div class=\"vc_tta-panel-heading\"><h4 class=\"vc_tta-panel-title vc_tta-controls-icon-position-left\"><a href=\"#1763715850864-b872b5b3-7d59\" data-vc-accordion data-vc-container=\".vc_tta-container\"><span class=\"vc_tta-title-text\">XV Mi\u0119dzynarodowa Konferencja Naukowa pod patronatem Rektora WSKZ<\/span><i class=\"vc_tta-controls-icon vc_tta-controls-icon-chevron\"><\/i><\/a><\/h4><\/div><div class=\"vc_tta-panel-body\">\n\t<div class=\"wpb_text_column wpb_content_element\" >\n\t\t<div class=\"wpb_wrapper\">\n\t\t\t<p><span>On days\u00a0<\/span><strong>4-5 grudnia 2025 roku<\/strong><span> w Bia\u0142obrzegach odby\u0142a si\u0119 XV Mi\u0119dzynarodowa Konferencja Naukowa<\/span><em><span>\u00a0<\/span>Nowoczesne koncepcje i metody zarz\u0105dzania<\/em><span>. Organizatorem wydarzenia jest Instytut Zarz\u0105dzania Wojskowej Akademii Technicznej.\u00a0<\/span><strong>Konferencja zosta\u0142a obj\u0119ta patronatem Rektora Wy\u017cszej Szko\u0142y Kszta\u0142cenia Zawodowego dr. Henryka Fedewicza.<\/strong><\/p>\n\n\t\t<\/div>\n\t<\/div>\n<\/div><\/div><div class=\"vc_tta-panel\" id=\"1763715798337-638c4fb1-d78d\" data-vc-content=\".vc_tta-panel-body\"><div class=\"vc_tta-panel-heading\"><h4 class=\"vc_tta-panel-title vc_tta-controls-icon-position-left\"><a href=\"#1763715798337-638c4fb1-d78d\" data-vc-accordion data-vc-container=\".vc_tta-container\"><span class=\"vc_tta-title-text\">Mi\u0119dzynarodowe uznanie dla dr. Bartosza B\u0142aszczaka \u2013 wyj\u0105tkowy numer Acta Neuropsychologica<\/span><i class=\"vc_tta-controls-icon vc_tta-controls-icon-chevron\"><\/i><\/a><\/h4><\/div><div class=\"vc_tta-panel-body\">\n\t<div class=\"wpb_text_column wpb_content_element\" >\n\t\t<div class=\"wpb_wrapper\">\n\t\t\t<p>Z dum\u0105 informujemy, \u017ce ukaza\u0142 si\u0119<span>\u00a0<\/span><strong>specjalny numer mi\u0119dzynarodowego czasopisma naukowego Acta Neuropsychologica, (Vol. 23, No. 2, 2025), wydany w uznaniu zas\u0142ug dr. Bartosza B\u0142aszczaka<\/strong>, Honorowego Cz\u0142onka Polskiego Towarzystwa Neuropsychologicznego.<\/p>\n<p>Numer zatytu\u0142owany \u201eNeurosciences in Honor of Doctor Bartosz B\u0142aszczak\u201d stanowi wyraz najwy\u017cszego uznania dla jego dorobku naukowego oraz trwa\u0142ego wp\u0142ywu na rozw\u00f3j psychologii, w szczeg\u00f3lno\u015bci neuropsychologii, a tak\u017ce na zarz\u0105dzanie w nauce i edukacji.<\/p>\n<p><strong>Dr B\u0142aszczak to nie tylko wybitny naukowiec, lecz przede wszystkim znakomity mened\u017cer i wizjonerski lider<\/strong>, potrafi\u0105cy integrowa\u0107 wok\u00f3\u0142 siebie \u015brodowisko wybitnych badaczy i do\u015bwiadczonych klinicyst\u00f3w. Jego wyj\u0105tkowa wra\u017cliwo\u015b\u0107 na cz\u0142owieka, otwarto\u015b\u0107 oraz oddanie sprawom nauki i edukacji sprawiaj\u0105, \u017ce w spos\u00f3b konsekwentny i znacz\u0105cy przyczynia si\u0119 do rozwoju nauk humanistycznych i spo\u0142ecznych \u2013 zw\u0142aszcza psychologii i zarz\u0105dzania.<\/p>\n<p>Numer zawiera osiem artyku\u0142\u00f3w: pi\u0119\u0107 bada\u0144 empirycznych, jedno studium przypadku oraz dwa artyku\u0142y przegl\u0105dowe.<span>\u00a0<\/span><strong>Redaktorem go\u015bcinnym<\/strong><span>\u00a0<\/span>numeru jest<span>\u00a0<\/span><strong>Artur Ziolkowski, PhD, Prof. WSKZ<\/strong>, Dyrektor Instytutu Psychologii.<\/p>\n<p>Czasopismo Acta Neuropsychologica znajduje si\u0119 w wiod\u0105cych mi\u0119dzynarodowych bazach danych (<a href=\"http:\/\/m.in\/\"><u>inter alia<\/u><\/a>. Clarivate JCR, SCOPUS, PsycINFO) i posiada aktualny Impact Factor 1.1 (2024), co czyni je istotnym forum mi\u0119dzynarodowej wymiany wiedzy w dziedzinie neuronauk.<\/p>\n\n\t\t<\/div>\n\t<\/div>\n<\/div><\/div><div class=\"vc_tta-panel\" id=\"1763715736234-f9f62687-87ee\" data-vc-content=\".vc_tta-panel-body\"><div class=\"vc_tta-panel-heading\"><h4 class=\"vc_tta-panel-title vc_tta-controls-icon-position-left\"><a href=\"#1763715736234-f9f62687-87ee\" data-vc-accordion data-vc-container=\".vc_tta-container\"><span class=\"vc_tta-title-text\">Mi\u0119dzynarodowa konferencja naukowa \u201eAI a kszta\u0142towanie postaw spo\u0142ecznych. Wyzwania edukacyjne, etyczne, prawne i gospodarcze\u201d<\/span><i class=\"vc_tta-controls-icon vc_tta-controls-icon-chevron\"><\/i><\/a><\/h4><\/div><div class=\"vc_tta-panel-body\">\n\t<div class=\"wpb_text_column wpb_content_element\" >\n\t\t<div class=\"wpb_wrapper\">\n\t\t\t<p><span>On days\u00a0<\/span><strong>21-22 pa\u017adziernika 2025 roku<\/strong><span>\u00a0w Akademii Nauk Stosowanych Angelusa Silesiusa w Wa\u0142brzychu odb\u0119dzie si\u0119 mi\u0119dzynarodowa konferencja naukowa<\/span><strong><span>\u00a0<\/span>\u201eAI a kszta\u0142towanie postaw spo\u0142ecznych. Wyzwania edukacyjne, etyczne, prawne i gospodarcze\u201d<\/strong><span>. W wydarzeniu wezm\u0105 udzia\u0142 eksperci z Polski, S\u0142owacji, Czech i innych kraj\u00f3w, aby wsp\u00f3lnie debatowa\u0107 nad przysz\u0142o\u015bci\u0105 sztucznej inteligencji i jej wp\u0142ywem na spo\u0142ecze\u0144stwo.<\/span><\/p>\n\n\t\t<\/div>\n\t<\/div>\n<\/div><\/div><div class=\"vc_tta-panel\" id=\"1762334849461-ba8998c1-d2f1\" data-vc-content=\".vc_tta-panel-body\"><div class=\"vc_tta-panel-heading\"><h4 class=\"vc_tta-panel-title vc_tta-controls-icon-position-left\"><a href=\"#1762334849461-ba8998c1-d2f1\" data-vc-accordion data-vc-container=\".vc_tta-container\"><span class=\"vc_tta-title-text\">Wydanie specjalne czasopisma \u201ePrawo i Bezpiecze\u0144stwo \u2013 Law &amp; Security\u201d<\/span><i class=\"vc_tta-controls-icon vc_tta-controls-icon-chevron\"><\/i><\/a><\/h4><\/div><div class=\"vc_tta-panel-body\">\n\t<div class=\"wpb_text_column wpb_content_element\" >\n\t\t<div class=\"wpb_wrapper\">\n\t\t\t<p><span style=\"font-weight: 400;\">W pa\u017adzierniku 2025 roku ukaza\u0142o si\u0119 <\/span><b>wydanie specjalne czasopisma naukowego \u201ePrawo i Bezpiecze\u0144stwo \u2013 Law &amp; Security\u201d<\/b><span style=\"font-weight: 400;\">, po\u015bwi\u0119cone interdyscyplinarnej analizie zjawiska handlu lud\u017ami. Numer zosta\u0142 opracowany w zwi\u0105zku z <\/span><b>Europejskim Dniem Przeciwko Handlowi Lud\u017ami<\/b><span style=\"font-weight: 400;\"> oraz towarzysz\u0105cymi mu wydarzeniami naukowymi \u2013 <\/span><b>Og\u00f3lnopolsk\u0105 Konferencj\u0105 Studenck\u0105<\/b><span style=\"font-weight: 400;\"> i <\/span><b>debat\u0105 publiczn\u0105<\/b><span style=\"font-weight: 400;\">. The meetings were held on <\/span><b>24-25 pa\u017adziernika 2025 r.<\/b><span style=\"font-weight: 400;\"> w <\/span><b>College of Vocational Training in Wroc\u0142aw<\/b><span style=\"font-weight: 400;\">.<\/span><\/p>\n\n\t\t<\/div>\n\t<\/div>\n<\/div><\/div><div class=\"vc_tta-panel\" id=\"1762336990472-2ba92299-05a3\" data-vc-content=\".vc_tta-panel-body\"><div class=\"vc_tta-panel-heading\"><h4 class=\"vc_tta-panel-title vc_tta-controls-icon-position-left\"><a href=\"#1762336990472-2ba92299-05a3\" data-vc-accordion data-vc-container=\".vc_tta-container\"><span class=\"vc_tta-title-text\">Konferencja Prawa Konstytucyjnego Ameryka \u0141aci\u0144ska \u2013 Europa \u015arodkowa pod tytu\u0142em \u201eCi\u0105g\u0142o\u015b\u0107 demokracji\u201d.<\/span><i class=\"vc_tta-controls-icon vc_tta-controls-icon-chevron\"><\/i><\/a><\/h4><\/div><div class=\"vc_tta-panel-body\">\n\t<div class=\"wpb_text_column wpb_content_element\" >\n\t\t<div class=\"wpb_wrapper\">\n\t\t\t<p><strong>Obrady odby\u0142y si\u0119 we Wroc\u0142awiu w dniach 13-15 pa\u017adziernika 2025 r.<span>\u00a0<\/span><\/strong>at the Scandic Hotel at ul. J. Pi\u0142sudskiego 53\/57 in Wroc\u0142aw.<\/p>\n\n\t\t<\/div>\n\t<\/div>\n<\/div><\/div><div class=\"vc_tta-panel\" id=\"1763715670912-19e91130-9c15\" data-vc-content=\".vc_tta-panel-body\"><div class=\"vc_tta-panel-heading\"><h4 class=\"vc_tta-panel-title vc_tta-controls-icon-position-left\"><a href=\"#1763715670912-19e91130-9c15\" data-vc-accordion data-vc-container=\".vc_tta-container\"><span class=\"vc_tta-title-text\">Cykl seminari\u00f3w o Bliskim Wschodzie rusza<\/span><i class=\"vc_tta-controls-icon vc_tta-controls-icon-chevron\"><\/i><\/a><\/h4><\/div><div class=\"vc_tta-panel-body\">\n\t<div class=\"wpb_text_column wpb_content_element\" >\n\t\t<div class=\"wpb_wrapper\">\n\t\t\t<p><strong>W roku akademickim 2025\/2026 ruszt\u0142 cykl seminari\u00f3w<\/strong><span>\u00a0online organizowany przez Laboratorium Bliskowschodnie. Spotkania b\u0119d\u0105 przestrzeni\u0105 do interdyscyplinarnej refleksji nad politycznymi, spo\u0142ecznymi i religijnymi wyzwaniami regionu Bliskiego Wschodu oraz okazj\u0105 do\u00a0<\/span><strong>wymiany wiedzy mi\u0119dzy wyk\u0142adowcami, studentami i ekspertami.<\/strong><\/p>\n\n\t\t<\/div>\n\t<\/div>\n<\/div><\/div><div class=\"vc_tta-panel\" id=\"1763715480017-5502caff-3153\" data-vc-content=\".vc_tta-panel-body\"><div class=\"vc_tta-panel-heading\"><h4 class=\"vc_tta-panel-title vc_tta-controls-icon-position-left\"><a href=\"#1763715480017-5502caff-3153\" data-vc-accordion data-vc-container=\".vc_tta-container\"><span class=\"vc_tta-title-text\">Inauguracja Roku Akademickiego 2025\/2026 Wy\u017cszej Szko\u0142y Kszta\u0142cenia Zawodowego<\/span><i class=\"vc_tta-controls-icon vc_tta-controls-icon-chevron\"><\/i><\/a><\/h4><\/div><div class=\"vc_tta-panel-body\">\n\t<div class=\"wpb_text_column wpb_content_element\" >\n\t\t<div class=\"wpb_wrapper\">\n\t\t\t<p><span>Rok akademicki 2025\/2026 jest szczeg\u00f3lny, poniewa\u017c dzi\u0119ki dzia\u0142aniom Centrum Wsp\u00f3\u0142pracy Mi\u0119dzynarodowej WSKZ rozpocz\u0119\u0142a proces nawi\u0105zywania\u00a0<\/span><strong>partnerstwa z SIMS.<\/strong><span>\u00a0Efektem rozm\u00f3w jest podpisanie Listu Intencyjnego, kt\u00f3ry obejmuje wsp\u00f3lne inicjatywy w obszarze edukacji, bada\u0144 naukowych oraz wymiany student\u00f3w.<\/span><\/p>\n\n\t\t<\/div>\n\t<\/div>\n<\/div><\/div><div class=\"vc_tta-panel\" id=\"1762337527337-a88901b9-15f3\" data-vc-content=\".vc_tta-panel-body\"><div class=\"vc_tta-panel-heading\"><h4 class=\"vc_tta-panel-title vc_tta-controls-icon-position-left\"><a href=\"#1762337527337-a88901b9-15f3\" data-vc-accordion data-vc-container=\".vc_tta-container\"><span class=\"vc_tta-title-text\">WSKZ na uroczystej Inauguracji Roku Akademickiego Uniwersytetu Preszowskiego na S\u0142owacji<\/span><i class=\"vc_tta-controls-icon vc_tta-controls-icon-chevron\"><\/i><\/a><\/h4><\/div><div class=\"vc_tta-panel-body\">\n\t<div class=\"wpb_text_column wpb_content_element\" >\n\t\t<div class=\"wpb_wrapper\">\n\t\t\t<p><strong>Wy\u017csza Szko\u0142a Kszta\u0142cenia Zawodowego we Wroc\u0142awiu zosta\u0142a zaproszona do udzia\u0142u w uroczystej inauguracji roku akademickiego Uniwersytetu Preszowskiego na S\u0142owacji<\/strong><span>\u00a0\u2013 jednego z najwa\u017cniejszych partner\u00f3w mi\u0119dzynarodowych Uczelni. Wydarzenie odby\u0142o si\u0119 w wyj\u0105tkowej oprawie i zgromadzi\u0142o przedstawicieli \u015bwiata nauki, administracji oraz biznesu.<\/span><\/p>\n\n\t\t<\/div>\n\t<\/div>\n<\/div><\/div><div class=\"vc_tta-panel\" id=\"1763375448891-542c7d60-3817\" data-vc-content=\".vc_tta-panel-body\"><div class=\"vc_tta-panel-heading\"><h4 class=\"vc_tta-panel-title vc_tta-controls-icon-position-left\"><a href=\"#1763375448891-542c7d60-3817\" data-vc-accordion data-vc-container=\".vc_tta-container\"><span class=\"vc_tta-title-text\">Ogromny sukces Centrum Wsp\u00f3\u0142pracy Mi\u0119dzynarodowej naszej Uczelni<\/span><i class=\"vc_tta-controls-icon vc_tta-controls-icon-chevron\"><\/i><\/a><\/h4><\/div><div class=\"vc_tta-panel-body\">\n\t<div class=\"wpb_text_column wpb_content_element\" >\n\t\t<div class=\"wpb_wrapper\">\n\t\t\t<p><b>University of Vocational Training in Wroc\u0142aw<\/b><span style=\"font-weight: 400;\"><strong> znacz\u0105co wzmocni\u0142a swoj\u0105 pozycj\u0119 na mapie europejskiego szkolnictwa wy\u017cszego<\/strong>. Dzi\u0119ki dzia\u0142aniom <\/span>Centrum Wsp\u00f3\u0142pracy Mi\u0119dzynarodowej WSKZ<span style=\"font-weight: 400;\"> uczelnia zawar\u0142a umowy z trzema renomowanymi uniwersytetami w ramach programu <\/span>Erasmus+<span style=\"font-weight: 400;\">.<\/span><\/p>\n\n\t\t<\/div>\n\t<\/div>\n<\/div><\/div><div class=\"vc_tta-panel\" id=\"1762337441150-fd0ff933-099c\" data-vc-content=\".vc_tta-panel-body\"><div class=\"vc_tta-panel-heading\"><h4 class=\"vc_tta-panel-title vc_tta-controls-icon-position-left\"><a href=\"#1762337441150-fd0ff933-099c\" data-vc-accordion data-vc-container=\".vc_tta-container\"><span class=\"vc_tta-title-text\">Konferencja pt.: \u201e30 Years Anti-Trafficking Work in Europe &amp; Supporting Victim Rights \u2013 How to effectively address human trafficking and ensure that trafficked persons receive protection and support?\u201d.<\/span><i class=\"vc_tta-controls-icon vc_tta-controls-icon-chevron\"><\/i><\/a><\/h4><\/div><div class=\"vc_tta-panel-body\">\n\t<div class=\"wpb_text_column wpb_content_element\" >\n\t\t<div class=\"wpb_wrapper\">\n\t\t\t<p><strong>W dniu 18 wrze\u015bnia 2025 roku<\/strong><span>\u00a0w siedzibie Ministerstwa Spraw Wewn\u0119trznych i Administracji w Warszawie odby\u0142a si\u0119 mi\u0119dzynarodowa konferencja pt.:\u00a0<\/span><strong>\u201e30 Years Anti-Trafficking Work in Europe &amp; Supporting Victim Rights \u2013 How to effectively address human trafficking and ensure that trafficked persons receive protection and support?\u201d<\/strong><span>. Wydarzenie zorganizowane zosta\u0142o przez Departament Porz\u0105dku Publicznego MSWiA we wsp\u00f3\u0142pracy z Rad\u0105 Europy, Fundacj\u0105 La Strada Polska, La Strada International oraz partnerami z kraju i zagranicy. Konferencja to element obchod\u00f3w<\/span><strong><span>\u00a0<\/span>20-lecia przyj\u0119cia Konwencji Rady Europy<\/strong><span>\u00a0w sprawie dzia\u0142a\u0144 przeciwko handlowi lud\u017ami oraz\u00a0<\/span><strong>30-lecia dzia\u0142alno\u015bci Fundacji La Strada<\/strong><span>.<\/span><\/p>\n\n\t\t<\/div>\n\t<\/div>\n<\/div><\/div><div class=\"vc_tta-panel\" id=\"1762333866503-1555ee25-ccd4\" data-vc-content=\".vc_tta-panel-body\"><div class=\"vc_tta-panel-heading\"><h4 class=\"vc_tta-panel-title vc_tta-controls-icon-position-left\"><a href=\"#1762333866503-1555ee25-ccd4\" data-vc-accordion data-vc-container=\".vc_tta-container\"><span class=\"vc_tta-title-text\">21. Mi\u0119dzynarodowy kongres \u201eKryminalistyka i Ekspertologia S\u0105dowa: Nauka, Studia, Praktyka\u201d pod Patronatem Honorowym Komendanta G\u0142\u00f3wnego Policji<\/span><i class=\"vc_tta-controls-icon vc_tta-controls-icon-chevron\"><\/i><\/a><\/h4><\/div><div class=\"vc_tta-panel-body\">\n\t<div class=\"wpb_text_column wpb_content_element\" >\n\t\t<div class=\"wpb_wrapper\">\n\t\t\t<p>On days<span>\u00a0<\/span><strong>18-20 September 2025<\/strong><span>\u00a0<\/span>w<span>\u00a0<\/span><strong>European Solidarity Centre in Gdansk<\/strong><span>\u00a0<\/span>odby\u0142 si\u0119<span>\u00a0<\/span><strong>21st International Forensic Congress<\/strong><span>\u00a0<\/span>under the slogan:<span>\u00a0<\/span><strong>\"Forensics and Forensic Expertise: Science, Studies, Practice\".<\/strong>.<\/p>\n<p>Organizatorem wydarzenia by\u0142o szerokie grono instytucji, w tym<span>\u00a0<\/span><strong>Polish Criminalistics Society<\/strong>,<span>\u00a0<\/span><strong>University of Vocational Training in Wroc\u0142aw<\/strong>as well as numerous academic centres and international organisations. The congress was covered by<span>\u00a0<\/span><strong>Under the Honorary Patronage of the Commander-in-Chief of the Police, Chief Superintendent Marek Boro\u0144<\/strong>.<\/p>\n\n\t\t<\/div>\n\t<\/div>\n<\/div><\/div><div class=\"vc_tta-panel\" id=\"1763716016557-5cfbc63a-f6f7\" data-vc-content=\".vc_tta-panel-body\"><div class=\"vc_tta-panel-heading\"><h4 class=\"vc_tta-panel-title vc_tta-controls-icon-position-left\"><a href=\"#1763716016557-5cfbc63a-f6f7\" data-vc-accordion data-vc-container=\".vc_tta-container\"><span class=\"vc_tta-title-text\">XXI International Congress of Forensic Science<\/span><i class=\"vc_tta-controls-icon vc_tta-controls-icon-chevron\"><\/i><\/a><\/h4><\/div><div class=\"vc_tta-panel-body\">\n\t<div class=\"wpb_text_column wpb_content_element\" >\n\t\t<div class=\"wpb_wrapper\">\n\t\t\t<p><strong>\"Forensic science and forensic expertise: <\/strong><br \/>\n<strong>science, study, practice\"<\/strong><\/p>\n<ul>\n<li>18-20 September 2025.<\/li>\n<li>European Solidarity Centre in Gdansk<br \/>\n<u><br \/>\nEvent details &gt;<\/u><\/li>\n<\/ul>\n\n\t\t<\/div>\n\t<\/div>\n<\/div><\/div><div class=\"vc_tta-panel\" id=\"1762337325052-54c20bd4-05de\" data-vc-content=\".vc_tta-panel-body\"><div class=\"vc_tta-panel-heading\"><h4 class=\"vc_tta-panel-title vc_tta-controls-icon-position-left\"><a href=\"#1762337325052-54c20bd4-05de\" data-vc-accordion data-vc-container=\".vc_tta-container\"><span class=\"vc_tta-title-text\">Participation of WSKZ representatives in the XXXIII International Defence Industry Exhibition in Kielce<\/span><i class=\"vc_tta-controls-icon vc_tta-controls-icon-chevron\"><\/i><\/a><\/h4><\/div><div class=\"vc_tta-panel-body\">\n\t<div class=\"wpb_text_column wpb_content_element\" >\n\t\t<div class=\"wpb_wrapper\">\n\t\t\t<p><span>On days<\/span><strong><span>\u00a0<\/span>2-5 wrze\u015bnia 2025 roku w Kielcach<\/strong><span>\u00a0odby\u0142a si\u0119\u00a0<\/span><strong>XXXIII International Defence Industry Exhibition (MSPO)<span>\u00a0<\/span><\/strong><span>\u2013 jedno z najwa\u017cniejszych wydarze\u0144 w Europie i na \u015bwiecie, dedykowane przedstawicielom przemys\u0142u obronnego, decydentom wojskowym oraz ekspertom z bran\u017cy. Corocznie organizowane targi gromadz\u0105 czo\u0142owe firmy, instytucje oraz delegacje z kilkudziesi\u0119ciu pa\u0144stw, tworz\u0105c platform\u0119 do prezentacji najnowszych technologii, produkt\u00f3w i rozwi\u0105za\u0144 z zakresu obronno\u015bci i bezpiecze\u0144stwa. Wydarzenie to stanowi\u0142o r\u00f3wnie\u017c przestrze\u0144 do\u00a0<\/span><strong>establishing international cooperation<\/strong><span>\u00a0and the exchange of experience between the military, industrial and scientific sectors.<\/span><\/p>\n\n\t\t<\/div>\n\t<\/div>\n<\/div><\/div><div class=\"vc_tta-panel\" id=\"1762336542228-4bd30933-faf1\" data-vc-content=\".vc_tta-panel-body\"><div class=\"vc_tta-panel-heading\"><h4 class=\"vc_tta-panel-title vc_tta-controls-icon-position-left\"><a href=\"#1762336542228-4bd30933-faf1\" data-vc-accordion data-vc-container=\".vc_tta-container\"><span class=\"vc_tta-title-text\">Umowa z \u201eInnowacyjn\u0105 Platform\u0105 Medyczn\u0105\u201d i wsp\u00f3lne czasopismo naukowe<\/span><i class=\"vc_tta-controls-icon vc_tta-controls-icon-chevron\"><\/i><\/a><\/h4><\/div><div class=\"vc_tta-panel-body\">\n\t<div class=\"wpb_text_column wpb_content_element\" >\n\t\t<div class=\"wpb_wrapper\">\n\t\t\t<p><span>We are pleased to announce that<\/span><strong><span>\u00a0<\/span><\/strong><span>The University of Vocational Training in Wroc\u0142aw has signed a<\/span><strong><span>\u00a0<\/span><\/strong><span>strategic agreement on\u00a0<\/span><strong>international cooperation<\/strong><span>\u00a0with the Ukrainian public organisation 'Innovative Medical Platform'. This agreement is not only a further step in the development of our academic cooperation, but also a significant boost to the strengthening of the\u00a0<\/span><strong>international research network<\/strong><span>\u00a0in the fields of medical science, psychology and health education.<\/span><\/p>\n\n\t\t<\/div>\n\t<\/div>\n<\/div><\/div><div class=\"vc_tta-panel\" id=\"1763715902489-fde35590-5fba\" data-vc-content=\".vc_tta-panel-body\"><div class=\"vc_tta-panel-heading\"><h4 class=\"vc_tta-panel-title vc_tta-controls-icon-position-left\"><a href=\"#1763715902489-fde35590-5fba\" data-vc-accordion data-vc-container=\".vc_tta-container\"><span class=\"vc_tta-title-text\">WSKZ rozszerza sie\u0107 partner\u00f3w Erasmus+ o sze\u015b\u0107 nowych uczelni europejskich!<\/span><i class=\"vc_tta-controls-icon vc_tta-controls-icon-chevron\"><\/i><\/a><\/h4><\/div><div class=\"vc_tta-panel-body\">\n\t<div class=\"wpb_text_column wpb_content_element\" >\n\t\t<div class=\"wpb_wrapper\">\n\t\t\t<p><span>We are delighted to announce that\u00a0<\/span><strong>Wy\u017csza Szko\u0142a Kszta\u0142cenia Zawodowego we Wroc\u0142awiu poszerzy\u0142a swoj\u0105 sie\u0107 partnersk\u0105 w ramach programu Erasmus+.<\/strong><span>\u00a0Do\u0142\u0105czy\u0142o do niej sze\u015b\u0107 renomowanych uczelni z ca\u0142ej Europy. To kolejny krok w dynamicznym rozwoju WSKZ na arenie mi\u0119dzynarodowej. Dzi\u0119ki nowym porozumieniom nasi studenci i pracownicy zyskaj\u0105 wi\u0119cej mo\u017cliwo\u015bci wymian akademickich, praktyk zagranicznych oraz wsp\u00f3\u0142pracy naukowej i dydaktycznej.<\/span><\/p>\n\n\t\t<\/div>\n\t<\/div>\n<\/div><\/div><div class=\"vc_tta-panel\" id=\"1763636595740-fc4bfc51-2e56\" data-vc-content=\".vc_tta-panel-body\"><div class=\"vc_tta-panel-heading\"><h4 class=\"vc_tta-panel-title vc_tta-controls-icon-position-left\"><a href=\"#1763636595740-fc4bfc51-2e56\" data-vc-accordion data-vc-container=\".vc_tta-container\"><span class=\"vc_tta-title-text\">WSKZ rozszerza wsp\u00f3\u0142prac\u0119 mi\u0119dzynarodow\u0105 \u2013 trzy nowe umowy partnerskie<\/span><i class=\"vc_tta-controls-icon vc_tta-controls-icon-chevron\"><\/i><\/a><\/h4><\/div><div class=\"vc_tta-panel-body\">\n\t<div class=\"wpb_text_column wpb_content_element\" >\n\t\t<div class=\"wpb_wrapper\">\n\t\t\t<p><b>University College of Professional Education<\/b><span style=\"font-weight: 400;\"> podpisa\u0142a trzy mi\u0119dzynarodowe umowy o wsp\u00f3\u0142pracy z uczelniami z <\/span><b>Kenii<\/b><span style=\"font-weight: 400;\">, <\/span><b>Nigerii<\/b><span style=\"font-weight: 400;\"> and <\/span><b>Czech<\/b><span style=\"font-weight: 400;\">. Partnerstwa obejmuj\u0105 dzia\u0142ania w obszarze edukacji, bada\u0144 naukowych oraz wymiany student\u00f3w i kadry akademickiej.<\/span><\/p>\n\n\t\t<\/div>\n\t<\/div>\n<\/div><\/div><div class=\"vc_tta-panel\" id=\"1762337097769-9d86468c-4120\" data-vc-content=\".vc_tta-panel-body\"><div class=\"vc_tta-panel-heading\"><h4 class=\"vc_tta-panel-title vc_tta-controls-icon-position-left\"><a href=\"#1762337097769-9d86468c-4120\" data-vc-accordion data-vc-container=\".vc_tta-container\"><span class=\"vc_tta-title-text\">Obtaining the ECHE Charter is a great success for the entire WSKZ academic community<\/span><i class=\"vc_tta-controls-icon vc_tta-controls-icon-chevron\"><\/i><\/a><\/h4><\/div><div class=\"vc_tta-panel-body\">\n\t<div class=\"wpb_text_column wpb_content_element\" >\n\t\t<div class=\"wpb_wrapper\">\n\t\t\t<p><strong>We are proud to announce that the College of Vocational Education in Wroc\u0142aw has been awarded an Erasmus Charter for Higher Education (ECHE) by the European Commission!<\/strong><span>\u00a0<\/span>This prestigious award opens up new prospects for our University's international academic cooperation and participation in the<span>\u00a0<\/span><strong>Erasmus+<\/strong><span>\u00a0<\/span>- one of the European Union's most important educational programmes.<\/p>\n<p><strong>Obtaining the ECHE Charter is a great success for the entire WSKZ academic community<\/strong>. It confirms the high quality of education, the transparency of activities and our commitment to the development of international mobility of students and teaching staff. The Erasmus Charter for Higher Education (ECHE) is a document awarded by the European Commission which confirms that<span>\u00a0<\/span><strong>the university meets certain quality standards in terms of mobility and international cooperation<\/strong>.<span>\u00a0<\/span><\/p>\n\n\t\t<\/div>\n\t<\/div>\n<\/div><\/div><div class=\"vc_tta-panel\" id=\"1762337208041-5a9980ce-2389\" data-vc-content=\".vc_tta-panel-body\"><div class=\"vc_tta-panel-heading\"><h4 class=\"vc_tta-panel-title vc_tta-controls-icon-position-left\"><a href=\"#1762337208041-5a9980ce-2389\" data-vc-accordion data-vc-container=\".vc_tta-container\"><span class=\"vc_tta-title-text\">Wy\u017csza Szko\u0142a Kszta\u0142cenia Zawodowego wzmacnia pozycj\u0119 mi\u0119dzynarodow\u0105 \u2013 partnerstwo z uczelni\u0105 w Meksyku<\/span><i class=\"vc_tta-controls-icon vc_tta-controls-icon-chevron\"><\/i><\/a><\/h4><\/div><div class=\"vc_tta-panel-body\">\n\t<div class=\"wpb_text_column wpb_content_element\" >\n\t\t<div class=\"wpb_wrapper\">\n\t\t\t<p><span>Z dum\u0105 informujemy, \u017ce Wy\u017csza Szko\u0142a Kszta\u0142cenia Zawodowego we Wroc\u0142awiu podpisa\u0142a umow\u0119 o wsp\u00f3\u0142pracy z\u00a0<\/span><strong>Autonomous University of the State of Quintana Roo<\/strong><span>\u00a0(Universidad Aut\u00f3noma del Estado de Quintana Roo \u2013 UQROO) w Meksyku.\u00a0<\/span><strong>To wa\u017cny krok w rozwoju naszej Uczelni,<\/strong><span>\u00a0kt\u00f3ry otwiera nowe perspektywy dla student\u00f3w, wyk\u0142adowc\u00f3w oraz ca\u0142ej spo\u0142eczno\u015bci akademickiej.<\/span><\/p>\n\n\t\t<\/div>\n\t<\/div>\n<\/div><\/div><div class=\"vc_tta-panel\" id=\"1762337247208-02bf7e53-d552\" data-vc-content=\".vc_tta-panel-body\"><div class=\"vc_tta-panel-heading\"><h4 class=\"vc_tta-panel-title vc_tta-controls-icon-position-left\"><a href=\"#1762337247208-02bf7e53-d552\" data-vc-accordion data-vc-container=\".vc_tta-container\"><span class=\"vc_tta-title-text\">Wy\u017csza Szko\u0142a Kszta\u0142cenia Zawodowego rozwija wsp\u00f3\u0142prac\u0119 mi\u0119dzynarodow\u0105 w Azji \u2013 nowa umowa z Mongolian University of Life Sciences<\/span><i class=\"vc_tta-controls-icon vc_tta-controls-icon-chevron\"><\/i><\/a><\/h4><\/div><div class=\"vc_tta-panel-body\">\n\t<div class=\"wpb_text_column wpb_content_element\" >\n\t\t<div class=\"wpb_wrapper\">\n\t\t\t<p><span>Wy\u017csza Szko\u0142a Kszta\u0142cenia Zawodowego we Wroc\u0142awiu konsekwentnie umacnia swoj\u0105 obecno\u015b\u0107 na arenie mi\u0119dzynarodowej.\u00a0<\/span><strong>Uczelnia podpisa\u0142a umow\u0119 partnersk\u0105 z Mongolian University of Life Sciences (MULS)<\/strong><span>\u00a0\u2013 jedn\u0105 z czo\u0142owych instytucji akademickich w Mongolii. To kolejny wa\u017cny krok w budowaniu sieci wsp\u00f3\u0142pracy z uczelniami z Azji, kt\u00f3ry otwiera<\/span><strong><span>\u00a0<\/span>nowe mo\u017cliwo\u015bci dla student\u00f3w i kadry naukowej.<\/strong><\/p>\n\n\t\t<\/div>\n\t<\/div>\n<\/div><\/div><div class=\"vc_tta-panel\" id=\"1763715596098-a4fa6a5a-5b0c\" data-vc-content=\".vc_tta-panel-body\"><div class=\"vc_tta-panel-heading\"><h4 class=\"vc_tta-panel-title vc_tta-controls-icon-position-left\"><a href=\"#1763715596098-a4fa6a5a-5b0c\" data-vc-accordion data-vc-container=\".vc_tta-container\"><span class=\"vc_tta-title-text\">WSKZ poszerza horyzonty \u2013 nowe partnerstwa w ramach programu Erasmus+<\/span><i class=\"vc_tta-controls-icon vc_tta-controls-icon-chevron\"><\/i><\/a><\/h4><\/div><div class=\"vc_tta-panel-body\">\n\t<div class=\"wpb_text_column wpb_content_element\" >\n\t\t<div class=\"wpb_wrapper\">\n\t\t\t<p><span>Wy\u017csza Szko\u0142a Kszta\u0142cenia Zawodowego konsekwentnie rozwija swoj\u0105 sie\u0107 kontakt\u00f3w akademickich w Europie. Dzi\u0119ki zaanga\u017cowaniu Centrum Wsp\u00f3\u0142pracy Mi\u0119dzynarodowej\u00a0<\/span><strong>WSKZ podpisano cztery nowe umowy partnerskie w ramach programu Erasmus+<\/strong><span>. To kolejny krok w stron\u0119 budowania mi\u0119dzynarodowej wsp\u00f3\u0142pracy, otwieraj\u0105cy\u00a0<\/span><strong>nowe mo\u017cliwo\u015bci dla student\u00f3w i kadry akademickiej.<\/strong><\/p>\n<p>Do grona partner\u00f3w do\u0142\u0105czy\u0142y:<\/p>\n<ul class=\"wp-block-list\">\n<li><strong>Ledra College (Cypr)<\/strong><span>\u00a0<\/span>\u2013 uczelnia z Nikozji, oferuj\u0105ca programy w j\u0119zyku angielskim z zakresu biznesu, zarz\u0105dzania, psychologii i nauk spo\u0142ecznych. Stawia na praktyczne kszta\u0142cenie i wsp\u00f3\u0142prac\u0119 mi\u0119dzynarodow\u0105.<\/li>\n<li><strong>Higher School of Security and Economics (Bu\u0142garia)<\/strong><span>\u00a0<\/span>\u2013 uczelnia z P\u0142owdiwu, specjalizuj\u0105ca si\u0119 w bezpiecze\u0144stwie narodowym, ekonomii i administracji publicznej. Ceniona za nowoczesne metody nauczania i powi\u0105zania z sektorem publicznym i prywatnym.<\/li>\n<li><strong>Ambis University (Czechy)<\/strong><span>\u00a0<\/span>\u2013 renomowana prywatna uczelnia z Pragi i Brna, prowadz\u0105ca studia z zarz\u0105dzania, ekonomii i administracji. Znana z praktycznego podej\u015bcia do kszta\u0142cenia i wspierania mobilno\u015bci akademickiej.<\/li>\n<li><strong>PAR University of Applied Sciences (Chorwacja)<\/strong><span>\u00a0<\/span>\u2013 uczelnia z Rijeki, k\u0142ad\u0105ca nacisk na edukacj\u0119 praktyczn\u0105 i \u015bcis\u0142\u0105 wsp\u00f3\u0142prac\u0119 z biznesem. Kszta\u0142ci lider\u00f3w w dziedzinach zarz\u0105dzania, turystyki, przedsi\u0119biorczo\u015bci i innowacji.<\/li>\n<\/ul>\n\n\t\t<\/div>\n\t<\/div>\n<\/div><\/div><div class=\"vc_tta-panel\" id=\"1751452301958-93eba2af-b483\" data-vc-content=\".vc_tta-panel-body\"><div class=\"vc_tta-panel-heading\"><h4 class=\"vc_tta-panel-title vc_tta-controls-icon-position-left\"><a href=\"#1751452301958-93eba2af-b483\" data-vc-accordion data-vc-container=\".vc_tta-container\"><span class=\"vc_tta-title-text\">New chapter in international cooperation: agreement with 'Innovative Medical Platform' and joint scientific journal<\/span><i class=\"vc_tta-controls-icon vc_tta-controls-icon-chevron\"><\/i><\/a><\/h4><\/div><div class=\"vc_tta-panel-body\">\n\t<div class=\"wpb_text_column wpb_content_element\" >\n\t\t<div class=\"wpb_wrapper\">\n\t\t\t<p><b>\u00a0<\/b><span style=\"font-weight: 400;\">The University of Vocational Training in Wroc\u0142aw has signed a<\/span> <span style=\"font-weight: 400;\">strategic agreement on <\/span>international cooperation<span style=\"font-weight: 400;\"> with the Ukrainian public organisation 'Innovative Medical Platform'. A particular achievement of this cooperation is the initiative to establish a new international scientific journal entitled 'The Innovative Medical Platform'.<i> \"<\/i>International Medical Herald<i>\"<\/i>.<\/span><\/p>\n\n\t\t<\/div>\n\t<\/div>\n<\/div><\/div><div class=\"vc_tta-panel\" id=\"1762336113300-00508b20-afd5\" data-vc-content=\".vc_tta-panel-body\"><div class=\"vc_tta-panel-heading\"><h4 class=\"vc_tta-panel-title vc_tta-controls-icon-position-left\"><a href=\"#1762336113300-00508b20-afd5\" data-vc-accordion data-vc-container=\".vc_tta-container\"><span class=\"vc_tta-title-text\">Agreement with the Swiss Institute of Management and Sciences in Switzerland<\/span><i class=\"vc_tta-controls-icon vc_tta-controls-icon-chevron\"><\/i><\/a><\/h4><\/div><div class=\"vc_tta-panel-body\">\n\t<div class=\"wpb_text_column wpb_content_element\" >\n\t\t<div class=\"wpb_wrapper\">\n\t\t\t<p>The College of Vocational Training has concluded a letter of intent for international cooperation with<span>\u00a0<\/span><strong>Swiss Institute of Management and Sciences (<\/strong><strong><em>SIMS)<\/em><\/strong><span>\u00a0<\/span>- university based in Zug, specialising in areas such as<span>\u00a0<\/span><strong>management, finance, logistics, marketing or tourism.<\/strong><\/p>\n<p>As part of the cooperation, it was planned to<span>\u00a0<\/span><strong>teaching and research activities and exchanges of students and academic staff<\/strong>. SIMS offers high quality education, combining a modern approach to education with academic tradition. The university actively participates in international initiatives, working with partners such as.<strong><span>\u00a0<\/span>UNESCO<\/strong><span>\u00a0<\/span>and by organising exchanges, seminars and<span>\u00a0<\/span><strong>joint research<\/strong>.<\/p>\n\n\t\t<\/div>\n\t<\/div>\n<\/div><\/div><div class=\"vc_tta-panel\" id=\"1762336193027-f45712b9-b4a2\" data-vc-content=\".vc_tta-panel-body\"><div class=\"vc_tta-panel-heading\"><h4 class=\"vc_tta-panel-title vc_tta-controls-icon-position-left\"><a href=\"#1762336193027-f45712b9-b4a2\" data-vc-accordion data-vc-container=\".vc_tta-container\"><span class=\"vc_tta-title-text\">Agreement with the Scientific Research Institute of State Building and Local Self-Government of the National Academy of Legal Sciences of Ukraine<\/span><i class=\"vc_tta-controls-icon vc_tta-controls-icon-chevron\"><\/i><\/a><\/h4><\/div><div class=\"vc_tta-panel-body\">\n\t<div class=\"wpb_text_column wpb_content_element\" >\n\t\t<div class=\"wpb_wrapper\">\n\t\t\t<p>The College of Vocational Training has signed an agreement with the<span>\u00a0<\/span><strong>Scientific Research Institute of State Building and Local Self-Government of the National Academy of Legal Sciences of Ukraine<\/strong>. It is a leading scientific centre for research into the organisation and functioning of the state, local government and legal systems in the context of public administration.<\/p>\n<p>Cooperation shall include<span>\u00a0<\/span><strong>implementation of joint scientific projects<\/strong>, the exchange of knowledge and experience, the organisation of conferences, scientific publications and joint efforts to obtain grants. The agreement provides<span>\u00a0<\/span><strong>an important step in the development of joint research<\/strong><span>\u00a0<\/span>and academic exchange in the field of law and administration.<\/p>\n\n\t\t<\/div>\n\t<\/div>\n<\/div><\/div><div class=\"vc_tta-panel\" id=\"1762336219643-b496570c-2a00\" data-vc-content=\".vc_tta-panel-body\"><div class=\"vc_tta-panel-heading\"><h4 class=\"vc_tta-panel-title vc_tta-controls-icon-position-left\"><a href=\"#1762336219643-b496570c-2a00\" data-vc-accordion data-vc-container=\".vc_tta-container\"><span class=\"vc_tta-title-text\">Cooperation with City Unity College Nicosia in Cyprus<\/span><i class=\"vc_tta-controls-icon vc_tta-controls-icon-chevron\"><\/i><\/a><\/h4><\/div><div class=\"vc_tta-panel-body\">\n\t<div class=\"wpb_text_column wpb_content_element\" >\n\t\t<div class=\"wpb_wrapper\">\n\t\t\t<p>City Unity College Nicosia has become another partner of the Higher School of Vocational Training.<span>\u00a0<\/span><strong>private educational institution<\/strong><span>\u00a0<\/span>operating in the Cypriot capital. Under the signed agreement, the parties will cooperate in the areas of science, teaching and academic exchange.<\/p>\n<p>City Unity College Nicosia offers<span>\u00a0<\/span><strong>Bachelor and Master programmes<\/strong><span>\u00a0<\/span>in fields such as international management, administration, tourism, accounting or computer science. The university also runs<span>\u00a0<\/span><strong>studies in partnership with Cardiff Metropolitan University<\/strong>. In addition, it acts as an approved examination centre for VICTVS Global, conducting examinations for<strong><span>\u00a0<\/span>Institute of Chartered Accountants in England and Wales<\/strong><span>\u00a0<\/span>(<em>ICAEW<\/em>).<\/p>\n\n\t\t<\/div>\n\t<\/div>\n<\/div><\/div><div class=\"vc_tta-panel\" id=\"1762336245964-ae8ded21-7dce\" data-vc-content=\".vc_tta-panel-body\"><div class=\"vc_tta-panel-heading\"><h4 class=\"vc_tta-panel-title vc_tta-controls-icon-position-left\"><a href=\"#1762336245964-ae8ded21-7dce\" data-vc-accordion data-vc-container=\".vc_tta-container\"><span class=\"vc_tta-title-text\">Agreement with the International University of Kyrgyzstan<\/span><i class=\"vc_tta-controls-icon vc_tta-controls-icon-chevron\"><\/i><\/a><\/h4><\/div><div class=\"vc_tta-panel-body\">\n\t<div class=\"wpb_text_column wpb_content_element\" >\n\t\t<div class=\"wpb_wrapper\">\n\t\t\t<p>The College of Vocational Training has also signed an agreement with the<strong><span>\u00a0<\/span>International University of Kyrgyzstan<\/strong><span>\u00a0<\/span>- one of the most important academic universities in the region<span>\u00a0<\/span><strong>Central Asia<\/strong>. IUK is active in education and research in areas such as management, economics, computer science, humanities and natural sciences.<\/p>\n<p>The cooperation provides for<strong><span>\u00a0<\/span>joint research projects, student and faculty exchanges,<\/strong><span>\u00a0<\/span>the organisation of conferences and educational initiatives. The agreement aims to promote the quality of education and<span>\u00a0<\/span><strong>the development of international cooperation in academia.<\/strong><\/p>\n\n\t\t<\/div>\n\t<\/div>\n<\/div><\/div><div class=\"vc_tta-panel\" id=\"1762336945403-abe13be5-ce50\" data-vc-content=\".vc_tta-panel-body\"><div class=\"vc_tta-panel-heading\"><h4 class=\"vc_tta-panel-title vc_tta-controls-icon-position-left\"><a href=\"#1762336945403-abe13be5-ce50\" data-vc-accordion data-vc-container=\".vc_tta-container\"><span class=\"vc_tta-title-text\">International partnership in practice - Chancellor of Swiss SIMS visits the School of Vocational Training<\/span><i class=\"vc_tta-controls-icon vc_tta-controls-icon-chevron\"><\/i><\/a><\/h4><\/div><div class=\"vc_tta-panel-body\">\n\t<div class=\"wpb_text_column wpb_content_element\" >\n\t\t<div class=\"wpb_wrapper\">\n\t\t\t<p><strong>26 July 2025<\/strong><span>\u00a0At the invitation of the Centre for International Cooperation of the Higher School of Vocational Training in Wroc\u0142aw came to Wroc\u0142aw\u00a0<\/span><strong>Prof. Aleksandra Zaj\u0105c, Chancellor<span>\u00a0<\/span><\/strong><span>a renowned Swiss university -\u00a0<\/span><strong>The Swiss Institute of Management and Sciences<span>\u00a0<\/span><\/strong><span>(SIMS) to meet with the Management Staff of our University. Her visit was a great honour and a testament to the strong partnership and the high prestige of the College of Vocational Training on the international stage.<\/span><\/p>\n\n\t\t<\/div>\n\t<\/div>\n<\/div><\/div><div class=\"vc_tta-panel\" id=\"1762336338437-7d629035-6a87\" data-vc-content=\".vc_tta-panel-body\"><div class=\"vc_tta-panel-heading\"><h4 class=\"vc_tta-panel-title vc_tta-controls-icon-position-left\"><a href=\"#1762336338437-7d629035-6a87\" data-vc-accordion data-vc-container=\".vc_tta-container\"><span class=\"vc_tta-title-text\">Wyk\u0142ad otwarty prof. Robina Goodwina: \u201cPsychologia katastrof\u201d<\/span><i class=\"vc_tta-controls-icon vc_tta-controls-icon-chevron\"><\/i><\/a><\/h4><\/div><div class=\"vc_tta-panel-body\">\n\t<div class=\"wpb_text_column wpb_content_element\" >\n\t\t<div class=\"wpb_wrapper\">\n\t\t\t<p><span>On\u00a0<\/span><strong>6 July 2025 (Sunday) at 11.30am<\/strong><span>\u00a0odby\u0142 si\u0119 wyk\u0142ad otwarty pt.\u00a0<\/span><strong>\"The psychology of disasters\".<\/strong><span>, kt\u00f3ry wyg\u0142osi\u0142\u00a0<\/span><strong>Prof. Robin Goodwin<\/strong><span>\u00a0- an eminent specialist in the psychology of individual and societal reactions to traumatic events.<\/span><\/p>\n\n\t\t<\/div>\n\t<\/div>\n<\/div><\/div><div class=\"vc_tta-panel\" id=\"1762336421470-72fbdc33-0394\" data-vc-content=\".vc_tta-panel-body\"><div class=\"vc_tta-panel-heading\"><h4 class=\"vc_tta-panel-title vc_tta-controls-icon-position-left\"><a href=\"#1762336421470-72fbdc33-0394\" data-vc-accordion data-vc-container=\".vc_tta-container\"><span class=\"vc_tta-title-text\">Strategic International Agreement between the Vocational Training College and the University of Pre\u0161ov - Together for the Development of Science, Education and Academic Partnerships<\/span><i class=\"vc_tta-controls-icon vc_tta-controls-icon-chevron\"><\/i><\/a><\/h4><\/div><div class=\"vc_tta-panel-body\">\n\t<div class=\"wpb_text_column wpb_content_element\" >\n\t\t<div class=\"wpb_wrapper\">\n\t\t\t<p><span>On 2 July 2025, the College of Vocational Training, represented by the\u00a0<\/span><strong>Dr Irena Malinowska<\/strong><span>Prof. WSKZ - Dean of the Faculty of Social Sciences, and\u00a0<\/span><strong>Prof. Dariusz Brakoniecki<\/strong><span>\u00a0with the Centre for International Cooperation, concluded a bilateral agreement on scientific and didactic cooperation with the University of Pre\u0161ov in Pre\u0161ov (Slov.\u00a0<\/span><em>Pre\u0161ovsk\u00e1 univerzita v Pre\u0161ove<\/em><span>), a public academic university based in eastern Slovakia, represented by the Rector,\u00a0<\/span><strong>Prof. Peter K\u00f3nya<\/strong><span>\u00a0and Prof.\u00a0<\/span><strong>Kamila Kardis<\/strong><span>.<\/span><\/p>\n\n\t\t<\/div>\n\t<\/div>\n<\/div><\/div><div class=\"vc_tta-panel\" id=\"1741792834572-00b9348a-90a2\" data-vc-content=\".vc_tta-panel-body\"><div class=\"vc_tta-panel-heading\"><h4 class=\"vc_tta-panel-title vc_tta-controls-icon-position-left\"><a href=\"#1741792834572-00b9348a-90a2\" data-vc-accordion data-vc-container=\".vc_tta-container\"><span class=\"vc_tta-title-text\">Scientific conference entitled. \"Poland's internal and external security in the perspective of conflicts in neighbouring countries\".<\/span><i class=\"vc_tta-controls-icon vc_tta-controls-icon-chevron\"><\/i><\/a><\/h4><\/div><div class=\"vc_tta-panel-body\">\n\t<div class=\"wpb_text_column wpb_content_element\" >\n\t\t<div class=\"wpb_wrapper\">\n\t\t\t<p>Prof. E. Lipinski University of Economics, Law and Medical Sciences,<\/p>\n<p>Kielce, 29 June 2022.<\/p>\n\n\t\t<\/div>\n\t<\/div>\n<\/div><\/div><div class=\"vc_tta-panel\" id=\"1741792872814-2c81e60f-55ea\" data-vc-content=\".vc_tta-panel-body\"><div class=\"vc_tta-panel-heading\"><h4 class=\"vc_tta-panel-title vc_tta-controls-icon-position-left\"><a href=\"#1741792872814-2c81e60f-55ea\" data-vc-accordion data-vc-container=\".vc_tta-container\"><span class=\"vc_tta-title-text\">Scientific conference entitled. \"Current problems of improving forensic and law enforcement activities\".<\/span><i class=\"vc_tta-controls-icon vc_tta-controls-icon-chevron\"><\/i><\/a><\/h4><\/div><div class=\"vc_tta-panel-body\">\n\t<div class=\"wpb_text_column wpb_content_element\" >\n\t\t<div class=\"wpb_wrapper\">\n\t\t\t<p>University College of Professional Education together with the Kirovograd Forensic Centre of the Ministry of Internal Affairs of Ukraine<\/p>\n<p>24 June 2022 at 9.00 am<\/p>\n\n\t\t<\/div>\n\t<\/div>\n<\/div><\/div><div class=\"vc_tta-panel\" id=\"1762336083977-1bde6b8f-d432\" data-vc-content=\".vc_tta-panel-body\"><div class=\"vc_tta-panel-heading\"><h4 class=\"vc_tta-panel-title vc_tta-controls-icon-position-left\"><a href=\"#1762336083977-1bde6b8f-d432\" data-vc-accordion data-vc-container=\".vc_tta-container\"><span class=\"vc_tta-title-text\">University of Vocational Training co-organises national research conference \"1000 years of Poland in Europe - balance of experiences and vision for the future\"<\/span><i class=\"vc_tta-controls-icon vc_tta-controls-icon-chevron\"><\/i><\/a><\/h4><\/div><div class=\"vc_tta-panel-body\">\n\t<div class=\"wpb_text_column wpb_content_element\" >\n\t\t<div class=\"wpb_wrapper\">\n\t\t\t<p><strong>W dniach 23-24 czerwca 2025<\/strong><span>\u00a0<\/span>a nationwide scientific conference entitled 'The Role of the European Union in the Social Sciences' was held at the Faculty of Social Sciences of the University of Wroc\u0142aw.<span>\u00a0<\/span><strong>\"1000 YEARS - Poland in Europe. Taking stock of experience and a vision for the future\".<\/strong>devoted to reflection on Poland's place and role in Europe over the millennium. The event was organised in the special year of Poland's assumption of the Presidency of the Council of the European Union.<\/p>\n<p>We are proud to announce that the College of Vocational Training has acted as a<span>\u00a0<\/span><strong>co-organiser of the event<\/strong>, actively participating in both its preparation and expert sessions.<\/p>\n\n\t\t<\/div>\n\t<\/div>\n<\/div><\/div><div class=\"vc_tta-panel\" id=\"1762335883747-0af38992-63a9\" data-vc-content=\".vc_tta-panel-body\"><div class=\"vc_tta-panel-heading\"><h4 class=\"vc_tta-panel-title vc_tta-controls-icon-position-left\"><a href=\"#1762335883747-0af38992-63a9\" data-vc-accordion data-vc-container=\".vc_tta-container\"><span class=\"vc_tta-title-text\">Mi\u0119dzynarodowa konferencja pt. Zagini\u0119cia os\u00f3b poni\u017cej 18 roku \u017cycia w Europie. Wyzwania, prewencja i rozwi\u0105zania systemowe w kontek\u015bcie porwa\u0144 rodzicielskich i ucieczek nastolatk\u00f3w<\/span><i class=\"vc_tta-controls-icon vc_tta-controls-icon-chevron\"><\/i><\/a><\/h4><\/div><div class=\"vc_tta-panel-body\">\n\t<div class=\"wpb_text_column wpb_content_element\" >\n\t\t<div class=\"wpb_wrapper\">\n\t\t\t<p><strong>On 12 June 2025, an international conference was held<\/strong><span>\u00a0pt.\u00a0<\/span><em>Missing persons under 18 in Europe. Challenges, prevention and systemic solutions in the context of parental kidnapping and teenage runaways<\/em><span>. The event was organised by\u00a0<\/span><strong>ITAKA Foundation<\/strong><span>\u00a0- Centre for Missing Persons and\u00a0<\/span><strong>federation Missing Children Europe<\/strong><span>\u00a0in cooperation with\u00a0<\/span><strong>Ministry of the Interior and Administration<\/strong><span>.<\/span><\/p>\n\n\t\t<\/div>\n\t<\/div>\n<\/div><\/div><div class=\"vc_tta-panel\" id=\"1762335974939-60d5d3b5-0d88\" data-vc-content=\".vc_tta-panel-body\"><div class=\"vc_tta-panel-heading\"><h4 class=\"vc_tta-panel-title vc_tta-controls-icon-position-left\"><a href=\"#1762335974939-60d5d3b5-0d88\" data-vc-accordion data-vc-container=\".vc_tta-container\"><span class=\"vc_tta-title-text\">National International Scientific Conference \"Communication and Security in Crisis, Border and Difficult Situations\"<\/span><i class=\"vc_tta-controls-icon vc_tta-controls-icon-chevron\"><\/i><\/a><\/h4><\/div><div class=\"vc_tta-panel-body\">\n\t<div class=\"wpb_text_column wpb_content_element\" >\n\t\t<div class=\"wpb_wrapper\">\n\t\t\t<p><span>On days\u00a0<\/span><strong>5-6 czerwca 2025 roku<\/strong><span>\u00a0the International Scientific Conference on Communication in Crisis and Border Situations was held in Wroc\u0142aw. The event was organised by\u00a0<\/span><strong>Institute of Media and Social Communication of the University of Vocational Training<span>\u00a0<\/span><\/strong><span>chaired by<\/span><strong><span>\u00a0<\/span>Prof. Aleksander Wo\u017any<\/strong><span>and the conference became a space for interdisciplinary exchanges, reflections and analyses of the mechanisms of conformity, socio-cultural barriers to otherness and the challenges of the aid professions in the face of extreme situations such as armed conflicts, natural disasters or epidemics.<\/span><\/p>\n\n\t\t<\/div>\n\t<\/div>\n<\/div><\/div><div class=\"vc_tta-panel\" id=\"1762335717319-87978c00-8b2d\" data-vc-content=\".vc_tta-panel-body\"><div class=\"vc_tta-panel-heading\"><h4 class=\"vc_tta-panel-title vc_tta-controls-icon-position-left\"><a href=\"#1762335717319-87978c00-8b2d\" data-vc-accordion data-vc-container=\".vc_tta-container\"><span class=\"vc_tta-title-text\">International meeting on human trafficking with an expert from the School of Vocational Training<\/span><i class=\"vc_tta-controls-icon vc_tta-controls-icon-chevron\"><\/i><\/a><\/h4><\/div><div class=\"vc_tta-panel-body\">\n\t<div class=\"wpb_text_column wpb_content_element\" >\n\t\t<div class=\"wpb_wrapper\">\n\t\t\t<p><strong>29 May 2025 in Warsaw<\/strong><span>, in the conference rooms of the National Stadium, hosted a seminar of the European Crime Prevention Network EUCPN (<\/span><em>European Crime Prevention Network<\/em><span>). The theme of the event was<\/span><strong><span>\u00a0<\/span>prevention of trafficking in human beings with particular focus on public education<\/strong><span>including in the context of the situation of migrants affected by the war in Ukraine. The seminar was organised in the framework of the Polish Presidency of the Council of the European Union and\u00a0<\/span><strong>lasted from 9 a.m. to 4 p.m.<\/strong><span>.<\/span><\/p>\n\n\t\t<\/div>\n\t<\/div>\n<\/div><\/div><div class=\"vc_tta-panel\" id=\"1762335789819-70389d71-d70c\" data-vc-content=\".vc_tta-panel-body\"><div class=\"vc_tta-panel-heading\"><h4 class=\"vc_tta-panel-title vc_tta-controls-icon-position-left\"><a href=\"#1762335789819-70389d71-d70c\" data-vc-accordion data-vc-container=\".vc_tta-container\"><span class=\"vc_tta-title-text\">Participation of the Higher School of Vocational Training in the International Scientific Conference in Kharkiv<\/span><i class=\"vc_tta-controls-icon vc_tta-controls-icon-chevron\"><\/i><\/a><\/h4><\/div><div class=\"vc_tta-panel-body\">\n\t<div class=\"wpb_text_column wpb_content_element\" >\n\t\t<div class=\"wpb_wrapper\">\n\t\t\t<p><strong>27 May 2025<span>\u00a0<\/span><\/strong>an international scientific conference entitled \"State Building and Local Government Research Institute of the NAPrN of Ukraine\" took place in Kharkiv. \"<strong>Legal regulation of public management and local government: comparative experiences and contemporary challenges<\/strong>\".<\/p>\n<p><strong>The event was organised thanks to international cooperation<\/strong>which is based on a partnership agreement between our university and the Ukrainian side, and thanks to the commitment and support of the<span>\u00a0<\/span><strong>His Magnificence the Rector, the Vice-Chancellor for International Cooperation and the Dean.<\/strong><span>\u00a0<\/span>The conference organisers would like to thank the University authorities for their kindness, trust and active support of international initiatives.<\/p>\n\n\t\t<\/div>\n\t<\/div>\n<\/div><\/div><div class=\"vc_tta-panel\" id=\"1762335468482-deb4c879-73d0\" data-vc-content=\".vc_tta-panel-body\"><div class=\"vc_tta-panel-heading\"><h4 class=\"vc_tta-panel-title vc_tta-controls-icon-position-left\"><a href=\"#1762335468482-deb4c879-73d0\" data-vc-accordion data-vc-container=\".vc_tta-container\"><span class=\"vc_tta-title-text\">Science in the face of conflict - 5th International Scientific and Practical Conference \"Health and Society in War\"<\/span><i class=\"vc_tta-controls-icon vc_tta-controls-icon-chevron\"><\/i><\/a><\/h4><\/div><div class=\"vc_tta-panel-body\">\n\t<div class=\"wpb_text_column wpb_content_element\" >\n\t\t<div class=\"wpb_wrapper\">\n\t\t\t<p><strong>W dniu 16 maja 2025 roku odby\u0142a si\u0119 V Mi\u0119dzynarodowa Konferencja Naukowo-Praktyczna \u201eZdrowie i spo\u0142ecze\u0144stwo w warunkach wojny\u201d<\/strong>. Wydarzenie stanowi\u0142o wa\u017cne mi\u0119dzynarodowe forum po\u015bwi\u0119cone analizie wyzwa\u0144 spo\u0142ecznych i zdrowotnych w kontek\u015bcie konflikt\u00f3w zbrojnych.<\/p>\n<p><strong>Konferencja zorganizowana zosta\u0142a przez Wy\u017csz\u0105 Szko\u0142\u0119 Kszta\u0142cenia Zawodowego<span>\u00a0<\/span><\/strong>in Wroc\u0142aw in cooperation with the Central Ukrainian Institute of Human Development at the Ukrainian University.<\/p>\n\n\t\t<\/div>\n\t<\/div>\n<\/div><\/div><div class=\"vc_tta-panel\" id=\"1762336655552-7531a9f4-8e56\" data-vc-content=\".vc_tta-panel-body\"><div class=\"vc_tta-panel-heading\"><h4 class=\"vc_tta-panel-title vc_tta-controls-icon-position-left\"><a href=\"#1762336655552-7531a9f4-8e56\" data-vc-accordion data-vc-container=\".vc_tta-container\"><span class=\"vc_tta-title-text\">International scientific monograph following the conference on 'Health and Society in War' - the next phase of research partnerships<\/span><i class=\"vc_tta-controls-icon vc_tta-controls-icon-chevron\"><\/i><\/a><\/h4><\/div><div class=\"vc_tta-panel-body\">\n\t<div class=\"wpb_text_column wpb_content_element\" >\n\t\t<div class=\"wpb_wrapper\">\n\t\t\t<p>The College of Vocational Training in Wroc\u0142aw, together with its long-standing research partner, the Central Ukrainian Institute of Human Development at the University of Ukraine, organised a<span>\u00a0<\/span><strong>an international scientific conference held on 16 May 2025 in an online format.<\/strong><\/p>\n<p>The event was a continuation of a series of international scientific endeavours that have been running since 2022 with the aim of<strong><span>\u00a0<\/span>deepening research cooperation<\/strong><span>\u00a0<\/span>and promoting an interdisciplinary approach to the challenges facing contemporary society.<\/p>\n<p>This year's conference<span>\u00a0<\/span><strong>was dedicated to analysing the impact of armed conflict on public health and social life.<\/strong><span>\u00a0<\/span>It was attended by academics, practitioners and experts from many countries, representing leading universities, research institutes and public health and social policy institutions.<\/p>\n\n\t\t<\/div>\n\t<\/div>\n<\/div><\/div><div class=\"vc_tta-panel\" id=\"1751363761638-a5e88d81-8a8b\" data-vc-content=\".vc_tta-panel-body\"><div class=\"vc_tta-panel-heading\"><h4 class=\"vc_tta-panel-title vc_tta-controls-icon-position-left\"><a href=\"#1751363761638-a5e88d81-8a8b\" data-vc-accordion data-vc-container=\".vc_tta-container\"><span class=\"vc_tta-title-text\">International scientific monograph after the conference \"Health and society in war\"<\/span><i class=\"vc_tta-controls-icon vc_tta-controls-icon-chevron\"><\/i><\/a><\/h4><\/div><div class=\"vc_tta-panel-body\">\n\t<div class=\"wpb_text_column wpb_content_element\" >\n\t\t<div class=\"wpb_wrapper\">\n\t\t\t<p><span style=\"font-weight: 400;\">The Higher School of Vocational Training, in cooperation with the Central Ukrainian Institute of Human Development at the University of Ukraine, co-organised an international scientific conference held on 16 May 2025 in a remote format. The event resulted in a three-volume scientific monograph edited by the authorities of the Higher School of Vocational Training.<\/span><\/p>\n\n\t\t<\/div>\n\t<\/div>\n<\/div><\/div><div class=\"vc_tta-panel\" id=\"1762335627610-5c806984-f45a\" data-vc-content=\".vc_tta-panel-body\"><div class=\"vc_tta-panel-heading\"><h4 class=\"vc_tta-panel-title vc_tta-controls-icon-position-left\"><a href=\"#1762335627610-5c806984-f45a\" data-vc-accordion data-vc-container=\".vc_tta-container\"><span class=\"vc_tta-title-text\">From Lower Silesia to Europe - students of the Academy of Vocational Training at the International Job Fair<\/span><i class=\"vc_tta-controls-icon vc_tta-controls-icon-chevron\"><\/i><\/a><\/h4><\/div><div class=\"vc_tta-panel-body\">\n\t<div class=\"wpb_text_column wpb_content_element\" >\n\t\t<div class=\"wpb_wrapper\">\n\t\t\t<p><strong>W dniu 15 maja 2025 roku studenci<\/strong><span>\u00a0University College of Professional Education\u00a0<\/span><strong>wzi\u0119li udzia\u0142 w Mi\u0119dzynarodowych Targach Pracy \u201eWith EURES to Europe!\u201d<\/strong><span>. To najwi\u0119ksze wydarzenie rekrutacyjne na Dolnym \u015al\u0105sku,\u00a0<\/span><strong>aimed at jobseekers planning their professional development<\/strong><span>\u00a0or thinking about a career abroad.<\/span><\/p>\n\n\t\t<\/div>\n\t<\/div>\n<\/div><\/div><div class=\"vc_tta-panel\" id=\"1762335198519-027c3409-aba6\" data-vc-content=\".vc_tta-panel-body\"><div class=\"vc_tta-panel-heading\"><h4 class=\"vc_tta-panel-title vc_tta-controls-icon-position-left\"><a href=\"#1762335198519-027c3409-aba6\" data-vc-accordion data-vc-container=\".vc_tta-container\"><span class=\"vc_tta-title-text\">Mi\u0119dzynarodowa Konferencja Naukowo-Praktyczna<\/span><i class=\"vc_tta-controls-icon vc_tta-controls-icon-chevron\"><\/i><\/a><\/h4><\/div><div class=\"vc_tta-panel-body\">\n\t<div class=\"wpb_text_column wpb_content_element\" >\n\t\t<div class=\"wpb_wrapper\">\n\t\t\t<p><span>In an era of increasing digitalisation and global technological challenges, international cooperation is a key foundation for the development of education and research.\u00a0<\/span><strong>University of Vocational Training in Wroc\u0142aw<\/strong><span>\u00a0(Poland) and\u00a0<\/span><strong>Vasyl Sukhomlynski Department of ICT and Safe Learning Environment KPI<\/strong><span>\u00a0(Ukraine) launched a joint initiative to organise\u00a0<\/span><strong>International Scientific and Practical Conference<\/strong><span>which took place on 29 April 2025 in an online format using the ZOOM platform.<\/span><\/p>\n\n\t\t<\/div>\n\t<\/div>\n<\/div><\/div><div class=\"vc_tta-panel\" id=\"1762335269184-15775e16-14ad\" data-vc-content=\".vc_tta-panel-body\"><div class=\"vc_tta-panel-heading\"><h4 class=\"vc_tta-panel-title vc_tta-controls-icon-position-left\"><a href=\"#1762335269184-15775e16-14ad\" data-vc-accordion data-vc-container=\".vc_tta-container\"><span class=\"vc_tta-title-text\">Wyk\u0142ad go\u015bcinny prof. Petera Nijkampa i dr Karimy Kourtit<\/span><i class=\"vc_tta-controls-icon vc_tta-controls-icon-chevron\"><\/i><\/a><\/h4><\/div><div class=\"vc_tta-panel-body\">\n\t<div class=\"wpb_text_column wpb_content_element\" >\n\t\t<div class=\"wpb_wrapper\">\n\t\t\t<p><span>W dniu 26 kwietnia 2025 roku w Wy\u017cszej Szko\u0142y Kszta\u0142cenia Zawodowego odby\u0142o si\u0119 wyj\u0105tkowe wydarzenie akademickie \u2013 wyk\u0142ad go\u015bcinny dw\u00f3ch wybitnych postaci \u015bwiatowej nauki: prof. Petera Nijkampa oraz dr Karimy Kourtit. Aula zgromadzi\u0142a liczne grono student\u00f3w i pracownik\u00f3w naukowych, kt\u00f3rzy z ogromnym zainteresowaniem uczestniczyli w tym wydarzeniu. Wyk\u0142ady poprowadzone przez naszych go\u015bci by\u0142y nie tylko \u017ar\u00f3d\u0142em ogromnej dawki wiedzy, ale tak\u017ce\u00a0<\/span><strong>inspiration for deeper reflection on the challenges of today.<\/strong><\/p>\n\n\t\t<\/div>\n\t<\/div>\n<\/div><\/div><div class=\"vc_tta-panel\" id=\"1762335350705-c696fe0e-b707\" data-vc-content=\".vc_tta-panel-body\"><div class=\"vc_tta-panel-heading\"><h4 class=\"vc_tta-panel-title vc_tta-controls-icon-position-left\"><a href=\"#1762335350705-c696fe0e-b707\" data-vc-accordion data-vc-container=\".vc_tta-container\"><span class=\"vc_tta-title-text\">Bullying as a destructive aspect of the working environment - international conference addressing an important topic for all professional groups<\/span><i class=\"vc_tta-controls-icon vc_tta-controls-icon-chevron\"><\/i><\/a><\/h4><\/div><div class=\"vc_tta-panel-body\">\n\t<div class=\"wpb_text_column wpb_content_element\" >\n\t\t<div class=\"wpb_wrapper\">\n\t\t\t<p><span>Presja, stres, a czasem otwarta wrogo\u015b\u0107 \u2013 w wielu miejscach pracy zjawisko mobbingu nadal stanowi powa\u017cny problem. Jak je rozpozna\u0107, jakie s\u0105 jego konsekwencje i w jaki spos\u00f3b mo\u017cna mu przeciwdzia\u0142a\u0107? Odpowiedzi na te pytania udzielili eksperci, kt\u00f3rzy <strong>23 kwietnia 2025 roku <\/strong>pojawili si\u0119 na mi\u0119dzynarodowej konferencji \u201eMobbing jako destrukcyjny aspekt \u015brodowiska pracy\u201d organizowanej przez Uczelni\u0119. <\/span><\/p>\n\n\t\t<\/div>\n\t<\/div>\n<\/div><\/div><div class=\"vc_tta-panel\" id=\"1762335026731-094f665e-f98d\" data-vc-content=\".vc_tta-panel-body\"><div class=\"vc_tta-panel-heading\"><h4 class=\"vc_tta-panel-title vc_tta-controls-icon-position-left\"><a href=\"#1762335026731-094f665e-f98d\" data-vc-accordion data-vc-container=\".vc_tta-container\"><span class=\"vc_tta-title-text\">Gospodarka, finanse i ryzyko \u2013 wyk\u0142ad prof. Britchenki dla student\u00f3w WSKZ.<\/span><i class=\"vc_tta-controls-icon vc_tta-controls-icon-chevron\"><\/i><\/a><\/h4><\/div><div class=\"vc_tta-panel-body\">\n\t<div class=\"wpb_text_column wpb_content_element\" >\n\t\t<div class=\"wpb_wrapper\">\n\t\t\t<p><strong>W dniu 12 kwietnia 2025 roku,<span>\u00a0<\/span><\/strong>in the Auditorium of the School of Management 'Education',<strong><span>\u00a0<\/span><\/strong>odby\u0142 si\u0119 wyj\u0105tkowy wyk\u0142ad go\u015bcinny<strong><span>\u00a0<\/span><\/strong>pt.<strong><span>\u00a0<\/span>\"The functioning of the EU banking system in the context of globalisation in terms of economic security: current status and prospects\".<\/strong><span>\u00a0<\/span><\/p>\n<p>Wyk\u0142ad poprowadzi\u0142<span>\u00a0<\/span><strong>Prof. Dr. Igor Britchenko<\/strong><span>\u00a0<\/span>\u2013 wybitny ekonomista i specjalista w zakresie bezpiecze\u0144stwa ekonomicznego. Prelekcja by\u0142a doskona\u0142\u0105 okazj\u0105 do poznania aktualnych wyzwa\u0144 stoj\u0105cych przed systemem bankowym Unii Europejskiej w dynamicznie zmieniaj\u0105cych si\u0119 realiach gospodarczych i geopolitycznych.<\/p>\n\n\t\t<\/div>\n\t<\/div>\n<\/div><\/div><div class=\"vc_tta-panel\" id=\"1741792916935-4f20b3d4-62c9\" data-vc-content=\".vc_tta-panel-body\"><div class=\"vc_tta-panel-heading\"><h4 class=\"vc_tta-panel-title vc_tta-controls-icon-position-left\"><a href=\"#1741792916935-4f20b3d4-62c9\" data-vc-accordion data-vc-container=\".vc_tta-container\"><span class=\"vc_tta-title-text\">International scientific and practical conference entitled. \"Problems of forensic expertise in the psychological and psychiatric sphere and their use in the judicial process\".<\/span><i class=\"vc_tta-controls-icon vc_tta-controls-icon-chevron\"><\/i><\/a><\/h4><\/div><div class=\"vc_tta-panel-body\">\n\t<div class=\"wpb_text_column wpb_content_element\" >\n\t\t<div class=\"wpb_wrapper\">\n\t\t\t<p>Chisinau, Moldova 14 April 2022.<\/p>\n\n\t\t<\/div>\n\t<\/div>\n<\/div><\/div><div class=\"vc_tta-panel\" id=\"1741792953656-de7c8431-ff3c\" data-vc-content=\".vc_tta-panel-body\"><div class=\"vc_tta-panel-heading\"><h4 class=\"vc_tta-panel-title vc_tta-controls-icon-position-left\"><a href=\"#1741792953656-de7c8431-ff3c\" data-vc-accordion data-vc-container=\".vc_tta-container\"><span class=\"vc_tta-title-text\">Mi\u0119dzynarodowa naukowo-praktyczna konferencja dla student\u00f3w, doktorant\u00f3w i naukowc\u00f3w on-line, pt. \u201eDYSKUSJE EKONOMICZNO-PRAWNE\u201d<\/span><i class=\"vc_tta-controls-icon vc_tta-controls-icon-chevron\"><\/i><\/a><\/h4><\/div><div class=\"vc_tta-panel-body\">\n\t<div class=\"wpb_text_column wpb_content_element\" >\n\t\t<div class=\"wpb_wrapper\">\n\t\t\t<p>Kirovograd, Ukraine, 25 March 2022<\/p>\n\n\t\t<\/div>\n\t<\/div>\n<\/div><\/div><div class=\"vc_tta-panel\" id=\"1741792985542-4f7b79ae-4473\" data-vc-content=\".vc_tta-panel-body\"><div class=\"vc_tta-panel-heading\"><h4 class=\"vc_tta-panel-title vc_tta-controls-icon-position-left\"><a href=\"#1741792985542-4f7b79ae-4473\" data-vc-accordion data-vc-container=\".vc_tta-container\"><span class=\"vc_tta-title-text\">The 1st International Scientific Conference entitled. \"Contemporary challenges in the aspect of environmental crime - waste management\".<\/span><i class=\"vc_tta-controls-icon vc_tta-controls-icon-chevron\"><\/i><\/a><\/h4><\/div><div class=\"vc_tta-panel-body\">\n\t<div class=\"wpb_text_column wpb_content_element\" >\n\t\t<div class=\"wpb_wrapper\">\n\t\t\t<p>Wroc\u0142aw, 23 March 2022.<\/p>\n\n\t\t<\/div>\n\t<\/div>\n<\/div><\/div><div class=\"vc_tta-panel\" id=\"1741791429648-694447a3-2717\" data-vc-content=\".vc_tta-panel-body\"><div class=\"vc_tta-panel-heading\"><h4 class=\"vc_tta-panel-title vc_tta-controls-icon-position-left\"><a href=\"#1741791429648-694447a3-2717\" data-vc-accordion data-vc-container=\".vc_tta-container\"><span class=\"vc_tta-title-text\">The 1st international scientific conference entitled. \"Use, use of means of direct coercion and firearms legal-administrative aspects\".<\/span><i class=\"vc_tta-controls-icon vc_tta-controls-icon-chevron\"><\/i><\/a><\/h4><\/div><div class=\"vc_tta-panel-body\">\n\t<div class=\"wpb_text_column wpb_content_element\" >\n\t\t<div class=\"wpb_wrapper\">\n\t\t\t<p>The objectives of the conference revolve around the exchange of research results, views, opinions and experiences of representatives of the world of science and European law enforcement agencies and services in the field of the use and application of means of direct coercion and firearms by authorised (services, bodies and other protective and medical entities) across its legal and procedural spectrum.<\/p>\n<p>Starogard Gda\u0144ski, Wroc\u0142aw, 31 March 2023.<\/p>\n\n\t\t<\/div>\n\t<\/div>\n<\/div><\/div><div class=\"vc_tta-panel\" id=\"1762333674166-b18ed00f-3025\" data-vc-content=\".vc_tta-panel-body\"><div class=\"vc_tta-panel-heading\"><h4 class=\"vc_tta-panel-title vc_tta-controls-icon-position-left\"><a href=\"#1762333674166-b18ed00f-3025\" data-vc-accordion data-vc-container=\".vc_tta-container\"><span class=\"vc_tta-title-text\">Meeting with Dr Magdalena El Ghamari - expert on radicalisation and international security<\/span><i class=\"vc_tta-controls-icon vc_tta-controls-icon-chevron\"><\/i><\/a><\/h4><\/div><div class=\"vc_tta-panel-body\">\n\t<div class=\"wpb_text_column wpb_content_element\" >\n\t\t<div class=\"wpb_wrapper\">\n\t\t\t<p>W dniach 11 stycznia i 1 lutego 2025 r. odby\u0142y si\u0119 dwa spotkania z dr Magdalen\u0105 El Ghamari \u2013 uznan\u0105 specjalistk\u0105 w dziedzinie obronno\u015bci, mi\u0119dzynarodowego bezpiecze\u0144stwa oraz proces\u00f3w radykalizacji.<\/p>\n<p><span>Ka\u017cde ze spotka\u0144 \u0142\u0105czy\u0142o elementy wyk\u0142adu i interaktywnego konwersatorium, podczas kt\u00f3rych uczestnicy mieli okazj\u0119 zg\u0142\u0119bi\u0107 zagadnienia zwi\u0105zane z nowoczesnymi wyzwaniami w obszarze bezpiecze\u0144stwa oraz pozna\u0107 mechanizmy oddzia\u0142ywania r\u00f3\u017cnych zjawisk spo\u0142ecznych i kulturowych.<\/span><\/p>\n\n\t\t<\/div>\n\t<\/div>\n<\/div><\/div><div class=\"vc_tta-panel\" id=\"1741791429649-2305fe55-ea60\" data-vc-content=\".vc_tta-panel-body\"><div class=\"vc_tta-panel-heading\"><h4 class=\"vc_tta-panel-title vc_tta-controls-icon-position-left\"><a href=\"#1741791429649-2305fe55-ea60\" data-vc-accordion data-vc-container=\".vc_tta-container\"><span class=\"vc_tta-title-text\">International scientific and practical conference entitled. \"Health and society at war\".<\/span><i class=\"vc_tta-controls-icon vc_tta-controls-icon-chevron\"><\/i><\/a><\/h4><\/div><div class=\"vc_tta-panel-body\">\n\t<div class=\"wpb_text_column wpb_content_element\" >\n\t\t<div class=\"wpb_wrapper\">\n\t\t\t<p>Seminar for teachers 'Specifics of the educational process in wartime conditions', 23.11.2022.<br \/>\nUniversity College of Professional Education jointly with the Central Ukrainian Institute of Human Development , Kropivnytskyi, Ukraine<\/p>\n<p>Kropivnytsky, Ukraine 22-23 November 2022.<\/p>\n<p><u>www.vmurol.kr.ua<\/u><\/p>\n\n\t\t<\/div>\n\t<\/div>\n<\/div><\/div><div class=\"vc_tta-panel\" id=\"1741792744848-a0f56f9c-3760\" data-vc-content=\".vc_tta-panel-body\"><div class=\"vc_tta-panel-heading\"><h4 class=\"vc_tta-panel-title vc_tta-controls-icon-position-left\"><a href=\"#1741792744848-a0f56f9c-3760\" data-vc-accordion data-vc-container=\".vc_tta-container\"><span class=\"vc_tta-title-text\">\"Ongoing issues of improving the activities of criminal and legal experts\".<\/span><i class=\"vc_tta-controls-icon vc_tta-controls-icon-chevron\"><\/i><\/a><\/h4><\/div><div class=\"vc_tta-panel-body\">\n\t<div class=\"wpb_text_column wpb_content_element\" >\n\t\t<div class=\"wpb_wrapper\">\n\t\t\t<p>Conference organised by the University College of Professional Education, the Pomeranian University of Starogard Gda\u0144ski, Collegium Balticum Academy of Applied Sciences in Szczecin together with the Kirovohrad Forensic Centre of the Ministry of Internal Affairs of Ukraine<\/p>\n<p>Kropivnytsky, Ukraine 23 September 2022.<\/p>\n\n\t\t<\/div>\n\t<\/div>\n<\/div><\/div><div class=\"vc_tta-panel\" id=\"1741792795380-a9c1e1e4-ed76\" data-vc-content=\".vc_tta-panel-body\"><div class=\"vc_tta-panel-heading\"><h4 class=\"vc_tta-panel-title vc_tta-controls-icon-position-left\"><a href=\"#1741792795380-a9c1e1e4-ed76\" data-vc-accordion data-vc-container=\".vc_tta-container\"><span class=\"vc_tta-title-text\">International Roundtable on the topic: \"Development of ecological forensic expertise as an important factor in environmental protection\".<\/span><i class=\"vc_tta-controls-icon vc_tta-controls-icon-chevron\"><\/i><\/a><\/h4><\/div><div class=\"vc_tta-panel-body\">\n\t<div class=\"wpb_text_column wpb_content_element\" >\n\t\t<div class=\"wpb_wrapper\">\n\t\t\t<p>Conference organised by the Centre for Forensic Expertise of the Ministry of Justice of the Republic of Moldova together with the University College of Professional Education<\/p>\n<p>Chisinau, Moldova 30 September 2022.<\/p>\n\n\t\t<\/div>\n\t<\/div>\n<\/div><\/div><div class=\"vc_tta-panel\" id=\"1767775695601-f4acf78d-c358\" data-vc-content=\".vc_tta-panel-body\"><div class=\"vc_tta-panel-heading\"><h4 class=\"vc_tta-panel-title vc_tta-controls-icon-position-left\"><a href=\"#1767775695601-f4acf78d-c358\" data-vc-accordion data-vc-container=\".vc_tta-container\"><span class=\"vc_tta-title-text\">Wsp\u00f3\u0142praca WSKZ z Leeds Trinity University w Anglii<\/span><i class=\"vc_tta-controls-icon vc_tta-controls-icon-chevron\"><\/i><\/a><\/h4><\/div><div class=\"vc_tta-panel-body\">\n\t<div class=\"wpb_text_column wpb_content_element\" >\n\t\t<div class=\"wpb_wrapper\">\n\t\t\t<p>Wy\u017csza Szko\u0142a Kszta\u0142cenia Zawodowego we Wroc\u0142awiu zawar\u0142a umow\u0119 o wsp\u00f3\u0142pracy z Leeds Trinity University<span style=\"font-weight: 400;\">, publicznym uniwersytetem z siedzib\u0105 w Horsforth w Anglii.<\/span><\/p>\n\n\t\t<\/div>\n\t<\/div>\n<\/div><\/div><div class=\"vc_tta-panel\" id=\"1767783925352-91d0c50d-cf0b\" data-vc-content=\".vc_tta-panel-body\"><div class=\"vc_tta-panel-heading\"><h4 class=\"vc_tta-panel-title vc_tta-controls-icon-position-left\"><a href=\"#1767783925352-91d0c50d-cf0b\" data-vc-accordion data-vc-container=\".vc_tta-container\"><span class=\"vc_tta-title-text\">Pierwsza niemiecko-polska konferencja m\u0142odzie\u017cy \"United by the Bridge \u2013 Together at the Border\"<\/span><i class=\"vc_tta-controls-icon vc_tta-controls-icon-chevron\"><\/i><\/a><\/h4><\/div><div class=\"vc_tta-panel-body\">\n\t<div class=\"wpb_text_column wpb_content_element\" >\n\t\t<div class=\"wpb_wrapper\">\n\t\t\t<p>21 listopada 2025 roku<span style=\"font-weight: 400;\"> w ratuszu we Frankfurcie nad Odr\u0105 odby\u0142a si\u0119 pierwsza niemiecko-polska konferencja m\u0142odzie\u017cy <\/span>\u201eUnited by the Bridge \u2013 Together at the Border\u201d<span style=\"font-weight: 400;\">. Wydarzenie zosta\u0142o zrealizowane przy aktywnym zaanga\u017cowaniu <\/span>Centrum Wsp\u00f3\u0142pracy Mi\u0119dzynarodowej WSKZ.<\/p>\n\n\t\t<\/div>\n\t<\/div>\n<\/div><\/div><div class=\"vc_tta-panel\" id=\"1768903225151-cdb601cb-1619\" data-vc-content=\".vc_tta-panel-body\"><div class=\"vc_tta-panel-heading\"><h4 class=\"vc_tta-panel-title vc_tta-controls-icon-position-left\"><a href=\"#1768903225151-cdb601cb-1619\" data-vc-accordion data-vc-container=\".vc_tta-container\"><span class=\"vc_tta-title-text\">Wy\u017csza Szko\u0142a Kszta\u0142cenia Zawodowego nawi\u0105zuje wsp\u00f3\u0142prac\u0119 mi\u0119dzynarodow\u0105 ze Szwajcari\u0105<\/span><i class=\"vc_tta-controls-icon vc_tta-controls-icon-chevron\"><\/i><\/a><\/h4><\/div><div class=\"vc_tta-panel-body\">\n\t<div class=\"wpb_text_column wpb_content_element\" >\n\t\t<div class=\"wpb_wrapper\">\n\t\t\t<p>Z dum\u0105 informujemy, \u017ce Wy\u017csza Szko\u0142a Kszta\u0142cenia Zawodowego, dzi\u0119ki aktywnym dzia\u0142aniom Centrum Wsp\u00f3\u0142pracy Mi\u0119dzynarodowej, zawar\u0142a umow\u0119 o wsp\u00f3\u0142pracy mi\u0119dzynarodowej z Swiss Institute of Management and Sciences (SIMS). Uczelnia partnerska ma siedzib\u0119 w Szwajcarii.<\/p>\n\n\t\t<\/div>\n\t<\/div>\n<\/div><\/div><\/div><\/div><\/div><\/div><\/div><\/div><\/div><\/div><\/div><\/div>\n<\/div>","protected":false},"excerpt":{"rendered":"Events In pursuing its educational mission, the College of Vocational Education in Wroc\u0142aw not only educates students but is also an active centre of scientific and academic life. This is best exemplified by the numerous scientific conferences that we organise in cooperation with renowned universities from Poland and abroad. The objectives of the conferences revolve around the exchange of views, opinions and experiences of representatives of the [...]","protected":false},"author":1,"featured_media":0,"parent":4469,"menu_order":0,"comment_status":"closed","ping_status":"closed","template":"","meta":{"om_disable_all_campaigns":false,"footnotes":""},"class_list":["post-4684","page","type-page","status-publish","hentry"],"yoast_head":"<!-- This site is optimized with the Yoast SEO plugin v25.9 - https:\/\/yoast.com\/wordpress\/plugins\/seo\/ -->\n<title>Wydarzenia mi\u0119dzynarodowe | studia-wroclaw.pl<\/title>\n<meta name=\"description\" content=\"Kalendarz mi\u0119dzynarodowych wydarze\u0144 \u2013 spotkania z ekspertami, targi edukacyjne i projekty badawcze. Zobacz harmonogram i relacje, zg\u0142o\u015b udzia\u0142 online. Rozwijaj kompetencje i perspektywy kariery. Odkryj globalne mo\u017cliwo\u015bci na naszej uczelni.\" \/>\n<meta name=\"robots\" content=\"index, follow, max-snippet:-1, max-image-preview:large, max-video-preview:-1\" \/>\n<link rel=\"canonical\" href=\"https:\/\/studia-wroclaw.pl\/en\/wspolpraca-miedzynarodowa-2\/wydarzenia-miedzynarodowe\/\" \/>\n<meta property=\"og:locale\" content=\"en_GB\" \/>\n<meta property=\"og:type\" content=\"article\" \/>\n<meta property=\"og:title\" content=\"Wydarzenia mi\u0119dzynarodowe | studia-wroclaw.pl\" \/>\n<meta property=\"og:description\" content=\"Kalendarz mi\u0119dzynarodowych wydarze\u0144 \u2013 spotkania z ekspertami, targi edukacyjne i projekty badawcze. Zobacz harmonogram i relacje, zg\u0142o\u015b udzia\u0142 online. Rozwijaj kompetencje i perspektywy kariery. Odkryj globalne mo\u017cliwo\u015bci na naszej uczelni.\" \/>\n<meta property=\"og:url\" content=\"https:\/\/studia-wroclaw.pl\/en\/wspolpraca-miedzynarodowa-2\/wydarzenia-miedzynarodowe\/\" \/>\n<meta property=\"og:site_name\" content=\"Studia Wroc\u0142aw\" \/>\n<meta property=\"article:modified_time\" content=\"2026-04-29T08:20:54+00:00\" \/>\n<meta name=\"twitter:card\" content=\"summary_large_image\" \/>\n<meta name=\"twitter:label1\" content=\"Estimated reading time\" \/>\n\t<meta name=\"twitter:data1\" content=\"27 minutes\" \/>\n<script type=\"application\/ld+json\" class=\"yoast-schema-graph\">{\"@context\":\"https:\/\/schema.org\",\"@graph\":[{\"@type\":\"WebPage\",\"@id\":\"https:\/\/studia-wroclaw.pl\/wspolpraca-miedzynarodowa-2\/wydarzenia-miedzynarodowe\/\",\"url\":\"https:\/\/studia-wroclaw.pl\/wspolpraca-miedzynarodowa-2\/wydarzenia-miedzynarodowe\/\",\"name\":\"Wydarzenia mi\u0119dzynarodowe | studia-wroclaw.pl\",\"isPartOf\":{\"@id\":\"https:\/\/studia-wroclaw.pl\/#website\"},\"datePublished\":\"2017-02-15T09:52:25+00:00\",\"dateModified\":\"2026-04-29T08:20:54+00:00\",\"description\":\"Kalendarz mi\u0119dzynarodowych wydarze\u0144 \u2013 spotkania z ekspertami, targi edukacyjne i projekty badawcze. Zobacz harmonogram i relacje, zg\u0142o\u015b udzia\u0142 online. Rozwijaj kompetencje i perspektywy kariery. Odkryj globalne mo\u017cliwo\u015bci na naszej uczelni.\",\"breadcrumb\":{\"@id\":\"https:\/\/studia-wroclaw.pl\/wspolpraca-miedzynarodowa-2\/wydarzenia-miedzynarodowe\/#breadcrumb\"},\"inLanguage\":\"en-GB\",\"potentialAction\":[{\"@type\":\"ReadAction\",\"target\":[\"https:\/\/studia-wroclaw.pl\/wspolpraca-miedzynarodowa-2\/wydarzenia-miedzynarodowe\/\"]}]},{\"@type\":\"BreadcrumbList\",\"@id\":\"https:\/\/studia-wroclaw.pl\/wspolpraca-miedzynarodowa-2\/wydarzenia-miedzynarodowe\/#breadcrumb\",\"itemListElement\":[{\"@type\":\"ListItem\",\"position\":1,\"name\":\"Strona g\u0142\u00f3wna\",\"item\":\"https:\/\/studia-wroclaw.pl\/\"},{\"@type\":\"ListItem\",\"position\":2,\"name\":\"Wsp\u00f3\u0142praca mi\u0119dzynarodowa\",\"item\":\"https:\/\/studia-wroclaw.pl\/wspolpraca-miedzynarodowa-2\/\"},{\"@type\":\"ListItem\",\"position\":3,\"name\":\"Wydarzenia\"}]},{\"@type\":\"WebSite\",\"@id\":\"https:\/\/studia-wroclaw.pl\/#website\",\"url\":\"https:\/\/studia-wroclaw.pl\/\",\"name\":\"Studia Wroc\u0142aw\",\"description\":\"\",\"potentialAction\":[{\"@type\":\"SearchAction\",\"target\":{\"@type\":\"EntryPoint\",\"urlTemplate\":\"https:\/\/studia-wroclaw.pl\/?s={search_term_string}\"},\"query-input\":{\"@type\":\"PropertyValueSpecification\",\"valueRequired\":true,\"valueName\":\"search_term_string\"}}],\"inLanguage\":\"en-GB\"}]}<\/script>\n<!-- \/ Yoast SEO plugin. -->","yoast_head_json":{"title":"Wydarzenia mi\u0119dzynarodowe | studia-wroclaw.pl","description":"Kalendarz mi\u0119dzynarodowych wydarze\u0144 \u2013 spotkania z ekspertami, targi edukacyjne i projekty badawcze. Zobacz harmonogram i relacje, zg\u0142o\u015b udzia\u0142 online. Rozwijaj kompetencje i perspektywy kariery. Odkryj globalne mo\u017cliwo\u015bci na naszej uczelni.","robots":{"index":"index","follow":"follow","max-snippet":"max-snippet:-1","max-image-preview":"max-image-preview:large","max-video-preview":"max-video-preview:-1"},"canonical":"https:\/\/studia-wroclaw.pl\/en\/wspolpraca-miedzynarodowa-2\/wydarzenia-miedzynarodowe\/","og_locale":"en_GB","og_type":"article","og_title":"Wydarzenia mi\u0119dzynarodowe | studia-wroclaw.pl","og_description":"Kalendarz mi\u0119dzynarodowych wydarze\u0144 \u2013 spotkania z ekspertami, targi edukacyjne i projekty badawcze. Zobacz harmonogram i relacje, zg\u0142o\u015b udzia\u0142 online. Rozwijaj kompetencje i perspektywy kariery. Odkryj globalne mo\u017cliwo\u015bci na naszej uczelni.","og_url":"https:\/\/studia-wroclaw.pl\/en\/wspolpraca-miedzynarodowa-2\/wydarzenia-miedzynarodowe\/","og_site_name":"Studia Wroc\u0142aw","article_modified_time":"2026-04-29T08:20:54+00:00","twitter_card":"summary_large_image","twitter_misc":{"Estimated reading time":"27 minutes"},"schema":{"@context":"https:\/\/schema.org","@graph":[{"@type":"WebPage","@id":"https:\/\/studia-wroclaw.pl\/wspolpraca-miedzynarodowa-2\/wydarzenia-miedzynarodowe\/","url":"https:\/\/studia-wroclaw.pl\/wspolpraca-miedzynarodowa-2\/wydarzenia-miedzynarodowe\/","name":"Wydarzenia mi\u0119dzynarodowe | studia-wroclaw.pl","isPartOf":{"@id":"https:\/\/studia-wroclaw.pl\/#website"},"datePublished":"2017-02-15T09:52:25+00:00","dateModified":"2026-04-29T08:20:54+00:00","description":"Kalendarz mi\u0119dzynarodowych wydarze\u0144 \u2013 spotkania z ekspertami, targi edukacyjne i projekty badawcze. Zobacz harmonogram i relacje, zg\u0142o\u015b udzia\u0142 online. Rozwijaj kompetencje i perspektywy kariery. Odkryj globalne mo\u017cliwo\u015bci na naszej uczelni.","breadcrumb":{"@id":"https:\/\/studia-wroclaw.pl\/wspolpraca-miedzynarodowa-2\/wydarzenia-miedzynarodowe\/#breadcrumb"},"inLanguage":"en-GB","potentialAction":[{"@type":"ReadAction","target":["https:\/\/studia-wroclaw.pl\/wspolpraca-miedzynarodowa-2\/wydarzenia-miedzynarodowe\/"]}]},{"@type":"BreadcrumbList","@id":"https:\/\/studia-wroclaw.pl\/wspolpraca-miedzynarodowa-2\/wydarzenia-miedzynarodowe\/#breadcrumb","itemListElement":[{"@type":"ListItem","position":1,"name":"Strona g\u0142\u00f3wna","item":"https:\/\/studia-wroclaw.pl\/"},{"@type":"ListItem","position":2,"name":"Wsp\u00f3\u0142praca mi\u0119dzynarodowa","item":"https:\/\/studia-wroclaw.pl\/wspolpraca-miedzynarodowa-2\/"},{"@type":"ListItem","position":3,"name":"Wydarzenia"}]},{"@type":"WebSite","@id":"https:\/\/studia-wroclaw.pl\/#website","url":"https:\/\/studia-wroclaw.pl\/","name":"Studies Wroclaw","description":"","potentialAction":[{"@type":"SearchAction","target":{"@type":"EntryPoint","urlTemplate":"https:\/\/studia-wroclaw.pl\/?s={search_term_string}"},"query-input":{"@type":"PropertyValueSpecification","valueRequired":true,"valueName":"search_term_string"}}],"inLanguage":"en-GB"}]}},"_links":{"self":[{"href":"https:\/\/studia-wroclaw.pl\/en\/wp-json\/wp\/v2\/pages\/4684","targetHints":{"allow":["GET"]}}],"collection":[{"href":"https:\/\/studia-wroclaw.pl\/en\/wp-json\/wp\/v2\/pages"}],"about":[{"href":"https:\/\/studia-wroclaw.pl\/en\/wp-json\/wp\/v2\/types\/page"}],"author":[{"embeddable":true,"href":"https:\/\/studia-wroclaw.pl\/en\/wp-json\/wp\/v2\/users\/1"}],"replies":[{"embeddable":true,"href":"https:\/\/studia-wroclaw.pl\/en\/wp-json\/wp\/v2\/comments?post=4684"}],"version-history":[{"count":32,"href":"https:\/\/studia-wroclaw.pl\/en\/wp-json\/wp\/v2\/pages\/4684\/revisions"}],"predecessor-version":[{"id":11007,"href":"https:\/\/studia-wroclaw.pl\/en\/wp-json\/wp\/v2\/pages\/4684\/revisions\/11007"}],"up":[{"embeddable":true,"href":"https:\/\/studia-wroclaw.pl\/en\/wp-json\/wp\/v2\/pages\/4469"}],"wp:attachment":[{"href":"https:\/\/studia-wroclaw.pl\/en\/wp-json\/wp\/v2\/media?parent=4684"}],"curies":[{"name":"wp","href":"https:\/\/api.w.org\/{rel}","templated":true}]}}