{"id":5778,"date":"2025-06-22T17:54:05","date_gmt":"2025-06-22T15:54:05","guid":{"rendered":"https:\/\/studia-wroclaw.pl\/?page_id=5778"},"modified":"2026-02-23T12:10:22","modified_gmt":"2026-02-23T11:10:22","slug":"wspolpraca-z-otoczeniem-spoleczno-gospodarczym","status":"publish","type":"page","link":"https:\/\/studia-wroclaw.pl\/en\/wspolpraca-z-otoczeniem-spoleczno-gospodarczym\/","title":{"rendered":"Cooperation with the socio-economic environment"},"content":{"rendered":"<div class=\"wpb-content-wrapper\"><div class=\"\"><div class=\"container\"><div class=\"vc_row wpb_row vc_row-fluid\"><div class=\"wpb_column vc_column_container vc_col-sm-12\"><div class=\"vc_column-inner\"><div class=\"wpb_wrapper\">\n\t<div class=\"wpb_text_column wpb_content_element  vc_custom_1748983101528\" >\n\t\t<div class=\"wpb_wrapper\">\n\t\t\t<h1><b>Cooperation with the socio-economic environment<\/b><\/h1>\n\n\t\t<\/div>\n\t<\/div>\n<\/div><\/div><\/div><\/div><\/div><\/div><div class=\"\"><div class=\"container\"><div class=\"vc_row wpb_row vc_row-fluid\"><div class=\"wpb_column vc_column_container vc_col-sm-6\"><div class=\"vc_column-inner\"><div class=\"wpb_wrapper\">\n\t<div class=\"wpb_text_column wpb_content_element\" >\n\t\t<div class=\"wpb_wrapper\">\n\t\t\t<p><span>As a university focused on education <\/span><b>professional<\/b><span> students, at WSKZ we place great emphasis on synergy with the socio-economic environment in which we and our future graduates operate. Through <\/span><b>Stakeholder Council<\/b><span>which is an essential element of<\/span><a href=\"https:\/\/studia-wroclaw.pl\/en\/system-zapewnienia-jakosci-ksztalcenia\/#1716387513860-510c1507-bd66\"> <span>The Education Quality System<\/span><\/a><span>as well as a presence among organisations, institutions and businesses, we aim to function sustainably yet effectively in the public space. We are open to cooperation with social and business stakeholders, particularly in:<\/span><\/p>\n\n\t\t<\/div>\n\t<\/div>\n\n\t<div class=\"wpb_text_column wpb_content_element  vc_custom_1750612441695\" >\n\t\t<div class=\"wpb_wrapper\">\n\t\t\t<ul>\n<li><span>shaping the curriculum to best reflect the needs of a rapidly changing labour market<\/span><\/li>\n<li><span><\/span><span>enabling our students and graduates to gain valuable work experience through an internship scheme<\/span><\/li>\n<li><span>cooperation in those spheres of social and economic life where we can add value by combining clever theory with effective practice.<\/span><\/li>\n<\/ul>\n\n\t\t<\/div>\n\t<\/div>\n\n\t<div class=\"wpb_text_column wpb_content_element\" >\n\t\t<div class=\"wpb_wrapper\">\n\t\t\t<p><strong>We warmly invite all interested companies and organisations to join us.\u00a0<\/strong><\/p>\n<p><span>Osob\u0105 do kontaktu jest Przewodnicz\u0105cy Rady Interesariuszy: nadinsp. w st. spocz. Pawe\u0142 Dzier\u017cak &#8211; <\/span><a href=\"mailto:rada.interesariuszy@wskz.pl\"><span>rada.interesariuszy@wskz.pl<\/span><\/a><\/p>\n\n\t\t<\/div>\n\t<\/div>\n<\/div><\/div><\/div><div class=\"wpb_column vc_column_container vc_col-sm-6\"><div class=\"vc_column-inner\"><div class=\"wpb_wrapper\">\n\t<div  class=\"wpb_single_image wpb_content_element vc_align_left\">\n\t\t\n\t\t<figure class=\"wpb_wrapper vc_figure\">\n\t\t\t<div class=\"vc_single_image-wrapper   vc_box_border_grey\"><img loading=\"lazy\" decoding=\"async\" width=\"702\" height=\"865\" src=\"https:\/\/studia-wroclaw.pl\/wp-content\/uploads\/2025\/06\/otoczenie-spoleczno-gosp1.jpg\" class=\"vc_single_image-img attachment-full\" alt=\"\" title=\"socioeconomic environment(1)\" srcset=\"https:\/\/studia-wroclaw.pl\/wp-content\/uploads\/2025\/06\/otoczenie-spoleczno-gosp1.jpg 702w, https:\/\/studia-wroclaw.pl\/wp-content\/uploads\/2025\/06\/otoczenie-spoleczno-gosp1-243x300.jpg 243w, https:\/\/studia-wroclaw.pl\/wp-content\/uploads\/2025\/06\/otoczenie-spoleczno-gosp1-10x12.jpg 10w\" sizes=\"auto, (max-width: 702px) 100vw, 702px\" \/><\/div>\n\t\t<\/figure>\n\t<\/div>\n<\/div><\/div><\/div><\/div><\/div><\/div><div class=\"\"><div class=\"container\"><div class=\"vc_row wpb_row vc_row-fluid\"><div class=\"wpb_column vc_column_container vc_col-sm-12\"><div class=\"vc_column-inner\"><div class=\"wpb_wrapper\">\n\t<div class=\"wpb_text_column wpb_content_element\" >\n\t\t<div class=\"wpb_wrapper\">\n\t\t\t<h2>News<\/h2>\n\n\t\t<\/div>\n\t<\/div>\n<div class=\"vc_row\">\r\n    <div class=\"vc_col-sm-12 gt3_module_blog   items1\">\r\n\r\n        \r\n\t\t\t\t\t<div class=\"blog_post_preview  format-standard\">\r\n                        <div class=\"item_wrapper\">\r\n                            <div class=\"blog_content\"><h2 class=\"blogpost_title\"><a href=\"https:\/\/studia-wroclaw.pl\/en\/posiedzenie-rady-interesariuszy-wskz-w-centrum-uwagi-studia-zarzadzanie\/\">Posiedzenie Rady Interesariuszy WSKZ \u2013 w centrum uwagi studia Zarz\u0105dzanie<\/a><\/h2>\n23 marca 2026 r. odby\u0142o si\u0119 posiedzenie Rady Interesariuszy WSKZ po\u015bwi\u0119cone rozwojowi studi\u00f3w Zarz\u0105dzanie. Spotkanie by\u0142o okazj\u0105 do wymiany do\u015bwiadcze\u0144 i wypracowania rekomendacji na przysz\u0142o\u015b\u0107. Zobacz, jakie tematy zosta\u0142y poruszone i jakie dzia\u0142ania zaplanowano w tym zakresie.\n\n\n\nSpotkanie Rady Interesariuszy WSKZ\n\n\n\nW dniu 23 marca 2026 roku odby\u0142o si\u0119 posiedzenie Rady Interesariuszy...<div class=\"clear post_clear\"><\/div><a href=\"https:\/\/studia-wroclaw.pl\/en\/posiedzenie-rady-interesariuszy-wskz-w-centrum-uwagi-studia-zarzadzanie\/\" class=\"learn_more\">Read More<span><\/span><\/a><div class=\"post_info\">\r\n                                <\/div>\r\n                                <div class=\"clear\"><\/div>\r\n                            <\/div>\r\n\t\t\t\t\t\t<\/div>\r\n\t\t\t\t\t<\/div>\r\n\t\t\t\t\t\r\n\t\t\t\t\t<div class=\"blog_post_preview  format-standard\">\r\n                        <div class=\"item_wrapper\">\r\n                            <div class=\"blog_content\"><h2 class=\"blogpost_title\"><a href=\"https:\/\/studia-wroclaw.pl\/en\/wskz-zaciesnia-wspolprace-z-praktykami-bezpieczenstwa\/\">WSKZ zacie\u015bnia wsp\u00f3\u0142prac\u0119 z praktykami bezpiecze\u0144stwa \u2013 podpisano strategiczne porozumienie ze Stowarzyszeniem Genera\u0142\u00f3w Policji RP<\/a><\/h2>\nWy\u017csza Szko\u0142a Kszta\u0142cenia Zawodowego we Wroc\u0142awiu podpisa\u0142a strategiczne porozumienie ze Stowarzyszeniem Genera\u0142\u00f3w Policji RP. Wsp\u00f3\u0142praca otwiera nowe mo\u017cliwo\u015bci w zakresie kszta\u0142cenia, bada\u0144 naukowych oraz wymiany do\u015bwiadcze\u0144 z najwy\u017cszej klasy praktykami bezpiecze\u0144stwa. To kolejny krok WSKZ w kierunku wzmacniania eksperckiego i praktycznego wymiaru edukacji.\n\n\n\nPodpisano strategiczne...<div class=\"clear post_clear\"><\/div><a href=\"https:\/\/studia-wroclaw.pl\/en\/wskz-zaciesnia-wspolprace-z-praktykami-bezpieczenstwa\/\" class=\"learn_more\">Read More<span><\/span><\/a><div class=\"post_info\">\r\n                                <\/div>\r\n                                <div class=\"clear\"><\/div>\r\n                            <\/div>\r\n\t\t\t\t\t\t<\/div>\r\n\t\t\t\t\t<\/div>\r\n\t\t\t\t\t\r\n\t\t\t\t\t<div class=\"blog_post_preview  format-standard\">\r\n                        <div class=\"item_wrapper\">\r\n                            <div class=\"blog_content\"><h2 class=\"blogpost_title\"><a href=\"https:\/\/studia-wroclaw.pl\/en\/posiedzenie-rady-interesariuszy-wskz-wspolne-dzialania-na-rzecz-rozwoju-uczelni\/\">Posiedzenie Rady Interesariuszy WSKZ \u2013 wsp\u00f3lne dzia\u0142ania na rzecz rozwoju Uczelni<\/a><\/h2>\nW dniu 16 grudnia 2025 roku odby\u0142o si\u0119 posiedzenie Rady Interesariuszy Wy\u017cszej Szko\u0142y Kszta\u0142cenia Zawodowego. Celem spotkania by\u0142o wsparcie strategicznego rozwoju Uczelni oraz dalsze wzmacnianie wsp\u00f3\u0142pracy z otoczeniem spo\u0142eczno-gospodarczym.\n\n\n\nKluczowe obszary dyskusji\n\n\n\nRada Interesariuszy realizuje swoje zadania poprzez formu\u0142owanie propozycji dotycz\u0105cych kierunk\u00f3w dzia\u0142alno\u015bci WSKZ,...<div class=\"clear post_clear\"><\/div><a href=\"https:\/\/studia-wroclaw.pl\/en\/posiedzenie-rady-interesariuszy-wskz-wspolne-dzialania-na-rzecz-rozwoju-uczelni\/\" class=\"learn_more\">Read More<span><\/span><\/a><div class=\"post_info\">\r\n                                <\/div>\r\n                                <div class=\"clear\"><\/div>\r\n                            <\/div>\r\n\t\t\t\t\t\t<\/div>\r\n\t\t\t\t\t<\/div>\r\n\t\t\t\t\t\r\n\t\t\t\t\t<div class=\"blog_post_preview  format-standard\">\r\n                        <div class=\"item_wrapper\">\r\n                            <div class=\"blog_content\"><h2 class=\"blogpost_title\"><a href=\"https:\/\/studia-wroclaw.pl\/en\/wskz-i-wojewodzki-urzad-pracy-we-wroclawiu-lacza-sily-na-rzecz-rynku-pracy\/\">WSKZ i Wojew\u00f3dzki Urz\u0105d Pracy we Wroc\u0142awiu \u0142\u0105cz\u0105 si\u0142y na rzecz rynku pracy<\/a><\/h2>\n12 grudnia 2025 r. we Wroc\u0142awiu odby\u0142o si\u0119 uroczyste spotkanie, podczas kt\u00f3rego podpisano Porozumienie o wsp\u00f3\u0142pracy w ramach Rady Interesariuszy pomi\u0119dzy Wy\u017csz\u0105 Szko\u0142\u0105 Kszta\u0142cenia Zawodowego a Wojew\u00f3dzkim Urz\u0119dem Pracy we Wroc\u0142awiu. Wydarzenie podkre\u015bli\u0142o rang\u0119 nawi\u0105zanego partnerstwa oraz jego znaczenie dla rozwoju wsp\u00f3\u0142pracy instytucjonalnej.\n\n\n\nUczestnicy spotkania\n\n\n\nWy\u017csz\u0105 Szko\u0142\u0119...<div class=\"clear post_clear\"><\/div><a href=\"https:\/\/studia-wroclaw.pl\/en\/wskz-i-wojewodzki-urzad-pracy-we-wroclawiu-lacza-sily-na-rzecz-rynku-pracy\/\" class=\"learn_more\">Read More<span><\/span><\/a><div class=\"post_info\">\r\n                                <\/div>\r\n                                <div class=\"clear\"><\/div>\r\n                            <\/div>\r\n\t\t\t\t\t\t<\/div>\r\n\t\t\t\t\t<\/div>\r\n\t\t\t\t\t\r\n\t\t\t\t\t<div class=\"blog_post_preview  format-standard\">\r\n                        <div class=\"item_wrapper\">\r\n                            <div class=\"blog_content\"><h2 class=\"blogpost_title\"><a href=\"https:\/\/studia-wroclaw.pl\/en\/wskz-buduje-partnerstwa-dla-przyszlosci-wspolpraca-z-gmina-czernica\/\">WSKZ buduje partnerstwa dla przysz\u0142o\u015bci. Wsp\u00f3\u0142praca z Gmin\u0105 Czernica<\/a><\/h2>\n12 grudnia 2025 r. we Wroc\u0142awiu odby\u0142o si\u0119 uroczyste spotkanie, podczas kt\u00f3rego podpisano Porozumienie o wsp\u00f3\u0142pracy w ramach Rady Interesariuszy pomi\u0119dzy Wy\u017csz\u0105 Szko\u0142\u0105 Kszta\u0142cenia Zawodowego a Gmin\u0105 Czernica. Wydarzenie stanowi\u0142o kolejny krok w rozwoju wsp\u00f3\u0142pracy Uczelni z samorz\u0105dem lokalnym.\n\n\n\nSygnatariusze i uczestnicy spotkania\n\n\n\nWy\u017csz\u0105 Szko\u0142\u0119 Kszta\u0142cenia Zawodowego reprezentowali:...<div class=\"clear post_clear\"><\/div><a href=\"https:\/\/studia-wroclaw.pl\/en\/wskz-buduje-partnerstwa-dla-przyszlosci-wspolpraca-z-gmina-czernica\/\" class=\"learn_more\">Read More<span><\/span><\/a><div class=\"post_info\">\r\n                                <\/div>\r\n                                <div class=\"clear\"><\/div>\r\n                            <\/div>\r\n\t\t\t\t\t\t<\/div>\r\n\t\t\t\t\t<\/div>\r\n\t\t\t\t\t\r\n\t\t\t\t\t<div class=\"blog_post_preview  format-standard\">\r\n                        <div class=\"item_wrapper\">\r\n                            <div class=\"blog_content\"><h2 class=\"blogpost_title\"><a href=\"https:\/\/studia-wroclaw.pl\/en\/wskz-rozpoczyna-wspolprace-z-miejskim-osrodkiem-pomocy-spolecznej-we-wroclawiu\/\">WSKZ rozpoczyna wsp\u00f3\u0142prac\u0119 z Miejskim O\u015brodkiem Pomocy Spo\u0142ecznej we Wroc\u0142awiu<\/a><\/h2>\nZ przyjemno\u015bci\u0105 informujemy o rozpocz\u0119ciu wsp\u00f3\u0142pracy pomi\u0119dzy Wy\u017csz\u0105 Szko\u0142\u0105 Kszta\u0142cenia Zawodowego a Miejskim O\u015brodkiem Pomocy Spo\u0142ecznej we Wroc\u0142awiu. Symbolicznym pocz\u0105tkiem tej inicjatywy by\u0142 wyjazd szkoleniowy do Jakuszyc, kt\u00f3ry odby\u0142 si\u0119 w dniach 23-24 wrze\u015bnia 2025 roku. W wydarzeniu uczestniczy\u0142o oko\u0142o 50 przedstawicieli kadry zarz\u0105dzaj\u0105cej MOPS.\n\n\n\n\n\n\n\nTematem przewodnim spotkania...<div class=\"clear post_clear\"><\/div><a href=\"https:\/\/studia-wroclaw.pl\/en\/wskz-rozpoczyna-wspolprace-z-miejskim-osrodkiem-pomocy-spolecznej-we-wroclawiu\/\" class=\"learn_more\">Read More<span><\/span><\/a><div class=\"post_info\">\r\n                                <\/div>\r\n                                <div class=\"clear\"><\/div>\r\n                            <\/div>\r\n\t\t\t\t\t\t<\/div>\r\n\t\t\t\t\t<\/div>\r\n\t\t\t\t\t\r\n\t\t\t\t\t<div class=\"blog_post_preview  format-standard\">\r\n                        <div class=\"item_wrapper\">\r\n                            <div class=\"blog_content\"><h2 class=\"blogpost_title\"><a href=\"https:\/\/studia-wroclaw.pl\/en\/porozumienie-o-wspolpracy-w-zakresie-bezpieczenstwa-publicznego-uczelnia-zaciesnia-relacje-z-komenda-miejska-policji-we-wroclawiu\/\">Agreement on cooperation in the field of public safety - the University strengthens relations with the Wroc\u0142aw Municipal Police Headquarters<\/a><\/h2>\nZ inicjatywy Zespo\u0142u Opiniodawczo-Doradczego ds. Bezpiecze\u0144stwa dzia\u0142aj\u0105cego przy Wy\u017cszej Szkole Kszta\u0142cenia Zawodowego we Wroc\u0142awiu, zawarte zosta\u0142o porozumienie o wsp\u00f3\u0142pracy pomi\u0119dzy Rektorem uczelni, dr Henrykiem Fedewiczem, a Komendantem Miejskim Policji we Wroc\u0142awiu, insp. Rafa\u0142em Siczek.\n\n\n\nZakres wsp\u00f3\u0142pracy\n\n\n\nCelem porozumienia jest zapewnienie \u0142adu, bezpiecze\u0144stwa oraz porz\u0105dku...<div class=\"clear post_clear\"><\/div><a href=\"https:\/\/studia-wroclaw.pl\/en\/porozumienie-o-wspolpracy-w-zakresie-bezpieczenstwa-publicznego-uczelnia-zaciesnia-relacje-z-komenda-miejska-policji-we-wroclawiu\/\" class=\"learn_more\">Read More<span><\/span><\/a><div class=\"post_info\">\r\n                                <\/div>\r\n                                <div class=\"clear\"><\/div>\r\n                            <\/div>\r\n\t\t\t\t\t\t<\/div>\r\n\t\t\t\t\t<\/div>\r\n\t\t\t\t\t\r\n\t\t\t\t\t<div class=\"blog_post_preview  format-standard\">\r\n                        <div class=\"item_wrapper\">\r\n                            <div class=\"blog_content\"><h2 class=\"blogpost_title\"><a href=\"https:\/\/studia-wroclaw.pl\/en\/forum-ekonomiczne-w-karpaczu-wspolpraca-wyzszej-szkoly-ksztalcenia-zawodowego-z-instytutem-studiow-wschodnich\/\">Forum Ekonomiczne w Karpaczu \u2013 wsp\u00f3\u0142praca Wy\u017cszej Szko\u0142y Kszta\u0142cenia Zawodowego z Instytutem Studi\u00f3w Wschodnich<\/a><\/h2>\nWy\u017csza Szko\u0142a Kszta\u0142cenia Zawodowego odnotowa\u0142a kolejny istotny krok w swoim rozwoju \u2013 nawi\u0105zanie wsp\u00f3\u0142pracy instytucjonalnej z Instytutem Studi\u00f3w Wschodnich, organizatorem Forum Ekonomicznego w Karpaczu.\n\n\n\nRanga wydarzenia\n\n\n\nForum Ekonomiczne w Karpaczu to najwi\u0119ksza i najbardziej presti\u017cowa konferencja gospodarcza w Europie \u015arodkowo-Wschodniej, okre\u015blana cz\u0119sto mianem \u201epolskiego Davos\u201d....<div class=\"clear post_clear\"><\/div><a href=\"https:\/\/studia-wroclaw.pl\/en\/forum-ekonomiczne-w-karpaczu-wspolpraca-wyzszej-szkoly-ksztalcenia-zawodowego-z-instytutem-studiow-wschodnich\/\" class=\"learn_more\">Read More<span><\/span><\/a><div class=\"post_info\">\r\n                                <\/div>\r\n                                <div class=\"clear\"><\/div>\r\n                            <\/div>\r\n\t\t\t\t\t\t<\/div>\r\n\t\t\t\t\t<\/div>\r\n\t\t\t\t\t\r\n\t\t\t\t\t<div class=\"blog_post_preview  format-standard\">\r\n                        <div class=\"item_wrapper\">\r\n                            <div class=\"blog_content\"><h2 class=\"blogpost_title\"><a href=\"https:\/\/studia-wroclaw.pl\/en\/podpisanie-porozumienia-o-wspolpracy-z-firma-i-am-recruitment-services\/\">Signing of cooperation agreement with I Am Recruitment Services<\/a><\/h2>\nW dniu 14 sierpnia 2025 r. odby\u0142o si\u0119 spotkanie pomi\u0119dzy Wy\u017csz\u0105 Szko\u0142\u0105 Kszta\u0142cenia Zawodowego a Panem Adamem W\u0142odarczykiem, w\u0142a\u015bcicielem firmy I Am Recruitment Services.\n\n\n\nW rozmowie uczestniczyli:\n\n\n\n\ndr Wojciech Kazanecki \u2013 Przewodnicz\u0105cy Rady Interesariuszy WSKZ.\n\n\n\ndr Aneta Kazanecka \u2013 Prodziekan ds. studenckich WSKZ.\n\n\n\nPan Karol Molasy \u2013 Koordynator ds. kontakt\u00f3w z Otoczeniem...<div class=\"clear post_clear\"><\/div><a href=\"https:\/\/studia-wroclaw.pl\/en\/podpisanie-porozumienia-o-wspolpracy-z-firma-i-am-recruitment-services\/\" class=\"learn_more\">Read More<span><\/span><\/a><div class=\"post_info\">\r\n                                <\/div>\r\n                                <div class=\"clear\"><\/div>\r\n                            <\/div>\r\n\t\t\t\t\t\t<\/div>\r\n\t\t\t\t\t<\/div>\r\n\t\t\t\t\t\r\n\t\t\t\t\t<div class=\"blog_post_preview  format-standard\">\r\n                        <div class=\"item_wrapper\">\r\n                            <div class=\"blog_content\"><h2 class=\"blogpost_title\"><a href=\"https:\/\/studia-wroclaw.pl\/en\/spotkanie-z-partner-papes-rozmowy-o-dalszej-wspolpracy\/\">Meeting with Partner Papes - discussions on further cooperation<\/a><\/h2>\n7 sierpnia 2025 r. przedstawiciel Wy\u017cszej Szko\u0142y Kszta\u0142cenia Zawodowego odwiedzi\u0142 siedzib\u0119 firmy Partner Papes w ramach kontynuacji nawi\u0105zanego wcze\u015bniej partnerstwa.\n\n\n\nW spotkaniu udzia\u0142 wzi\u0119li:\n\n\n\n\nPan Karol Molasy \u2013 Koordynator ds. kontakt\u00f3w z Otoczeniem Spo\u0142eczno-Gospodarczym WSKZ.\n\n\n\nPan Marek Jab\u0142o\u0144ski \u2013 Dyrektor ds. finansowo-kadrowych Partner Papes.\n\n\n\n\nRozmowa przebieg\u0142a w bardzo...<div class=\"clear post_clear\"><\/div><a href=\"https:\/\/studia-wroclaw.pl\/en\/spotkanie-z-partner-papes-rozmowy-o-dalszej-wspolpracy\/\" class=\"learn_more\">Read More<span><\/span><\/a><div class=\"post_info\">\r\n                                <\/div>\r\n                                <div class=\"clear\"><\/div>\r\n                            <\/div>\r\n\t\t\t\t\t\t<\/div>\r\n\t\t\t\t\t<\/div>\r\n\t\t\t\t\t\r\n\t\t\t\t\t<div class=\"blog_post_preview  format-standard\">\r\n                        <div class=\"item_wrapper\">\r\n                            <div class=\"blog_content\"><h2 class=\"blogpost_title\"><a href=\"https:\/\/studia-wroclaw.pl\/en\/interesariusz-naszej-uczelni-na-prestizowym-wydarzeniu-american-accounting-association-w-chicago\/\">Our University's stakeholder at prestigious American Accounting Association event in Chicago<\/a><\/h2>\nFrom 2-6 August 2025, Chicago became the accounting capital of the world with the American Accounting Association Conference and Annual Meeting. The event was attended by Ms Sylwia Rzepka, owner of Rzepka Sp. z o.o. - Stakeholder of the Higher School of Vocational Education, and member of the Wielkopolska Branch of the Accountants Association in Poland in Pozna\u0144. During the...<div class=\"clear post_clear\"><\/div><a href=\"https:\/\/studia-wroclaw.pl\/en\/interesariusz-naszej-uczelni-na-prestizowym-wydarzeniu-american-accounting-association-w-chicago\/\" class=\"learn_more\">Read More<span><\/span><\/a><div class=\"post_info\">\r\n                                <\/div>\r\n                                <div class=\"clear\"><\/div>\r\n                            <\/div>\r\n\t\t\t\t\t\t<\/div>\r\n\t\t\t\t\t<\/div>\r\n\t\t\t\t\t\r\n\t\t\t\t\t<div class=\"blog_post_preview  format-standard\">\r\n                        <div class=\"item_wrapper\">\r\n                            <div class=\"blog_content\"><h2 class=\"blogpost_title\"><a href=\"https:\/\/studia-wroclaw.pl\/en\/podpisanie-porozumienia-o-wspolpracy-z-zakladem-doskonalenia-zawodowego-w-kielcach\/\">Signing of a cooperation agreement with the Vocational Training Institute in Kielce<\/a><\/h2>\nZ inicjatywy Zespo\u0142u Opiniodawczo-Doradczego ds. Bezpiecze\u0144stwa Wy\u017cszej Szko\u0142y Kszta\u0142cenia Zawodowego we Wroc\u0142awiu dosz\u0142o do podpisania porozumienia o wsp\u00f3\u0142pracy z Zak\u0142adem Doskonalenia Zawodowego z siedzib\u0105 w Kielcach.\n\n\n\nZakres podpisanego porozumienia obejmuje m.in.:\n\n\n\n\nrealizacj\u0119 wsp\u00f3lnych program\u00f3w badawczych;\n\n\n\nwsp\u00f3\u0142prac\u0119 przy organizacji tematycznych konferencji i seminari\u00f3w...<div class=\"clear post_clear\"><\/div><a href=\"https:\/\/studia-wroclaw.pl\/en\/podpisanie-porozumienia-o-wspolpracy-z-zakladem-doskonalenia-zawodowego-w-kielcach\/\" class=\"learn_more\">Read More<span><\/span><\/a><div class=\"post_info\">\r\n                                <\/div>\r\n                                <div class=\"clear\"><\/div>\r\n                            <\/div>\r\n\t\t\t\t\t\t<\/div>\r\n\t\t\t\t\t<\/div>\r\n\t\t\t\t\t<ul class=\"pagerblock\"><li><a href='https:\/\/studia-wroclaw.pl\/en\/wp-json\/wp\/v2\/pages\/5778\/' class='current'>1<\/a><\/li><li><a href='https:\/\/studia-wroclaw.pl\/en\/wp-json\/wp\/v2\/pages\/5778\/page\/2\/'>2<\/a><\/li><li><a href='https:\/\/studia-wroclaw.pl\/en\/wp-json\/wp\/v2\/pages\/5778\/page\/3\/'>3<\/a><\/li><li class=\"next_page\"><a href=\"https:\/\/studia-wroclaw.pl\/en\/wp-json\/wp\/v2\/pages\/5778\/page\/2\/\"><i class=\"fa fa-angle-right\"><\/i><\/a><\/li><\/ul>    <\/div>\r\n<\/div>\r\n<\/div><\/div><\/div><\/div><\/div><\/div>\n<\/div>","protected":false},"excerpt":{"rendered":"Z inicjatywy Zespo\u0142u Opiniodawczo-Doradczego ds. Bezpiecze\u0144stwa Wy\u017cszej Szko\u0142y Kszta\u0142cenia Zawodowego we Wroc\u0142awiu dosz\u0142o do podpisania porozumienia o wsp\u00f3\u0142pracy z Zak\u0142adem Doskonalenia Zawodowego z siedzib\u0105 w Kielcach. Zakres podpisanego porozumienia obejmuje m.in.: realizacj\u0119 wsp\u00f3lnych program\u00f3w badawczych; wsp\u00f3\u0142prac\u0119 przy organizacji tematycznych konferencji i seminari\u00f3w naukowych; opracowanie i analiz\u0119 materia\u0142\u00f3w pokonferencyjnych; wsp\u00f3\u0142udzia\u0142 w tworzeniu program\u00f3w nauczania dla nowych [...]","protected":false},"author":1,"featured_media":0,"parent":0,"menu_order":0,"comment_status":"closed","ping_status":"closed","template":"","meta":{"om_disable_all_campaigns":false,"footnotes":""},"class_list":["post-5778","page","type-page","status-publish","hentry"],"yoast_head":"<!-- This site is optimized with the Yoast SEO plugin v25.9 - https:\/\/yoast.com\/wordpress\/plugins\/seo\/ -->\n<title>Wsp\u00f3\u0142praca z otoczeniem spo\u0142eczno-gospodarczym | studia-wroclaw.pl<\/title>\n<meta name=\"description\" content=\"Studia-wroclaw.pl dla biznesu i spo\u0142eczno\u015bci - odkryj korzy\u015bci ze wsp\u00f3\u0142pracy mi\u0119dzy akademi\u0105 a przedsi\u0119biorcami. Wsp\u00f3lne projekty, sta\u017ce i transfer wiedzy dla rozwoju regionu.\" \/>\n<meta name=\"robots\" content=\"index, follow, max-snippet:-1, max-image-preview:large, max-video-preview:-1\" \/>\n<link rel=\"canonical\" href=\"https:\/\/studia-wroclaw.pl\/en\/wspolpraca-z-otoczeniem-spoleczno-gospodarczym\/\" \/>\n<meta property=\"og:locale\" content=\"en_GB\" \/>\n<meta property=\"og:type\" content=\"article\" \/>\n<meta property=\"og:title\" content=\"Wsp\u00f3\u0142praca z otoczeniem spo\u0142eczno-gospodarczym | studia-wroclaw.pl\" \/>\n<meta property=\"og:description\" content=\"Studia-wroclaw.pl dla biznesu i spo\u0142eczno\u015bci - odkryj korzy\u015bci ze wsp\u00f3\u0142pracy mi\u0119dzy akademi\u0105 a przedsi\u0119biorcami. Wsp\u00f3lne projekty, sta\u017ce i transfer wiedzy dla rozwoju regionu.\" \/>\n<meta property=\"og:url\" content=\"https:\/\/studia-wroclaw.pl\/en\/wspolpraca-z-otoczeniem-spoleczno-gospodarczym\/\" \/>\n<meta property=\"og:site_name\" content=\"Studia Wroc\u0142aw\" \/>\n<meta property=\"article:modified_time\" content=\"2026-02-23T11:10:22+00:00\" \/>\n<meta name=\"twitter:card\" content=\"summary_large_image\" \/>\n<meta name=\"twitter:label1\" content=\"Estimated reading time\" \/>\n\t<meta name=\"twitter:data1\" content=\"2 minutes\" \/>\n<script type=\"application\/ld+json\" class=\"yoast-schema-graph\">{\"@context\":\"https:\/\/schema.org\",\"@graph\":[{\"@type\":\"WebPage\",\"@id\":\"https:\/\/studia-wroclaw.pl\/wspolpraca-z-otoczeniem-spoleczno-gospodarczym\/\",\"url\":\"https:\/\/studia-wroclaw.pl\/wspolpraca-z-otoczeniem-spoleczno-gospodarczym\/\",\"name\":\"Wsp\u00f3\u0142praca z otoczeniem spo\u0142eczno-gospodarczym | studia-wroclaw.pl\",\"isPartOf\":{\"@id\":\"https:\/\/studia-wroclaw.pl\/#website\"},\"datePublished\":\"2025-06-22T15:54:05+00:00\",\"dateModified\":\"2026-02-23T11:10:22+00:00\",\"description\":\"Studia-wroclaw.pl dla biznesu i spo\u0142eczno\u015bci - odkryj korzy\u015bci ze wsp\u00f3\u0142pracy mi\u0119dzy akademi\u0105 a przedsi\u0119biorcami. Wsp\u00f3lne projekty, sta\u017ce i transfer wiedzy dla rozwoju regionu.\",\"breadcrumb\":{\"@id\":\"https:\/\/studia-wroclaw.pl\/wspolpraca-z-otoczeniem-spoleczno-gospodarczym\/#breadcrumb\"},\"inLanguage\":\"en-GB\",\"potentialAction\":[{\"@type\":\"ReadAction\",\"target\":[\"https:\/\/studia-wroclaw.pl\/wspolpraca-z-otoczeniem-spoleczno-gospodarczym\/\"]}]},{\"@type\":\"BreadcrumbList\",\"@id\":\"https:\/\/studia-wroclaw.pl\/wspolpraca-z-otoczeniem-spoleczno-gospodarczym\/#breadcrumb\",\"itemListElement\":[{\"@type\":\"ListItem\",\"position\":1,\"name\":\"Strona g\u0142\u00f3wna\",\"item\":\"https:\/\/studia-wroclaw.pl\/\"},{\"@type\":\"ListItem\",\"position\":2,\"name\":\"Wsp\u00f3\u0142praca z otoczeniem spo\u0142eczno-gospodarczym\"}]},{\"@type\":\"WebSite\",\"@id\":\"https:\/\/studia-wroclaw.pl\/#website\",\"url\":\"https:\/\/studia-wroclaw.pl\/\",\"name\":\"Studia Wroc\u0142aw\",\"description\":\"\",\"potentialAction\":[{\"@type\":\"SearchAction\",\"target\":{\"@type\":\"EntryPoint\",\"urlTemplate\":\"https:\/\/studia-wroclaw.pl\/?s={search_term_string}\"},\"query-input\":{\"@type\":\"PropertyValueSpecification\",\"valueRequired\":true,\"valueName\":\"search_term_string\"}}],\"inLanguage\":\"en-GB\"}]}<\/script>\n<!-- \/ Yoast SEO plugin. -->","yoast_head_json":{"title":"Wsp\u00f3\u0142praca z otoczeniem spo\u0142eczno-gospodarczym | studia-wroclaw.pl","description":"Studia-wroclaw.pl dla biznesu i spo\u0142eczno\u015bci - odkryj korzy\u015bci ze wsp\u00f3\u0142pracy mi\u0119dzy akademi\u0105 a przedsi\u0119biorcami. Wsp\u00f3lne projekty, sta\u017ce i transfer wiedzy dla rozwoju regionu.","robots":{"index":"index","follow":"follow","max-snippet":"max-snippet:-1","max-image-preview":"max-image-preview:large","max-video-preview":"max-video-preview:-1"},"canonical":"https:\/\/studia-wroclaw.pl\/en\/wspolpraca-z-otoczeniem-spoleczno-gospodarczym\/","og_locale":"en_GB","og_type":"article","og_title":"Wsp\u00f3\u0142praca z otoczeniem spo\u0142eczno-gospodarczym | studia-wroclaw.pl","og_description":"Studia-wroclaw.pl dla biznesu i spo\u0142eczno\u015bci - odkryj korzy\u015bci ze wsp\u00f3\u0142pracy mi\u0119dzy akademi\u0105 a przedsi\u0119biorcami. Wsp\u00f3lne projekty, sta\u017ce i transfer wiedzy dla rozwoju regionu.","og_url":"https:\/\/studia-wroclaw.pl\/en\/wspolpraca-z-otoczeniem-spoleczno-gospodarczym\/","og_site_name":"Studia Wroc\u0142aw","article_modified_time":"2026-02-23T11:10:22+00:00","twitter_card":"summary_large_image","twitter_misc":{"Estimated reading time":"2 minutes"},"schema":{"@context":"https:\/\/schema.org","@graph":[{"@type":"WebPage","@id":"https:\/\/studia-wroclaw.pl\/wspolpraca-z-otoczeniem-spoleczno-gospodarczym\/","url":"https:\/\/studia-wroclaw.pl\/wspolpraca-z-otoczeniem-spoleczno-gospodarczym\/","name":"Wsp\u00f3\u0142praca z otoczeniem spo\u0142eczno-gospodarczym | studia-wroclaw.pl","isPartOf":{"@id":"https:\/\/studia-wroclaw.pl\/#website"},"datePublished":"2025-06-22T15:54:05+00:00","dateModified":"2026-02-23T11:10:22+00:00","description":"Studia-wroclaw.pl dla biznesu i spo\u0142eczno\u015bci - odkryj korzy\u015bci ze wsp\u00f3\u0142pracy mi\u0119dzy akademi\u0105 a przedsi\u0119biorcami. Wsp\u00f3lne projekty, sta\u017ce i transfer wiedzy dla rozwoju regionu.","breadcrumb":{"@id":"https:\/\/studia-wroclaw.pl\/wspolpraca-z-otoczeniem-spoleczno-gospodarczym\/#breadcrumb"},"inLanguage":"en-GB","potentialAction":[{"@type":"ReadAction","target":["https:\/\/studia-wroclaw.pl\/wspolpraca-z-otoczeniem-spoleczno-gospodarczym\/"]}]},{"@type":"BreadcrumbList","@id":"https:\/\/studia-wroclaw.pl\/wspolpraca-z-otoczeniem-spoleczno-gospodarczym\/#breadcrumb","itemListElement":[{"@type":"ListItem","position":1,"name":"Strona g\u0142\u00f3wna","item":"https:\/\/studia-wroclaw.pl\/"},{"@type":"ListItem","position":2,"name":"Wsp\u00f3\u0142praca z otoczeniem spo\u0142eczno-gospodarczym"}]},{"@type":"WebSite","@id":"https:\/\/studia-wroclaw.pl\/#website","url":"https:\/\/studia-wroclaw.pl\/","name":"Studies Wroclaw","description":"","potentialAction":[{"@type":"SearchAction","target":{"@type":"EntryPoint","urlTemplate":"https:\/\/studia-wroclaw.pl\/?s={search_term_string}"},"query-input":{"@type":"PropertyValueSpecification","valueRequired":true,"valueName":"search_term_string"}}],"inLanguage":"en-GB"}]}},"_links":{"self":[{"href":"https:\/\/studia-wroclaw.pl\/en\/wp-json\/wp\/v2\/pages\/5778","targetHints":{"allow":["GET"]}}],"collection":[{"href":"https:\/\/studia-wroclaw.pl\/en\/wp-json\/wp\/v2\/pages"}],"about":[{"href":"https:\/\/studia-wroclaw.pl\/en\/wp-json\/wp\/v2\/types\/page"}],"author":[{"embeddable":true,"href":"https:\/\/studia-wroclaw.pl\/en\/wp-json\/wp\/v2\/users\/1"}],"replies":[{"embeddable":true,"href":"https:\/\/studia-wroclaw.pl\/en\/wp-json\/wp\/v2\/comments?post=5778"}],"version-history":[{"count":16,"href":"https:\/\/studia-wroclaw.pl\/en\/wp-json\/wp\/v2\/pages\/5778\/revisions"}],"predecessor-version":[{"id":9008,"href":"https:\/\/studia-wroclaw.pl\/en\/wp-json\/wp\/v2\/pages\/5778\/revisions\/9008"}],"wp:attachment":[{"href":"https:\/\/studia-wroclaw.pl\/en\/wp-json\/wp\/v2\/media?parent=5778"}],"curies":[{"name":"wp","href":"https:\/\/api.w.org\/{rel}","templated":true}]}}