{"id":6722,"date":"2024-05-09T12:37:13","date_gmt":"2024-05-09T10:37:13","guid":{"rendered":"https:\/\/studia-wroclaw.pl\/?page_id=6722"},"modified":"2026-04-24T12:48:51","modified_gmt":"2026-04-24T10:48:51","slug":"praktyczny-wymiar-ochrony-ludnosci-i-obrony-cywilnej-2","status":"publish","type":"page","link":"https:\/\/studia-wroclaw.pl\/en\/studia-podyplomowe\/praktyczny-wymiar-ochrony-ludnosci-i-obrony-cywilnej-2\/","title":{"rendered":"The practical dimension of civil protection and civil defence"},"content":{"rendered":"<div class=\"wpb-content-wrapper\"><div class=\"vc_custom_1718098694488\"><div class=\"container\"><div class=\"vc_row wpb_row vc_row-fluid vc_row-o-content-top vc_row-flex\"><div class=\"wpb_column vc_column_container vc_col-sm-8\"><div class=\"vc_column-inner vc_custom_1715541040811\"><div class=\"wpb_wrapper\">\n\t<div class=\"wpb_text_column wpb_content_element\" >\n\t\t<div class=\"wpb_wrapper\">\n\t\t\t<h1>The practical dimension of civil protection and civil defence<\/h1>\n<div id=\"_tcx-g3x2nvgack\" class=\"_tc_offscreeneded\"><\/div>\n\n\t\t<\/div>\n\t<\/div>\n\n\t<div class=\"wpb_text_column wpb_content_element  vc_custom_1760079361531\" >\n\t\t<div class=\"wpb_wrapper\">\n\t\t\t<h3>postgraduate studies<\/h3>\n\n\t\t<\/div>\n\t<\/div>\n<div class=\"gt3_spacing\"><div class=\"gt3_spacing-height gt3_spacing-height_default\" style=\"height:32px;\"><\/div><\/div>  \r\n\n\t<div class=\"wpb_text_column wpb_content_element  vc_custom_1760079388700\" >\n\t\t<div class=\"wpb_wrapper\">\n\t\t\t<div class=\"wpb_text_column wpb_content_element vc_custom_1715691197782\">\n<div class=\"wpb_wrapper\">\n<p><span style=\"font-weight: 400;\">Celem studi\u00f3w jest przekazanie s\u0142uchaczom wiedzy z zakresu ochrony ludno\u015bci i obrony cywilnej.<\/span><\/p>\n<p><span style=\"font-weight: 400;\">Szczeg\u00f3lny nacisk k\u0142adziony jest na nabycie zdolno\u015bci implementacji procedur i standard\u00f3w z zakresu ochrony ludno\u015bci i obrony cywilnej w jednostkach samorz\u0105du terytorialnego, administracji rz\u0105dowej oraz instytucjach i podmiotach wsp\u00f3\u0142pracuj\u0105cych. W trakcie kszta\u0142cenia s\u0142uchacze poznaj\u0105 r\u00f3wnie\u017c elementy prawa, zarz\u0105dzania, logistyki i nowoczesnych technologii z praktycznym wymiarem funkcjonowania systemu bezpiecze\u0144stwa powszechnego.<\/span><\/p>\n<p><span style=\"font-weight: 400;\">Absolwenci zdobywaj\u0105 <\/span><b>umiej\u0119tno\u015bci niezb\u0119dne do interpretacji przepis\u00f3w, wdra\u017cania procedur operacyjnych, planowania i realizacji zada\u0144 OL i OC w warunkach rzeczywistych zagro\u017ce\u0144, organizacji i wykorzystania zasob\u00f3w ochrony ludno\u015bci, a tak\u017ce praktycznych umiej\u0119tno\u015bci operacyjnych i komunikacyjnych przydatnych podczas prowadzenia dzia\u0142a\u0144 w warunkach stresu, presji czasu i niepewno\u015bci.<\/b><\/p>\n<p><b>Duration of study:<\/b><span style=\"font-weight: 400;\"> 2 semesters (number of teaching hours: 190)<\/span><\/p>\n<p><span style=\"font-weight: 400;\">Among other things, classes are conducted online via an e-learning platform. Students receive access to teaching materials and consultations with lecturers. This mode enables participants to attend lectures in real time, regardless of where they live.<\/span><\/p>\n<\/div>\n<\/div>\n\n\t\t<\/div>\n\t<\/div>\n<\/div><\/div><\/div><div class=\"wpb_column vc_column_container vc_col-sm-4\"><div class=\"vc_column-inner\"><div class=\"wpb_wrapper\">\n\t<div  class=\"wpb_single_image wpb_content_element vc_align_center\">\n\t\t\n\t\t<figure class=\"wpb_wrapper vc_figure\">\n\t\t\t<div class=\"vc_single_image-wrapper   vc_box_border_grey\"><img decoding=\"async\" class=\"vc_single_image-img\" src=\"https:\/\/studia-wroclaw.pl\/wp-content\/uploads\/2025\/08\/Praktyczny-wymiar-ochrony-ludnosci-i-obrony-cywilnej-400x300.jpg\" width=\"400\" height=\"300\" alt=\"Praktyczny wymiar ochrony ludno\u015bci i obrony cywilnej\" title=\"The practical dimension of civil protection and civil defence\" loading=\"lazy\" \/><\/div>\n\t\t<\/figure>\n\t<\/div>\n\n\t<div class=\"wpb_text_column wpb_content_element  vc_custom_1754990132156\" >\n\t\t<div class=\"wpb_wrapper\">\n\t\t\t<h4><span style=\"color: #ffffff;\"><img loading=\"lazy\" decoding=\"async\" class=\"alignnone size-full wp-image-3309\" src=\"https:\/\/studia-wroclaw.pl\/wp-content\/uploads\/2024\/06\/konkurencyjne-ceny1.png\" alt=\"\" width=\"26\" height=\"26\" \/>\u00a0 Low tuition fees - from \u00a3549<\/span><\/h4>\n<hr \/>\n<h4><span style=\"color: #ffffff;\"><img loading=\"lazy\" decoding=\"async\" class=\"alignnone size-full wp-image-3310\" src=\"https:\/\/studia-wroclaw.pl\/wp-content\/uploads\/2024\/06\/brak-oplaty1.png\" alt=\"\" width=\"26\" height=\"26\" \/>\u00a0 Entry fee 0 z\u0142<\/span><\/h4>\n<div id=\"_tcx-m0p0iu65uoi\" class=\"_tc_offscreeneded\"><\/div>\n<div id=\"_tcx-7g6kksw2rcl\" class=\"_tc_offscreeneded\"><\/div>\n<div id=\"_tcx-4sozruqx3wj\" class=\"_tc_offscreeneded\"><\/div>\n<div id=\"_tcx-4wxhjzopu8b\" class=\"_tc_offscreeneded\"><\/div>\n\n\t\t<\/div>\n\t<\/div>\n<div class=\"vc_btn3-container vc_btn3-center vc_custom_1757411190170\" ><a class=\"vc_general vc_btn3 vc_btn3-size-md vc_btn3-shape-round vc_btn3-style-flat vc_btn3-block vc_btn3-color-warning\" href=\"#div1\" title=\"\" onclick=\"showDiv(&#039;div1&#039;)\">ENROL FOR STUDIES<\/a><\/div>\n\t<div class=\"wpb_text_column wpb_content_element  vc_custom_1757412940623\" >\n\t\t<div class=\"wpb_wrapper\">\n\t\t\t<p style=\"text-align: center;\"><a href=\"https:\/\/studia-wroclaw.pl\/wp-content\/uploads\/2025\/09\/program-studiow-ol-oc.pdf\" target=\"_blank\" rel=\"noopener\" style=\"color: #f3b600 !important; text-decoration: underline;\">Pobierz program studi\u00f3w<\/a><\/p>\n\n\t\t<\/div>\n\t<\/div>\n<\/div><\/div><\/div><\/div><\/div><\/div><div class=\"\"><div class=\"container\"><div class=\"vc_row wpb_row vc_row-fluid\"><div class=\"wpb_column vc_column_container vc_col-sm-4\"><div class=\"vc_column-inner vc_custom_1725538062693\"><div class=\"wpb_wrapper\"><section ><div id=\"vc-pricing-table-69f293e45fde4\" class=\"vc_general wpb-pricing-table vc_custom_1754990195935\"><h3 style=\"font-size: 20px;text-align: center;font-family:PT Serif;font-weight:400;font-style:normal\" class=\"vc_custom_heading\" >Tuition payment - 1st year<\/h3><p class=\"wpb-plan-description\"><\/p><div class=\"wpb-price-container\"><sup class=\"wpb-currency\"><\/sup><strong class=\"wpb-price\">\u00a3549 x 10<\/strong><sub class=\"wpb-period\"><\/sub><\/div><div class=\"vc_btn3-container vc_btn3-center\" ><a class=\"vc_general vc_btn3 vc_btn3-size-md vc_btn3-shape-round vc_btn3-style-classic vc_btn3-block vc_btn3-color-primary\" href=\"#div1\" title=\"\" onclick=\"showDiv(&#039;div1&#039;)\">REGISTER<\/a><\/div><ul>\n<li>Low tuition fees<\/li>\n<li>No additional costs<\/li>\n<\/ul>\n<\/div><\/section><style>#vc-pricing-table-69f293e45fde4 .wpb-plan-features li::before {  content: \"\";  display: inline-block;  margin: 0 10px 0 0; width: 18px;  height: 18px;  vertical-align: middle;  background: url(\"data:image\/svg+xml,%3Csvg xmlns='http:\/\/www.w3.org\/2000\/svg' width='22px' height='22px' viewBox='0 0 22 22' version='1.1'%3E%3Cg id='Page-1' stroke='none' stroke-width='1' fill='none' fill-rule='evenodd'%3E%3Cg id='Artboard' transform='translate(-472.000000, -546.000000)' fill-rule='nonzero'%3E%3Cg id='wpb-pricing-table-element' transform='translate(445.000000, 222.000000)'%3E%3Cg id='bullet' transform='translate(27.000000, 324.000000)'%3E%3Cpath d='M22,10.9999756 C22,17.0751668 17.0751778,22 11,22 C4.92487111,22 0,17.0751668 0,10.9999756 C0,4.92488206 4.92487111,0 11,0 C17.0751778,0 22,4.92488206 22,10.9999756 Z' id='Path' fill='%235188f1'\/%3E%3Cpolygon id='Path' fill='%23FFFFFF' transform='translate(11.011123, 9.631788) rotate(-45.000000) translate(-11.011123, -9.631788) ' points='8.39375516 6.63178844 8.39375516 10.0231025 16.2371538 10.0231255 16.2371538 12.6317884 5.78509217 12.6317133 5.78509217 6.63178844'\/%3E%3C\/g%3E%3C\/g%3E%3C\/g%3E%3C\/g%3E%3C\/svg%3E\") center no-repeat;  background-size: 18px; }<\/style><\/div><\/div><\/div><div class=\"wpb_column vc_column_container vc_col-sm-4\"><div class=\"vc_column-inner vc_custom_1725538070814\"><div class=\"wpb_wrapper\"><section ><div id=\"vc-pricing-table-69f293e4602b5\" class=\"vc_general wpb-pricing-table vc_custom_1754990401610\"><h3 style=\"font-size: 20px;text-align: center;font-family:PT Serif;font-weight:400;font-style:normal\" class=\"vc_custom_heading\" >Semester payment - 1st year<\/h3><p class=\"wpb-plan-description\"><\/p><div class=\"wpb-price-container\"><sup class=\"wpb-currency\"><\/sup><strong class=\"wpb-price\">\u00a32520 x 2<\/strong><sub class=\"wpb-period\"><\/sub><\/div><div class=\"vc_btn3-container vc_btn3-center\" ><a class=\"vc_general vc_btn3 vc_btn3-size-md vc_btn3-shape-round vc_btn3-style-classic vc_btn3-block vc_btn3-color-primary\" href=\"#div2\" title=\"\" onclick=\"showDiv(&#039;div2&#039;)\">REGISTER<\/a><\/div><ul>\n<li>Convenient payments every semester<\/li>\n<li>No additional costs<\/li>\n<\/ul>\n<\/div><\/section><style>#vc-pricing-table-69f293e4602b5 .wpb-plan-features li::before {  content: \"\";  display: inline-block;  margin: 0 10px 0 0; width: 18px;  height: 18px;  vertical-align: middle;  background: url(\"data:image\/svg+xml,%3Csvg xmlns='http:\/\/www.w3.org\/2000\/svg' width='22px' height='22px' viewBox='0 0 22 22' version='1.1'%3E%3Cg id='Page-1' stroke='none' stroke-width='1' fill='none' fill-rule='evenodd'%3E%3Cg id='Artboard' transform='translate(-472.000000, -546.000000)' fill-rule='nonzero'%3E%3Cg id='wpb-pricing-table-element' transform='translate(445.000000, 222.000000)'%3E%3Cg id='bullet' transform='translate(27.000000, 324.000000)'%3E%3Cpath d='M22,10.9999756 C22,17.0751668 17.0751778,22 11,22 C4.92487111,22 0,17.0751668 0,10.9999756 C0,4.92488206 4.92487111,0 11,0 C17.0751778,0 22,4.92488206 22,10.9999756 Z' id='Path' fill='%235188f1'\/%3E%3Cpolygon id='Path' fill='%23FFFFFF' transform='translate(11.011123, 9.631788) rotate(-45.000000) translate(-11.011123, -9.631788) ' points='8.39375516 6.63178844 8.39375516 10.0231025 16.2371538 10.0231255 16.2371538 12.6317884 5.78509217 12.6317133 5.78509217 6.63178844'\/%3E%3C\/g%3E%3C\/g%3E%3C\/g%3E%3C\/g%3E%3C\/svg%3E\") center no-repeat;  background-size: 18px; }<\/style><\/div><\/div><\/div><div class=\"wpb_column vc_column_container vc_col-sm-4\"><div class=\"vc_column-inner vc_custom_1725538078736\"><div class=\"wpb_wrapper\"><section ><div id=\"vc-pricing-table-69f293e460763\" class=\"vc_general wpb-pricing-table vc_custom_1754990392034\"><h3 style=\"font-size: 20px;text-align: center;font-family:PT Serif;font-weight:400;font-style:normal\" class=\"vc_custom_heading\" >Single payment - 1st year<\/h3><p class=\"wpb-plan-description\"><\/p><div class=\"wpb-price-container\"><sup class=\"wpb-currency\"><\/sup><strong class=\"wpb-price\">PLN 4599<\/strong><sub class=\"wpb-period\"><\/sub><\/div><div class=\"vc_btn3-container vc_btn3-center\" ><a class=\"vc_general vc_btn3 vc_btn3-size-md vc_btn3-shape-round vc_btn3-style-classic vc_btn3-block vc_btn3-color-primary\" href=\"#div3\" title=\"\" onclick=\"showDiv(&#039;div3&#039;)\">REGISTER<\/a><\/div><ul>\n<li>Lowest price<\/li>\n<li>No additional costs<\/li>\n<\/ul>\n<\/div><\/section><style>#vc-pricing-table-69f293e460763 .wpb-plan-features li::before {  content: \"\";  display: inline-block;  margin: 0 10px 0 0; width: 18px;  height: 18px;  vertical-align: middle;  background: url(\"data:image\/svg+xml,%3Csvg xmlns='http:\/\/www.w3.org\/2000\/svg' width='22px' height='22px' viewBox='0 0 22 22' version='1.1'%3E%3Cg id='Page-1' stroke='none' stroke-width='1' fill='none' fill-rule='evenodd'%3E%3Cg id='Artboard' transform='translate(-472.000000, -546.000000)' fill-rule='nonzero'%3E%3Cg id='wpb-pricing-table-element' transform='translate(445.000000, 222.000000)'%3E%3Cg id='bullet' transform='translate(27.000000, 324.000000)'%3E%3Cpath d='M22,10.9999756 C22,17.0751668 17.0751778,22 11,22 C4.92487111,22 0,17.0751668 0,10.9999756 C0,4.92488206 4.92487111,0 11,0 C17.0751778,0 22,4.92488206 22,10.9999756 Z' id='Path' fill='%23rgba(0,152,234,0.16)'\/%3E%3Cpolygon id='Path' fill='%23FFFFFF' transform='translate(11.011123, 9.631788) rotate(-45.000000) translate(-11.011123, -9.631788) ' points='8.39375516 6.63178844 8.39375516 10.0231025 16.2371538 10.0231255 16.2371538 12.6317884 5.78509217 12.6317133 5.78509217 6.63178844'\/%3E%3C\/g%3E%3C\/g%3E%3C\/g%3E%3C\/g%3E%3C\/svg%3E\") center no-repeat;  background-size: 18px; }<\/style><\/div><\/div><\/div><\/div><\/div><\/div><div data-vc-full-width=\"true\" data-vc-full-width-init=\"false\" class=\"vc_custom_1718101534797\"><div class=\"container\"><div class=\"vc_row wpb_row vc_row-fluid vc_row-has-fill vc_row-o-content-bottom vc_row-flex\"><div class=\"wpb_column vc_column_container vc_col-sm-6\"><div class=\"vc_column-inner\"><div class=\"wpb_wrapper\">\n\t<div  class=\"wpb_single_image wpb_content_element vc_align_left\">\n\t\t\n\t\t<figure class=\"wpb_wrapper vc_figure\">\n\t\t\t<div class=\"vc_single_image-wrapper   vc_box_border_grey\"><img loading=\"lazy\" decoding=\"async\" width=\"1200\" height=\"1200\" src=\"https:\/\/studia-wroclaw.pl\/wp-content\/uploads\/2025\/08\/obrona-ludnosci-studia-wroclaw.png\" class=\"vc_single_image-img attachment-full\" alt=\"\" title=\"defence-population-studies-wroclaw\" srcset=\"https:\/\/studia-wroclaw.pl\/wp-content\/uploads\/2025\/08\/obrona-ludnosci-studia-wroclaw.png 1200w, https:\/\/studia-wroclaw.pl\/wp-content\/uploads\/2025\/08\/obrona-ludnosci-studia-wroclaw-300x300.png 300w, https:\/\/studia-wroclaw.pl\/wp-content\/uploads\/2025\/08\/obrona-ludnosci-studia-wroclaw-1024x1024.png 1024w, https:\/\/studia-wroclaw.pl\/wp-content\/uploads\/2025\/08\/obrona-ludnosci-studia-wroclaw-150x150.png 150w, https:\/\/studia-wroclaw.pl\/wp-content\/uploads\/2025\/08\/obrona-ludnosci-studia-wroclaw-768x768.png 768w, https:\/\/studia-wroclaw.pl\/wp-content\/uploads\/2025\/08\/obrona-ludnosci-studia-wroclaw-12x12.png 12w\" sizes=\"auto, (max-width: 1200px) 100vw, 1200px\" \/><\/div>\n\t\t<\/figure>\n\t<\/div>\n<\/div><\/div><\/div><div class=\"wpb_column vc_column_container vc_col-sm-6\"><div class=\"vc_column-inner vc_custom_1715677281422\"><div class=\"wpb_wrapper\">\n\t<div class=\"wpb_text_column wpb_content_element\" >\n\t\t<div class=\"wpb_wrapper\">\n\t\t\t<h2><b>Studies that open up new career paths<\/b><\/h2>\n\n\t\t<\/div>\n\t<\/div>\n\n\t<div class=\"wpb_text_column wpb_content_element  vc_custom_1760079555351\" >\n\t\t<div class=\"wpb_wrapper\">\n\t\t\t<div class=\"wpb_text_column wpb_content_element vc_custom_1715691278285\">\n<div class=\"wpb_wrapper\">\n<p><span style=\"font-weight: 400;\">Postgraduate studies <\/span><i><span style=\"font-weight: 400;\">The practical dimension of civil protection and civil defence<\/span><\/i><span style=\"font-weight: 400;\"> have been designed for those who want to carry out tasks in the civil protection and civil defence system in the future, both in the planning and operational dimensions. They are addressed to a wide range of practitioners and security professionals who combine responsibility for public safety with emergency preparedness.<\/span><\/p>\n<p><span style=\"font-weight: 400;\">Graduates can find employment in:<\/span><\/p>\n<ul>\n<li style=\"font-weight: 400;\" aria-level=\"1\"><span style=\"font-weight: 400;\">government and local authority offices (e.g. as a crisis management specialist);<\/span><\/li>\n<li style=\"font-weight: 400;\" aria-level=\"1\"><span style=\"font-weight: 400;\">institutions responsible for internal security;<\/span><\/li>\n<li style=\"font-weight: 400;\" aria-level=\"1\"><span style=\"font-weight: 400;\">public sector and NGOs as a civil protection expert;<\/span><\/li>\n<li style=\"font-weight: 400;\" aria-level=\"1\"><span style=\"font-weight: 400;\">private companies and institutions as security coordinator, emergency logistics specialist;<\/span><\/li>\n<li style=\"font-weight: 400;\" aria-level=\"1\"><span style=\"font-weight: 400;\">companies involved in physical security, consultancy and training;<\/span><\/li>\n<li style=\"font-weight: 400;\" aria-level=\"1\"><span style=\"font-weight: 400;\">structures related to critical infrastructure.<\/span><\/li>\n<\/ul>\n<\/div>\n<\/div>\n\n\t\t<\/div>\n\t<\/div>\n<\/div><\/div><\/div><\/div><\/div><\/div><div class=\"vc_row-full-width vc_clearfix\"><\/div><div data-vc-full-width=\"true\" data-vc-full-width-init=\"false\" data-vc-parallax=\"5\" class=\"vc_custom_1715599415871\"><div class=\"container\"><div class=\"vc_row wpb_row vc_row-fluid vc_row-has-fill vc_general vc_parallax vc_parallax-content-moving\"><div class=\"wpb_column vc_column_container vc_col-sm-12\"><div class=\"vc_column-inner\"><div class=\"wpb_wrapper\"><div class=\"vc_row wpb_row vc_inner vc_row-fluid vc_custom_1715540630091\"><div class=\"wpb_column vc_column_container vc_col-sm-12\"><div class=\"vc_column-inner\"><div class=\"wpb_wrapper\">\n\t<div class=\"wpb_text_column wpb_content_element  vc_custom_1754990459874\" >\n\t\t<div class=\"wpb_wrapper\">\n\t\t\t<h2 style=\"text-align: center;\"><b>Broad capabilities and specific competences<\/b><\/h2>\n\n\t\t<\/div>\n\t<\/div>\n\n\t<div class=\"wpb_text_column wpb_content_element  vc_custom_1760079585135\" >\n\t\t<div class=\"wpb_wrapper\">\n\t\t\t<div class=\"wpb_text_column wpb_content_element vc_custom_1715691233226\">\n<div class=\"wpb_wrapper\">\n<p style=\"text-align: center;\"><span style=\"font-weight: 400;\">Postgraduate studies <\/span><i><span style=\"font-weight: 400;\">The practical dimension of civil protection and civil defence <\/span><\/i><b>focus on the development of practical and operational competences in civil protection and civil defence<\/b><span style=\"font-weight: 400;\">. During the course of study:<\/span><\/p>\n<\/div>\n<\/div>\n\n\t\t<\/div>\n\t<\/div>\n<\/div><\/div><\/div><\/div><div class=\"vc_row wpb_row vc_inner vc_row-fluid vc_custom_1715599278868 vc_row-has-fill\"><div class=\"wpb_column vc_column_container vc_col-sm-4\"><div class=\"vc_column-inner\"><div class=\"wpb_wrapper\">\n\t<div  class=\"wpb_single_image wpb_content_element vc_align_center\">\n\t\t\n\t\t<figure class=\"wpb_wrapper vc_figure\">\n\t\t\t<div class=\"vc_single_image-wrapper   vc_box_border_grey\"><img decoding=\"async\" class=\"vc_single_image-img\" src=\"https:\/\/studia-wroclaw.pl\/wp-content\/uploads\/2024\/05\/techniki-badawcze-120x120.png\" width=\"120\" height=\"120\" alt=\"Techniki badawcze\" title=\"\" loading=\"lazy\" \/><\/div>\n\t\t<\/figure>\n\t<\/div>\n\n\t<div class=\"wpb_text_column wpb_content_element\" >\n\t\t<div class=\"wpb_wrapper\">\n\t\t\t<p style=\"text-align: center;\"><span style=\"font-weight: 400;\">you will acquire knowledge of the legal and organisational foundations of civil protection and civil defence;<\/span><\/p>\n\n\t\t<\/div>\n\t<\/div>\n<\/div><\/div><\/div><div class=\"wpb_column vc_column_container vc_col-sm-4\"><div class=\"vc_column-inner\"><div class=\"wpb_wrapper\">\n\t<div  class=\"wpb_single_image wpb_content_element vc_align_center\">\n\t\t\n\t\t<figure class=\"wpb_wrapper vc_figure\">\n\t\t\t<div class=\"vc_single_image-wrapper   vc_box_border_grey\"><img decoding=\"async\" class=\"vc_single_image-img\" src=\"https:\/\/studia-wroclaw.pl\/wp-content\/uploads\/2024\/05\/mechanizmy-psychologiczne-120x120.png\" width=\"120\" height=\"120\" alt=\"Mechanizmy psychologiczne\" title=\"\" loading=\"lazy\" \/><\/div>\n\t\t<\/figure>\n\t<\/div>\n\n\t<div class=\"wpb_text_column wpb_content_element\" >\n\t\t<div class=\"wpb_wrapper\">\n\t\t\t<p style=\"text-align: center;\"><span style=\"font-weight: 400;\">nauczysz si\u0119 planowa\u0107 zadania, ewidencjonowa\u0107 zasoby i wdra\u017ca\u0107 procedury zwi\u0105zane z OL i OC;<\/span><\/p>\n\n\t\t<\/div>\n\t<\/div>\n<\/div><\/div><\/div><div class=\"wpb_column vc_column_container vc_col-sm-4\"><div class=\"vc_column-inner\"><div class=\"wpb_wrapper\">\n\t<div  class=\"wpb_single_image wpb_content_element vc_align_center\">\n\t\t\n\t\t<figure class=\"wpb_wrapper vc_figure\">\n\t\t\t<div class=\"vc_single_image-wrapper   vc_box_border_grey\"><img decoding=\"async\" class=\"vc_single_image-img\" src=\"https:\/\/studia-wroclaw.pl\/wp-content\/uploads\/2024\/05\/psychologia-spoleczna-120x120.png\" width=\"120\" height=\"120\" alt=\"Psychologia spo\u0142eczna\" title=\"\" loading=\"lazy\" \/><\/div>\n\t\t<\/figure>\n\t<\/div>\n\n\t<div class=\"wpb_text_column wpb_content_element\" >\n\t\t<div class=\"wpb_wrapper\">\n\t\t\t<p style=\"text-align: center;\"><span style=\"font-weight: 400;\">poznasz zasady dzia\u0142ania system\u00f3w \u0142\u0105czno\u015bci, ostrzegania i alarmowania;<\/span><\/p>\n\n\t\t<\/div>\n\t<\/div>\n<\/div><\/div><\/div><\/div><div class=\"vc_row wpb_row vc_inner vc_row-fluid\"><div class=\"wpb_column vc_column_container vc_col-sm-4\"><div class=\"vc_column-inner\"><div class=\"wpb_wrapper\">\n\t<div  class=\"wpb_single_image wpb_content_element vc_align_center\">\n\t\t\n\t\t<figure class=\"wpb_wrapper vc_figure\">\n\t\t\t<div class=\"vc_single_image-wrapper   vc_box_border_grey\"><img decoding=\"async\" class=\"vc_single_image-img\" src=\"https:\/\/studia-wroclaw.pl\/wp-content\/uploads\/2024\/05\/teorie-psychologiczne-120x120.png\" width=\"120\" height=\"120\" alt=\"Teorie psychologiczne\" title=\"\" loading=\"lazy\" \/><\/div>\n\t\t<\/figure>\n\t<\/div>\n\n\t<div class=\"wpb_text_column wpb_content_element\" >\n\t\t<div class=\"wpb_wrapper\">\n\t\t\t<p style=\"text-align: center;\">nauczysz si\u0119 sporz\u0105dza\u0107 plany ewakuacji ludno\u015bci oraz organizowa\u0107 i prowadzi\u0107 \u0107wiczenia z zakresu OL i OC;<\/p>\n\n\t\t<\/div>\n\t<\/div>\n<\/div><\/div><\/div><div class=\"wpb_column vc_column_container vc_col-sm-4\"><div class=\"vc_column-inner\"><div class=\"wpb_wrapper\">\n\t<div  class=\"wpb_single_image wpb_content_element vc_align_center\">\n\t\t\n\t\t<figure class=\"wpb_wrapper vc_figure\">\n\t\t\t<div class=\"vc_single_image-wrapper   vc_box_border_grey\"><img decoding=\"async\" class=\"vc_single_image-img\" src=\"https:\/\/studia-wroclaw.pl\/wp-content\/uploads\/2024\/05\/ochrona-danych-osobowych-120x120.png\" width=\"120\" height=\"120\" alt=\"Ochrona danych osobowych\" title=\"\" loading=\"lazy\" \/><\/div>\n\t\t<\/figure>\n\t<\/div>\n\n\t<div class=\"wpb_text_column wpb_content_element\" >\n\t\t<div class=\"wpb_wrapper\">\n\t\t\t<p style=\"text-align: center;\">opanujesz umiej\u0119tno\u015bci opracowywania dokumentacji ewidencyjnej\u00a0oraz poznasz zasady organizacji obiekt\u00f3w zbiorowej ochrony;<\/p>\n\n\t\t<\/div>\n\t<\/div>\n<\/div><\/div><\/div><div class=\"wpb_column vc_column_container vc_col-sm-4\"><div class=\"vc_column-inner\"><div class=\"wpb_wrapper\">\n\t<div  class=\"wpb_single_image wpb_content_element vc_align_center\">\n\t\t\n\t\t<figure class=\"wpb_wrapper vc_figure\">\n\t\t\t<div class=\"vc_single_image-wrapper   vc_box_border_grey\"><img decoding=\"async\" class=\"vc_single_image-img\" src=\"https:\/\/studia-wroclaw.pl\/wp-content\/uploads\/2024\/05\/umiejetnosci-diagnostyczne-120x120.png\" width=\"120\" height=\"120\" alt=\"Umiej\u0119tno\u015bci diagnostyczne\" title=\"\" loading=\"lazy\" \/><\/div>\n\t\t<\/figure>\n\t<\/div>\n\n\t<div class=\"wpb_text_column wpb_content_element\" >\n\t\t<div class=\"wpb_wrapper\">\n\t\t\t<p style=\"text-align: center;\"><span style=\"font-weight: 400;\">nauczysz si\u0119 wdra\u017cania nowoczesnych narz\u0119dzi informatycznych do zarz\u0105dzania bezpiecze\u0144stwem, rozwiniesz umiej\u0119tno\u015bci komunikacyjne i operacyjne w warunkach kryzysowych.<\/span><\/p>\n\n\t\t<\/div>\n\t<\/div>\n<\/div><\/div><\/div><\/div><\/div><\/div><\/div><\/div><\/div><\/div><div class=\"vc_row-full-width vc_clearfix\"><\/div><div data-vc-full-width=\"true\" data-vc-full-width-init=\"false\" class=\"vc_custom_1755007268987\"><div class=\"container\"><div class=\"vc_row wpb_row vc_row-fluid vc_row-has-fill\"><div class=\"wpb_column vc_column_container vc_col-sm-12\"><div class=\"vc_column-inner\"><div class=\"wpb_wrapper\">\n\t<div class=\"wpb_text_column wpb_content_element\" >\n\t\t<div class=\"wpb_wrapper\">\n\t\t\t<h2><b>Practical dimension of training<\/b><\/h2>\n\n\t\t<\/div>\n\t<\/div>\n\n\t<div class=\"wpb_text_column wpb_content_element  vc_custom_1760079848846\" >\n\t\t<div class=\"wpb_wrapper\">\n\t\t\t<p><span style=\"font-weight: 400;\">Postgraduate studies <\/span><i><span style=\"font-weight: 400;\">The practical dimension of civil protection and civil defence<\/span><\/i><span style=\"font-weight: 400;\"> to propozycja dla os\u00f3b, kt\u00f3re chc\u0105 realnie wp\u0142ywa\u0107 na bezpiecze\u0144stwo lokalnych spo\u0142eczno\u015bci i instytucji. W toku nauczania s\u0142uchacze zostaj\u0105 wyposa\u017ceni w konkretn\u0105 wiedz\u0119, umiej\u0119tno\u015bci i kompetencje gotowe do zastosowania w praktyce zawodowej.<\/span><\/p>\n\n\t\t<\/div>\n\t<\/div>\n<\/div><\/div><\/div><\/div><\/div><\/div><div class=\"vc_row-full-width vc_clearfix\"><\/div><div data-vc-full-width=\"true\" data-vc-full-width-init=\"false\" class=\"vc_custom_1757339708374\"><div class=\"container\"><div class=\"vc_row wpb_row vc_row-fluid vc_row-has-fill\"><div class=\"wpb_column vc_column_container vc_col-sm-3\"><div class=\"vc_column-inner\"><div class=\"wpb_wrapper\">\n\t<div  class=\"wpb_single_image wpb_content_element vc_align_left\">\n\t\t\n\t\t<figure class=\"wpb_wrapper vc_figure\">\n\t\t\t<div class=\"vc_single_image-wrapper   vc_box_border_grey\"><img decoding=\"async\" class=\"vc_single_image-img\" src=\"https:\/\/studia-wroclaw.pl\/wp-content\/uploads\/2025\/08\/sp-logo-niebieskie-192x155.png\" width=\"192\" height=\"155\" alt=\"sp logo niebieskie\" title=\"sp logo blue\" loading=\"lazy\" \/><\/div>\n\t\t<\/figure>\n\t<\/div>\n<\/div><\/div><\/div><div class=\"wpb_column vc_column_container vc_col-sm-9\"><div class=\"vc_column-inner\"><div class=\"wpb_wrapper\">\n\t<div class=\"wpb_text_column wpb_content_element  vc_custom_1760079703224\" >\n\t\t<div class=\"wpb_wrapper\">\n\t\t\t<p><b>Study carried out in collaboration with Safety Project Ltd.<\/b><br \/>\n<span style=\"font-weight: 400;\">Safety Project Sp. z o.o. to og\u00f3lnopolska firma doradczo-szkoleniowa specjalizuj\u0105ca si\u0119 w praktycznym wdra\u017caniu rozwi\u0105za\u0144 z zakresu bezpiecze\u0144stwa, ochrony ludno\u015bci oraz obrony cywilnej. Kluczowe obszary dzia\u0142alno\u015bci sp\u00f3\u0142ki obejmuj\u0105 szkolenia z reagowania na wsp\u00f3\u0142czesne zagro\u017cenia, audyty bezpiecze\u0144stwa fizycznego, opracowywanie plan\u00f3w ochrony, instrukcji bezpiecze\u0144stwa oraz wsparcie w przygotowywaniu jednostek samorz\u0105du terytorialnego do wdro\u017cenia nowych przepis\u00f3w w obszarze OL i OC.<\/span><\/p>\n\n\t\t<\/div>\n\t<\/div>\n<\/div><\/div><\/div><\/div><\/div><\/div><div class=\"vc_row-full-width vc_clearfix\"><\/div><div data-vc-full-width=\"true\" data-vc-full-width-init=\"false\" class=\"vc_custom_1757339682474\"><div class=\"container\"><div class=\"vc_row wpb_row vc_row-fluid vc_row-has-fill\"><div class=\"wpb_column vc_column_container vc_col-sm-12\"><div class=\"vc_column-inner\"><div class=\"wpb_wrapper\"><div class=\"vc_row wpb_row vc_inner vc_row-fluid\"><div class=\"wpb_column vc_column_container vc_col-sm-12\"><div class=\"vc_column-inner\"><div class=\"wpb_wrapper\">\n\t<div class=\"wpb_text_column wpb_content_element\" >\n\t\t<div class=\"wpb_wrapper\">\n\t\t\t<h2><span>Eksperci prowadz\u0105cy zaj\u0119cia<\/span><\/h2>\n\n\t\t<\/div>\n\t<\/div>\n<\/div><\/div><\/div><\/div><div class=\"vc_row wpb_row vc_inner vc_row-fluid vc_custom_1757334322134\"><div class=\"wpb_column vc_column_container vc_col-sm-3\"><div class=\"vc_column-inner\"><div class=\"wpb_wrapper\">\n\t<div  class=\"wpb_single_image wpb_content_element vc_align_left\">\n\t\t\n\t\t<figure class=\"wpb_wrapper vc_figure\">\n\t\t\t<div class=\"vc_single_image-wrapper   vc_box_border_grey\"><img decoding=\"async\" class=\"vc_single_image-img\" src=\"https:\/\/studia-wroclaw.pl\/wp-content\/uploads\/2025\/09\/Jaroslaw-Stelmach.webp\" width=\"150\" height=\"150\" alt=\"Jaros\u0142aw Stelmach\" title=\"Jaros\u0142aw Stelmach\" loading=\"lazy\" \/><\/div>\n\t\t<\/figure>\n\t<\/div>\n<\/div><\/div><\/div><div class=\"wpb_column vc_column_container vc_col-sm-9\"><div class=\"vc_column-inner\"><div class=\"wpb_wrapper\">\n\t<div class=\"wpb_text_column wpb_content_element  vc_custom_1757334635072\" >\n\t\t<div class=\"wpb_wrapper\">\n\t\t\t<p><strong>mjr rez. dr hab. in\u017c. Jaros\u0142aw Stelmach, prof. uczelni<\/strong><br \/>\n&#8211; opiekun merytoryczny kierunku<\/p>\n\n\t\t<\/div>\n\t<\/div>\n<div  class=\"vc_toggle vc_toggle_classic vc_toggle_color_plus  vc_toggle_size_left vc_custom_1757407429414\"><div class=\"vc_toggle_title\"><h4>Rozwi\u0144 BIO<\/h4><i class=\"vc_toggle_icon\"><\/i><\/div><div class=\"vc_toggle_content\"><p style=\"text-align: justify;\">Doktor habilitowany nauk o bezpiecze\u0144stwie w obszarze antyterroryzmu oraz bezpiecze\u0144stwa obiekt\u00f3w u\u017cyteczno\u015bci publicznej i infrastruktury krytycznej pa\u0144stwa. Autor kilkudziesi\u0119ciu monografii i artyku\u0142\u00f3w naukowych z tego zakresu. Profesor uczelni, prezes zarz\u0105du firmy doradczo-szkoleniowej Safety Project sp. z o.o. oraz Fundacji Polski Instytut Bezpiecze\u0144stwa i Obronno\u015bci. Ekspert spo\u0142eczny Rz\u0105dowego Centrum Bezpiecze\u0144stwa oraz senior ekspert NATO DEEP eAcademy. Pomys\u0142odawca i organizator Mi\u0119dzynarodowego Kongresu Bezpiecze\u0144stwa Obiekt\u00f3w SAFE PLACE oraz Mi\u0119dzynarodowego Kongresu Antyterrorystycznego ICTC. Tw\u00f3rca kana\u0142u wiedzy o bezpiecze\u0144stwie \u201eProject Safe-TY\u201d na platformie YouTube.<\/p>\n<p style=\"text-align: justify;\">Absolwent Wy\u017cszej Szko\u0142y Oficerskiej Wojsk L\u0105dowych we Wroc\u0142awiu oraz Wydzia\u0142u Prawa i Administracji Uniwersytetu Wroc\u0142awskiego. Stopie\u0144 naukowy doktora nauk o bezpiecze\u0144stwie uzyska\u0142 w Wy\u017cszej Szkole Policji w Szczytnie, broni\u0105c rozpraw\u0119 doktorsk\u0105 na temat ograniczania skutk\u00f3w zamach\u00f3w terrorystycznych w budynkach u\u017cyteczno\u015bci publicznej. Stopie\u0144 doktora habilitowanego uzyska\u0142 w Wojskowej Akademii Technicznej w Warszawie.<\/p>\n<p style=\"text-align: justify;\">Emerytowany oficer Wojska Polskiego z wieloletnim do\u015bwiadczeniem w jednostkach wojsk aeromobilnych oraz terenowych i specjalnych \u017bandarmerii Wojskowej. Uko\u0144czy\u0142 wiele kurs\u00f3w i szkole\u0144, w tym kurs specjalistyczny dla oficer\u00f3w policji si\u0142 powietrznych w USA, kurs dla dow\u00f3dc\u00f3w operacji policyjnych i negocjator\u00f3w policyjnych oraz kurs kwalifikowanej pierwszej pomocy. Wykonywa\u0142 zadania negocjatora w \u017bandarmerii Wojskowej oraz kierowa\u0142 dzia\u0142aniami o charakterze policyjnym podczas zabezpiecze\u0144 uroczysto\u015bci i przedsi\u0119wzi\u0119\u0107 wojskowych.<\/p>\n<p style=\"text-align: justify;\">Posiada aktualne wpisy na listy kwalifikowanych pracownik\u00f3w ochrony fizycznej oraz zabezpieczenia technicznego. Legitymuje si\u0119 po\u015bwiadczeniem bezpiecze\u0144stwa do klauzuli TAJNE wydanym przez ABW w 2024 r. Ekspert zewn\u0119trzny w grupie zadaniowej MSWiA w zakresie ochrony AT IK w latach 2017\u20132018. Rzeczoznawca Polskiej Izby Ochrony, doradca ds. bezpiecze\u0144stwa fizycznego Polskiej Izby System\u00f3w Alarmowych oraz certyfikowany audytor wiod\u0105cy ISO 27001:2022.<\/p>\n<p style=\"text-align: justify;\">Ekspert w Radzie Interesariuszy na Wydziale Nauk Politycznych i Studi\u00f3w Mi\u0119dzynarodowych Uniwersytetu Warszawskiego.<\/p>\n<\/div><\/div><\/div><\/div><\/div><\/div><div class=\"vc_row wpb_row vc_inner vc_row-fluid vc_custom_1757334322134\"><div class=\"wpb_column vc_column_container vc_col-sm-3\"><div class=\"vc_column-inner\"><div class=\"wpb_wrapper\">\n\t<div  class=\"wpb_single_image wpb_content_element vc_align_left\">\n\t\t\n\t\t<figure class=\"wpb_wrapper vc_figure\">\n\t\t\t<div class=\"vc_single_image-wrapper   vc_box_border_grey\"><img loading=\"lazy\" decoding=\"async\" width=\"150\" height=\"150\" src=\"https:\/\/studia-wroclaw.pl\/wp-content\/uploads\/2025\/09\/Przemyslaw-Kornacki.webp\" class=\"vc_single_image-img attachment-thumbnail\" alt=\"\" title=\"Przemys\u0142aw Kornacki\" srcset=\"https:\/\/studia-wroclaw.pl\/wp-content\/uploads\/2025\/09\/Przemyslaw-Kornacki.webp 150w, https:\/\/studia-wroclaw.pl\/wp-content\/uploads\/2025\/09\/Przemyslaw-Kornacki-12x12.webp 12w\" sizes=\"auto, (max-width: 150px) 100vw, 150px\" \/><\/div>\n\t\t<\/figure>\n\t<\/div>\n<\/div><\/div><\/div><div class=\"wpb_column vc_column_container vc_col-sm-9\"><div class=\"vc_column-inner\"><div class=\"wpb_wrapper\">\n\t<div class=\"wpb_text_column wpb_content_element  vc_custom_1757334904437\" >\n\t\t<div class=\"wpb_wrapper\">\n\t\t\t<p><strong>pp\u0142k rez. dr in\u017c. Przemys\u0142aw Kornacki<\/strong><\/p>\n\n\t\t<\/div>\n\t<\/div>\n<div  class=\"vc_toggle vc_toggle_classic vc_toggle_color_plus  vc_toggle_size_left vc_custom_1757407758939\"><div class=\"vc_toggle_title\"><h4>Rozwi\u0144 BIO<\/h4><i class=\"vc_toggle_icon\"><\/i><\/div><div class=\"vc_toggle_content\"><p style=\"text-align: justify;\">By\u0142y Dow\u00f3dca 93. batalionu lekkiej piechoty w \u0141asku. Jest absolwentem Wy\u017cszej Szko\u0142y Oficerskiej Wojsk L\u0105dowych we Wroc\u0142awiu oraz Akademii Wychowania Fizycznego we Wroc\u0142awiu. Stopie\u0144 doktora nauk spo\u0142ecznych w dyscyplinie nauk o bezpiecze\u0144stwie uzyska\u0142 na Wydziale Bezpiecze\u0144stwa Narodowego Akademii Obrony Narodowej w Warszawie.<\/p>\n<p style=\"text-align: justify;\">Posiada wieloletnie do\u015bwiadczenie zawodowe zdobyte podczas swojej s\u0142u\u017cby w jednostkach organizacyjnych resortu obrony narodowej oraz Ministerstwa Spraw Wewn\u0119trznych i Administracji, zajmuj\u0105c si\u0119 w nich przede wszystkim tematyk\u0105 zwi\u0105zan\u0105 z bezpiecze\u0144stwem pa\u0144stwa, zarz\u0105dzaniem bezpiecze\u0144stwem i zarz\u0105dzaniem kryzysowym oraz bezpiecze\u0144stwem w komunikacji lotniczej oraz ochron\u0105 ludno\u015bci i obron\u0105 cywiln\u0105. Zajmuje si\u0119 r\u00f3wnie\u017c badaniem i analiz\u0105 proces\u00f3w zachodz\u0105cych w obszarze ochrony i obrony granic.<\/p>\n<p style=\"text-align: justify;\">Aktywnie uczestniczy w \u017cyciu naukowym, bior\u0105c czynny udzia\u0142 w konferencjach i sesjach naukowych. Dotychczasowe publikacje dotycz\u0105 mi\u0119dzy innymi aktualnych problem\u00f3w bezpiecze\u0144stwa pa\u0144stwa, czy zmian w zakresie funkcjonowania systemu ochrony i obrony granic Unii Europejskiej i NATO.<\/p>\n<\/div><\/div><\/div><\/div><\/div><\/div><div class=\"vc_row wpb_row vc_inner vc_row-fluid vc_custom_1757334322134\"><div class=\"wpb_column vc_column_container vc_col-sm-3\"><div class=\"vc_column-inner\"><div class=\"wpb_wrapper\">\n\t<div  class=\"wpb_single_image wpb_content_element vc_align_left\">\n\t\t\n\t\t<figure class=\"wpb_wrapper vc_figure\">\n\t\t\t<div class=\"vc_single_image-wrapper   vc_box_border_grey\"><img loading=\"lazy\" decoding=\"async\" width=\"150\" height=\"150\" src=\"https:\/\/studia-wroclaw.pl\/wp-content\/uploads\/2025\/09\/Przemyslaw-Kesicki.webp\" class=\"vc_single_image-img attachment-thumbnail\" alt=\"\" title=\"Przemys\u0142aw K\u0119sicki\" srcset=\"https:\/\/studia-wroclaw.pl\/wp-content\/uploads\/2025\/09\/Przemyslaw-Kesicki.webp 150w, https:\/\/studia-wroclaw.pl\/wp-content\/uploads\/2025\/09\/Przemyslaw-Kesicki-12x12.webp 12w\" sizes=\"auto, (max-width: 150px) 100vw, 150px\" \/><\/div>\n\t\t<\/figure>\n\t<\/div>\n<\/div><\/div><\/div><div class=\"wpb_column vc_column_container vc_col-sm-9\"><div class=\"vc_column-inner\"><div class=\"wpb_wrapper\">\n\t<div class=\"wpb_text_column wpb_content_element  vc_custom_1757334971280\" >\n\t\t<div class=\"wpb_wrapper\">\n\t\t\t<p><strong>p\u0142k mgr in\u017c. Przemys\u0142aw K\u0119sicki<\/strong><\/p>\n\n\t\t<\/div>\n\t<\/div>\n<div  class=\"vc_toggle vc_toggle_classic vc_toggle_color_plus  vc_toggle_size_left vc_custom_1757407778929\"><div class=\"vc_toggle_title\"><h4>Rozwi\u0144 BIO<\/h4><i class=\"vc_toggle_icon\"><\/i><\/div><div class=\"vc_toggle_content\"><p style=\"text-align: justify;\">Do\u015bwiadczony oficer Wojska Polskiego z ponad 32-letnim sta\u017cem s\u0142u\u017cby, kt\u00f3ry specjalizuje si\u0119 w logistyce wojskowej, zarz\u0105dzaniu kryzysowym oraz planowaniu operacyjnym. Absolwent m.in. Wy\u017cszej Szko\u0142y Oficerskiej we Wroc\u0142awiu, Uniwersytetu Wroc\u0142awskiego i Mi\u0119dzynarodowej Wy\u017cszej Szko\u0142y Logistyki i Transportu, przez lata pe\u0142ni\u0142 kluczowe funkcje w dow\u00f3dztwach i jednostkach wojskowych, realizuj\u0105c zadania z zakresu gotowo\u015bci operacyjnej, mobilizacji, logistyki oraz wsp\u00f3\u0142pracy z administracj\u0105 publiczn\u0105. Bra\u0142 udzia\u0142 w licznych \u0107wiczeniach krajowych i mi\u0119dzynarodowych oraz misjach wojskowych w Afganistanie i Libanie, gdzie zdobywa\u0142 praktyczne do\u015bwiadczenia w warunkach bojowych.<\/p>\n<p style=\"text-align: justify;\">W ostatnich latach pe\u0142ni\u0142 funkcj\u0119 Zast\u0119pcy Dow\u00f3dcy Oddzia\u0142u Zabezpieczenia Garnizonu Sto\u0142ecznego oraz Kanclerza Akademii Wojsk L\u0105dowych we Wroc\u0142awiu, kieruj\u0105c procesami logistycznymi i rozwojem zaplecza wojskowego. Wsp\u00f3\u0142pracowa\u0142 z instytucjami cywilnymi, prowadzi\u0142 szkolenia w Wojskowej Akademii Technicznej i by\u0142 ekspertem w projektach z zakresu obronno\u015bci przy wsp\u00f3\u0142pracy z Policj\u0105. Autor publikacji specjalistycznych i posiadacz po\u015bwiadcze\u0144 bezpiecze\u0144stwa krajowego, UE i NATO. Odznaczony licznymi medalami i wyr\u00f3\u017cnieniami za zas\u0142ugi dla obronno\u015bci kraju.<\/p>\n<\/div><\/div><\/div><\/div><\/div><\/div><div class=\"vc_row wpb_row vc_inner vc_row-fluid vc_custom_1757334322134\"><div class=\"wpb_column vc_column_container vc_col-sm-3\"><div class=\"vc_column-inner\"><div class=\"wpb_wrapper\">\n\t<div  class=\"wpb_single_image wpb_content_element vc_align_left\">\n\t\t\n\t\t<figure class=\"wpb_wrapper vc_figure\">\n\t\t\t<div class=\"vc_single_image-wrapper   vc_box_border_grey\"><img loading=\"lazy\" decoding=\"async\" width=\"150\" height=\"150\" src=\"https:\/\/studia-wroclaw.pl\/wp-content\/uploads\/2025\/09\/Mariusz-Michalski.webp\" class=\"vc_single_image-img attachment-thumbnail\" alt=\"\" title=\"Mariusz Michalski\" srcset=\"https:\/\/studia-wroclaw.pl\/wp-content\/uploads\/2025\/09\/Mariusz-Michalski.webp 150w, https:\/\/studia-wroclaw.pl\/wp-content\/uploads\/2025\/09\/Mariusz-Michalski-12x12.webp 12w\" sizes=\"auto, (max-width: 150px) 100vw, 150px\" \/><\/div>\n\t\t<\/figure>\n\t<\/div>\n<\/div><\/div><\/div><div class=\"wpb_column vc_column_container vc_col-sm-9\"><div class=\"vc_column-inner\"><div class=\"wpb_wrapper\">\n\t<div class=\"wpb_text_column wpb_content_element  vc_custom_1757335130452\" >\n\t\t<div class=\"wpb_wrapper\">\n\t\t\t<p><strong>Dr Mariusz Michalski<\/strong><\/p>\n\n\t\t<\/div>\n\t<\/div>\n<div  class=\"vc_toggle vc_toggle_classic vc_toggle_color_plus  vc_toggle_size_left vc_custom_1757407804473\"><div class=\"vc_toggle_title\"><h4>Rozwi\u0144 BIO<\/h4><i class=\"vc_toggle_icon\"><\/i><\/div><div class=\"vc_toggle_content\"><p style=\"text-align: justify;\">Od ponad dw\u00f3ch dekad zwi\u0105zany jest z formacjami policyjnymi, gdzie pe\u0142ni\u0142 m.in. funkcje kierownicze w komendach miejskich i wojew\u00f3dzkich Policji. Jest r\u00f3wnie\u017c wyk\u0142adowc\u0105 akademickim i ekspertem w zakresie legislacji dotycz\u0105cej broni, ochrony os\u00f3b i mienia oraz legalizacji pobytu cudzoziemc\u00f3w. Aktywnie uczestniczy w procesach doskonalenia system\u00f3w nadzoru, kontroli i kszta\u0142cenia funkcjonariuszy.<\/p>\n<p style=\"text-align: justify;\">Posiada wieloletnie do\u015bwiadczenie w prowadzeniu post\u0119powa\u0144 administracyjnych, kontroli specjalistycznych formacji ochronnych oraz organizacji egzamin\u00f3w zwi\u0105zanych z uzyskaniem pozwole\u0144 na bro\u0144 i licencji ochroniarskich. Jest aktywnym cz\u0142onkiem Polskiego Towarzystwa Kryminologicznego i Kryminalistycznego oraz recenzentem naukowym.<\/p>\n<\/div><\/div><\/div><\/div><\/div><\/div><div class=\"vc_row wpb_row vc_inner vc_row-fluid vc_custom_1757334322134\"><div class=\"wpb_column vc_column_container vc_col-sm-3\"><div class=\"vc_column-inner\"><div class=\"wpb_wrapper\">\n\t<div  class=\"wpb_single_image wpb_content_element vc_align_left\">\n\t\t\n\t\t<figure class=\"wpb_wrapper vc_figure\">\n\t\t\t<div class=\"vc_single_image-wrapper vc_box_circle  vc_box_border_grey\"><img loading=\"lazy\" decoding=\"async\" width=\"150\" height=\"150\" src=\"https:\/\/studia-wroclaw.pl\/wp-content\/uploads\/2025\/10\/Piotr-Zalewski.png\" class=\"vc_single_image-img attachment-thumbnail\" alt=\"\" title=\"Piotr Zalewski\" srcset=\"https:\/\/studia-wroclaw.pl\/wp-content\/uploads\/2025\/10\/Piotr-Zalewski.png 150w, https:\/\/studia-wroclaw.pl\/wp-content\/uploads\/2025\/10\/Piotr-Zalewski-12x12.png 12w\" sizes=\"auto, (max-width: 150px) 100vw, 150px\" \/><\/div>\n\t\t<\/figure>\n\t<\/div>\n<\/div><\/div><\/div><div class=\"wpb_column vc_column_container vc_col-sm-9\"><div class=\"vc_column-inner\"><div class=\"wpb_wrapper\">\n\t<div class=\"wpb_text_column wpb_content_element  vc_custom_1757335180046\" >\n\t\t<div class=\"wpb_wrapper\">\n\t\t\t<p><strong>dr Piotr Zalewski<\/strong><\/p>\n\n\t\t<\/div>\n\t<\/div>\n<div  class=\"vc_toggle vc_toggle_classic vc_toggle_color_plus  vc_toggle_size_left vc_custom_1757408032036\"><div class=\"vc_toggle_title\"><h4>Rozwi\u0144 BIO<\/h4><i class=\"vc_toggle_icon\"><\/i><\/div><div class=\"vc_toggle_content\"><p style=\"text-align: justify;\">Inspektor polskiej Policji w stanie spoczynku. Doktor nauk spo\u0142ecznych (nauki o polityce i administracji publicznej). Adiunkt Wydzia\u0142u Prawa i Nauk Spo\u0142ecznych Uniwersytetu Jana Kochanowskiego w Kielcach. Bieg\u0142y s\u0105dowy SO w Kielcach (taktyka czynno\u015bci operacyjno-rozpoznawczych).<\/p>\n<p style=\"text-align: justify;\">Zawodowo zwi\u0105zany z pionem kryminalnym na poziomie wykonawczym i kierowniczym. Zarz\u0105dza\u0142 prac\u0105 pionu kryminalnego w ramach wielu operacji policyjnych, w\u00a0tym w woj. podkarpackim po 24.02.2022 r. Posiada wiedz\u0119, umiej\u0119tno\u015bci i do\u015bwiadczenie w identyfikacji, zarz\u0105dzaniu i rozwi\u0105zywaniu problem\u00f3w bezpiecze\u0144stwa&amp;nbsp;i porz\u0105dku publicznego.<\/p>\n<\/div><\/div><\/div><\/div><\/div><\/div><div class=\"vc_row wpb_row vc_inner vc_row-fluid vc_custom_1757334322134\"><div class=\"wpb_column vc_column_container vc_col-sm-3\"><div class=\"vc_column-inner\"><div class=\"wpb_wrapper\">\n\t<div  class=\"wpb_single_image wpb_content_element vc_align_left\">\n\t\t\n\t\t<figure class=\"wpb_wrapper vc_figure\">\n\t\t\t<div class=\"vc_single_image-wrapper vc_box_circle  vc_box_border_grey\"><img loading=\"lazy\" decoding=\"async\" width=\"150\" height=\"150\" src=\"https:\/\/studia-wroclaw.pl\/wp-content\/uploads\/2025\/10\/Sylwia-Zakrzewska.png\" class=\"vc_single_image-img attachment-thumbnail\" alt=\"\" title=\"Sylwia Zakrzewska\" srcset=\"https:\/\/studia-wroclaw.pl\/wp-content\/uploads\/2025\/10\/Sylwia-Zakrzewska.png 150w, https:\/\/studia-wroclaw.pl\/wp-content\/uploads\/2025\/10\/Sylwia-Zakrzewska-12x12.png 12w\" sizes=\"auto, (max-width: 150px) 100vw, 150px\" \/><\/div>\n\t\t<\/figure>\n\t<\/div>\n<\/div><\/div><\/div><div class=\"wpb_column vc_column_container vc_col-sm-9\"><div class=\"vc_column-inner\"><div class=\"wpb_wrapper\">\n\t<div class=\"wpb_text_column wpb_content_element  vc_custom_1757335190676\" >\n\t\t<div class=\"wpb_wrapper\">\n\t\t\t<p><strong>Dr Sylwia Zakrzewska<\/strong><\/p>\n\n\t\t<\/div>\n\t<\/div>\n<div  class=\"vc_toggle vc_toggle_classic vc_toggle_color_plus  vc_toggle_size_left vc_custom_1757407998426\"><div class=\"vc_toggle_title\"><h4>Rozwi\u0144 BIO<\/h4><i class=\"vc_toggle_icon\"><\/i><\/div><div class=\"vc_toggle_content\"><p style=\"text-align: justify;\">Doktor nauk spo\u0142ecznych w dyscyplinie nauki o bezpiecze\u0144stwie (2019). Absolwentka Podyplomowych Studi\u00f3w Ochrony Informacji Niejawnych i Danych Osobowych. Uczestniczka szeregu specjalistycznych kurs\u00f3w i szkole\u0144, po\u015bwi\u0119conych problematyce ochrony ludno\u015bci, zarz\u0105dzania kryzysowego i\u00a0bezpiecze\u0144stwa informacyjnego. Inspektor Ochrony Danych Osobowych w\u00a0sp\u00f3\u0142kach telekomunikacyjnych, nauczyciel akademicki, ekspert i audytor w\u00a0Safety Project Sp. z o.o.. Wsp\u00f3\u0142realizatorka projekt\u00f3w badawczych, aktywna uczestniczka i organizatorka krajowych oraz mi\u0119dzynarodowych kongres\u00f3w, konferencji naukowych i webinari\u00f3w. Cz\u0142onek Polskiego Towarzystwa Nauk o Bezpiecze\u0144stwie.<\/p>\n<p style=\"text-align: justify;\">Zainteresowania badawcze koncentruje wok\u00f3\u0142 problematyki zarz\u0105dzania kryzysowego, ochrony ludno\u015bci, ratownictwa, edukacji dla bezpiecze\u0144stwa i ochrony infrastruktury krytycznej, kt\u00f3rym po\u015bwi\u0119ci\u0142a kilkadziesi\u0105t publikacji naukowych i popularnonaukowych.<\/p>\n<\/div><\/div><\/div><\/div><\/div><\/div><div class=\"vc_row wpb_row vc_inner vc_row-fluid vc_custom_1757334322134\"><div class=\"wpb_column vc_column_container vc_col-sm-3\"><div class=\"vc_column-inner\"><div class=\"wpb_wrapper\">\n\t<div  class=\"wpb_single_image wpb_content_element vc_align_left\">\n\t\t\n\t\t<figure class=\"wpb_wrapper vc_figure\">\n\t\t\t<div class=\"vc_single_image-wrapper   vc_box_border_grey\"><img loading=\"lazy\" decoding=\"async\" width=\"150\" height=\"150\" src=\"https:\/\/studia-wroclaw.pl\/wp-content\/uploads\/2025\/09\/Sylwester-Smolenski.webp\" class=\"vc_single_image-img attachment-thumbnail\" alt=\"\" title=\"Sylwester Smole\u0144ski\" srcset=\"https:\/\/studia-wroclaw.pl\/wp-content\/uploads\/2025\/09\/Sylwester-Smolenski.webp 150w, https:\/\/studia-wroclaw.pl\/wp-content\/uploads\/2025\/09\/Sylwester-Smolenski-12x12.webp 12w\" sizes=\"auto, (max-width: 150px) 100vw, 150px\" \/><\/div>\n\t\t<\/figure>\n\t<\/div>\n<\/div><\/div><\/div><div class=\"wpb_column vc_column_container vc_col-sm-9\"><div class=\"vc_column-inner\"><div class=\"wpb_wrapper\">\n\t<div class=\"wpb_text_column wpb_content_element  vc_custom_1757335233580\" >\n\t\t<div class=\"wpb_wrapper\">\n\t\t\t<p><strong>dr Sylwester Smole\u0144ski<\/strong><\/p>\n\n\t\t<\/div>\n\t<\/div>\n<div  class=\"vc_toggle vc_toggle_classic vc_toggle_color_plus  vc_toggle_size_left vc_custom_1757408223160\"><div class=\"vc_toggle_title\"><h4>Rozwi\u0144 BIO<\/h4><i class=\"vc_toggle_icon\"><\/i><\/div><div class=\"vc_toggle_content\"><p style=\"text-align: justify;\">dr nauk spo\u0142ecznych w dyscyplinie nauki o obronno\u015bci (2017), adiunkt w Akademii Nauk Stosowanych WSGE im. Alcide De Gasperi w J\u00f3zefowie oraz g\u0142\u00f3wny specjalista w Wydziale Kontroli S\u0142u\u017cb Mundurowych MSWiA. W latach 2018-2022 g\u0142\u00f3wny specjalista Wydzia\u0142u Oceny Ryzyka i Planowania Biura Planowania Cywilnego i Ochrony Infrastruktury Krytycznej Rz\u0105dowego Centrum Bezpiecze\u0144stwa. Zawodowo od wielu lat zwi\u0105zany z reagowaniem i zarz\u0105dzaniem kryzysowym oraz przygotowaniami obronnymi.<\/p>\n<p style=\"text-align: justify;\">By\u0142y negocjator policyjny, w Policji pe\u0142ni\u0142 s\u0142u\u017cb\u0119 mi\u0119dzy innymi w G\u0142\u00f3wnym Sztabie Policji Komendy G\u0142\u00f3wnej Policji oraz w warszawskiej jednostce kontrterrorystycznej. Cz\u0142onek Rady Programowej pierwszych Mi\u0119dzynarodowych Targ\u00f3w Policji i Bezpiecze\u0144stwa Publicznego POLSECURE 2022. W latach: 2012\u20132016 kierownik projektu KIK04: Na granicy terroryzmu \u2013 szkolenia z zakresu reagowania kryzysowego, realizowanego przez Komend\u0119 G\u0142\u00f3wn\u0105 Policji we wsp\u00f3\u0142pracy ze Zwi\u0105zkiem Powiat\u00f3w Polskich, w ramach Szwajcarsko\u2013Polskiego Programu Wsp\u00f3\u0142pracy; 2014\u20132016 ekspert merytoryczny zespo\u0142\u00f3w nadzoruj\u0105cych realizacj\u0119 projekt\u00f3w finansowanych z funduszy Narodowego Centrum Bada\u0144 i Rozwoju.<\/p>\n<p style=\"text-align: justify;\">Przewodnicz\u0105cy oraz cz\u0142onek zespo\u0142\u00f3w kontrolnych MSWiA z zakresu realizacji przygotowa\u0144 obronnych oraz by\u0142y cz\u0142onek zespo\u0142\u00f3w kontrolnych kontroli stanu przygotowa\u0144 obronnych w pa\u0144stwie realizowanych w imieniu Prezesa Rady Ministr\u00f3w.<\/p>\n<p style=\"text-align: justify;\">Odznaczony z\u0142otym (2024) i br\u0105zowym (2011) \u201eMedalem za D\u0142ugoletni\u0105 S\u0142u\u017cb\u0119\u201d, br\u0105zowym medalem \u201eZa zas\u0142ugi dla obronno\u015bci kraju\u201d (2014), z\u0142otym medalem \u201eZa zas\u0142ugi dla Policji\u201d (2017) oraz br\u0105zow\u0105 odznak\u0105 \u201eZas\u0142u\u017cony Policjant\u201d (2012).<\/p>\n<p style=\"text-align: justify;\">Autor publikacji w szczeg\u00f3lno\u015bci z zakresu zarz\u0105dzania kryzysowego, przygotowa\u0144 obronnych oraz wsp\u00f3\u0142pracy policyjno-wojskowej.<\/p>\n<p style=\"text-align: justify;\">Obszary zainteresowa\u0144 naukowych: kultura bezpiecze\u0144stwa, bezpiecze\u0144stwo wewn\u0119trzne, zarz\u0105dzanie kryzysowe, pozamilitarne przygotowania obronne, wsp\u00f3\u0142praca cywilno-wojskowa, oraz negocjacje policyjne i kryzysowe.<\/p>\n<\/div><\/div><\/div><\/div><\/div><\/div><div class=\"vc_row wpb_row vc_inner vc_row-fluid vc_custom_1757334322134\"><div class=\"wpb_column vc_column_container vc_col-sm-3\"><div class=\"vc_column-inner\"><div class=\"wpb_wrapper\">\n\t<div  class=\"wpb_single_image wpb_content_element vc_align_left\">\n\t\t\n\t\t<figure class=\"wpb_wrapper vc_figure\">\n\t\t\t<div class=\"vc_single_image-wrapper vc_box_circle  vc_box_border_grey\"><img loading=\"lazy\" decoding=\"async\" width=\"150\" height=\"150\" src=\"https:\/\/studia-wroclaw.pl\/wp-content\/uploads\/2025\/10\/Malgorzata-Kudzin-Borkowska.png\" class=\"vc_single_image-img attachment-thumbnail\" alt=\"\" title=\"Ma\u0142gorzata Kudzin-Borkowska\" srcset=\"https:\/\/studia-wroclaw.pl\/wp-content\/uploads\/2025\/10\/Malgorzata-Kudzin-Borkowska.png 150w, https:\/\/studia-wroclaw.pl\/wp-content\/uploads\/2025\/10\/Malgorzata-Kudzin-Borkowska-12x12.png 12w\" sizes=\"auto, (max-width: 150px) 100vw, 150px\" \/><\/div>\n\t\t<\/figure>\n\t<\/div>\n<\/div><\/div><\/div><div class=\"wpb_column vc_column_container vc_col-sm-9\"><div class=\"vc_column-inner\"><div class=\"wpb_wrapper\">\n\t<div class=\"wpb_text_column wpb_content_element  vc_custom_1759406084576\" >\n\t\t<div class=\"wpb_wrapper\">\n\t\t\t<p><strong>dr Ma\u0142gorzata Kudzin-Borkowska<\/strong><\/p>\n\n\t\t<\/div>\n\t<\/div>\n<div  class=\"vc_toggle vc_toggle_classic vc_toggle_color_plus  vc_toggle_size_left vc_custom_1759406095914\"><div class=\"vc_toggle_title\"><h4>Rozwi\u0144 BIO<\/h4><i class=\"vc_toggle_icon\"><\/i><\/div><div class=\"vc_toggle_content\"><p style=\"text-align: justify;\">Doktor nauk spo\u0142ecznych, w dyscyplinie nauki o bezpiecze\u0144stwie. Od 2016 r. cz\u0142onek Polskiego Towarzystwa Bezpiecze\u0144stwa Narodowego w Warszawie. Specjalizuje si\u0119 w problematyce bezpiecze\u0144stwa narodowego i wewn\u0119trznego. Autorka publikacji naukowych i analiz z tego zakresu. Od kilkunastu lat pracuje jako wyk\u0142adowca akademicki, prowadz\u0105c zaj\u0119cia w wymiarze teoretycznym i praktycznym. Systematycznie uczestniczy w konferencjach naukowych w\/w obszarze. Uczestnik szkole\u0144 z zakresu: \u201eZapobieganie wsp\u00f3\u0142czesnym zagro\u017ceniom terrorystycznym, bioterroryzm, taktyka pods\u0142uchowa, pirotechniczne rozpoznanie obiektu\u201d organizowanych przez O\u015brodek Szkolenia Policjant\u00f3w w Krakowie. Od 2021r. koordynuje prac\u0119 kilkudziesi\u0119cioosobowego zespo\u0142u w szpitalu powiatowym. Prowadzi szkolenia dla personelu szpitali w kilku wojew\u00f3dztwach, w zakresie zdarze\u0144 niepo\u017c\u0105danych, negocjacji i interwencji kryzysowej. Ekspert, trener Safety Project.<\/p>\n<\/div><\/div><\/div><\/div><\/div><\/div><div class=\"vc_row wpb_row vc_inner vc_row-fluid vc_custom_1757334322134\"><div class=\"wpb_column vc_column_container vc_col-sm-3\"><div class=\"vc_column-inner\"><div class=\"wpb_wrapper\">\n\t<div  class=\"wpb_single_image wpb_content_element vc_align_left\">\n\t\t\n\t\t<figure class=\"wpb_wrapper vc_figure\">\n\t\t\t<div class=\"vc_single_image-wrapper vc_box_circle  vc_box_border_grey\"><img loading=\"lazy\" decoding=\"async\" width=\"150\" height=\"150\" src=\"https:\/\/studia-wroclaw.pl\/wp-content\/uploads\/2025\/10\/Bogdan-Sordyl.png\" class=\"vc_single_image-img attachment-thumbnail\" alt=\"\" title=\"Bogdan Sordyl\" srcset=\"https:\/\/studia-wroclaw.pl\/wp-content\/uploads\/2025\/10\/Bogdan-Sordyl.png 150w, https:\/\/studia-wroclaw.pl\/wp-content\/uploads\/2025\/10\/Bogdan-Sordyl-12x12.png 12w\" sizes=\"auto, (max-width: 150px) 100vw, 150px\" \/><\/div>\n\t\t<\/figure>\n\t<\/div>\n<\/div><\/div><\/div><div class=\"wpb_column vc_column_container vc_col-sm-9\"><div class=\"vc_column-inner\"><div class=\"wpb_wrapper\">\n\t<div class=\"wpb_text_column wpb_content_element  vc_custom_1757335433110\" >\n\t\t<div class=\"wpb_wrapper\">\n\t\t\t<p><strong>p\u0142k rez. mgr in\u017c. Bogdan Sordyl<\/strong><\/p>\n\n\t\t<\/div>\n\t<\/div>\n<div  class=\"vc_toggle vc_toggle_classic vc_toggle_color_plus  vc_toggle_size_left vc_custom_1760444201065\"><div class=\"vc_toggle_title\"><h4>Rozwi\u0144 BIO<\/h4><i class=\"vc_toggle_icon\"><\/i><\/div><div class=\"vc_toggle_content\"><p style=\"text-align: justify;\">Do\u015bwiadczony specjalista w dziedzinie bezpiecze\u0144stwa, obronno\u015bci i lotnictwa, z bogat\u0105 karier\u0105 wojskow\u0105 i cywiln\u0105. Absolwent Wojskowej Akademii Technicznej na Wydziale Elektromechanicznym (1991 r.). Uko\u0144czy\u0142 studia podyplomowe z Zarz\u0105dzania Zasobami Osobowymi na Uniwersytecie Jagiello\u0144skim (2000 r.) oraz studia podyplomowe Zam\u00f3wie\u0144 Publicznych na Uczelni \u0141azarskiego (2014 r.).<\/p>\n<p style=\"text-align: justify;\">Swoj\u0105 karier\u0119 zawodow\u0105 rozpocz\u0105\u0142 w Si\u0142ach Zbrojnych RP, gdzie s\u0142u\u017cy\u0142 w latach 1986-2012. W tym czasie pe\u0142ni\u0142 szereg odpowiedzialnych funkcji, m.in. w 6. Pu\u0142ku Lotnictwa My\u015bliwsko-Bombowego w Pile , Instytucie Technicznym Wojsk Lotniczych , Sekretariacie Ministra Obrony Narodowej oraz w Biurze Bezpiecze\u0144stwa Narodowego, gdzie by\u0142 Szefem Zespo\u0142u Kontakt\u00f3w Zagranicznych. Uczestniczy\u0142 w misjach mi\u0119dzynarodowych, w tym misji ONZ na Wzg\u00f3rzach Golan (UNDOF) oraz misji OBWE w Gruzji.<\/p>\n<p style=\"text-align: justify;\">Po zako\u0144czeniu s\u0142u\u017cby wojskowej kontynuowa\u0142 prac\u0119 w obszarze obronno\u015bci jako cywilny specjalista w Inspektoracie Uzbrojenia, gdzie zajmowa\u0142 si\u0119 m.in. pozyskiwaniem Bezza\u0142ogowych System\u00f3w Powietrznych. W latach 2016-2018 by\u0142 zwi\u0105zany z Polsk\u0105 Grup\u0105 Zbrojeniow\u0105, uczestnicz\u0105c w kluczowych projektach artyleryjskich, takich jak HOMAR i REGINA.<\/p>\n<p style=\"text-align: justify;\">Posiada r\u00f3wnie\u017c bogate do\u015bwiadczenie mi\u0119dzynarodowe, zdobyte podczas pracy dla Organizacji Bezpiecze\u0144stwa i Wsp\u00f3\u0142pracy w Europie (OBWE). W latach 2018-2022 bra\u0142 udzia\u0142 w Specjalnej Misji Monitoruj\u0105cej na Ukrainie, gdzie pe\u0142ni\u0142 funkcj\u0119 operatora UAV. Od 2012 roku wsp\u00f3\u0142pracuje jako ekspert ds. bezpiecze\u0144stwa z warszawskim biurem ODIHR OBWE.<\/p>\n<p style=\"text-align: justify;\">Od listopada 2024 pe\u0142ni obowi\u0105zki Specjalisty ds. Obronnych w Mazowieckim Specjalistycznym Centrum Zdrowia w Pruszkowie. Prywatnie jego pasj\u0105 s\u0105 militaria, lotnictwo, jest aktywnym pilotem szybowcowym.<\/p>\n<\/div><\/div><\/div><\/div><\/div><\/div><div class=\"vc_row wpb_row vc_inner vc_row-fluid vc_custom_1757334322134\"><div class=\"wpb_column vc_column_container vc_col-sm-3\"><div class=\"vc_column-inner\"><div class=\"wpb_wrapper\">\n\t<div  class=\"wpb_single_image wpb_content_element vc_align_left\">\n\t\t\n\t\t<figure class=\"wpb_wrapper vc_figure\">\n\t\t\t<div class=\"vc_single_image-wrapper   vc_box_border_grey\"><img loading=\"lazy\" decoding=\"async\" width=\"150\" height=\"150\" src=\"https:\/\/studia-wroclaw.pl\/wp-content\/uploads\/2025\/09\/Zbigniew-Reczek.webp\" class=\"vc_single_image-img attachment-thumbnail\" alt=\"\" title=\"Zbigniew Reczek\" srcset=\"https:\/\/studia-wroclaw.pl\/wp-content\/uploads\/2025\/09\/Zbigniew-Reczek.webp 150w, https:\/\/studia-wroclaw.pl\/wp-content\/uploads\/2025\/09\/Zbigniew-Reczek-12x12.webp 12w\" sizes=\"auto, (max-width: 150px) 100vw, 150px\" \/><\/div>\n\t\t<\/figure>\n\t<\/div>\n<\/div><\/div><\/div><div class=\"wpb_column vc_column_container vc_col-sm-9\"><div class=\"vc_column-inner\"><div class=\"wpb_wrapper\">\n\t<div class=\"wpb_text_column wpb_content_element  vc_custom_1757335483461\" >\n\t\t<div class=\"wpb_wrapper\">\n\t\t\t<p><strong>pp\u0142k dypl. rez. mgr Zbigniew Reczek<\/strong><\/p>\n\n\t\t<\/div>\n\t<\/div>\n<div  class=\"vc_toggle vc_toggle_classic vc_toggle_color_plus  vc_toggle_size_left vc_custom_1757408364336\"><div class=\"vc_toggle_title\"><h4>Rozwi\u0144 BIO<\/h4><i class=\"vc_toggle_icon\"><\/i><\/div><div class=\"vc_toggle_content\"><p style=\"text-align: justify;\">Absolwent Wy\u017cszej Szko\u0142y Oficerskiej Wojsk Pancernych oraz Akademii Obrony Narodowej (dow\u00f3dztwo i zarz\u0105dzanie wojskami, historia). \u017bo\u0142nierz zawodowy z 30-letnim do\u015bwiadczeniem (1987\u20132017). Po s\u0142u\u017cbie wojskowej pe\u0142ni\u0142 funkcje kierownicze i dydaktyczne, m.in. kierownik dziekanatu i wyk\u0142adowca na uczelniach wy\u017cszych w Poznaniu. Obecnie podinspektor w Departamencie Wdra\u017cania Europejskiego Funduszu Spo\u0142ecznego Urz\u0119du Marsza\u0142kowskiego Wojew\u00f3dztwa Wielkopolskiego.<\/p>\n<p style=\"text-align: justify;\">Specjalista w zakresie zarz\u0105dzania kryzysowego, ochrony i obrony obiekt\u00f3w wa\u017cnych dla bezpiecze\u0144stwa pa\u0144stwa oraz wsp\u00f3\u0142pracy cywilno-wojskowej. Organizator i prowadz\u0105cy liczne szkolenia dla instytucji publicznych i pa\u0144stwowych, takich jak Komenda G\u0142\u00f3wna Policji, Ministerstwo Finans\u00f3w czy Urz\u0105d Miasta Poznania. Do\u015bwiadczenie w koordynacji przygotowa\u0144 logistycznych podczas du\u017cych wydarze\u0144 (m.in. \u015awiatowe Dni M\u0142odzie\u017cy 2016). By\u0142y oficer kontaktowy ds. ochrony d\u00f3br kultury oraz administrator system\u00f3w zarz\u0105dzania kryzysowego wojew\u00f3dztwa.<\/p>\n<\/div><\/div><\/div><\/div><\/div><\/div><div class=\"vc_row wpb_row vc_inner vc_row-fluid vc_custom_1757334322134\"><div class=\"wpb_column vc_column_container vc_col-sm-3\"><div class=\"vc_column-inner\"><div class=\"wpb_wrapper\">\n\t<div  class=\"wpb_single_image wpb_content_element vc_align_left\">\n\t\t\n\t\t<figure class=\"wpb_wrapper vc_figure\">\n\t\t\t<div class=\"vc_single_image-wrapper vc_box_circle  vc_box_border_grey\"><img loading=\"lazy\" decoding=\"async\" width=\"150\" height=\"150\" src=\"https:\/\/studia-wroclaw.pl\/wp-content\/uploads\/2025\/10\/Jacek-Sujka.png\" class=\"vc_single_image-img attachment-thumbnail\" alt=\"\" title=\"Jacek Sujka\" srcset=\"https:\/\/studia-wroclaw.pl\/wp-content\/uploads\/2025\/10\/Jacek-Sujka.png 150w, https:\/\/studia-wroclaw.pl\/wp-content\/uploads\/2025\/10\/Jacek-Sujka-12x12.png 12w\" sizes=\"auto, (max-width: 150px) 100vw, 150px\" \/><\/div>\n\t\t<\/figure>\n\t<\/div>\n<\/div><\/div><\/div><div class=\"wpb_column vc_column_container vc_col-sm-9\"><div class=\"vc_column-inner\"><div class=\"wpb_wrapper\">\n\t<div class=\"wpb_text_column wpb_content_element  vc_custom_1757335546949\" >\n\t\t<div class=\"wpb_wrapper\">\n\t\t\t<p><strong>mjr mgr in\u017c. Jacek Sujka<\/strong><\/p>\n\n\t\t<\/div>\n\t<\/div>\n<div  class=\"vc_toggle vc_toggle_classic vc_toggle_color_plus  vc_toggle_size_left vc_custom_1757408389334\"><div class=\"vc_toggle_title\"><h4>Rozwi\u0144 BIO<\/h4><i class=\"vc_toggle_icon\"><\/i><\/div><div class=\"vc_toggle_content\"><p style=\"text-align: justify;\">Do\u015bwiadczony oficer wojskowy specjalizuj\u0105cy si\u0119 w cyberbezpiecze\u0144stwie, zarz\u0105dzaniu personelem i dzia\u0142aniami operacyjnymi. By\u0142y Zast\u0119pca Dow\u00f3dcy Batalionu \u2013 Szef Sztabu oraz Szef Sekcji Operacyjnej (S-3). Posiada do\u015bwiadczenie w planowaniu szkole\u0144, reagowaniu kryzysowym i dowodzeniu pododdzia\u0142ami. Absolwent studi\u00f3w z zakresu cyberbezpiecze\u0144stwa i zarz\u0105dzania. Prowadzi szkolenia w ramach Legii Akademickiej oraz uko\u0144czy\u0142 kursy specjalistyczne z AI, VPN i system\u00f3w geoprzestrzennych. Skupia si\u0119 na bezpiecze\u0144stwie informacji i efektywnej komunikacji operacyjnej.<\/p>\n<\/div><\/div><\/div><\/div><\/div><\/div><div class=\"vc_row wpb_row vc_inner vc_row-fluid vc_custom_1757334322134\"><div class=\"wpb_column vc_column_container vc_col-sm-3\"><div class=\"vc_column-inner\"><div class=\"wpb_wrapper\">\n\t<div  class=\"wpb_single_image wpb_content_element vc_align_left\">\n\t\t\n\t\t<figure class=\"wpb_wrapper vc_figure\">\n\t\t\t<div class=\"vc_single_image-wrapper   vc_box_border_grey\"><img loading=\"lazy\" decoding=\"async\" width=\"150\" height=\"150\" src=\"https:\/\/studia-wroclaw.pl\/wp-content\/uploads\/2025\/09\/Rafal-Cetnarowski.webp\" class=\"vc_single_image-img attachment-thumbnail\" alt=\"\" title=\"Rafa\u0142 Cetnarowski\" srcset=\"https:\/\/studia-wroclaw.pl\/wp-content\/uploads\/2025\/09\/Rafal-Cetnarowski.webp 150w, https:\/\/studia-wroclaw.pl\/wp-content\/uploads\/2025\/09\/Rafal-Cetnarowski-12x12.webp 12w\" sizes=\"auto, (max-width: 150px) 100vw, 150px\" \/><\/div>\n\t\t<\/figure>\n\t<\/div>\n<\/div><\/div><\/div><div class=\"wpb_column vc_column_container vc_col-sm-9\"><div class=\"vc_column-inner\"><div class=\"wpb_wrapper\">\n\t<div class=\"wpb_text_column wpb_content_element  vc_custom_1757335579042\" >\n\t\t<div class=\"wpb_wrapper\">\n\t\t\t<p><strong>mgr Rafa\u0142 Cetnarowski<\/strong><\/p>\n\n\t\t<\/div>\n\t<\/div>\n<div  class=\"vc_toggle vc_toggle_classic vc_toggle_color_plus  vc_toggle_size_left vc_custom_1757408448408\"><div class=\"vc_toggle_title\"><h4>Rozwi\u0144 BIO<\/h4><i class=\"vc_toggle_icon\"><\/i><\/div><div class=\"vc_toggle_content\"><p style=\"text-align: justify;\">Ekspert w dziedzinie bezpiecze\u0144stwa publicznego, zarz\u0105dzania kryzysowego i obrony cywilnej. Absolwent Dolno\u015bl\u0105skiej Szko\u0142y Wy\u017cszej we Wroc\u0142awiu oraz Wy\u017cszej Szko\u0142y Oficerskiej Wojsk L\u0105dowych im. gen. Tadeusza Ko\u015bciuszki we Wroc\u0142awiu, gdzie uko\u0144czy\u0142 kierunek Bezpiecze\u0144stwo Narodowe ze specjalno\u015bci\u0105 Bezpiecze\u0144stwo Pa\u0144stwa oraz Zarz\u0105dzanie Kryzysowe. Dodatkowo posiada dyplom studi\u00f3w podyplomowych z zakresu ochrony danych osobowych.<\/p>\n<p style=\"text-align: justify;\">Jego bogate do\u015bwiadczenie zawodowe obejmuje wieloletni\u0105 prac\u0119 na rzecz bezpiecze\u0144stwa pa\u0144stwa, m.in. w Wydziale Bezpiecze\u0144stwa i Zarz\u0105dzania Kryzysowego Dolno\u015bl\u0105skiego Urz\u0119du Wojew\u00f3dzkiego we Wroc\u0142awiu, a nast\u0119pnie w Wydziale Bezpiecze\u0144stwa Urz\u0119du Marsza\u0142kowskiego Wojew\u00f3dztwa Dolno\u015bl\u0105skiego. W ramach swoich obowi\u0105zk\u00f3w zajmowa\u0142 si\u0119 m.in. ostrzeganiem i alarmowaniem, obron\u0105 cywiln\u0105, ochron\u0105 ludno\u015bci, obronno\u015bci\u0105 oraz bezpiecze\u0144stwem publicznym.<\/p>\n<p style=\"text-align: justify;\">Bra\u0142 aktywny udzia\u0142 w organizacji licznych projekt\u00f3w maj\u0105cych na celu podnoszenie poziomu bezpiecze\u0144stwa oraz koordynacj\u0119 dzia\u0142a\u0144 administracji publicznej w sytuacjach nadzwyczajnych. Obecnie odpowiada za bezpiecze\u0144stwo, zarz\u0105dzanie kryzysowe i obronno\u015b\u0107 w sp\u00f3\u0142ce istotnej dla bezpiecze\u0144stwa pa\u0144stwa.<\/p>\n<p style=\"text-align: justify;\">Pasjonat nauk o bezpiecze\u0144stwie i geopolityki, \u0142\u0105czy w swojej pracy podej\u015bcie teoretyczne z praktycznym do\u015bwiadczeniem, co czyni go cenionym specjalist\u0105 i trenerem w zakresie szkole\u0144 z zakresu bezpiecze\u0144stwa publicznego, obrony cywilnej oraz ochrony ludno\u015bci.<\/p>\n<\/div><\/div><\/div><\/div><\/div><\/div><div class=\"vc_row wpb_row vc_inner vc_row-fluid vc_custom_1757334322134\"><div class=\"wpb_column vc_column_container vc_col-sm-3\"><div class=\"vc_column-inner\"><div class=\"wpb_wrapper\">\n\t<div  class=\"wpb_single_image wpb_content_element vc_align_left\">\n\t\t\n\t\t<figure class=\"wpb_wrapper vc_figure\">\n\t\t\t<div class=\"vc_single_image-wrapper vc_box_circle  vc_box_border_grey\"><img loading=\"lazy\" decoding=\"async\" width=\"150\" height=\"150\" src=\"https:\/\/studia-wroclaw.pl\/wp-content\/uploads\/2025\/10\/Jacek-Galuszka.png\" class=\"vc_single_image-img attachment-thumbnail\" alt=\"\" title=\"Jacek Ga\u0142uszka\" srcset=\"https:\/\/studia-wroclaw.pl\/wp-content\/uploads\/2025\/10\/Jacek-Galuszka.png 150w, https:\/\/studia-wroclaw.pl\/wp-content\/uploads\/2025\/10\/Jacek-Galuszka-12x12.png 12w\" sizes=\"auto, (max-width: 150px) 100vw, 150px\" \/><\/div>\n\t\t<\/figure>\n\t<\/div>\n<\/div><\/div><\/div><div class=\"wpb_column vc_column_container vc_col-sm-9\"><div class=\"vc_column-inner\"><div class=\"wpb_wrapper\">\n\t<div class=\"wpb_text_column wpb_content_element  vc_custom_1757335618691\" >\n\t\t<div class=\"wpb_wrapper\">\n\t\t\t<p><strong>mgr Jacek Ga\u0142uszka<\/strong><\/p>\n\n\t\t<\/div>\n\t<\/div>\n<div  class=\"vc_toggle vc_toggle_classic vc_toggle_color_plus  vc_toggle_size_left vc_custom_1757408475719\"><div class=\"vc_toggle_title\"><h4>Rozwi\u0144 BIO<\/h4><i class=\"vc_toggle_icon\"><\/i><\/div><div class=\"vc_toggle_content\"><p style=\"text-align: justify;\">Ekspert w zakresie zarz\u0105dzania kryzysowego, dowodzenia akcjami i operacjami policyjnymi oraz bezpiecze\u0144stwa imprez masowych. Wieloletni dow\u00f3dca jednostek Policji, m.in. jako Zast\u0119pca Komendanta Miejskiego Policji we Wroc\u0142awiu. Wyk\u0142adowca Wy\u017cszej Szko\u0142y Policji w Szczytnie i uczelni cywilnych we Wroc\u0142awiu.<\/p>\n<p style=\"text-align: justify;\">Pomys\u0142odawca og\u00f3lnopolskiego konkursu dla s\u0142u\u017cb dy\u017curnych \u201eKomendanci po godzinach\u201d. Absolwent WSPol, Uniwersytetu Wroc\u0142awskiego i Akademii Ekonomicznej. Do\u015bwiadczony praktyk i szkoleniowiec, uczestnik wielu krajowych i mi\u0119dzynarodowych kurs\u00f3w z zakresu bezpiecze\u0144stwa, dowodzenia oraz wsp\u00f3\u0142pracy s\u0142u\u017cb w sytuacjach kryzysowych. Autor licznych publikacji naukowych z obszaru bezpiecze\u0144stwa wewn\u0119trznego.<\/p>\n<\/div><\/div><\/div><\/div><\/div><\/div><\/div><\/div><\/div><\/div><\/div><\/div><div class=\"vc_row-full-width vc_clearfix\"><\/div><div class=\"vc_custom_1715692261732\"><div class=\"container\"><div class=\"vc_row wpb_row vc_row-fluid\"><div class=\"wpb_column vc_column_container vc_col-sm-12\"><div class=\"vc_column-inner\"><div class=\"wpb_wrapper\">\n\t<div class=\"wpb_text_column wpb_content_element  vc_custom_1754990809424\" >\n\t\t<div class=\"wpb_wrapper\">\n\t\t\t<h2 style=\"text-align: left;\"><b>What do you gain by choosing studia-wroclaw.pl?<\/b><\/h2>\n\n\t\t<\/div>\n\t<\/div>\n<\/div><\/div><\/div><\/div><\/div><\/div><div class=\"\"><div class=\"container\"><div class=\"vc_row wpb_row vc_row-fluid\"><div class=\"wpb_column vc_column_container vc_col-sm-12\"><div class=\"vc_column-inner\"><div class=\"wpb_wrapper\"><div class=\"vc_tta-container\" data-vc-action=\"collapse\" data-vc-tta-autoplay=\"{&quot;delay&quot;:5000}\"><div class=\"vc_general vc_tta vc_tta-tabs vc_tta-o-shape-group vc_tta-tabs-position-top vc_tta-controls-align-left\"><div class=\"vc_tta-tabs-container\"><ul class=\"vc_tta-tabs-list\"><li class=\"vc_tta-tab vc_active\" data-vc-tab><a href=\"#1715691373025-31d9dcb4-3790\" data-vc-tabs data-vc-container=\".vc_tta\"><span class=\"vc_tta-title-text\">Flexibility<\/span><\/a><\/li><li class=\"vc_tta-tab\" data-vc-tab><a href=\"#1715691796759-35a5e08f-f687\" data-vc-tabs data-vc-container=\".vc_tta\"><span class=\"vc_tta-title-text\">Professionalism<\/span><\/a><\/li><li class=\"vc_tta-tab\" data-vc-tab><a href=\"#1715691829726-ec23e909-81ae\" data-vc-tabs data-vc-container=\".vc_tta\"><span class=\"vc_tta-title-text\">High quality education<\/span><\/a><\/li><li class=\"vc_tta-tab\" data-vc-tab><a href=\"#1715691885856-d48a9939-680e\" data-vc-tabs data-vc-container=\".vc_tta\"><span class=\"vc_tta-title-text\">Documentation<\/span><\/a><\/li><\/ul><\/div><div class=\"vc_tta-panels-container\"><div class=\"vc_tta-panels\"><div class=\"vc_tta-panel vc_active\" id=\"1715691373025-31d9dcb4-3790\" data-vc-content=\".vc_tta-panel-body\"><div class=\"vc_tta-panel-heading\"><h4 class=\"vc_tta-panel-title\"><a href=\"#1715691373025-31d9dcb4-3790\" data-vc-accordion data-vc-container=\".vc_tta-container\"><span class=\"vc_tta-title-text\">Flexibility<\/span><\/a><\/h4><\/div><div class=\"vc_tta-panel-body\">\n\t<div class=\"wpb_text_column wpb_content_element\" >\n\t\t<div class=\"wpb_wrapper\">\n\t\t\t<p><span style=\"font-weight: 400;\">Thanks to modern training methods, these studies offer the opportunity to flexibly combine study with work and family responsibilities.<\/span><\/p>\n\n\t\t<\/div>\n\t<\/div>\n<\/div><\/div><div class=\"vc_tta-panel\" id=\"1715691796759-35a5e08f-f687\" data-vc-content=\".vc_tta-panel-body\"><div class=\"vc_tta-panel-heading\"><h4 class=\"vc_tta-panel-title\"><a href=\"#1715691796759-35a5e08f-f687\" data-vc-accordion data-vc-container=\".vc_tta-container\"><span class=\"vc_tta-title-text\">Professionalism<\/span><\/a><\/h4><\/div><div class=\"vc_tta-panel-body\">\n\t<div class=\"wpb_text_column wpb_content_element\" >\n\t\t<div class=\"wpb_wrapper\">\n\t\t\t<p><span style=\"font-weight: 400;\">Studying with us, you benefit from the knowledge and experience of lecturers and practitioners from both Poland and abroad - including top global universities.<\/span><\/p>\n\n\t\t<\/div>\n\t<\/div>\n<\/div><\/div><div class=\"vc_tta-panel\" id=\"1715691829726-ec23e909-81ae\" data-vc-content=\".vc_tta-panel-body\"><div class=\"vc_tta-panel-heading\"><h4 class=\"vc_tta-panel-title\"><a href=\"#1715691829726-ec23e909-81ae\" data-vc-accordion data-vc-container=\".vc_tta-container\"><span class=\"vc_tta-title-text\">High quality education<\/span><\/a><\/h4><\/div><div class=\"vc_tta-panel-body\">\n\t<div class=\"wpb_text_column wpb_content_element\" >\n\t\t<div class=\"wpb_wrapper\">\n\t\t\t<p><span style=\"font-weight: 400;\">Our ISO 9001:2015 certification confirms that WSKZ effectively manages the quality of its educational services.<\/span><\/p>\n\n\t\t<\/div>\n\t<\/div>\n<\/div><\/div><div class=\"vc_tta-panel\" id=\"1715691885856-d48a9939-680e\" data-vc-content=\".vc_tta-panel-body\"><div class=\"vc_tta-panel-heading\"><h4 class=\"vc_tta-panel-title\"><a href=\"#1715691885856-d48a9939-680e\" data-vc-accordion data-vc-container=\".vc_tta-container\"><span class=\"vc_tta-title-text\">Documentation<\/span><\/a><\/h4><\/div><div class=\"vc_tta-panel-body\">\n\t<div class=\"wpb_text_column wpb_content_element\" >\n\t\t<div class=\"wpb_wrapper\">\n\t\t\t<p><span style=\"font-weight: 400;\">Po uko\u0144czeniu studi\u00f3w uzyskasz \u015bwiadectwo zgodne z rozporz\u0105dzeniem MNiSW.<\/span><\/p>\n\n\t\t<\/div>\n\t<\/div>\n<\/div><\/div><\/div><\/div><\/div><\/div><div class=\"vc_separator wpb_content_element vc_separator_align_center vc_sep_width_100 vc_sep_pos_align_center vc_separator_no_text vc_sep_color_grey\" ><span class=\"vc_sep_holder vc_sep_holder_l\"><span class=\"vc_sep_line\"><\/span><\/span><span class=\"vc_sep_holder vc_sep_holder_r\"><span class=\"vc_sep_line\"><\/span><\/span>\n<\/div><\/div><\/div><\/div><\/div><\/div><\/div><div class=\"\"><div class=\"container\"><div class=\"vc_row wpb_row vc_row-fluid vc_row-o-content-top vc_row-flex\"><div class=\"wpb_column vc_column_container vc_col-sm-8\"><div class=\"vc_column-inner vc_custom_1715689547215\"><div class=\"wpb_wrapper\">\n\t<div class=\"wpb_text_column wpb_content_element  vc_custom_1754991014427\" >\n\t\t<div class=\"wpb_wrapper\">\n\t\t\t<h3><b>Certificate<\/b><\/h3>\n\n\t\t<\/div>\n\t<\/div>\n\n\t<div class=\"wpb_text_column wpb_content_element  vc_custom_1760079755921\" >\n\t\t<div class=\"wpb_wrapper\">\n\t\t\t<p><span style=\"font-weight: 400;\">Po uko\u0144czeniu studi\u00f3w otrzymasz \u015bwiadectwo zgodne z rozporz\u0105dzeniem Ministra Nauki i Szkolnictwa Wy\u017cszego z dnia 12 wrze\u015bnia 2018 r. w sprawie dokument\u00f3w wydawanych w zwi\u0105zku z przebiegiem lub uko\u0144czeniem studi\u00f3w podyplomowych i kszta\u0142cenia specjalistycznego (Dz.U. z 2018 r., poz. 1791 z p\u00f3\u017an. zm.) wydanym na podstawie ustawy z dnia 20 lipca 2018 r. \u2013 Prawo o szkolnictwie wy\u017cszym i nauce (<\/span><span style=\"font-weight: 400;\">Dz.U.2024.1571<\/span><span style=\"font-weight: 400;\">, z p\u00f3\u017an. zm.).<\/span><\/p>\n\n\t\t<\/div>\n\t<\/div>\n<\/div><\/div><\/div><div class=\"wpb_column vc_column_container vc_col-sm-4\"><div class=\"vc_column-inner\"><div class=\"wpb_wrapper\">\n\t<div  class=\"wpb_single_image wpb_content_element vc_align_left\">\n\t\t\n\t\t<figure class=\"wpb_wrapper vc_figure\">\n\t\t\t<div class=\"vc_single_image-wrapper   vc_box_border_grey\"><img loading=\"lazy\" decoding=\"async\" width=\"400\" height=\"400\" src=\"https:\/\/studia-wroclaw.pl\/wp-content\/uploads\/2024\/05\/absolwent-studia-wroclaw.png\" class=\"vc_single_image-img attachment-full\" alt=\"Nowe kwalifikacje\" title=\"\" srcset=\"https:\/\/studia-wroclaw.pl\/wp-content\/uploads\/2024\/05\/absolwent-studia-wroclaw.png 400w, https:\/\/studia-wroclaw.pl\/wp-content\/uploads\/2024\/05\/absolwent-studia-wroclaw-300x300.png 300w, https:\/\/studia-wroclaw.pl\/wp-content\/uploads\/2024\/05\/absolwent-studia-wroclaw-150x150.png 150w\" sizes=\"auto, (max-width: 400px) 100vw, 400px\" \/><\/div>\n\t\t<\/figure>\n\t<\/div>\n<\/div><\/div><\/div><\/div><\/div><\/div><div data-vc-full-width=\"true\" data-vc-full-width-init=\"false\" data-vc-stretch-content=\"true\" class=\"vc_row wpb_row vc_row-fluid vc_custom_1756990061642 vc_row-has-fill vc_row-o-equal-height vc_row-o-content-middle vc_row-flex\"><div class=\"wpb_column vc_column_container vc_col-sm-2\"><div class=\"vc_column-inner vc_custom_1715533178238\"><div class=\"wpb_wrapper\"><\/div><\/div><\/div><div class=\"wpb_column vc_column_container vc_col-sm-8 vc_col-has-fill\"><div class=\"vc_column-inner vc_custom_1715532982808\"><div class=\"wpb_wrapper\"><div class=\"vc_row wpb_row vc_inner vc_row-fluid vc_custom_1715533111368 vc_row-o-equal-height vc_row-o-content-middle vc_row-flex\"><div class=\"wpb_column vc_column_container vc_col-sm-3\"><div class=\"vc_column-inner vc_custom_1715533022715\"><div class=\"wpb_wrapper\">\n\t<div  class=\"wpb_single_image wpb_content_element vc_align_center\">\n\t\t\n\t\t<figure class=\"wpb_wrapper vc_figure\">\n\t\t\t<div class=\"vc_single_image-wrapper   vc_box_border_grey\"><img decoding=\"async\" class=\"vc_single_image-img\" src=\"https:\/\/studia-wroclaw.pl\/wp-content\/uploads\/2024\/05\/herb-100x100.png\" width=\"100\" height=\"100\" alt=\"herb\" title=\"coat of arms\" loading=\"lazy\" \/><\/div>\n\t\t<\/figure>\n\t<\/div>\n<\/div><\/div><\/div><div class=\"wpb_column vc_column_container vc_col-sm-9\"><div class=\"vc_column-inner vc_custom_1715534147774\"><div class=\"wpb_wrapper\">\n\t<div class=\"wpb_text_column wpb_content_element  vc_custom_1760079823218\" >\n\t\t<div class=\"wpb_wrapper\">\n\t\t\t<p><span><\/span><span><\/span><span style=\"color: #ffffff;\">Studia realizowane s\u0105 zgodnie z wymogami okre\u015blonymi w Rozporz\u0105dzeniu Ministra Nauki i Szkolnictwa Wy\u017cszego z dnia 27 wrze\u015bnia 2018 r. w sprawie studi\u00f3w (Dz.U.2023.2787, z p\u00f3\u017an. zm) oraz Ustawy z dnia 20 lipca 2018 r. Prawo o szkolnictwie wy\u017cszym i nauce (Dz.U.2024.1571, z p\u00f3\u017an. zm.).<\/span><\/p>\n\n\t\t<\/div>\n\t<\/div>\n\n\t<div class=\"wpb_text_column wpb_content_element  vc_custom_1760079795969\" >\n\t\t<div class=\"wpb_wrapper\">\n\t\t\t<p><span style=\"font-size: 12px; color: #fff; line-height: 0.6;\"><span style=\"font-weight: 400;\">Nale\u017cy zaznaczy\u0107, \u017ce studia podyplomowe <\/span><i><span style=\"font-weight: 400;\">The practical dimension of civil protection and civil defence<\/span><\/i><span style=\"font-weight: 400;\"> maj\u0105 charakter doskonal\u0105cy i nie nadaj\u0105 kwalifikacji dotycz\u0105cych przedmiotowej tematyki okre\u015blonych w Za\u0142\u0105czniku nr 9 Rozporz\u0105dzenia MSWiA z dnia 06.02.2025 r. w sprawie program\u00f3w szkole\u0144 z zakresu ochrony ludno\u015bci i obrony cywilnej oraz wymaga\u0144 dla podmiot\u00f3w prowadz\u0105cych szkolenia.<\/span><\/span><\/p>\n\n\t\t<\/div>\n\t<\/div>\n<\/div><\/div><\/div><\/div><\/div><\/div><\/div><div class=\"wpb_column vc_column_container vc_col-sm-2\"><div class=\"vc_column-inner vc_custom_1715533188827\"><div class=\"wpb_wrapper\"><\/div><\/div><\/div><\/div><div class=\"vc_row-full-width vc_clearfix\"><\/div><div class=\"\"><div class=\"container\"><div class=\"vc_row wpb_row vc_row-fluid\"><div class=\"wpb_column vc_column_container vc_col-sm-12\"><div class=\"vc_column-inner\"><div class=\"wpb_wrapper\">\n\t<div class=\"wpb_raw_code wpb_content_element wpb_raw_html vc_custom_1754989341506\" >\n\t\t<div class=\"wpb_wrapper\">\n\t\t\t<div id=\"div1\" class=\"content-div div1\" style=\"display:none; padding:40px;\">\n[enrollment studies=\"podyplomowe\" type=\"czesne\"]\n<\/div>\n\n<div id=\"div2\" class=\"content-div div2\" style=\"display:none; padding:40px;\">\n[enrollment studies=\"podyplomowe\" type=\"semestralna\"]\n<\/div>\n\n<div id=\"div3\" class=\"content-div div3\" style=\"display:none; padding:40px;\">\n[enrollment studies=\"podyplomowe\" type=\"jednorazowa\"]\n<\/div>\n\n<script>\nfunction showDiv(divId) {\n    \/\/ Ukryj wszystkie divy\n    var divs = document.querySelectorAll('.content-div');\n    divs.forEach(function(div) {\n        div.style.display = 'none';\n    });\n    \n    \/\/ Poka\u017c wybrany div\n    document.getElementById(divId).style.display = 'block';\n}\n<\/script>\n\t\t<\/div>\n\t<\/div>\n<\/div><\/div><\/div><\/div><\/div><\/div>\n<\/div>","protected":false},"excerpt":{"rendered":"Praktyczny wymiar ochrony ludno\u015bci i obrony cywilnej studia podyplomowe Celem studi\u00f3w jest przekazanie s\u0142uchaczom wiedzy z zakresu ochrony ludno\u015bci i obrony cywilnej. Szczeg\u00f3lny nacisk k\u0142adziony jest na nabycie zdolno\u015bci implementacji procedur i standard\u00f3w z zakresu ochrony ludno\u015bci i obrony cywilnej w jednostkach samorz\u0105du terytorialnego, administracji rz\u0105dowej oraz instytucjach i podmiotach wsp\u00f3\u0142pracuj\u0105cych. W trakcie kszta\u0142cenia s\u0142uchacze [...]","protected":false},"author":34,"featured_media":0,"parent":6316,"menu_order":0,"comment_status":"closed","ping_status":"closed","template":"","meta":{"om_disable_all_campaigns":false,"footnotes":""},"class_list":["post-6722","page","type-page","status-publish","hentry"],"yoast_head":"<!-- This site is optimized with the Yoast SEO plugin v25.9 - https:\/\/yoast.com\/wordpress\/plugins\/seo\/ -->\n<title>Praktyczny wymiar ochrony ludno\u015bci i obrony cywilnej | studia-wroclaw.pl<\/title>\n<meta name=\"description\" content=\"Praktyczny wymiar OL i OC \u2013 studia podyplomowe dla os\u00f3b odpowiedzialnych za ochron\u0119 ludno\u015bci i obron\u0119 cywiln\u0105. Zarz\u0105dzanie kryzysowe, analiza ryzyka, planowanie ewakuacji, \u0107wiczenia i case studies. Zapisz si\u0119 ju\u017c dzi\u015b i rozwijaj swoje kompetencje.\" \/>\n<meta name=\"robots\" content=\"index, follow, max-snippet:-1, max-image-preview:large, max-video-preview:-1\" \/>\n<link rel=\"canonical\" href=\"https:\/\/studia-wroclaw.pl\/en\/studia-podyplomowe\/praktyczny-wymiar-ochrony-ludnosci-i-obrony-cywilnej-2\/\" \/>\n<meta property=\"og:locale\" content=\"en_GB\" \/>\n<meta property=\"og:type\" content=\"article\" \/>\n<meta property=\"og:title\" content=\"Praktyczny wymiar ochrony ludno\u015bci i obrony cywilnej | studia-wroclaw.pl\" \/>\n<meta property=\"og:description\" content=\"Praktyczny wymiar OL i OC \u2013 studia podyplomowe dla os\u00f3b odpowiedzialnych za ochron\u0119 ludno\u015bci i obron\u0119 cywiln\u0105. Zarz\u0105dzanie kryzysowe, analiza ryzyka, planowanie ewakuacji, \u0107wiczenia i case studies. Zapisz si\u0119 ju\u017c dzi\u015b i rozwijaj swoje kompetencje.\" \/>\n<meta property=\"og:url\" content=\"https:\/\/studia-wroclaw.pl\/en\/studia-podyplomowe\/praktyczny-wymiar-ochrony-ludnosci-i-obrony-cywilnej-2\/\" \/>\n<meta property=\"og:site_name\" content=\"Studia Wroc\u0142aw\" \/>\n<meta property=\"article:modified_time\" content=\"2026-04-24T10:48:51+00:00\" \/>\n<meta property=\"og:image\" content=\"https:\/\/studia-wroclaw.pl\/wp-content\/uploads\/2024\/06\/konkurencyjne-ceny1.png\" \/>\n<meta name=\"twitter:card\" content=\"summary_large_image\" \/>\n<meta name=\"twitter:label1\" content=\"Estimated reading time\" \/>\n\t<meta name=\"twitter:data1\" content=\"21 minutes\" \/>\n<script type=\"application\/ld+json\" class=\"yoast-schema-graph\">{\"@context\":\"https:\/\/schema.org\",\"@graph\":[{\"@type\":\"WebPage\",\"@id\":\"https:\/\/studia-wroclaw.pl\/studia-podyplomowe\/praktyczny-wymiar-ochrony-ludnosci-i-obrony-cywilnej-2\/\",\"url\":\"https:\/\/studia-wroclaw.pl\/studia-podyplomowe\/praktyczny-wymiar-ochrony-ludnosci-i-obrony-cywilnej-2\/\",\"name\":\"Praktyczny wymiar ochrony ludno\u015bci i obrony cywilnej | studia-wroclaw.pl\",\"isPartOf\":{\"@id\":\"https:\/\/studia-wroclaw.pl\/#website\"},\"primaryImageOfPage\":{\"@id\":\"https:\/\/studia-wroclaw.pl\/studia-podyplomowe\/praktyczny-wymiar-ochrony-ludnosci-i-obrony-cywilnej-2\/#primaryimage\"},\"image\":{\"@id\":\"https:\/\/studia-wroclaw.pl\/studia-podyplomowe\/praktyczny-wymiar-ochrony-ludnosci-i-obrony-cywilnej-2\/#primaryimage\"},\"thumbnailUrl\":\"https:\/\/studia-wroclaw.pl\/wp-content\/uploads\/2024\/06\/konkurencyjne-ceny1.png\",\"datePublished\":\"2024-05-09T10:37:13+00:00\",\"dateModified\":\"2026-04-24T10:48:51+00:00\",\"description\":\"Praktyczny wymiar OL i OC \u2013 studia podyplomowe dla os\u00f3b odpowiedzialnych za ochron\u0119 ludno\u015bci i obron\u0119 cywiln\u0105. Zarz\u0105dzanie kryzysowe, analiza ryzyka, planowanie ewakuacji, \u0107wiczenia i case studies. Zapisz si\u0119 ju\u017c dzi\u015b i rozwijaj swoje kompetencje.\",\"breadcrumb\":{\"@id\":\"https:\/\/studia-wroclaw.pl\/studia-podyplomowe\/praktyczny-wymiar-ochrony-ludnosci-i-obrony-cywilnej-2\/#breadcrumb\"},\"inLanguage\":\"en-GB\",\"potentialAction\":[{\"@type\":\"ReadAction\",\"target\":[\"https:\/\/studia-wroclaw.pl\/studia-podyplomowe\/praktyczny-wymiar-ochrony-ludnosci-i-obrony-cywilnej-2\/\"]}]},{\"@type\":\"ImageObject\",\"inLanguage\":\"en-GB\",\"@id\":\"https:\/\/studia-wroclaw.pl\/studia-podyplomowe\/praktyczny-wymiar-ochrony-ludnosci-i-obrony-cywilnej-2\/#primaryimage\",\"url\":\"https:\/\/studia-wroclaw.pl\/wp-content\/uploads\/2024\/06\/konkurencyjne-ceny1.png\",\"contentUrl\":\"https:\/\/studia-wroclaw.pl\/wp-content\/uploads\/2024\/06\/konkurencyjne-ceny1.png\"},{\"@type\":\"BreadcrumbList\",\"@id\":\"https:\/\/studia-wroclaw.pl\/studia-podyplomowe\/praktyczny-wymiar-ochrony-ludnosci-i-obrony-cywilnej-2\/#breadcrumb\",\"itemListElement\":[{\"@type\":\"ListItem\",\"position\":1,\"name\":\"Strona g\u0142\u00f3wna\",\"item\":\"https:\/\/studia-wroclaw.pl\/\"},{\"@type\":\"ListItem\",\"position\":2,\"name\":\"Studia podyplomowe\",\"item\":\"https:\/\/studia-wroclaw.pl\/studia-podyplomowe\/\"},{\"@type\":\"ListItem\",\"position\":3,\"name\":\"Praktyczny wymiar ochrony ludno\u015bci i obrony cywilnej\"}]},{\"@type\":\"WebSite\",\"@id\":\"https:\/\/studia-wroclaw.pl\/#website\",\"url\":\"https:\/\/studia-wroclaw.pl\/\",\"name\":\"Studia Wroc\u0142aw\",\"description\":\"\",\"potentialAction\":[{\"@type\":\"SearchAction\",\"target\":{\"@type\":\"EntryPoint\",\"urlTemplate\":\"https:\/\/studia-wroclaw.pl\/?s={search_term_string}\"},\"query-input\":{\"@type\":\"PropertyValueSpecification\",\"valueRequired\":true,\"valueName\":\"search_term_string\"}}],\"inLanguage\":\"en-GB\"}]}<\/script>\n<!-- \/ Yoast SEO plugin. -->","yoast_head_json":{"title":"Praktyczny wymiar ochrony ludno\u015bci i obrony cywilnej | studia-wroclaw.pl","description":"Praktyczny wymiar OL i OC \u2013 studia podyplomowe dla os\u00f3b odpowiedzialnych za ochron\u0119 ludno\u015bci i obron\u0119 cywiln\u0105. Zarz\u0105dzanie kryzysowe, analiza ryzyka, planowanie ewakuacji, \u0107wiczenia i case studies. Zapisz si\u0119 ju\u017c dzi\u015b i rozwijaj swoje kompetencje.","robots":{"index":"index","follow":"follow","max-snippet":"max-snippet:-1","max-image-preview":"max-image-preview:large","max-video-preview":"max-video-preview:-1"},"canonical":"https:\/\/studia-wroclaw.pl\/en\/studia-podyplomowe\/praktyczny-wymiar-ochrony-ludnosci-i-obrony-cywilnej-2\/","og_locale":"en_GB","og_type":"article","og_title":"Praktyczny wymiar ochrony ludno\u015bci i obrony cywilnej | studia-wroclaw.pl","og_description":"Praktyczny wymiar OL i OC \u2013 studia podyplomowe dla os\u00f3b odpowiedzialnych za ochron\u0119 ludno\u015bci i obron\u0119 cywiln\u0105. Zarz\u0105dzanie kryzysowe, analiza ryzyka, planowanie ewakuacji, \u0107wiczenia i case studies. Zapisz si\u0119 ju\u017c dzi\u015b i rozwijaj swoje kompetencje.","og_url":"https:\/\/studia-wroclaw.pl\/en\/studia-podyplomowe\/praktyczny-wymiar-ochrony-ludnosci-i-obrony-cywilnej-2\/","og_site_name":"Studia Wroc\u0142aw","article_modified_time":"2026-04-24T10:48:51+00:00","og_image":[{"url":"https:\/\/studia-wroclaw.pl\/wp-content\/uploads\/2024\/06\/konkurencyjne-ceny1.png","type":"","width":"","height":""}],"twitter_card":"summary_large_image","twitter_misc":{"Estimated reading time":"21 minutes"},"schema":{"@context":"https:\/\/schema.org","@graph":[{"@type":"WebPage","@id":"https:\/\/studia-wroclaw.pl\/studia-podyplomowe\/praktyczny-wymiar-ochrony-ludnosci-i-obrony-cywilnej-2\/","url":"https:\/\/studia-wroclaw.pl\/studia-podyplomowe\/praktyczny-wymiar-ochrony-ludnosci-i-obrony-cywilnej-2\/","name":"Praktyczny wymiar ochrony ludno\u015bci i obrony cywilnej | studia-wroclaw.pl","isPartOf":{"@id":"https:\/\/studia-wroclaw.pl\/#website"},"primaryImageOfPage":{"@id":"https:\/\/studia-wroclaw.pl\/studia-podyplomowe\/praktyczny-wymiar-ochrony-ludnosci-i-obrony-cywilnej-2\/#primaryimage"},"image":{"@id":"https:\/\/studia-wroclaw.pl\/studia-podyplomowe\/praktyczny-wymiar-ochrony-ludnosci-i-obrony-cywilnej-2\/#primaryimage"},"thumbnailUrl":"https:\/\/studia-wroclaw.pl\/wp-content\/uploads\/2024\/06\/konkurencyjne-ceny1.png","datePublished":"2024-05-09T10:37:13+00:00","dateModified":"2026-04-24T10:48:51+00:00","description":"Praktyczny wymiar OL i OC \u2013 studia podyplomowe dla os\u00f3b odpowiedzialnych za ochron\u0119 ludno\u015bci i obron\u0119 cywiln\u0105. Zarz\u0105dzanie kryzysowe, analiza ryzyka, planowanie ewakuacji, \u0107wiczenia i case studies. Zapisz si\u0119 ju\u017c dzi\u015b i rozwijaj swoje kompetencje.","breadcrumb":{"@id":"https:\/\/studia-wroclaw.pl\/studia-podyplomowe\/praktyczny-wymiar-ochrony-ludnosci-i-obrony-cywilnej-2\/#breadcrumb"},"inLanguage":"en-GB","potentialAction":[{"@type":"ReadAction","target":["https:\/\/studia-wroclaw.pl\/studia-podyplomowe\/praktyczny-wymiar-ochrony-ludnosci-i-obrony-cywilnej-2\/"]}]},{"@type":"ImageObject","inLanguage":"en-GB","@id":"https:\/\/studia-wroclaw.pl\/studia-podyplomowe\/praktyczny-wymiar-ochrony-ludnosci-i-obrony-cywilnej-2\/#primaryimage","url":"https:\/\/studia-wroclaw.pl\/wp-content\/uploads\/2024\/06\/konkurencyjne-ceny1.png","contentUrl":"https:\/\/studia-wroclaw.pl\/wp-content\/uploads\/2024\/06\/konkurencyjne-ceny1.png"},{"@type":"BreadcrumbList","@id":"https:\/\/studia-wroclaw.pl\/studia-podyplomowe\/praktyczny-wymiar-ochrony-ludnosci-i-obrony-cywilnej-2\/#breadcrumb","itemListElement":[{"@type":"ListItem","position":1,"name":"Strona g\u0142\u00f3wna","item":"https:\/\/studia-wroclaw.pl\/"},{"@type":"ListItem","position":2,"name":"Studia podyplomowe","item":"https:\/\/studia-wroclaw.pl\/studia-podyplomowe\/"},{"@type":"ListItem","position":3,"name":"Praktyczny wymiar ochrony ludno\u015bci i obrony cywilnej"}]},{"@type":"WebSite","@id":"https:\/\/studia-wroclaw.pl\/#website","url":"https:\/\/studia-wroclaw.pl\/","name":"Studies Wroclaw","description":"","potentialAction":[{"@type":"SearchAction","target":{"@type":"EntryPoint","urlTemplate":"https:\/\/studia-wroclaw.pl\/?s={search_term_string}"},"query-input":{"@type":"PropertyValueSpecification","valueRequired":true,"valueName":"search_term_string"}}],"inLanguage":"en-GB"}]}},"_links":{"self":[{"href":"https:\/\/studia-wroclaw.pl\/en\/wp-json\/wp\/v2\/pages\/6722","targetHints":{"allow":["GET"]}}],"collection":[{"href":"https:\/\/studia-wroclaw.pl\/en\/wp-json\/wp\/v2\/pages"}],"about":[{"href":"https:\/\/studia-wroclaw.pl\/en\/wp-json\/wp\/v2\/types\/page"}],"author":[{"embeddable":true,"href":"https:\/\/studia-wroclaw.pl\/en\/wp-json\/wp\/v2\/users\/34"}],"replies":[{"embeddable":true,"href":"https:\/\/studia-wroclaw.pl\/en\/wp-json\/wp\/v2\/comments?post=6722"}],"version-history":[{"count":18,"href":"https:\/\/studia-wroclaw.pl\/en\/wp-json\/wp\/v2\/pages\/6722\/revisions"}],"predecessor-version":[{"id":6753,"href":"https:\/\/studia-wroclaw.pl\/en\/wp-json\/wp\/v2\/pages\/6722\/revisions\/6753"}],"up":[{"embeddable":true,"href":"https:\/\/studia-wroclaw.pl\/en\/wp-json\/wp\/v2\/pages\/6316"}],"wp:attachment":[{"href":"https:\/\/studia-wroclaw.pl\/en\/wp-json\/wp\/v2\/media?parent=6722"}],"curies":[{"name":"wp","href":"https:\/\/api.w.org\/{rel}","templated":true}]}}