{"id":7950,"date":"2024-05-21T14:29:56","date_gmt":"2024-05-21T12:29:56","guid":{"rendered":"https:\/\/studia-wroclaw.pl\/?page_id=7950"},"modified":"2026-03-19T17:39:07","modified_gmt":"2026-03-19T16:39:07","slug":"konsultacje","status":"publish","type":"page","link":"https:\/\/studia-wroclaw.pl\/en\/konsultacje\/","title":{"rendered":"Konsultacje"},"content":{"rendered":"<div class=\"wpb-content-wrapper\"><div data-vc-full-width=\"true\" data-vc-full-width-init=\"false\" class=\"vc_custom_1716295924402\"><div class=\"container\"><div class=\"vc_row wpb_row vc_row-fluid vc_row-has-fill\"><div class=\"wpb_column vc_column_container vc_col-sm-12\"><div class=\"vc_column-inner\"><div class=\"wpb_wrapper\">\n\t<div class=\"wpb_text_column wpb_content_element  vc_custom_1764938399142\" >\n\t\t<div class=\"wpb_wrapper\">\n\t\t\t<h2 style=\"text-align: center;\">Konsultacje<\/h2>\n\n\t\t<\/div>\n\t<\/div>\n\n\t<div class=\"wpb_raw_code wpb_content_element wpb_raw_html\" >\n\t\t<div class=\"wpb_wrapper\">\n\t\t\t\n<table id=\"tablepress-6\" class=\"tablepress tablepress-id-6\">\n<tbody class=\"row-striping row-hover\">\n<tr class=\"row-1\">\n\t<td class=\"column-1\"><strong>prof. dr hab. Zbigniew Antczak<\/strong><\/td><td class=\"column-2\">zbigniew.antczak@wskz.pl<\/td><td class=\"column-3\">Sobota, godz. 19:30\u201320:30 \u2013  po wcze\u015bniejszym um\u00f3wieniu si\u0119 za po\u015brednictwem poczty elektronicznej.<\/td>\n<\/tr>\n<tr class=\"row-2\">\n\t<td class=\"column-1\"><strong>prof. dr hab. Jan Chodkiewicz<\/strong><\/td><td class=\"column-2\">jan.chodkiewicz@wskz.pl<\/td><td class=\"column-3\">\u015aroda, godz. 18:00\u201319:00 \u2013  po wcze\u015bniejszym um\u00f3wieniu si\u0119 za po\u015brednictwem poczty elektronicznej.<\/td>\n<\/tr>\n<tr class=\"row-3\">\n\t<td class=\"column-1\"><strong>Prof. Dr. Andrzej Czajowski<\/strong><\/td><td class=\"column-2\">andrzej.czajowski@wskz.pl<\/td><td class=\"column-3\">\u015aroda, godz. 18:00\u201319:00 \u2013  po wcze\u015bniejszym um\u00f3wieniu si\u0119 za po\u015brednictwem poczty elektronicznej.<\/td>\n<\/tr>\n<tr class=\"row-4\">\n\t<td class=\"column-1\"><strong>Prof. Dr. Andrzej Jablonski<\/strong><\/td><td class=\"column-2\">andrzej.jablonski@wskz.pl<\/td><td class=\"column-3\">Poniedzia\u0142ek, godz. 11:00\u201312:00 \u2013  po wcze\u015bniejszym um\u00f3wieniu si\u0119 za po\u015brednictwem poczty elektronicznej.<\/td>\n<\/tr>\n<tr class=\"row-5\">\n\t<td class=\"column-1\"><strong>prof. dr hab. Marta Kopa\u0144ska<\/strong><\/td><td class=\"column-2\">marta.kopanska@wskz.pl<\/td><td class=\"column-3\">Pi\u0105tek, godz. 17:00\u201318:00 \u2013  po wcze\u015bniejszym um\u00f3wieniu si\u0119 za po\u015brednictwem poczty elektronicznej.<\/td>\n<\/tr>\n<tr class=\"row-6\">\n\t<td class=\"column-1\"><strong>Prof. Dr. Wojciech Michalak<\/strong><\/td><td class=\"column-2\">wojciech.michalak@wskz.pl<\/td><td class=\"column-3\">Pi\u0105tek, godz. 15:00\u201316:00 \u2013  po wcze\u015bniejszym um\u00f3wieniu si\u0119 za po\u015brednictwem poczty elektronicznej.<\/td>\n<\/tr>\n<tr class=\"row-7\">\n\t<td class=\"column-1\"><strong>prof. dr hab. Andrzej Piasecki<\/strong><\/td><td class=\"column-2\">andrzej.piasecki@wskz.pl<\/td><td class=\"column-3\">\u015aroda, godz. 16:00\u201317:00 \u2013  po wcze\u015bniejszym um\u00f3wieniu si\u0119 za po\u015brednictwem poczty elektronicznej.<\/td>\n<\/tr>\n<tr class=\"row-8\">\n\t<td class=\"column-1\"><strong>prof. dr hab. Jerzy Rymarczyk<\/strong><\/td><td class=\"column-2\">jerzy.rymarczyk@wskz.pl<\/td><td class=\"column-3\">Sobota, godz. 18:00\u201319:00 \u2013  po wcze\u015bniejszym um\u00f3wieniu si\u0119 za po\u015brednictwem poczty elektronicznej.<\/td>\n<\/tr>\n<tr class=\"row-9\">\n\t<td class=\"column-1\"><strong>Prof. Dr. Teresa Rostowska<\/strong><\/td><td class=\"column-2\">teresa.rostowska@wskz.pl<\/td><td class=\"column-3\">Pi\u0105tek, godz. 17:00\u201318:00 \u2013  po wcze\u015bniejszym um\u00f3wieniu si\u0119 za po\u015brednictwem poczty elektronicznej.<\/td>\n<\/tr>\n<tr class=\"row-10\">\n\t<td class=\"column-1\"><strong>Prof. Dr. Andrzej Stelmach<\/strong><\/td><td class=\"column-2\">andrzej.stelmach@wskz.pl<\/td><td class=\"column-3\">\u015aroda, godz. 18:00\u201319:00 \u2013  po wcze\u015bniejszym um\u00f3wieniu si\u0119 za po\u015brednictwem poczty elektronicznej.<\/td>\n<\/tr>\n<tr class=\"row-11\">\n\t<td class=\"column-1\"><strong>Prof. Dr. Maria Szyszkowska<\/strong><\/td><td class=\"column-2\">maria.szyszkowska@wskz.pl<\/td><td class=\"column-3\">Wtorek, godz. 14:00\u201315:00 \u2013  po wcze\u015bniejszym um\u00f3wieniu si\u0119 za po\u015brednictwem poczty elektronicznej.<\/td>\n<\/tr>\n<tr class=\"row-12\">\n\t<td class=\"column-1\"><strong>dr hab. in\u017c. Marek Bodziany<\/strong><\/td><td class=\"column-2\">marek.bodziany@wskz.pl<\/td><td class=\"column-3\">Poniedzia\u0142ek, godz. 19:00\u201320:00 \u2013  po wcze\u015bniejszym um\u00f3wieniu si\u0119 za po\u015brednictwem poczty elektronicznej.<\/td>\n<\/tr>\n<tr class=\"row-13\">\n\t<td class=\"column-1\"><strong>dr hab. Magdalena Bsoul-Kopowska<\/strong><\/td><td class=\"column-2\">magdalena.bsoul-kopowska@wskz.pl<\/td><td class=\"column-3\">Czwartek, godz. 13:00\u201314:00 \u2013  po wcze\u015bniejszym um\u00f3wieniu si\u0119 za po\u015brednictwem poczty elektronicznej.<\/td>\n<\/tr>\n<tr class=\"row-14\">\n\t<td class=\"column-1\"><strong>Dr Adrianna Grabizna<\/strong><\/td><td class=\"column-2\">adrianna.grabizna@wskz.pl<\/td><td class=\"column-3\">\u015aroda, godz. 17:00\u201318:00 \u2013  po wcze\u015bniejszym um\u00f3wieniu si\u0119 za po\u015brednictwem poczty elektronicznej.<\/td>\n<\/tr>\n<tr class=\"row-15\">\n\t<td class=\"column-1\"><strong>Bo\u017cena Janda-D\u0119bek, PhD<\/strong><\/td><td class=\"column-2\">bozena.janda-debek@wskz.pl<\/td><td class=\"column-3\">\u015aroda, godz. 17:00\u201318:00 \u2013  po wcze\u015bniejszym um\u00f3wieniu si\u0119 za po\u015brednictwem poczty elektronicznej.<\/td>\n<\/tr>\n<tr class=\"row-16\">\n\t<td class=\"column-1\"><strong>dr hab. Mariusz J\u0119drzejko<\/strong><\/td><td class=\"column-2\">mariusz.jedrzejko@wskz.pl<\/td><td class=\"column-3\">Poniedzia\u0142ek, godz. 18:00\u201319:00 \u2013  po wcze\u015bniejszym um\u00f3wieniu si\u0119 za po\u015brednictwem poczty elektronicznej. W dniu zaj\u0119\u0107 w uczelni \u2013 dodatkowo 60 minut konsultacji po zako\u0144czeniu planowanych zaj\u0119\u0107.<\/td>\n<\/tr>\n<tr class=\"row-17\">\n\t<td class=\"column-1\"><strong>Dr Natalia Karpi\u0144ska<\/strong><\/td><td class=\"column-2\">natalia.karpinska@wskz.pl<\/td><td class=\"column-3\">Wtorek, godz. 15:00\u201316:00 \u2013  po wcze\u015bniejszym um\u00f3wieniu si\u0119 za po\u015brednictwem poczty elektronicznej.<\/td>\n<\/tr>\n<tr class=\"row-18\">\n\t<td class=\"column-1\"><strong>dr hab. Anna Krasnod\u0119bska<\/strong><\/td><td class=\"column-2\">anna.krasnodebska@wskz.pl<\/td><td class=\"column-3\">Czwartek, godz. 15:00\u201316:00 \u2013  po wcze\u015bniejszym um\u00f3wieniu si\u0119 za po\u015brednictwem poczty elektronicznej.<\/td>\n<\/tr>\n<tr class=\"row-19\">\n\t<td class=\"column-1\"><strong>Dr Micha\u0142 Kruszelnicki<\/strong><\/td><td class=\"column-2\">michal.kruszelnicki@wskz.pl<\/td><td class=\"column-3\">Wtorek, godz. 17:00\u201318:30 \u2013  po wcze\u015bniejszym um\u00f3wieniu si\u0119 za po\u015brednictwem poczty elektronicznej. Dodatkowo konsultacje mo\u017cliwe przez Teams oraz w przerwach mi\u0119dzy zaj\u0119ciami w czasie zjazd\u00f3w.<\/td>\n<\/tr>\n<tr class=\"row-20\">\n\t<td class=\"column-1\"><strong>dr hab. Jerzy Luty<\/strong><\/td><td class=\"column-2\">jerzy.luty@wskz.pl<\/td><td class=\"column-3\">Czwartek, godz. 14:30\u201315:30 \u2013  po wcze\u015bniejszym um\u00f3wieniu si\u0119 za po\u015brednictwem poczty elektronicznej.<\/td>\n<\/tr>\n<tr class=\"row-21\">\n\t<td class=\"column-1\"><strong>Dr Eugeniusz M\u0142yniec<\/strong><\/td><td class=\"column-2\">eugeniusz.mlyniec@wskz.pl<\/td><td class=\"column-3\">Wtorek, godz. 19:00\u201320:00 \u2013  po wcze\u015bniejszym um\u00f3wieniu si\u0119 za po\u015brednictwem poczty elektronicznej.<\/td>\n<\/tr>\n<tr class=\"row-22\">\n\t<td class=\"column-1\"><strong>Dr Dorota Molek-Winiarska<\/strong><\/td><td class=\"column-2\">dorota.molek-winiarska@wskz.pl<\/td><td class=\"column-3\">\u015aroda, godz. 18:00\u201319:00 \u2013  po wcze\u015bniejszym um\u00f3wieniu si\u0119 za po\u015brednictwem poczty elektronicznej.<\/td>\n<\/tr>\n<tr class=\"row-23\">\n\t<td class=\"column-1\"><strong>Dr Mariusz Nepelski<\/strong><\/td><td class=\"column-2\">mariusz.nepelski@wskz.pl<\/td><td class=\"column-3\">Poniedzia\u0142ek, godz. 17:00\u201318:00 \u2013  po wcze\u015bniejszym um\u00f3wieniu si\u0119 za po\u015brednictwem poczty elektronicznej.<\/td>\n<\/tr>\n<tr class=\"row-24\">\n\t<td class=\"column-1\"><strong>Dr Ryszard Poprawa <\/strong><\/td><td class=\"column-2\">ryszard.poprawa@wskz.pl<\/td><td class=\"column-3\">Wtorek, godz. 17:00\u201318:00 \u2013  po wcze\u015bniejszym um\u00f3wieniu si\u0119 za po\u015brednictwem poczty elektronicznej.<\/td>\n<\/tr>\n<tr class=\"row-25\">\n\t<td class=\"column-1\"><strong>dr hab. Krzysztof Safin<\/strong><\/td><td class=\"column-2\">krzysztof.safin@wskz.pl<\/td><td class=\"column-3\">Poniedzia\u0142ek, godz. 15:00\u201316:00 \u2013  po wcze\u015bniejszym um\u00f3wieniu si\u0119 za po\u015brednictwem poczty elektronicznej.<\/td>\n<\/tr>\n<tr class=\"row-26\">\n\t<td class=\"column-1\"><strong>dr hab. Alicja Senejko<\/strong><\/td><td class=\"column-2\">alicja.senejko@wskz.pl<\/td><td class=\"column-3\">\u015aroda, godz. 17:00\u201318:00 \u2013  po wcze\u015bniejszym um\u00f3wieniu si\u0119 za po\u015brednictwem poczty elektronicznej.<\/td>\n<\/tr>\n<tr class=\"row-27\">\n\t<td class=\"column-1\"><strong>dr hab. Andrzej S\u0119k<\/strong><\/td><td class=\"column-2\">andrzej.sek@wskz.pl<\/td><td class=\"column-3\">Poniedzia\u0142ek, godz. 18:30\u201319:30 \u2013  po wcze\u015bniejszym um\u00f3wieniu si\u0119 za po\u015brednictwem poczty elektronicznej.<\/td>\n<\/tr>\n<tr class=\"row-28\">\n\t<td class=\"column-1\"><strong>Leszek Sobkowiak, PhD<\/strong><\/td><td class=\"column-2\">leszek.sobkowiak@wskz.pl<\/td><td class=\"column-3\">Poniedzia\u0142ek, godz. 18:00\u201319:00 \u2013  po wcze\u015bniejszym um\u00f3wieniu si\u0119 za po\u015brednictwem poczty elektronicznej.<\/td>\n<\/tr>\n<tr class=\"row-29\">\n\t<td class=\"column-1\"><strong>dr hab. Ma\u0142gorzata Stochmal<\/strong><\/td><td class=\"column-2\">malgorzata.stochmal@wskz.pl<\/td><td class=\"column-3\">Sobota i niedziela, godz. 9:00\u201310:00 \u2013  po wcze\u015bniejszym um\u00f3wieniu si\u0119 za po\u015brednictwem poczty elektronicznej.<\/td>\n<\/tr>\n<tr class=\"row-30\">\n\t<td class=\"column-1\"><strong>dr hab. Stanis\u0142aw Witkowski<\/strong><\/td><td class=\"column-2\">stanislaw.witkowski@wskz.pl<\/td><td class=\"column-3\">\u015aroda, godz. 18:00\u201319:00 \u2013  po wcze\u015bniejszym um\u00f3wieniu si\u0119 za po\u015brednictwem poczty elektronicznej.<\/td>\n<\/tr>\n<tr class=\"row-31\">\n\t<td class=\"column-1\"><strong>dr hab. Ludwika Wojciechowska<\/strong><\/td><td class=\"column-2\">ludwika.wojciechowska@wskz.pl<\/td><td class=\"column-3\">Czwartek, godz. 18:00\u201319:00 \u2013  po wcze\u015bniejszym um\u00f3wieniu si\u0119 za po\u015brednictwem poczty elektronicznej.<\/td>\n<\/tr>\n<tr class=\"row-32\">\n\t<td class=\"column-1\"><strong>Dr Artur Zi\u00f3\u0142kowski<\/strong><\/td><td class=\"column-2\">artur.ziolkowski@wskz.pl<\/td><td class=\"column-3\">Poniedzia\u0142ek, godz. 17:00\u201318:00 \u2013  po wcze\u015bniejszym um\u00f3wieniu si\u0119 za po\u015brednictwem poczty elektronicznej.<\/td>\n<\/tr>\n<tr class=\"row-33\">\n\t<td class=\"column-1\"><strong>dr in\u017c. Piotr Okrasa<\/strong><\/td><td class=\"column-2\">piotr.okrasa@wskz.pl<br \/>\ntel. 501 667 275<\/td><td class=\"column-3\">Sobota, godz. 11:00\u201312:00 \u2013  po wcze\u015bniejszym um\u00f3wieniu si\u0119 za po\u015brednictwem poczty elektronicznej lub telefonicznie.<\/td>\n<\/tr>\n<tr class=\"row-34\">\n\t<td class=\"column-1\"><strong>Dr Dorota Ackermann-Szulgit<\/strong><\/td><td class=\"column-2\">dorota.ackermann-szulgit@wskz.pl<\/td><td class=\"column-3\">Poniedzia\u0142ek, godz. 20:15\u201321:15 \u2013  po wcze\u015bniejszym um\u00f3wieniu si\u0119 za po\u015brednictwem poczty elektronicznej.<\/td>\n<\/tr>\n<tr class=\"row-35\">\n\t<td class=\"column-1\"><strong>dr Marcin Adamczyk<\/strong><\/td><td class=\"column-2\">marcin.adamczyk@wskz.pl<\/td><td class=\"column-3\">\u015aroda, godz. 16:00\u201317:00 \u2013  po wcze\u015bniejszym um\u00f3wieniu si\u0119 za po\u015brednictwem poczty elektronicznej.<\/td>\n<\/tr>\n<tr class=\"row-36\">\n\t<td class=\"column-1\"><strong>Dr Beata Andrzejewska<\/strong><\/td><td class=\"column-2\">beata.andrzejewska@wskz.pl<\/td><td class=\"column-3\">\u015aroda, godz. 17:00\u201318:00 \u2013  po wcze\u015bniejszym um\u00f3wieniu si\u0119 za po\u015brednictwem poczty elektronicznej.<\/td>\n<\/tr>\n<tr class=\"row-37\">\n\t<td class=\"column-1\"><strong>dr Weronika Augustynowicz<\/strong><\/td><td class=\"column-2\">weronika.augustynowicz@wskz.pl<\/td><td class=\"column-3\">Poniedzia\u0142ek godz. 18:00\u201319:00 \u2013  po wcze\u015bniejszym um\u00f3wieniu si\u0119 za po\u015brednictwem poczty elektronicznej lub poprzez podany link https:\/\/calendar.app.google\/RFhUnW5Ey1Kqg9MT8<br \/>\n<\/td>\n<\/tr>\n<tr class=\"row-38\">\n\t<td class=\"column-1\"><strong>dr Jolanta Bartkowiak<\/strong><\/td><td class=\"column-2\">jolanta.bartkowiak@wskz.pl<\/td><td class=\"column-3\">Niedziela, godz. 18:00\u201319:00 \u2013  po wcze\u015bniejszym um\u00f3wieniu si\u0119 za po\u015brednictwem poczty elektronicznej.<\/td>\n<\/tr>\n<tr class=\"row-39\">\n\t<td class=\"column-1\"><strong>Dr. Piotr B\u0105czek<\/strong><\/td><td class=\"column-2\">piotr.baczek@wskz.pl<\/td><td class=\"column-3\">Poniedzia\u0142ek, godz. 20:15\u201321:15 \u2013  po wcze\u015bniejszym um\u00f3wieniu si\u0119 za po\u015brednictwem poczty elektronicznej.<\/td>\n<\/tr>\n<tr class=\"row-40\">\n\t<td class=\"column-1\"><strong>dr Anna Bronowicka<\/strong><\/td><td class=\"column-2\">anna.bronowicka@wskz.pl<\/td><td class=\"column-3\">Konsultacje online: 8.04.2026<br \/>\n13.04.2026<br \/>\n20.04.2026<br \/>\n27.04.2026<br \/>\n4.05.2026<br \/>\n25.05.2026<br \/>\n1.06.2026<br \/>\n8.06.2026<br \/>\n15.06.2026<br \/>\n22.06.2026<br \/>\n13.07.2026<br \/>\n20.07.2026<br \/>\n27.07.2026, godz. 19:00\u201320:00 \u2013  po wcze\u015bniejszym um\u00f3wieniu si\u0119 za po\u015brednictwem poczty elektronicznej.<br \/>\nKonsultacje stacjonarne podczas zjazd\u00f3w odbywaj\u0105 si\u0119 w dniach: <br \/>\n15.03.2026<br \/>\n21.03.2026<br \/>\n29.03.2026<br \/>\n9.05.2026<br \/>\n16.05.2026<br \/>\n27.06.2026<br \/>\n5.07.2026, godz. 19:00-20:00<\/td>\n<\/tr>\n<tr class=\"row-41\">\n\t<td class=\"column-1\"><strong>dr Dominika Buch<\/strong><\/td><td class=\"column-2\">dominika.buch@wskz.pl<\/td><td class=\"column-3\">Pi\u0105tek, godz. 13:30\u201314:30 \u2013  po wcze\u015bniejszym um\u00f3wieniu si\u0119 za po\u015brednictwem poczty elektronicznej.<\/td>\n<\/tr>\n<tr class=\"row-42\">\n\t<td class=\"column-1\"><strong>Dr. Janusz Bryk<\/strong><\/td><td class=\"column-2\">janusz.bryk@wskz.pl<\/td><td class=\"column-3\">Wtorek, godz. 18:00\u201319:00 \u2013  po wcze\u015bniejszym um\u00f3wieniu si\u0119 za po\u015brednictwem poczty elektronicznej.<\/td>\n<\/tr>\n<tr class=\"row-43\">\n\t<td class=\"column-1\"><strong>Dr Marcin Czosnek<\/strong><\/td><td class=\"column-2\">marcin.czosnek@wskz.pl<\/td><td class=\"column-3\">Sobota, godz. 18:00\u201320:00 \u2013  po wcze\u015bniejszym um\u00f3wieniu si\u0119 za po\u015brednictwem poczty elektronicznej.<\/td>\n<\/tr>\n<tr class=\"row-44\">\n\t<td class=\"column-1\"><strong>Dr Andrzej Chajbowicz<\/strong><\/td><td class=\"column-2\">andrzej.chajbowicz@wskz.pl<\/td><td class=\"column-3\">Czwartek, godz. 11:00\u201312:00 \u2013  po wcze\u015bniejszym um\u00f3wieniu si\u0119 za po\u015brednictwem poczty elektronicznej.<br \/>\n\u015aroda, godz. 12:00\u201313:00 \u2013 konsultacje stacjonarne w siedzibie Uczelni.<\/td>\n<\/tr>\n<tr class=\"row-45\">\n\t<td class=\"column-1\"><strong>dr Ewa Charymska<\/strong><\/td><td class=\"column-2\">ewa.charymska@wskz.pl<\/td><td class=\"column-3\">Poniedzia\u0142ek, godz. 18:00\u201319:00 \u2013  po wcze\u015bniejszym um\u00f3wieniu si\u0119 za po\u015brednictwem poczty elektronicznej.<\/td>\n<\/tr>\n<tr class=\"row-46\">\n\t<td class=\"column-1\"><strong>Dr. Lukasz Cymbaluk<\/strong><\/td><td class=\"column-2\">lukasz.cymbaluk@wskz.pl<\/td><td class=\"column-3\">\u015aroda, godz. 12:00\u201314:00 \u2013  po wcze\u015bniejszym um\u00f3wieniu si\u0119 za po\u015brednictwem poczty elektronicznej.<\/td>\n<\/tr>\n<tr class=\"row-47\">\n\t<td class=\"column-1\"><strong>Dr. Piotr Czyszkowski<\/strong><\/td><td class=\"column-2\">piotr.czyszkowski@wskz.pl<\/td><td class=\"column-3\">Wtorek, godz. 16:00\u201317:00 \u2013  po wcze\u015bniejszym um\u00f3wieniu si\u0119 za po\u015brednictwem poczty elektronicznej. W razie potrzeby mo\u017cliwo\u015b\u0107 spotkania stacjonarnie w siedzibie uczelni.<\/td>\n<\/tr>\n<tr class=\"row-48\">\n\t<td class=\"column-1\"><strong>Dr Magdalena Debita<\/strong><\/td><td class=\"column-2\">magdalena.debita@wskz.pl<\/td><td class=\"column-3\">Wtorek, godz. 13:00\u201314:00 \u2013  po wcze\u015bniejszym um\u00f3wieniu si\u0119 za po\u015brednictwem poczty elektronicznej. Mo\u017cliwo\u015b\u0107 spotkania stacjonarnie w siedzibie uczelni po wcze\u015bniejszym um\u00f3wieniu mailowym, z wyprzedzeniem min. 2 dni.<\/td>\n<\/tr>\n<tr class=\"row-49\">\n\t<td class=\"column-1\"><strong>Dr Miros\u0142aw Dela<\/strong><\/td><td class=\"column-2\">miroslaw.dela@wskz.pl<\/td><td class=\"column-3\">Poniedzia\u0142ek, godz. 18:00\u201319:00 \u2013  po wcze\u015bniejszym um\u00f3wieniu si\u0119 za po\u015brednictwem poczty elektronicznej.<\/td>\n<\/tr>\n<tr class=\"row-50\">\n\t<td class=\"column-1\"><strong>dr Hanna Duszka-Jakimko<\/strong><\/td><td class=\"column-2\">hanna.duszka-jakimko@wskz.pl<\/td><td class=\"column-3\">Poniedzia\u0142ek, godz. 11:00\u201312:00 \u2013  po wcze\u015bniejszym um\u00f3wieniu si\u0119 za po\u015brednictwem poczty elektronicznej.<\/td>\n<\/tr>\n<tr class=\"row-51\">\n\t<td class=\"column-1\"><strong>dr Ma\u0142gorzata Dobrzy\u0144ska-D\u0105bska<\/strong><\/td><td class=\"column-2\">malgorzata.dobrzynska-dabska@wskz.pl<\/td><td class=\"column-3\">\u015aroda, godz. 17:00\u201318:00 \u2013  po wcze\u015bniejszym um\u00f3wieniu si\u0119 za po\u015brednictwem poczty elektronicznej.<\/td>\n<\/tr>\n<tr class=\"row-52\">\n\t<td class=\"column-1\"><strong>Dr Micha\u0142 Dziedzic<\/strong><\/td><td class=\"column-2\">michal.dziedzic@wskz.pl<\/td><td class=\"column-3\">Pi\u0105tek, godz. 18:00\u201319:00 \u2013  po wcze\u015bniejszym um\u00f3wieniu si\u0119 za po\u015brednictwem poczty elektronicznej.<\/td>\n<\/tr>\n<tr class=\"row-53\">\n\t<td class=\"column-1\"><strong>dr Dorota Dyjakon<\/strong><\/td><td class=\"column-2\">dorota.dyjakon@wskz.pl<\/td><td class=\"column-3\">Niedziela, godz. 17:00\u201318:00 \u2013  po wcze\u015bniejszym um\u00f3wieniu si\u0119 za po\u015brednictwem poczty elektronicznej.<\/td>\n<\/tr>\n<tr class=\"row-54\">\n\t<td class=\"column-1\"><strong>Dr Robert Foks<\/strong><\/td><td class=\"column-2\">robert.foks@wskz.pl<\/td><td class=\"column-3\">13.04.2026r.<br \/>\n15.06.2026r., godz. 9:00\u201310:00 \u2013  po wcze\u015bniejszym um\u00f3wieniu si\u0119 za po\u015brednictwem poczty elektronicznej.<\/td>\n<\/tr>\n<tr class=\"row-55\">\n\t<td class=\"column-1\"><strong>Dr Denis Gerlich<\/strong><\/td><td class=\"column-2\">denis.gerlich@wskz.pl<\/td><td class=\"column-3\">\u015aroda, godz. 15:00\u201316:00 \u2013  po wcze\u015bniejszym um\u00f3wieniu si\u0119 za po\u015brednictwem poczty elektronicznej.<\/td>\n<\/tr>\n<tr class=\"row-56\">\n\t<td class=\"column-1\"><strong>dr Pawe\u0142 Gliniak<\/strong><\/td><td class=\"column-2\">pawel.gliniak@wskz.pl<\/td><td class=\"column-3\">Wtorek, godz. 18:00\u201319:00 \u2013  po wcze\u015bniejszym um\u00f3wieniu si\u0119 za po\u015brednictwem poczty elektronicznej.<\/td>\n<\/tr>\n<tr class=\"row-57\">\n\t<td class=\"column-1\"><strong>Dr. Ma\u0142gorzata Gocman<\/strong><\/td><td class=\"column-2\">malgorzata.gocman@wskz.pl<\/td><td class=\"column-3\">19.03.2026r. godz. 17.00-18.00<br \/>\n25.03.2026r. godz. 17.00-18.00<br \/>\n1.04.2026r. godz. 17.00-18.00<br \/>\n8.04.2026r. godz. 17.00-18.00<br \/>\n15.04.2026r. godz. 17.00-18.00<br \/>\n22.04.2026r. godz. 17.00-18.00<br \/>\n29.04.2026r. godz. 17.00-18.00<br \/>\n6.05.2026r. godz. 17.00-18.00<br \/>\n13.05.2026r. godz. 17.00-18.00<br \/>\n20.05.2026r. godz. 17.00-18.00<br \/>\n27.05.2026r. godz. 17.00-18.00<br \/>\n3.06.2026r. godz. 17.00-18.00<br \/>\n10.06.2026r. godz. 17.00-18.00<br \/>\n17.06.2026r. godz. 17.00-18.00<br \/>\n24.06.2026r. godz. 17.00-18.00<br \/>\n1.07.2026r. godz. 17.00-18.00<br \/>\n8.07.2026r. godz. 17.00-18.00<br \/>\n15.07.2026r. godz. 17.00-18.00<br \/>\n22.07.2026r. godz. 17.00-18.00<br \/>\n \u2013  po wcze\u015bniejszym um\u00f3wieniu si\u0119 za po\u015brednictwem poczty elektronicznej.<\/td>\n<\/tr>\n<tr class=\"row-58\">\n\t<td class=\"column-1\"><strong>Dr Rafa\u0142 Guzowski<\/strong><\/td><td class=\"column-2\">rafal.guzowski@wskz.pl<\/td><td class=\"column-3\">Poniedzia\u0142ek, godz. 15:00\u201318:00 \u2013  po wcze\u015bniejszym um\u00f3wieniu si\u0119 za po\u015brednictwem poczty elektronicznej.<\/td>\n<\/tr>\n<tr class=\"row-59\">\n\t<td class=\"column-1\"><strong>dr Krzysztof J\u0119drzejak<\/strong><\/td><td class=\"column-2\">krzysztof.jedrzejak@wskz.pl<\/td><td class=\"column-3\">Poniedzia\u0142ek, godz. 17:00\u201318:00 \u2013  po wcze\u015bniejszym um\u00f3wieniu si\u0119 za po\u015brednictwem poczty elektronicznej.<\/td>\n<\/tr>\n<tr class=\"row-60\">\n\t<td class=\"column-1\"><strong>Dr Anna Janus<\/strong><\/td><td class=\"column-2\">anna.janus@wskz.pl<\/td><td class=\"column-3\">Czwartek, pi\u0105tek godz. 10:00\u201315:00 \u2013 dy\u017cur stacjonarny w siedzibie uczelni.<br \/>\nCzwartek, godz. 17:00\u201320:00 \u2013  po wcze\u015bniejszym um\u00f3wieniu si\u0119 za po\u015brednictwem poczty elektronicznej.<\/td>\n<\/tr>\n<tr class=\"row-61\">\n\t<td class=\"column-1\"><strong>Dr Justyna Jasi\u0144ska-Rudzka<\/strong><\/td><td class=\"column-2\">justyna.jasinska-rudzka@wskz.pl<\/td><td class=\"column-3\">Czwartek, godz. 11:00\u201312:00 \u2013  po wcze\u015bniejszym um\u00f3wieniu si\u0119 za po\u015brednictwem poczty elektronicznej.<\/td>\n<\/tr>\n<tr class=\"row-62\">\n\t<td class=\"column-1\"><strong>dr Micha\u0142 Kaczmarski<\/strong><\/td><td class=\"column-2\">michal.kaczmarski@wskz.pl<\/td><td class=\"column-3\">\u015aroda, godz. 18:00\u201319:00 \u2013  po wcze\u015bniejszym um\u00f3wieniu si\u0119 za po\u015brednictwem poczty elektronicznej.<\/td>\n<\/tr>\n<tr class=\"row-63\">\n\t<td class=\"column-1\"><strong>Dr Aneta Kazanecka<\/strong><\/td><td class=\"column-2\">aneta.kazanecka@wskz.pl<\/td><td class=\"column-3\">Poniedzia\u0142ek, godz. 11:00\u201312:00 \u2013  po wcze\u015bniejszym um\u00f3wieniu si\u0119 za po\u015brednictwem poczty elektronicznej.<\/td>\n<\/tr>\n<tr class=\"row-64\">\n\t<td class=\"column-1\"><strong>Dr Wojciech Kazanecki<\/strong><\/td><td class=\"column-2\">wojciech.kazanecki@wskz.pl<\/td><td class=\"column-3\">Poniedzia\u0142ek, godz. 18:00\u201319:00 \u2013  po wcze\u015bniejszym um\u00f3wieniu si\u0119 za po\u015brednictwem poczty elektronicznej.<\/td>\n<\/tr>\n<tr class=\"row-65\">\n\t<td class=\"column-1\"><strong>Dr Dorota Ka\u017amierczak-Pec<\/strong><\/td><td class=\"column-2\">dorota.kazmierczak-pec@wskz.pl<\/td><td class=\"column-3\">Wtorek, godz. 16:00\u201317:00 \u2013  po wcze\u015bniejszym um\u00f3wieniu si\u0119 za po\u015brednictwem poczty elektronicznej.<\/td>\n<\/tr>\n<tr class=\"row-66\">\n\t<td class=\"column-1\"><strong>dr Ryszard Kessler<\/strong><\/td><td class=\"column-2\">ryszard.kessler@wskz.pl<\/td><td class=\"column-3\">\u015aroda, godz. 16:00\u201317:00 \u2013  po wcze\u015bniejszym um\u00f3wieniu si\u0119 za po\u015brednictwem poczty elektronicznej.<\/td>\n<\/tr>\n<tr class=\"row-67\">\n\t<td class=\"column-1\"><strong>dr Anna Knoci\u0144ska<\/strong><\/td><td class=\"column-2\">anna.knocinska@wskz.pl<\/td><td class=\"column-3\">Poniedzia\u0142ek, godz. 15:00\u201316:00 \u2013  po wcze\u015bniejszym um\u00f3wieniu si\u0119 za po\u015brednictwem poczty elektronicznej.<\/td>\n<\/tr>\n<tr class=\"row-68\">\n\t<td class=\"column-1\"><strong>Dr Iwona Koczanowicz-Dehnel<\/strong><\/td><td class=\"column-2\">iwona.koczanowicz-dehnel@wskz.pl<\/td><td class=\"column-3\">Wtorek, godz. 18:00\u201319:00 \u2013  po wcze\u015bniejszym um\u00f3wieniu si\u0119 za po\u015brednictwem poczty elektronicznej.<\/td>\n<\/tr>\n<tr class=\"row-69\">\n\t<td class=\"column-1\"><strong>dr Jerzy Komorowski<\/strong><\/td><td class=\"column-2\">jerzy.komorowski@wskz.pl<\/td><td class=\"column-3\">Poniedzia\u0142ek, godz. 15:00\u201316:00 \u2013  po wcze\u015bniejszym um\u00f3wieniu si\u0119 za po\u015brednictwem poczty elektronicznej.<\/td>\n<\/tr>\n<tr class=\"row-70\">\n\t<td class=\"column-1\"><strong>Dr Krzysztof Korda<\/strong><\/td><td class=\"column-2\">krzysztof.korda@wskz.pl<\/td><td class=\"column-3\">Czwartek, godz. 19:00\u201320:00 \u2013  po wcze\u015bniejszym um\u00f3wieniu si\u0119 za po\u015brednictwem poczty elektronicznej.<\/td>\n<\/tr>\n<tr class=\"row-71\">\n\t<td class=\"column-1\"><strong>dr Tetiana Krivtsova<\/strong><\/td><td class=\"column-2\">tetiana.krivstova@wskz.pl<\/td><td class=\"column-3\">Wtorek, godz. 17:00\u201318:00 \u2013  po wcze\u015bniejszym um\u00f3wieniu si\u0119 za po\u015brednictwem poczty elektronicznej.<\/td>\n<\/tr>\n<tr class=\"row-72\">\n\t<td class=\"column-1\"><strong>Dr Bianka Lewandowska<\/strong><\/td><td class=\"column-2\">bianka.lewandowska@wskz.pl<\/td><td class=\"column-3\">\u015aroda, godz. 19:00\u201320:00 \u2013  po wcze\u015bniejszym um\u00f3wieniu si\u0119 za po\u015brednictwem poczty elektronicznej.<\/td>\n<\/tr>\n<tr class=\"row-73\">\n\t<td class=\"column-1\"><strong>Dr Barbara Lorenc-Gelisko<\/strong><\/td><td class=\"column-2\">barbara.lorenc-zelisko@wskz.pl<\/td><td class=\"column-3\">Czwartek, godz. 17:00\u201318:00 \u2013  po wcze\u015bniejszym um\u00f3wieniu si\u0119 za po\u015brednictwem poczty elektronicznej.<\/td>\n<\/tr>\n<tr class=\"row-74\">\n\t<td class=\"column-1\"><strong>dr Patryk \u0141\u0119ski<\/strong><\/td><td class=\"column-2\">patryk.leski@wskz.pl<\/td><td class=\"column-3\">Poniedzia\u0142ek, godz. 15:00\u201316:00 \u2013  po wcze\u015bniejszym um\u00f3wieniu si\u0119 za po\u015brednictwem poczty elektronicznej.<\/td>\n<\/tr>\n<tr class=\"row-75\">\n\t<td class=\"column-1\"><strong>Dr Mariusz Michalski<\/strong><\/td><td class=\"column-2\">mariusz.michalski@wskz.pl<\/td><td class=\"column-3\">Poniedzia\u0142ek, godz. 19:00\u201320:00 \u2013  po wcze\u015bniejszym um\u00f3wieniu si\u0119 za po\u015brednictwem poczty elektronicznej.<\/td>\n<\/tr>\n<tr class=\"row-76\">\n\t<td class=\"column-1\"><strong>dr Dorota Miko\u0142ajczyk<\/strong><\/td><td class=\"column-2\">dorota.mikolajczyk@wskz.pl<\/td><td class=\"column-3\">Czwartek, godz. 18:00\u201319:00 \u2013  po wcze\u015bniejszym um\u00f3wieniu si\u0119 za po\u015brednictwem poczty elektronicznej.<\/td>\n<\/tr>\n<tr class=\"row-77\">\n\t<td class=\"column-1\"><strong>Dr Justyna Minkiewicz<\/strong><\/td><td class=\"column-2\">justyna.minkiewicz@wskz.pl<\/td><td class=\"column-3\">Wtorek, godz. 10:00\u201310:45 \u2013  po wcze\u015bniejszym um\u00f3wieniu si\u0119 za po\u015brednictwem poczty elektronicznej.<\/td>\n<\/tr>\n<tr class=\"row-78\">\n\t<td class=\"column-1\"><strong>Dr Natalia Najgiebauer<\/strong><\/td><td class=\"column-2\">natalia.najgiebauer@wskz.pl<\/td><td class=\"column-3\">Wtorek, godz. (do ustalenia) \u2013 konsultacje on-line lub stacjonarnie w siedzibie uczelni, po wcze\u015bniejszym um\u00f3wieniu si\u0119 za pomoc\u0105 poczty elektronicznej<\/td>\n<\/tr>\n<tr class=\"row-79\">\n\t<td class=\"column-1\"><strong>dr Tomasz Niemiec<\/strong><\/td><td class=\"column-2\">tomasz.niemiec@wskz.pl<\/td><td class=\"column-3\">Poniedzia\u0142ek, godz. 12:00\u201314:00 \u2013  po wcze\u015bniejszym um\u00f3wieniu si\u0119 za po\u015brednictwem poczty elektronicznej.<\/td>\n<\/tr>\n<tr class=\"row-80\">\n\t<td class=\"column-1\"><strong>Dr Agata Niezabitowska<\/strong><\/td><td class=\"column-2\">agata.niezabitowska@wskz.pl<\/td><td class=\"column-3\">\u015aroda, godz. 18:00\u201319:00 \u2013  po wcze\u015bniejszym um\u00f3wieniu si\u0119 za po\u015brednictwem poczty elektronicznej.<\/td>\n<\/tr>\n<tr class=\"row-81\">\n\t<td class=\"column-1\"><strong>Dr Anna Paluszak<\/strong><\/td><td class=\"column-2\">anna.paluszak@wskz.pl<\/td><td class=\"column-3\">\u015aroda, godz. 17:00\u201318:00 \u2013  po wcze\u015bniejszym um\u00f3wieniu si\u0119 za po\u015brednictwem poczty elektronicznej.<\/td>\n<\/tr>\n<tr class=\"row-82\">\n\t<td class=\"column-1\"><strong>Dr Agnieszka Paw\u0142owska<\/strong><\/td><td class=\"column-2\">agnieszka.pawlowska@wskz.pl<\/td><td class=\"column-3\">Wtorek, godz. 18:00\u201319:00 \u2013  po wcze\u015bniejszym um\u00f3wieniu si\u0119 za po\u015brednictwem poczty elektronicznej.<\/td>\n<\/tr>\n<tr class=\"row-83\">\n\t<td class=\"column-1\"><strong>Dr Pawlowski<\/strong><\/td><td class=\"column-2\">pawel.pawlowski@wskz.pl<\/td><td class=\"column-3\">\u015aroda, godz. 12:00\u201313:00 \u2013  po wcze\u015bniejszym um\u00f3wieniu si\u0119 za po\u015brednictwem poczty elektronicznej.<\/td>\n<\/tr>\n<tr class=\"row-84\">\n\t<td class=\"column-1\"><strong>dr Jerzy Piwnik<\/strong><\/td><td class=\"column-2\">jerzy.piwnik@wskz.pl<\/td><td class=\"column-3\">Wtorek, godz. 14:00\u201315:00 \u2013  po wcze\u015bniejszym um\u00f3wieniu si\u0119 za po\u015brednictwem poczty elektronicznej.<\/td>\n<\/tr>\n<tr class=\"row-85\">\n\t<td class=\"column-1\"><strong>dr Grzegorz Popko<\/strong><\/td><td class=\"column-2\">grzegorz.popko@wskz.pl<\/td><td class=\"column-3\">Poniedzia\u0142ek, godz. 16:00\u201318:00 \u2013  po wcze\u015bniejszym um\u00f3wieniu si\u0119 za po\u015brednictwem poczty elektronicznej.<\/td>\n<\/tr>\n<tr class=\"row-86\">\n\t<td class=\"column-1\"><strong>Dr Adam Rzetecki<\/strong><\/td><td class=\"column-2\">adam.rzetecki@wskz.pl<\/td><td class=\"column-3\">Czwartek, godz. 8:00\u20139:00 \u2013  po wcze\u015bniejszym um\u00f3wieniu si\u0119 za po\u015brednictwem poczty elektronicznej.<\/td>\n<\/tr>\n<tr class=\"row-87\">\n\t<td class=\"column-1\"><strong>dr Diana Rokicka<\/strong><\/td><td class=\"column-2\">diana.rokicka@wskz.pl<\/td><td class=\"column-3\">Wtorek, godz. (do ustalenia) \u2013  po wcze\u015bniejszym um\u00f3wieniu si\u0119 za po\u015brednictwem poczty elektronicznej.<\/td>\n<\/tr>\n<tr class=\"row-88\">\n\t<td class=\"column-1\"><strong>dr Juliusz Sawarzy\u0144ski<\/strong><\/td><td class=\"column-2\">juliusz.sawarzynski@wskz.pl<\/td><td class=\"column-3\">Wtorek, godz. 12:00\u201313:00 \u2013  po wcze\u015bniejszym um\u00f3wieniu si\u0119 za po\u015brednictwem poczty elektronicznej.<\/td>\n<\/tr>\n<tr class=\"row-89\">\n\t<td class=\"column-1\"><strong>Dr. Grzegorz Stankiewicz<\/strong><\/td><td class=\"column-2\">grzegorz.stankiewicz@wskz.pl<\/td><td class=\"column-3\">Wtorek, godz. 15:00\u201316:00 \u2013  po wcze\u015bniejszym um\u00f3wieniu si\u0119 za po\u015brednictwem poczty elektronicznej.<\/td>\n<\/tr>\n<tr class=\"row-90\">\n\t<td class=\"column-1\"><strong>Dr. Lukasz Stecko<\/strong><\/td><td class=\"column-2\">lukasz.stecko@wskz.pl<\/td><td class=\"column-3\">Czwartek, godz. 16:00\u201317:00 \u2013  po wcze\u015bniejszym um\u00f3wieniu si\u0119 za po\u015brednictwem poczty elektronicznej.<\/td>\n<\/tr>\n<tr class=\"row-91\">\n\t<td class=\"column-1\"><strong>dr Filina Sztandera-Bare\u0142kowska<\/strong><\/td><td class=\"column-2\">filina.sztandera-barelkowska@wskz.pl<\/td><td class=\"column-3\">Poniedzia\u0142ek, godz. 18:00\u201319:00 \u2013  po wcze\u015bniejszym um\u00f3wieniu si\u0119 za po\u015brednictwem poczty elektronicznej.<\/td>\n<\/tr>\n<tr class=\"row-92\">\n\t<td class=\"column-1\"><strong>Dr. Lukasz Swierczewski<\/strong><\/td><td class=\"column-2\">lukasz.swierczewski@wskz.pl<\/td><td class=\"column-3\">Wtorek, godz. 16:00\u201317:00 \u2013  po wcze\u015bniejszym um\u00f3wieniu si\u0119 za po\u015brednictwem poczty elektronicznej.<\/td>\n<\/tr>\n<tr class=\"row-93\">\n\t<td class=\"column-1\"><strong>Dr Oliwia Tarasewicz-Gryt<\/strong><\/td><td class=\"column-2\">oliwia.tarasewicz-gryt@wskz.pl<\/td><td class=\"column-3\">Czwartek, godz. 10:00\u201311:00 \u2013  po wcze\u015bniejszym um\u00f3wieniu si\u0119 za po\u015brednictwem poczty elektronicznej.<\/td>\n<\/tr>\n<tr class=\"row-94\">\n\t<td class=\"column-1\"><strong>Dr Agnieszka Turkiewicz-Maligranda<\/strong><\/td><td class=\"column-2\">agnieszka.turkiewicz-maligranda@wskz.pl<\/td><td class=\"column-3\">Wtorek, godz. 19:30\u201320:30 \u2013  po wcze\u015bniejszym um\u00f3wieniu si\u0119 za po\u015brednictwem poczty elektronicznej.<\/td>\n<\/tr>\n<tr class=\"row-95\">\n\t<td class=\"column-1\"><strong>dr Natalia W\u0105sik<\/strong><\/td><td class=\"column-2\">natalia.wasik@wskz.pl<\/td><td class=\"column-3\">Wtorek, godz. 17:00\u201318:00 \u2013  po wcze\u015bniejszym um\u00f3wieniu si\u0119 za po\u015brednictwem poczty elektronicznej.<\/td>\n<\/tr>\n<tr class=\"row-96\">\n\t<td class=\"column-1\"><strong>Dr Tomasz Witkowski<\/strong><\/td><td class=\"column-2\">tomasz.witkowski@wskz.pl<\/td><td class=\"column-3\">Poniedzia\u0142ek, godz. 18:00\u201319:00 \u2013  po wcze\u015bniejszym um\u00f3wieniu si\u0119 za po\u015brednictwem poczty elektronicznej.<\/td>\n<\/tr>\n<tr class=\"row-97\">\n\t<td class=\"column-1\"><strong>Dr. Grzegorz Wo\u0142k<\/strong><\/td><td class=\"column-2\">grzegorz.wolk@wskz.pl<\/td><td class=\"column-3\">Poniedzia\u0142ek, godz. 16:30\u201317:30 \u2013  po wcze\u015bniejszym um\u00f3wieniu si\u0119 za po\u015brednictwem poczty elektronicznej.<\/td>\n<\/tr>\n<tr class=\"row-98\">\n\t<td class=\"column-1\"><strong>Dr Marta Wysogl\u0105d<\/strong><\/td><td class=\"column-2\">marta.wysoglad@wskz.pl<\/td><td class=\"column-3\">Sobota, godz. 9:00\u201310:00 \u2013  po wcze\u015bniejszym um\u00f3wieniu si\u0119 za po\u015brednictwem poczty elektronicznej.<\/td>\n<\/tr>\n<tr class=\"row-99\">\n\t<td class=\"column-1\"><strong>Dr Zhanna Yemiasheva<\/strong><\/td><td class=\"column-2\">zanna.yemiasheva@wskz.pl<\/td><td class=\"column-3\">\u015aroda, godz. 15:00\u201316:00 \u2013  po wcze\u015bniejszym um\u00f3wieniu si\u0119 za po\u015brednictwem poczty elektronicznej.<\/td>\n<\/tr>\n<tr class=\"row-100\">\n\t<td class=\"column-1\"><strong>Dr Milena Zajkowska<\/strong><\/td><td class=\"column-2\">milena.zajkowska@wskz.pl<\/td><td class=\"column-3\">Pi\u0105tek, godz. 17:00\u201318:00 \u2013  po wcze\u015bniejszym um\u00f3wieniu si\u0119 za po\u015brednictwem poczty elektronicznej.<\/td>\n<\/tr>\n<tr class=\"row-101\">\n\t<td class=\"column-1\"><strong>Dr. Grzegorz Zaj\u0105c<\/strong><\/td><td class=\"column-2\">grzegorz.zajac@wskz.pl<\/td><td class=\"column-3\">Pi\u0105tek, godz. 16:00\u201316:45 \u2013  po wcze\u015bniejszym um\u00f3wieniu si\u0119 za po\u015brednictwem poczty elektronicznej.<\/td>\n<\/tr>\n<tr class=\"row-102\">\n\t<td class=\"column-1\"><strong>Dr Sylwia Zakrzewska<\/strong><\/td><td class=\"column-2\">sylwia.zakrzewska@wskz.pl<\/td><td class=\"column-3\">Sobota, godz. 17:15\u201318:15 \u2013  po wcze\u015bniejszym um\u00f3wieniu si\u0119 za po\u015brednictwem poczty elektronicznej.<\/td>\n<\/tr>\n<tr class=\"row-103\">\n\t<td class=\"column-1\"><strong>mgr in\u017c. Katarzyna Ko\u0142odziejczyk <\/strong><\/td><td class=\"column-2\">katarzyna.kolodziejczyk@wskz.pl<\/td><td class=\"column-3\">Czwartek, godz. 19:00\u201320:00 \u2013  po wcze\u015bniejszym um\u00f3wieniu si\u0119 za po\u015brednictwem poczty elektronicznej.<\/td>\n<\/tr>\n<tr class=\"row-104\">\n\t<td class=\"column-1\"><strong>mgr in\u017c. Agnieszka Polarczyk-Bialek<\/strong><\/td><td class=\"column-2\">agnieszka.polarczyk-bialek@wskz.pl<\/td><td class=\"column-3\">Pi\u0105tek, godz. 15:00\u201316:00 \u2013  po wcze\u015bniejszym um\u00f3wieniu si\u0119 za po\u015brednictwem SMS (668-158-068)<\/td>\n<\/tr>\n<tr class=\"row-105\">\n\t<td class=\"column-1\"><strong>mgr in\u017c. Kamil Sa\u0142uga<\/strong><\/td><td class=\"column-2\">kamil.saluga@wskz.pl<\/td><td class=\"column-3\">Po wcze\u015bniejszym um\u00f3wieniu si\u0119 za po\u015brednictwem poczty elektronicznej.<\/td>\n<\/tr>\n<tr class=\"row-106\">\n\t<td class=\"column-1\"><strong>mgr in\u017c. Izabela Sarzy\u0144ska<\/strong><\/td><td class=\"column-2\">izabela.sarzynska@wskz.pl<\/td><td class=\"column-3\">\u015aroda, godz. 18:00\u201319:00 \u2013  po wcze\u015bniejszym um\u00f3wieniu si\u0119 za po\u015brednictwem poczty elektronicznej.<\/td>\n<\/tr>\n<tr class=\"row-107\">\n\t<td class=\"column-1\"><strong>MA Michalina Babiec<\/strong><\/td><td class=\"column-2\">michalina.babiec@wskz.pl<\/td><td class=\"column-3\">Czwartek, godz. 16:00\u201318:00 \u2013  po wcze\u015bniejszym um\u00f3wieniu si\u0119 za po\u015brednictwem poczty elektronicznej.<\/td>\n<\/tr>\n<tr class=\"row-108\">\n\t<td class=\"column-1\"><strong>mgr Katarzyna Brzazgo\u0144-Dzi\u0119cio\u0142<\/strong><\/td><td class=\"column-2\">katarzyna.brzazgon-dzieciol@wskz.pl<\/td><td class=\"column-3\">\u015aroda, godz. 17:00\u201318:00 \u2013  po wcze\u015bniejszym um\u00f3wieniu si\u0119 za po\u015brednictwem poczty elektronicznej.<\/td>\n<\/tr>\n<tr class=\"row-109\">\n\t<td class=\"column-1\"><strong>mgr Dawid Cherubin<\/strong><\/td><td class=\"column-2\">dawid.cherubin@wskz.pl<\/td><td class=\"column-3\">Poniedzia\u0142ek, godz. 12:00\u201313:00 \u2013  po wcze\u015bniejszym um\u00f3wieniu si\u0119 za po\u015brednictwem poczty elektronicznej.<\/td>\n<\/tr>\n<tr class=\"row-110\">\n\t<td class=\"column-1\"><strong>MA Tomasz Czaja<\/strong><\/td><td class=\"column-2\">tomasz.czaja@wskz.pl<\/td><td class=\"column-3\">Sobota, godz. 08:30\u201309:30 \u2013  po wcze\u015bniejszym um\u00f3wieniu si\u0119 za po\u015brednictwem poczty elektronicznej.<\/td>\n<\/tr>\n<tr class=\"row-111\">\n\t<td class=\"column-1\"><strong> MA Tymoteusz Czerhoniak<\/strong><\/td><td class=\"column-2\">tymoteusz.czerhoniak@wskz.pl<\/td><td class=\"column-3\">Sobota, godz. 09:00\u201310:00 \u2013  po wcze\u015bniejszym um\u00f3wieniu si\u0119 za po\u015brednictwem poczty elektronicznej.<\/td>\n<\/tr>\n<tr class=\"row-112\">\n\t<td class=\"column-1\"><strong>Dagmara D\u0142ugowska, MA<\/strong><\/td><td class=\"column-2\">dagmara.dlugowska@wskz.pl<\/td><td class=\"column-3\">Poniedzia\u0142ek, godz. 17:00-18:00<br \/>\n16.05-17.05 godz. 15:00-16:00<br \/>\n po wcze\u015bniejszym um\u00f3wieniu si\u0119 za po\u015brednictwem poczty elektronicznej.<\/td>\n<\/tr>\n<tr class=\"row-113\">\n\t<td class=\"column-1\"><strong>mgr Martyna Dziekan<\/strong><\/td><td class=\"column-2\">martyna.dziekan@wskz.pl<\/td><td class=\"column-3\">Poniedzia\u0142ek, godz. 19:00\u201320:00 \u2013  po wcze\u015bniejszym um\u00f3wieniu si\u0119 za po\u015brednictwem poczty elektronicznej.<\/td>\n<\/tr>\n<tr class=\"row-114\">\n\t<td class=\"column-1\"><strong>mgr Maciej Frasunkiewicz<\/strong><\/td><td class=\"column-2\">maciej.frasunkiewicz@wskz.pl<\/td><td class=\"column-3\">\u015aroda, godz. 18:00\u201319:00 \u2013  po wcze\u015bniejszym um\u00f3wieniu si\u0119 za po\u015brednictwem poczty elektronicznej.<\/td>\n<\/tr>\n<tr class=\"row-115\">\n\t<td class=\"column-1\"><strong>Artur G\u0105sior, MA<\/strong><\/td><td class=\"column-2\">artur.gasior@wskz.pl<\/td><td class=\"column-3\">Poniedzia\u0142ek, godz. 15:00\u201316:00 \u2013  po wcze\u015bniejszym um\u00f3wieniu si\u0119 za po\u015brednictwem poczty elektronicznej.<\/td>\n<\/tr>\n<tr class=\"row-116\">\n\t<td class=\"column-1\"><strong>Marek G\u0105sior, MA<\/strong><\/td><td class=\"column-2\">marek.gasior@wskz.pl<\/td><td class=\"column-3\">Sobota, godz. 15:30\u201316:30 \u2013  po wcze\u015bniejszym um\u00f3wieniu si\u0119 za po\u015brednictwem poczty elektronicznej.<\/td>\n<\/tr>\n<tr class=\"row-117\">\n\t<td class=\"column-1\"><strong>mgr Joanna G\u0142owacka<\/strong><\/td><td class=\"column-2\">joanna.glowacka@wskz.pl<\/td><td class=\"column-3\">Pi\u0105tek, godz. 19:00\u201320:00 \u2013  po wcze\u015bniejszym um\u00f3wieniu si\u0119 za po\u015brednictwem poczty elektronicznej.<\/td>\n<\/tr>\n<tr class=\"row-118\">\n\t<td class=\"column-1\"><strong>MA Bartosz G\u0142owacki<\/strong><\/td><td class=\"column-2\">bartosz.glowacki@wskz.pl<\/td><td class=\"column-3\">\u015aroda, godz. 17:00\u201318:00 \u2013  po wcze\u015bniejszym um\u00f3wieniu si\u0119 za po\u015brednictwem poczty elektronicznej.<\/td>\n<\/tr>\n<tr class=\"row-119\">\n\t<td class=\"column-1\"><strong> mgr Aleksander Jagie\u0142\u0142o<\/strong><\/td><td class=\"column-2\">aleksander.jagiello@wskz.pl<\/td><td class=\"column-3\">Poniedzia\u0142ek godz. 18:00\u201319:00 \u2013  po wcze\u015bniejszym um\u00f3wieniu si\u0119 za po\u015brednictwem poczty elektronicznej.<\/td>\n<\/tr>\n<tr class=\"row-120\">\n\t<td class=\"column-1\"><strong>mgr Wiktoria J\u0119dryczka<\/strong><\/td><td class=\"column-2\">wiktoria.jedryczka@wskz.pl<\/td><td class=\"column-3\">Poniedzia\u0142ek, godz. 16:00\u201317:00 \u2013  po wcze\u015bniejszym um\u00f3wieniu si\u0119 za po\u015brednictwem poczty elektronicznej.<\/td>\n<\/tr>\n<tr class=\"row-121\">\n\t<td class=\"column-1\"><strong>mgr Agnieszka J\u0119drzejczak<\/strong><\/td><td class=\"column-2\">agnieszka.jedrzejczak@wskz.pl<\/td><td class=\"column-3\">Wtorek, godz. 18:00\u201319:00 \u2013  po wcze\u015bniejszym um\u00f3wieniu si\u0119 za po\u015brednictwem poczty elektronicznej.<\/td>\n<\/tr>\n<tr class=\"row-122\">\n\t<td class=\"column-1\"><strong>mgr Maciej Jonek<\/strong><\/td><td class=\"column-2\">maciej.jonek@wskz.pl<\/td><td class=\"column-3\">Wtorek, godz. 19:00\u201320:00 \u2013  po wcze\u015bniejszym um\u00f3wieniu si\u0119 za po\u015brednictwem poczty elektronicznej lub przy pomocy poni\u017cszego linku:<br \/>\nhttps:\/\/calendar.app.google\/MLG8Gk4FxStFCBEK9<\/td>\n<\/tr>\n<tr class=\"row-123\">\n\t<td class=\"column-1\"><strong>mgr Arkadiusz Klimczak<\/strong><\/td><td class=\"column-2\">arkadiusz.klimczak@wskz.pl<\/td><td class=\"column-3\">Wtorek, godz. 17:30\u201318:30 \u2013  po wcze\u015bniejszym um\u00f3wieniu si\u0119 za po\u015brednictwem poczty elektronicznej.<\/td>\n<\/tr>\n<tr class=\"row-124\">\n\t<td class=\"column-1\"><strong>mgr Wioletta Klimczak<\/strong><\/td><td class=\"column-2\">wioletta.klimczak@wskz.pl<\/td><td class=\"column-3\">Poniedzia\u0142ek, godz. 18:00\u201319:00 \u2013  po wcze\u015bniejszym um\u00f3wieniu si\u0119 za po\u015brednictwem poczty elektronicznej.<\/td>\n<\/tr>\n<tr class=\"row-125\">\n\t<td class=\"column-1\"><strong>mgr oficer dypl. Marcin Kobylas<\/strong><\/td><td class=\"column-2\">marcin.kobylas@wskz.pl<\/td><td class=\"column-3\">\u015aroda, godz. 19:00\u201320:00 \u2013  po wcze\u015bniejszym um\u00f3wieniu si\u0119 za po\u015brednictwem poczty elektronicznej.<\/td>\n<\/tr>\n<tr class=\"row-126\">\n\t<td class=\"column-1\"><strong>MA Anna Kr\u00f3likowska<\/strong><\/td><td class=\"column-2\">anna.krolikowska@wskz.pl<\/td><td class=\"column-3\">Pi\u0105tek, godz. 20:00\u201321:00 \u2013  po wcze\u015bniejszym um\u00f3wieniu si\u0119 za po\u015brednictwem poczty elektronicznej.<\/td>\n<\/tr>\n<tr class=\"row-127\">\n\t<td class=\"column-1\"><strong>Monika Kwil-Skrzypi\u0144ska, MA<\/strong><\/td><td class=\"column-2\">monika.kwil-skrzypinska@wskz.pl<\/td><td class=\"column-3\">Poniedzia\u0142ek, godz. 17:30\u201318:30 \u2013  po wcze\u015bniejszym um\u00f3wieniu si\u0119 za po\u015brednictwem poczty elektronicznej.<\/td>\n<\/tr>\n<tr class=\"row-128\">\n\t<td class=\"column-1\"><strong>mgr Marta Le\u015bnikowska<\/strong><\/td><td class=\"column-2\">marta.lesnikowska@wskz.pl<\/td><td class=\"column-3\">Sobota, godz. 16:30\u201317:30 \u2013  po wcze\u015bniejszym um\u00f3wieniu si\u0119 za po\u015brednictwem poczty elektronicznej.<\/td>\n<\/tr>\n<tr class=\"row-129\">\n\t<td class=\"column-1\"><strong>Katarzyna Lenczyk-Woroniecka, MA<\/strong><\/td><td class=\"column-2\">katarzyna.lenczyk-woroniecka@wskz.pl<\/td><td class=\"column-3\">Poniedzia\u0142ek, godz. 16:00\u201317:00 \u2013  po wcze\u015bniejszym um\u00f3wieniu si\u0119 za po\u015brednictwem poczty elektronicznej.<\/td>\n<\/tr>\n<tr class=\"row-130\">\n\t<td class=\"column-1\"><strong>Hubert Ludwiczak, MA<\/strong><\/td><td class=\"column-2\">hubert.ludwiczak@wskz.pl<\/td><td class=\"column-3\">po wcze\u015bniejszym um\u00f3wieniu si\u0119 za po\u015brednictwem poczty elektronicznej.<\/td>\n<\/tr>\n<tr class=\"row-131\">\n\t<td class=\"column-1\"><strong>mgr Olha Lypko<\/strong><\/td><td class=\"column-2\">olha.lypko@wskz.pl<\/td><td class=\"column-3\">Poniedzia\u0142ek, godz. 17:00\u201318:00 \u2013  po wcze\u015bniejszym um\u00f3wieniu si\u0119 za po\u015brednictwem poczty elektronicznej.<\/td>\n<\/tr>\n<tr class=\"row-132\">\n\t<td class=\"column-1\"><strong>MA Marta \u0141uszczykiewicz<\/strong><\/td><td class=\"column-2\">marta.luszczykiewicz@wskz.pl<\/td><td class=\"column-3\">Poniedzia\u0142ek, godz. 17:00\u201319:00 \u2013  po wcze\u015bniejszym um\u00f3wieniu si\u0119 za po\u015brednictwem poczty elektronicznej.<\/td>\n<\/tr>\n<tr class=\"row-133\">\n\t<td class=\"column-1\"><strong>mgr Ma\u0142gorzata Makarczuk-K\u0142os<\/strong><\/td><td class=\"column-2\">malgorzata.makarczuk-klos@wskz.pl<\/td><td class=\"column-3\">Pi\u0105tek, godz. 18:00\u201319:00 \u2013  po wcze\u015bniejszym um\u00f3wieniu si\u0119 za po\u015brednictwem poczty elektronicznej.<\/td>\n<\/tr>\n<tr class=\"row-134\">\n\t<td class=\"column-1\"><strong>mgr Joanna Malinowska<\/strong><\/td><td class=\"column-2\">joanna.malinowska@wskz.pl<\/td><td class=\"column-3\">Poniedzia\u0142ek, godz. 16:00\u201317:00 \u2013  po wcze\u015bniejszym um\u00f3wieniu si\u0119 za po\u015brednictwem poczty elektronicznej.<\/td>\n<\/tr>\n<tr class=\"row-135\">\n\t<td class=\"column-1\"><strong>mgr Wojciech Milczarski<\/strong><\/td><td class=\"column-2\">wojciech.milczarski@wskz.pl<\/td><td class=\"column-3\">\u015aroda, godz. 17:00\u201318:00 \u2013  po wcze\u015bniejszym um\u00f3wieniu si\u0119 za po\u015brednictwem poczty elektronicznej.<\/td>\n<\/tr>\n<tr class=\"row-136\">\n\t<td class=\"column-1\"><strong>MA Lidia M\u0142ody<\/strong><\/td><td class=\"column-2\">lidia.mlody@wskz.pl<\/td><td class=\"column-3\">Wtorek, godz. 17:00\u201318:00 \u2013  po wcze\u015bniejszym um\u00f3wieniu si\u0119 za po\u015brednictwem poczty elektronicznej.<\/td>\n<\/tr>\n<tr class=\"row-137\">\n\t<td class=\"column-1\"><strong>MA Dorota Modrzy\u0144ska<\/strong><\/td><td class=\"column-2\">dorota.modrzynska@wskz.pl<\/td><td class=\"column-3\">Czwartek, godz. 17:00\u201318:00 \u2013  po wcze\u015bniejszym um\u00f3wieniu si\u0119 za po\u015brednictwem poczty elektronicznej.<\/td>\n<\/tr>\n<tr class=\"row-138\">\n\t<td class=\"column-1\"><strong>mgr Piotr Mrzyg\u0142\u00f3d<\/strong><\/td><td class=\"column-2\">piotr.mrzyglod@wskz.pl<\/td><td class=\"column-3\">Poniedzia\u0142ek, godz. 10:00\u201311:00 \u2013  po wcze\u015bniejszym um\u00f3wieniu si\u0119 za po\u015brednictwem poczty elektronicznej.<\/td>\n<\/tr>\n<tr class=\"row-139\">\n\t<td class=\"column-1\"><strong>mgr Ewelina Najdek<\/strong><\/td><td class=\"column-2\">ewelina.najdek@wskz.pl<\/td><td class=\"column-3\">\u015aroda, godz. 20:30\u201321:30 \u2013  po wcze\u015bniejszym um\u00f3wieniu si\u0119 za po\u015brednictwem poczty elektronicznej.<\/td>\n<\/tr>\n<tr class=\"row-140\">\n\t<td class=\"column-1\"><strong>mgr Agnieszka Nehring<\/strong><\/td><td class=\"column-2\">agnieszka.nehring@wskz.pl<\/td><td class=\"column-3\">Wtorek, godz. 13:00\u201314:00 \u2013  po wcze\u015bniejszym um\u00f3wieniu si\u0119 za po\u015brednictwem poczty elektronicznej.<\/td>\n<\/tr>\n<tr class=\"row-141\">\n\t<td class=\"column-1\"><strong>mgr Olaf Olszewski<\/strong><\/td><td class=\"column-2\">olaf.olszewski@wskz.pl<\/td><td class=\"column-3\">\u015aroda, godz. 15:00\u201316:00 \u2013  po wcze\u015bniejszym um\u00f3wieniu si\u0119 za po\u015brednictwem poczty elektronicznej.<\/td>\n<\/tr>\n<tr class=\"row-142\">\n\t<td class=\"column-1\"><strong>mgr Katarzyna Olszy\u0144ska<\/strong><\/td><td class=\"column-2\">katarzyna.olszynska@wskz.pl<\/td><td class=\"column-3\">Pi\u0105tek, godz. 17:00\u201318:00 \u2013  po wcze\u015bniejszym um\u00f3wieniu si\u0119 za po\u015brednictwem poczty elektronicznej.<\/td>\n<\/tr>\n<tr class=\"row-143\">\n\t<td class=\"column-1\"><strong>mgr Mehmet Omurlu<\/strong><\/td><td class=\"column-2\">mehmet.omurlu@wskz.pl<\/td><td class=\"column-3\">Niedziela, godz. 18:00\u201319:00 \u2013  po wcze\u015bniejszym um\u00f3wieniu si\u0119 za po\u015brednictwem poczty elektronicznej.<\/td>\n<\/tr>\n<tr class=\"row-144\">\n\t<td class=\"column-1\"><strong>mgr Magdalena Ostrowicka<\/strong><\/td><td class=\"column-2\">magdalena.ostrowicka@wskz.pl<\/td><td class=\"column-3\">Wtorek, godz. 20:00\u201321:00 \u2013  po wcze\u015bniejszym um\u00f3wieniu si\u0119 za po\u015brednictwem poczty elektronicznej.<\/td>\n<\/tr>\n<tr class=\"row-145\">\n\t<td class=\"column-1\"><strong>MA Ma\u0142gorzata Pacer<\/strong><\/td><td class=\"column-2\">malgorzata.pacer@wskz.pl<\/td><td class=\"column-3\">Pi\u0105tek, godz. 16:00\u201317:00 \u2013  po wcze\u015bniejszym um\u00f3wieniu si\u0119 za po\u015brednictwem poczty elektronicznej.<\/td>\n<\/tr>\n<tr class=\"row-146\">\n\t<td class=\"column-1\"><strong>mgr Renata Pajda<\/strong><\/td><td class=\"column-2\">renata.pajda@wskz.pl<\/td><td class=\"column-3\">Wtorek, godz. 19:00\u201320:00 \u2013  po wcze\u015bniejszym um\u00f3wieniu si\u0119 za po\u015brednictwem poczty elektronicznej.<\/td>\n<\/tr>\n<tr class=\"row-147\">\n\t<td class=\"column-1\"><strong>mgr S\u0142awomir Pietrzak<\/strong><\/td><td class=\"column-2\">slawomir.pietrzak@wskz.pl<\/td><td class=\"column-3\">Czwartek, godz. 18:00\u201319:00 \u2013  po wcze\u015bniejszym um\u00f3wieniu si\u0119 za po\u015brednictwem poczty elektronicznej.<\/td>\n<\/tr>\n<tr class=\"row-148\">\n\t<td class=\"column-1\"><strong>mgr Pawe\u0142 Pilkiewicz<\/strong><\/td><td class=\"column-2\">pawel.pilkiewicz@wskz.pl<\/td><td class=\"column-3\">Poniedzia\u0142ek i pi\u0105tek, godz. 17:00\u201318:00 \u2013  po wcze\u015bniejszym um\u00f3wieniu si\u0119 za po\u015brednictwem poczty elektronicznej.<\/td>\n<\/tr>\n<tr class=\"row-149\">\n\t<td class=\"column-1\"><strong>Livius Pi\u00f3roko, MA<\/strong><\/td><td class=\"column-2\">liwiusz.piorko@wskz.pl<\/td><td class=\"column-3\">Poniedzia\u0142ek, godz. 17:00\u201318:00 \u2013  po wcze\u015bniejszym um\u00f3wieniu si\u0119 za po\u015brednictwem poczty elektronicznej.<\/td>\n<\/tr>\n<tr class=\"row-150\">\n\t<td class=\"column-1\"><strong>mgr Katarzyna Pypno-Blajda<\/strong><\/td><td class=\"column-2\">katarzyna pypno-blajda@wskz.pl<\/td><td class=\"column-3\">Czwartek, godz. 18:00\u201319:00 \u2013  po wcze\u015bniejszym um\u00f3wieniu si\u0119 za po\u015brednictwem poczty elektronicznej.<\/td>\n<\/tr>\n<tr class=\"row-151\">\n\t<td class=\"column-1\"><strong>mgr Aleksandra Pytli\u0144ska<\/strong><\/td><td class=\"column-2\">aleksandra.pytlinska@wskz.pl<\/td><td class=\"column-3\">\u015aroda, godz. 17:30\u201318:30 \u2013  po wcze\u015bniejszym um\u00f3wieniu si\u0119 za po\u015brednictwem poczty elektronicznej.<\/td>\n<\/tr>\n<tr class=\"row-152\">\n\t<td class=\"column-1\"><strong>mgr Marianna Senkowska<\/strong><\/td><td class=\"column-2\">marianna.senkowska@wskz.pl<\/td><td class=\"column-3\">Pi\u0105tek, godz. 17:00\u201318:00 \u2013  po wcze\u015bniejszym um\u00f3wieniu si\u0119 za po\u015brednictwem poczty elektronicznej.<\/td>\n<\/tr>\n<tr class=\"row-153\">\n\t<td class=\"column-1\"><strong>mgr Krzysztof Siuda<\/strong><\/td><td class=\"column-2\">krzysztof.siuda@wskz.pl<\/td><td class=\"column-3\">\u015aroda, godz. 17:00\u201318:00 \u2013  po wcze\u015bniejszym um\u00f3wieniu si\u0119 za po\u015brednictwem poczty elektronicznej.<\/td>\n<\/tr>\n<tr class=\"row-154\">\n\t<td class=\"column-1\"><strong>Ewa Skupi\u0144ska, MA<\/strong><\/td><td class=\"column-2\">ewa.skupinska@wskz.pl<\/td><td class=\"column-3\">Poniedzia\u0142ek, godz. 20:00-21:00 -  po wcze\u015bniejszym um\u00f3wieniu si\u0119 za po\u015brednictwem poczty elektronicznej.<\/td>\n<\/tr>\n<tr class=\"row-155\">\n\t<td class=\"column-1\"><strong>mgr Justyna Soroka<\/strong><\/td><td class=\"column-2\">justyna.soroka@wskz.pl<\/td><td class=\"column-3\">Poniedzia\u0142ek i czwartek, godz. 12:00-14:00 -  po wcze\u015bniejszym um\u00f3wieniu si\u0119 za po\u015brednictwem poczty elektronicznej. Mo\u017cliwo\u015b\u0107 konsultacji podczas zjazd\u00f3w weekendowych.<\/td>\n<\/tr>\n<tr class=\"row-156\">\n\t<td class=\"column-1\"><strong>MA Pawe\u0142 Sta\u0144czyk<\/strong><\/td><td class=\"column-2\">pawel.stanczyk@wskz.pl<\/td><td class=\"column-3\">Poniedzia\u0142ek, godz. 19:00\u201321:00 \u2013  po wcze\u015bniejszym um\u00f3wieniu si\u0119 za po\u015brednictwem poczty elektronicznej.<\/td>\n<\/tr>\n<tr class=\"row-157\">\n\t<td class=\"column-1\"><strong>MA Piotr St\u0119pkowski<\/strong><\/td><td class=\"column-2\">piotr.stepkowski@wskz.pl<\/td><td class=\"column-3\">Czwartek, godz. 17:00\u201318:00 \u2013  po wcze\u015bniejszym um\u00f3wieniu si\u0119 za po\u015brednictwem poczty elektronicznej.<\/td>\n<\/tr>\n<tr class=\"row-158\">\n\t<td class=\"column-1\"><strong>MA Marzena Studniarek-Krzywda<\/strong><\/td><td class=\"column-2\">marzena.studniarek-krzywda@wskz.pl<\/td><td class=\"column-3\">Pi\u0105tek, godz. 19:00\u201320:00 \u2013  po wcze\u015bniejszym um\u00f3wieniu si\u0119 za po\u015brednictwem poczty elektronicznej.<\/td>\n<\/tr>\n<tr class=\"row-159\">\n\t<td class=\"column-1\"><strong>mgr Maciej Syta<\/strong><\/td><td class=\"column-2\">maciej.syta@wskz.pl<\/td><td class=\"column-3\">Wtorek, godz. 18:00\u201319:00, \u015broda, godz. 12:00\u201313:00 \u2013  po wcze\u015bniejszym um\u00f3wieniu si\u0119 za po\u015brednictwem poczty elektronicznej.<\/td>\n<\/tr>\n<tr class=\"row-160\">\n\t<td class=\"column-1\"><strong>MA Daniel Szalbot<\/strong><\/td><td class=\"column-2\">daniel.szalbot@wskz.pl<\/td><td class=\"column-3\">Wtorek, godz. 15:00\u201316:00 \u2013  po wcze\u015bniejszym um\u00f3wieniu si\u0119 za po\u015brednictwem poczty elektronicznej.<\/td>\n<\/tr>\n<tr class=\"row-161\">\n\t<td class=\"column-1\"><strong>mgr Sebastian Szarzy\u0144ski<\/strong><\/td><td class=\"column-2\">sebastian.szarzynski@wskz.pl<\/td><td class=\"column-3\">Wtorek i czwartek, godz. 19:00\u201320:00  \u2013  po wcze\u015bniejszym um\u00f3wieniu si\u0119 za po\u015brednictwem poczty elektronicznej.<\/td>\n<\/tr>\n<tr class=\"row-162\">\n\t<td class=\"column-1\"><strong>mgr Marta \u015awi\u0105tek-Prycik<\/strong><\/td><td class=\"column-2\">marta.swiatek-prycik@wskz.pl<\/td><td class=\"column-3\">\u015aroda, godz. 17:00\u201318:00 \u2013  po wcze\u015bniejszym um\u00f3wieniu si\u0119 za po\u015brednictwem poczty elektronicznej.<\/td>\n<\/tr>\n<tr class=\"row-163\">\n\t<td class=\"column-1\"><strong>Izabela Trybus, MA<\/strong><\/td><td class=\"column-2\">izabela.trybus@wskz.pl<\/td><td class=\"column-3\">Wtorek, godz. 16:00\u201317:00 \u2013  po wcze\u015bniejszym um\u00f3wieniu si\u0119 za po\u015brednictwem poczty elektronicznej.<\/td>\n<\/tr>\n<tr class=\"row-164\">\n\t<td class=\"column-1\"><strong>mgr Jacek Tucholski<\/strong><\/td><td class=\"column-2\">jacek.tucholski@wskz.pl<\/td><td class=\"column-3\">\u015aroda, godz. 18:00\u201319:00 \u2013  po wcze\u015bniejszym um\u00f3wieniu si\u0119 za po\u015brednictwem poczty elektronicznej. Alternatywnie mo\u017cliwe um\u00f3wienie telefonicznie (nr tel.: 517-152-666).<\/td>\n<\/tr>\n<tr class=\"row-165\">\n\t<td class=\"column-1\"><strong>mgr Zbigniew Waleszczy\u0144ski<\/strong><\/td><td class=\"column-2\">zbigniew.waleszczynski@wskz.pl<\/td><td class=\"column-3\">\u015aroda, godz. 16:00\u201317:00 \u2013  po wcze\u015bniejszym um\u00f3wieniu si\u0119 za po\u015brednictwem poczty elektronicznej.<\/td>\n<\/tr>\n<tr class=\"row-166\">\n\t<td class=\"column-1\"><strong>mgr Ma\u0142gorzata W\u0119grzyn<\/strong><\/td><td class=\"column-2\">malgorzata.wegrzyn@wskz.pl<\/td><td class=\"column-3\">Wtorek, godz. 16:00\u201317:00 \u2013  po wcze\u015bniejszym um\u00f3wieniu si\u0119 za po\u015brednictwem poczty elektronicznej.<\/td>\n<\/tr>\n<tr class=\"row-167\">\n\t<td class=\"column-1\"><strong>mgr Rafa\u0142 W\u0119grzyn<\/strong><\/td><td class=\"column-2\">rafal.wegrzyn@wskz.pl<\/td><td class=\"column-3\">Wtorek i czwartek, godz. 19:00\u201320:00 \u2013  po wcze\u015bniejszym um\u00f3wieniu si\u0119 za po\u015brednictwem poczty elektronicznej.<\/td>\n<\/tr>\n<tr class=\"row-168\">\n\t<td class=\"column-1\"><strong>mgr Monika Zielenkiewicz-Gmurek<\/strong><\/td><td class=\"column-2\">monika.zielenkiewicz-gmurek@wskz.pl<\/td><td class=\"column-3\">Wtorek i czwartek, godz. 17:00\u201318:30 \u2013  po wcze\u015bniejszym um\u00f3wieniu si\u0119 za po\u015brednictwem poczty elektronicznej.<\/td>\n<\/tr>\n<tr class=\"row-169\">\n\t<td class=\"column-1\"><strong>mgr Karolina Zygnerska<\/strong><\/td><td class=\"column-2\">karolina.zygnerska@wskz.pl<\/td><td class=\"column-3\">Czwartek, godz. 18:00\u201319:00 \u2013  po wcze\u015bniejszym um\u00f3wieniu si\u0119 za po\u015brednictwem poczty elektronicznej.<\/td>\n<\/tr>\n<\/tbody>\n<\/table>\n<!-- #tablepress-6 from cache -->\n\t\t<\/div>\n\t<\/div>\n<\/div><\/div><\/div><\/div><\/div><\/div><div class=\"vc_row-full-width vc_clearfix\"><\/div>\n<\/div>","protected":false},"excerpt":{"rendered":"Konsultacje prof. dr hab. Zbigniew Antczakzbigniew.antczak@wskz.plSobota, godz. 19:30\u201320:30 \u2013 po wcze\u015bniejszym um\u00f3wieniu si\u0119 za po\u015brednictwem poczty elektronicznej. prof. dr hab. Jan Chodkiewiczjan.chodkiewicz@wskz.pl\u015aroda, godz. 18:00\u201319:00 \u2013 po wcze\u015bniejszym um\u00f3wieniu si\u0119 za po\u015brednictwem poczty elektronicznej. prof. dr hab. Andrzej Czajowskiandrzej.czajowski@wskz.pl\u015aroda, godz. 18:00\u201319:00 \u2013 po wcze\u015bniejszym um\u00f3wieniu si\u0119 za po\u015brednictwem poczty elektronicznej. prof. dr hab. Andrzej Jab\u0142o\u0144skiandrzej.jablonski@wskz.plPoniedzia\u0142ek, godz. [...]","protected":false},"author":34,"featured_media":0,"parent":0,"menu_order":0,"comment_status":"closed","ping_status":"closed","template":"","meta":{"om_disable_all_campaigns":false,"footnotes":""},"class_list":["post-7950","page","type-page","status-publish","hentry"],"yoast_head":"<!-- This site is optimized with the Yoast SEO plugin v25.9 - https:\/\/yoast.com\/wordpress\/plugins\/seo\/ -->\n<title>Kadra | studia-wroclaw.pl<\/title>\n<meta name=\"description\" content=\"Ucz si\u0119 od najlepszych! Nasza kadra to starannie dobrani eksperci i praktycy z wieloletnim do\u015bwiadczeniem w swoich dziedzinach. To oni przeka\u017c\u0105 Ci wiedz\u0119, kt\u00f3ra stanie si\u0119 Twoim atutem na rynku pracy. Poznaj swoich przysz\u0142ych wyk\u0142adowc\u00f3w!\" \/>\n<meta name=\"robots\" content=\"index, follow, max-snippet:-1, max-image-preview:large, max-video-preview:-1\" \/>\n<link rel=\"canonical\" href=\"https:\/\/studia-wroclaw.pl\/en\/konsultacje\/\" \/>\n<meta property=\"og:locale\" content=\"en_GB\" \/>\n<meta property=\"og:type\" content=\"article\" \/>\n<meta property=\"og:title\" content=\"Kadra | studia-wroclaw.pl\" \/>\n<meta property=\"og:description\" content=\"Ucz si\u0119 od najlepszych! Nasza kadra to starannie dobrani eksperci i praktycy z wieloletnim do\u015bwiadczeniem w swoich dziedzinach. To oni przeka\u017c\u0105 Ci wiedz\u0119, kt\u00f3ra stanie si\u0119 Twoim atutem na rynku pracy. Poznaj swoich przysz\u0142ych wyk\u0142adowc\u00f3w!\" \/>\n<meta property=\"og:url\" content=\"https:\/\/studia-wroclaw.pl\/en\/konsultacje\/\" \/>\n<meta property=\"og:site_name\" content=\"Studia Wroc\u0142aw\" \/>\n<meta property=\"article:modified_time\" content=\"2026-03-19T16:39:07+00:00\" \/>\n<meta name=\"twitter:card\" content=\"summary_large_image\" \/>\n<meta name=\"twitter:label1\" content=\"Estimated reading time\" \/>\n\t<meta name=\"twitter:data1\" content=\"1 minute\" \/>\n<script type=\"application\/ld+json\" class=\"yoast-schema-graph\">{\"@context\":\"https:\/\/schema.org\",\"@graph\":[{\"@type\":\"WebPage\",\"@id\":\"https:\/\/studia-wroclaw.pl\/konsultacje\/\",\"url\":\"https:\/\/studia-wroclaw.pl\/konsultacje\/\",\"name\":\"Kadra | studia-wroclaw.pl\",\"isPartOf\":{\"@id\":\"https:\/\/studia-wroclaw.pl\/#website\"},\"datePublished\":\"2024-05-21T12:29:56+00:00\",\"dateModified\":\"2026-03-19T16:39:07+00:00\",\"description\":\"Ucz si\u0119 od najlepszych! Nasza kadra to starannie dobrani eksperci i praktycy z wieloletnim do\u015bwiadczeniem w swoich dziedzinach. To oni przeka\u017c\u0105 Ci wiedz\u0119, kt\u00f3ra stanie si\u0119 Twoim atutem na rynku pracy. Poznaj swoich przysz\u0142ych wyk\u0142adowc\u00f3w!\",\"breadcrumb\":{\"@id\":\"https:\/\/studia-wroclaw.pl\/konsultacje\/#breadcrumb\"},\"inLanguage\":\"en-GB\",\"potentialAction\":[{\"@type\":\"ReadAction\",\"target\":[\"https:\/\/studia-wroclaw.pl\/konsultacje\/\"]}]},{\"@type\":\"BreadcrumbList\",\"@id\":\"https:\/\/studia-wroclaw.pl\/konsultacje\/#breadcrumb\",\"itemListElement\":[{\"@type\":\"ListItem\",\"position\":1,\"name\":\"Strona g\u0142\u00f3wna\",\"item\":\"https:\/\/studia-wroclaw.pl\/\"},{\"@type\":\"ListItem\",\"position\":2,\"name\":\"Konsultacje\"}]},{\"@type\":\"WebSite\",\"@id\":\"https:\/\/studia-wroclaw.pl\/#website\",\"url\":\"https:\/\/studia-wroclaw.pl\/\",\"name\":\"Studia Wroc\u0142aw\",\"description\":\"\",\"potentialAction\":[{\"@type\":\"SearchAction\",\"target\":{\"@type\":\"EntryPoint\",\"urlTemplate\":\"https:\/\/studia-wroclaw.pl\/?s={search_term_string}\"},\"query-input\":{\"@type\":\"PropertyValueSpecification\",\"valueRequired\":true,\"valueName\":\"search_term_string\"}}],\"inLanguage\":\"en-GB\"}]}<\/script>\n<!-- \/ Yoast SEO plugin. -->","yoast_head_json":{"title":"Kadra | studia-wroclaw.pl","description":"Ucz si\u0119 od najlepszych! Nasza kadra to starannie dobrani eksperci i praktycy z wieloletnim do\u015bwiadczeniem w swoich dziedzinach. To oni przeka\u017c\u0105 Ci wiedz\u0119, kt\u00f3ra stanie si\u0119 Twoim atutem na rynku pracy. Poznaj swoich przysz\u0142ych wyk\u0142adowc\u00f3w!","robots":{"index":"index","follow":"follow","max-snippet":"max-snippet:-1","max-image-preview":"max-image-preview:large","max-video-preview":"max-video-preview:-1"},"canonical":"https:\/\/studia-wroclaw.pl\/en\/konsultacje\/","og_locale":"en_GB","og_type":"article","og_title":"Kadra | studia-wroclaw.pl","og_description":"Ucz si\u0119 od najlepszych! Nasza kadra to starannie dobrani eksperci i praktycy z wieloletnim do\u015bwiadczeniem w swoich dziedzinach. To oni przeka\u017c\u0105 Ci wiedz\u0119, kt\u00f3ra stanie si\u0119 Twoim atutem na rynku pracy. Poznaj swoich przysz\u0142ych wyk\u0142adowc\u00f3w!","og_url":"https:\/\/studia-wroclaw.pl\/en\/konsultacje\/","og_site_name":"Studia Wroc\u0142aw","article_modified_time":"2026-03-19T16:39:07+00:00","twitter_card":"summary_large_image","twitter_misc":{"Estimated reading time":"1 minute"},"schema":{"@context":"https:\/\/schema.org","@graph":[{"@type":"WebPage","@id":"https:\/\/studia-wroclaw.pl\/konsultacje\/","url":"https:\/\/studia-wroclaw.pl\/konsultacje\/","name":"Kadra | studia-wroclaw.pl","isPartOf":{"@id":"https:\/\/studia-wroclaw.pl\/#website"},"datePublished":"2024-05-21T12:29:56+00:00","dateModified":"2026-03-19T16:39:07+00:00","description":"Ucz si\u0119 od najlepszych! Nasza kadra to starannie dobrani eksperci i praktycy z wieloletnim do\u015bwiadczeniem w swoich dziedzinach. To oni przeka\u017c\u0105 Ci wiedz\u0119, kt\u00f3ra stanie si\u0119 Twoim atutem na rynku pracy. Poznaj swoich przysz\u0142ych wyk\u0142adowc\u00f3w!","breadcrumb":{"@id":"https:\/\/studia-wroclaw.pl\/konsultacje\/#breadcrumb"},"inLanguage":"en-GB","potentialAction":[{"@type":"ReadAction","target":["https:\/\/studia-wroclaw.pl\/konsultacje\/"]}]},{"@type":"BreadcrumbList","@id":"https:\/\/studia-wroclaw.pl\/konsultacje\/#breadcrumb","itemListElement":[{"@type":"ListItem","position":1,"name":"Strona g\u0142\u00f3wna","item":"https:\/\/studia-wroclaw.pl\/"},{"@type":"ListItem","position":2,"name":"Konsultacje"}]},{"@type":"WebSite","@id":"https:\/\/studia-wroclaw.pl\/#website","url":"https:\/\/studia-wroclaw.pl\/","name":"Studies Wroclaw","description":"","potentialAction":[{"@type":"SearchAction","target":{"@type":"EntryPoint","urlTemplate":"https:\/\/studia-wroclaw.pl\/?s={search_term_string}"},"query-input":{"@type":"PropertyValueSpecification","valueRequired":true,"valueName":"search_term_string"}}],"inLanguage":"en-GB"}]}},"_links":{"self":[{"href":"https:\/\/studia-wroclaw.pl\/en\/wp-json\/wp\/v2\/pages\/7950","targetHints":{"allow":["GET"]}}],"collection":[{"href":"https:\/\/studia-wroclaw.pl\/en\/wp-json\/wp\/v2\/pages"}],"about":[{"href":"https:\/\/studia-wroclaw.pl\/en\/wp-json\/wp\/v2\/types\/page"}],"author":[{"embeddable":true,"href":"https:\/\/studia-wroclaw.pl\/en\/wp-json\/wp\/v2\/users\/34"}],"replies":[{"embeddable":true,"href":"https:\/\/studia-wroclaw.pl\/en\/wp-json\/wp\/v2\/comments?post=7950"}],"version-history":[{"count":5,"href":"https:\/\/studia-wroclaw.pl\/en\/wp-json\/wp\/v2\/pages\/7950\/revisions"}],"predecessor-version":[{"id":9589,"href":"https:\/\/studia-wroclaw.pl\/en\/wp-json\/wp\/v2\/pages\/7950\/revisions\/9589"}],"wp:attachment":[{"href":"https:\/\/studia-wroclaw.pl\/en\/wp-json\/wp\/v2\/media?parent=7950"}],"curies":[{"name":"wp","href":"https:\/\/api.w.org\/{rel}","templated":true}]}}