{"id":9012,"date":"2024-11-21T09:53:00","date_gmt":"2024-11-21T08:53:00","guid":{"rendered":"https:\/\/studia-wroclaw.pl\/?page_id=9012"},"modified":"2026-04-29T00:53:21","modified_gmt":"2026-04-28T22:53:21","slug":"aktualnosci-dla-studentow","status":"publish","type":"page","link":"https:\/\/studia-wroclaw.pl\/en\/aktualnosci-dla-studentow\/","title":{"rendered":"Student News"},"content":{"rendered":"<div class=\"wpb-content-wrapper\"><div class=\"\"><div class=\"container\"><div class=\"vc_row wpb_row vc_row-fluid\"><div class=\"wpb_column vc_column_container vc_col-sm-12\"><div class=\"vc_column-inner\"><div class=\"wpb_wrapper\">\n\t<div class=\"wpb_text_column wpb_content_element  vc_custom_1772033116397\" >\n\t\t<div class=\"wpb_wrapper\">\n\t\t\t<h1>Student News<\/h1>\n\n\t\t<\/div>\n\t<\/div>\n<div class=\"vc_row wpb_row vc_inner vc_row-fluid vc_custom_1774355063661 vc_row-has-fill\"><div class=\"wpb_column vc_column_container vc_col-sm-12\"><div class=\"vc_column-inner\"><div class=\"wpb_wrapper\">\n\t<div class=\"wpb_text_column wpb_content_element\" >\n\t\t<div class=\"wpb_wrapper\">\n\t\t\t<h3 style=\"text-align: center;\"><strong>Wyr\u00f3\u017cnione<\/strong><\/h3>\n\n\t\t<\/div>\n\t<\/div>\n<div class=\"vc_row\">\r\n    <div class=\"vc_col-sm-12 gt3_module_blog  wpb_animate_when_almost_visible wpb_fadeIn fadeIn  items1\">\r\n\r\n        \r\n\t\t\t\t\t<div class=\"blog_post_preview  format-standard\">\r\n                        <div class=\"item_wrapper\">\r\n                            <div class=\"blog_content\"><h2 class=\"blogpost_title\"><a href=\"https:\/\/studia-wroclaw.pl\/en\/od-tremy-do-pewnosci-siebie-jak-skutecznie-wystepowac-publicznie\/\">\ud83c\udfa4\u00a0Od Tremy do Pewno\u015bci Siebie &#8211; Jak Skutecznie Wyst\u0119powa\u0107 Publicznie<\/a><\/h2>\nMasz \u015bwietne pomys\u0142y, ale stres przed wyst\u0105pieniami nie pozwala Ci ich w pe\u0142ni zaprezentowa\u0107? Chcesz m\u00f3wi\u0107 pewnie, przekonuj\u0105co i z \u0142atwo\u015bci\u0105 nawi\u0105zywa\u0107 kontakt z odbiorcami?\n\n\n\nChcesz m\u00f3wi\u0107 pewnie, przekonuj\u0105co i \u015bwiadomie budowa\u0107 sw\u00f3j wizerunek?\n\n\n\nZapraszamy student\u00f3w na praktyczne warsztaty&nbsp;\u201eOd Tremy do Pewno\u015bci Siebie \u2013 Jak Skutecznie Wyst\u0119powa\u0107 Publicznie\u201d, podczas kt\u00f3rych poznasz...<div class=\"clear post_clear\"><\/div><a href=\"https:\/\/studia-wroclaw.pl\/en\/od-tremy-do-pewnosci-siebie-jak-skutecznie-wystepowac-publicznie\/\" class=\"learn_more\">Read More<span><\/span><\/a><div class=\"post_info\">\r\n                                <\/div>\r\n                                <div class=\"clear\"><\/div>\r\n                            <\/div>\r\n\t\t\t\t\t\t<\/div>\r\n\t\t\t\t\t<\/div>\r\n\t\t\t\t\t\r\n\t\t\t\t\t<div class=\"blog_post_preview  format-standard\">\r\n                        <div class=\"item_wrapper\">\r\n                            <div class=\"blog_content\"><h2 class=\"blogpost_title\"><a href=\"https:\/\/studia-wroclaw.pl\/en\/nabor-na-platne-praktyki-i-staze\/\">CENTRUM WSPARCIA I ROZWOJU STUDENT\u00d3W WSKZ OG\u0141ASZA MO\u017bLIWO\u015a\u0106 NABORU NA P\u0141ATNE PRAKTYKI I STA\u017bE DLA STUDENT\u00d3W\u00a0W R\u00d3\u017bNYCH MIASTACH<\/a><\/h2>\nDrodzy Studenci,\n\n\n\nCentrum Wsparcia i Rozwoju Student\u00f3w WSKZ informuje, \u017ce pracodawcy uczestnicz\u0105cy&nbsp;w og\u00f3lnopolskim programie praktyk i sta\u017cy&nbsp;udost\u0119pniaj\u0105 studentom ofert\u0119 p\u0142atnych praktyk i sta\u017cy, zapewniaj\u0105c szerokie mo\u017cliwo\u015bci zdobycia do\u015bwiadczenia zawodowego&nbsp;w r\u00f3\u017cnych bran\u017cach oraz instytucjach publicznych.\n\n\n\nNa student\u00f3w i absolwent\u00f3w czekaj\u0105&nbsp;liczne oferty...<div class=\"clear post_clear\"><\/div><a href=\"https:\/\/studia-wroclaw.pl\/en\/nabor-na-platne-praktyki-i-staze\/\" class=\"learn_more\">Read More<span><\/span><\/a><div class=\"post_info\">\r\n                                <\/div>\r\n                                <div class=\"clear\"><\/div>\r\n                            <\/div>\r\n\t\t\t\t\t\t<\/div>\r\n\t\t\t\t\t<\/div>\r\n\t\t\t\t\t\r\n\t\t\t\t\t<div class=\"blog_post_preview  format-standard\">\r\n                        <div class=\"item_wrapper\">\r\n                            <div class=\"blog_content\"><h2 class=\"blogpost_title\"><a href=\"https:\/\/studia-wroclaw.pl\/en\/ii-edycja-konkursu-lider-zaufania-studentow-2026\/\">We\u017a udzia\u0142 w II edycji Konkursu \u201eLider Zaufania Student\u00f3w 2026\u201d<\/a><\/h2>\nDrodzy Studenci,\n\n\n\nzach\u0119camy Was do zaanga\u017cowania si\u0119 w&nbsp;II edycj\u0119 Og\u00f3lnopolskiego Konkursu Jako\u015bci \u201eLider Zaufania Student\u00f3w 2026\u201d, kt\u00f3rego celem jest wyr\u00f3\u017cnienie kierunk\u00f3w studi\u00f3w prowadzonych w spos\u00f3b przyjazny studentom, oparty na wzajemnym szacunku, zaufaniu, dobrej komunikacji oraz wysokiej jako\u015bci obs\u0142ugi akademickiej.\n\n\n\nKonkurs s\u0142u\u017cy promowaniu tych kierunk\u00f3w i specjalno\u015bci...<div class=\"clear post_clear\"><\/div><a href=\"https:\/\/studia-wroclaw.pl\/en\/ii-edycja-konkursu-lider-zaufania-studentow-2026\/\" class=\"learn_more\">Read More<span><\/span><\/a><div class=\"post_info\">\r\n                                <\/div>\r\n                                <div class=\"clear\"><\/div>\r\n                            <\/div>\r\n\t\t\t\t\t\t<\/div>\r\n\t\t\t\t\t<\/div>\r\n\t\t\t\t\t\r\n\t\t\t\t\t<div class=\"blog_post_preview  format-standard\">\r\n                        <div class=\"item_wrapper\">\r\n                            <div class=\"blog_content\"><h2 class=\"blogpost_title\"><a href=\"https:\/\/studia-wroclaw.pl\/en\/miedzynarodowa-publikacja-naukowa-z-okazji-21-miedzynarodowego-kongresu-kryminalistyka-i-ekspertologia-sadowa-nauka-studia-praktyka-pod-patronatem-honorowym-komendanta-glownego-p\/\">Nowa publikacja naukowa z okazji 21. Mi\u0119dzynarodowego Kongresu \u201eKryminalistyka i Ekspertologia S\u0105dowa: Nauka, Studia, Praktyka\u201d pod Patronatem Honorowym Komendanta G\u0142\u00f3wnego Policji oraz Marsza\u0142ka Wojew\u00f3dztwa Pomorskiego<\/a><\/h2>\nZ przyjemno\u015bci\u0105 informujemy, \u017ce ukaza\u0142a si\u0119 nowa publikacja naukowa pt. \u201eWsp\u00f3\u0142czesne wyzwania w kryminalistyce. Prawa cz\u0142owieka, technologie i interdyscyplinarno\u015b\u0107\u201d. Ksi\u0105\u017cka sponsorowana przez Wy\u017csz\u0105 Szko\u0142\u0119 Kszta\u0142cenia Zawodowego we Wroc\u0142awiu oraz Pomorsk\u0105 Szko\u0142\u0119 Wy\u017csz\u0105 w Starogardzie Gda\u0144skim zosta\u0142a wydana przez presti\u017cowe wydawnictwo Wolters Kluwer.\n\n\n\nDystrybucja i dost\u0119pno\u015b\u0107...<div class=\"clear post_clear\"><\/div><a href=\"https:\/\/studia-wroclaw.pl\/en\/miedzynarodowa-publikacja-naukowa-z-okazji-21-miedzynarodowego-kongresu-kryminalistyka-i-ekspertologia-sadowa-nauka-studia-praktyka-pod-patronatem-honorowym-komendanta-glownego-p\/\" class=\"learn_more\">Read More<span><\/span><\/a><div class=\"post_info\">\r\n                                <\/div>\r\n                                <div class=\"clear\"><\/div>\r\n                            <\/div>\r\n\t\t\t\t\t\t<\/div>\r\n\t\t\t\t\t<\/div>\r\n\t\t\t\t\t    <\/div>\r\n<\/div>\r\n<\/div><\/div><\/div><\/div><div class=\"vc_separator wpb_content_element vc_separator_align_center vc_sep_width_100 vc_sep_pos_align_center vc_separator_no_text vc_sep_color_grey\" ><span class=\"vc_sep_holder vc_sep_holder_l\"><span class=\"vc_sep_line\"><\/span><\/span><span class=\"vc_sep_holder vc_sep_holder_r\"><span class=\"vc_sep_line\"><\/span><\/span>\n<\/div><\/div><\/div><\/div><\/div><\/div><\/div><div class=\"\"><div class=\"container\"><div class=\"vc_row wpb_row vc_row-fluid\"><div class=\"wpb_column vc_column_container vc_col-sm-12\"><div class=\"vc_column-inner vc_custom_1774355935814\"><div class=\"wpb_wrapper\"><div class=\"vc_tta-container\" data-vc-action=\"collapse\"><div class=\"vc_general vc_tta vc_tta-tabs vc_tta-o-shape-group vc_tta-tabs-position-top vc_tta-controls-align-left\"><div class=\"vc_tta-tabs-container\"><ul class=\"vc_tta-tabs-list\"><li class=\"vc_tta-tab vc_active\" data-vc-tab><a href=\"#ogolne\" data-vc-tabs data-vc-container=\".vc_tta\"><span class=\"vc_tta-title-text\">Og\u00f3lne<\/span><\/a><\/li><li class=\"vc_tta-tab\" data-vc-tab><a href=\"#psychologia\" data-vc-tabs data-vc-container=\".vc_tta\"><span class=\"vc_tta-title-text\">Department of Psychology<\/span><\/a><\/li><li class=\"vc_tta-tab\" data-vc-tab><a href=\"#wnsit\" data-vc-tabs data-vc-container=\".vc_tta\"><span class=\"vc_tta-title-text\">Department of Social Sciences and Engineering<\/span><\/a><\/li><\/ul><\/div><div class=\"vc_tta-panels-container\"><div class=\"vc_tta-panels\"><div class=\"vc_tta-panel vc_active\" id=\"ogolne\" data-vc-content=\".vc_tta-panel-body\"><div class=\"vc_tta-panel-heading\"><h4 class=\"vc_tta-panel-title\"><a href=\"#ogolne\" data-vc-accordion data-vc-container=\".vc_tta-container\"><span class=\"vc_tta-title-text\">Og\u00f3lne<\/span><\/a><\/h4><\/div><div class=\"vc_tta-panel-body\"><div class=\"vc_row\">\r\n    <div class=\"vc_col-sm-12 gt3_module_blog   items2\">\r\n\r\n        <div class=\"spacing_beetween_items_5 isotope_blog_items\">\r\n\t\t\t\t\t<div class=\"blog_post_preview element format-standard\">\r\n                        <div class=\"item_wrapper\">\r\n                            <div class=\"blog_content\"><h2 class=\"blogpost_title\"><a href=\"https:\/\/studia-wroclaw.pl\/en\/wspolczesne-dzieci-i-mlodziez-slabsi-niz-kiedys-rozmowa-z-dr-hab-mariuszem-jedrzejko-prof-wskz\/\">Wsp\u00f3\u0142czesne dzieci i m\u0142odzie\u017c. S\u0142absi ni\u017c kiedy\u015b? Rozmowa z dr hab. Mariuszem J\u0119drzejko, prof. WSKZ<\/a><\/h2>\nNa pocz\u0105tku pa\u017adziernika, w Krynicy-Zdroju, dr hab. Mariusz J\u0119drzejko, prof. WSKZ poprowadzi szereg szkole\u0144 adresowanych do kurator\u00f3w s\u0105dowych S\u0105du Okr\u0119gowego w Tarnowie. W\u015br\u00f3d temat\u00f3w znajd\u0105 si\u0119 m.in.: higiena cyfrowa, czy zagro\u017cenia zwi\u0105zane z substancjami psychoaktywnymi. W zwi\u0105zku z tym, \u017ce stoimy u progu nowego roku szkolnego &#8211; wrzesie\u0144 bowiem za pasem &#8211; zadali\u015bmy Profesorowi...<div class=\"clear post_clear\"><\/div><a href=\"https:\/\/studia-wroclaw.pl\/en\/wspolczesne-dzieci-i-mlodziez-slabsi-niz-kiedys-rozmowa-z-dr-hab-mariuszem-jedrzejko-prof-wskz\/\" class=\"learn_more\">Read More<span><\/span><\/a><div class=\"post_info\">\r\n                                <\/div>\r\n                                <div class=\"clear\"><\/div>\r\n                            <\/div>\r\n\t\t\t\t\t\t<\/div>\r\n\t\t\t\t\t<\/div>\r\n\t\t\t\t\t\r\n\t\t\t\t\t<div class=\"blog_post_preview element format-standard\">\r\n                        <div class=\"item_wrapper\">\r\n                            <div class=\"blog_content\"><h2 class=\"blogpost_title\"><a href=\"https:\/\/studia-wroclaw.pl\/en\/ile-wytrzyma-polski-lider-czyli-o-tym-ze-niewytrzymywanie-to-nie-slabosc\/\">Ile wytrzyma polski lider? Czyli o tym, \u017ce niewytrzymywanie to nie s\u0142abo\u015b\u0107<\/a><\/h2>\nCzy odporno\u015b\u0107 psychiczna lidera ma swoje granice? Dlaczego przewlek\u0142y stres nie jest oznak\u0105 s\u0142abo\u015bci, lecz jednym z najwi\u0119kszych wyzwa\u0144 wsp\u00f3\u0142czesnego \u015bwiata pracy? Odpowiedzi na te pytania b\u0119dzie mo\u017cna pozna\u0107 podczas spotkania \u201eIle wytrzyma polski lider?\u201d, kt\u00f3re wsp\u00f3\u0142organizuje mgr Marianna Senkowska, wyk\u0142adowczyni Wydzia\u0142u Psychologii WSKZ.\n\n\n\nPunktem wyj\u015bcia do dyskusji jest rosn\u0105ca...<div class=\"clear post_clear\"><\/div><a href=\"https:\/\/studia-wroclaw.pl\/en\/ile-wytrzyma-polski-lider-czyli-o-tym-ze-niewytrzymywanie-to-nie-slabosc\/\" class=\"learn_more\">Read More<span><\/span><\/a><div class=\"post_info\">\r\n                                <\/div>\r\n                                <div class=\"clear\"><\/div>\r\n                            <\/div>\r\n\t\t\t\t\t\t<\/div>\r\n\t\t\t\t\t<\/div>\r\n\t\t\t\t\t\r\n\t\t\t\t\t<div class=\"blog_post_preview element format-standard\">\r\n                        <div class=\"item_wrapper\">\r\n                            <div class=\"blog_content\"><h2 class=\"blogpost_title\"><a href=\"https:\/\/studia-wroclaw.pl\/en\/nowe-miejsce-praktyk-zawodowych-dla-studentow-wskz-we-wroclawiu\/\">Nowe miejsce praktyk zawodowych dla student\u00f3w WSKZ we Wroc\u0142awiu!<\/a><\/h2>\nWy\u017csza Szko\u0142a Kszta\u0142cenia Zawodowego we Wroc\u0142awiu konsekwentnie rozwija wsp\u00f3\u0142prac\u0119 z otoczeniem spo\u0142eczno-gospodarczym, tworz\u0105c dla naszych student\u00f3w kolejne mo\u017cliwo\u015bci zdobywania&nbsp;praktycznego do\u015bwiadczenia zawodowego.\n\n\n\nPodpisali\u015bmy kolejne porozumienie dotycz\u0105ce realizacji praktyk zawodowych. Dzi\u0119ki wsp\u00f3\u0142pracy z\u00a0WARS S.A. Oddzia\u0142 Zach\u00f3d we Wroc\u0142awiu\u00a0studenci WSKZ mog\u0105 odby\u0107 praktyki...<div class=\"clear post_clear\"><\/div><a href=\"https:\/\/studia-wroclaw.pl\/en\/nowe-miejsce-praktyk-zawodowych-dla-studentow-wskz-we-wroclawiu\/\" class=\"learn_more\">Read More<span><\/span><\/a><div class=\"post_info\">\r\n                                <\/div>\r\n                                <div class=\"clear\"><\/div>\r\n                            <\/div>\r\n\t\t\t\t\t\t<\/div>\r\n\t\t\t\t\t<\/div>\r\n\t\t\t\t\t\r\n\t\t\t\t\t<div class=\"blog_post_preview element format-standard\">\r\n                        <div class=\"item_wrapper\">\r\n                            <div class=\"blog_content\"><h2 class=\"blogpost_title\"><a href=\"https:\/\/studia-wroclaw.pl\/en\/baza-miejsc-praktyk-zawodowych-sprawdz-aktualna-liste-dla-studentow-wydzialu-psychologii\/\">Baza Miejsc Praktyk Zawodowych \u2013 sprawd\u017a aktualn\u0105 list\u0119 dla student\u00f3w Wydzia\u0142u Psychologii<\/a><\/h2>\n\n\n\n\nDrodzy Studenci!\n\n\n\nUdost\u0119pniamy Wam aktualn\u0105 Baz\u0119 Miejsc Praktyk Zawodowych Wydzia\u0142u Psychologii Wy\u017cszej Szko\u0142y Kszta\u0142cenia Zawodowego.\n\n\n\nLista jest przeznaczona wy\u0142\u0105cznie dla student\u00f3w naszego Wydzia\u0142u. \n\n\n\nPoni\u017csze zestawienie zawiera sprawdzone instytucje, z kt\u00f3rymi nasza Uczelnia wsp\u00f3\u0142pracuje w ramach programu praktyk studenckich i z kt\u00f3rymi mamy aktualne porozumienia. \n\n\n\nDzi\u0119ki...<div class=\"clear post_clear\"><\/div><a href=\"https:\/\/studia-wroclaw.pl\/en\/baza-miejsc-praktyk-zawodowych-sprawdz-aktualna-liste-dla-studentow-wydzialu-psychologii\/\" class=\"learn_more\">Read More<span><\/span><\/a><div class=\"post_info\">\r\n                                <\/div>\r\n                                <div class=\"clear\"><\/div>\r\n                            <\/div>\r\n\t\t\t\t\t\t<\/div>\r\n\t\t\t\t\t<\/div>\r\n\t\t\t\t\t\r\n\t\t\t\t\t<div class=\"blog_post_preview element format-standard\">\r\n                        <div class=\"item_wrapper\">\r\n                            <div class=\"blog_content\"><h2 class=\"blogpost_title\"><a href=\"https:\/\/studia-wroclaw.pl\/en\/studenci-wskz-rozwijali-kompetencje-przyszlosci\/\">Od tremy do pewno\u015bci siebie \u2013 studenci WSKZ rozwijali kompetencje przysz\u0142o\u015bci<\/a><\/h2>\nTrema ust\u0105pi\u0142a miejsca pewno\u015bci siebie.&nbsp;Tak w skr\u00f3cie mo\u017cna podsumowa\u0107 warsztaty&nbsp;\u201eOd Tremy do Pewno\u015bci Siebie \u2013 Jak Skutecznie Wyst\u0119powa\u0107 Publicznie\u201d, kt\u00f3re odby\u0142y si\u0119 17 lipca na 7. pi\u0119trze wroc\u0142awskiego SKY TOWER.\n\n\n\nW wydarzeniu uczestniczyli studenci, kt\u00f3rych po\u0142\u0105czy\u0142a potrzeba rozwijania jednej z najwa\u017cniejszych kompetencji XXI wieku \u2013 skutecznej komunikacji i swobody wyst\u0105pie\u0144...<div class=\"clear post_clear\"><\/div><a href=\"https:\/\/studia-wroclaw.pl\/en\/studenci-wskz-rozwijali-kompetencje-przyszlosci\/\" class=\"learn_more\">Read More<span><\/span><\/a><div class=\"post_info\">\r\n                                <\/div>\r\n                                <div class=\"clear\"><\/div>\r\n                            <\/div>\r\n\t\t\t\t\t\t<\/div>\r\n\t\t\t\t\t<\/div>\r\n\t\t\t\t\t\r\n\t\t\t\t\t<div class=\"blog_post_preview element format-standard\">\r\n                        <div class=\"item_wrapper\">\r\n                            <div class=\"blog_content\"><h2 class=\"blogpost_title\"><a href=\"https:\/\/studia-wroclaw.pl\/en\/pracownia-metod-psychologicznych-warto-poznac-to-miejsce\/\">Pracownia Metod Psychologicznych &#8211; warto pozna\u0107 to miejsce<\/a><\/h2>\n\n\n\n\nPracownia Metod Psychologicznych zosta\u0142a powo\u0142ana do \u017cycia, by wspiera\u0107 badania naukowe w dziedzinie psychologii i praktyczne kszta\u0142cenie student\u00f3w psychologii na ka\u017cdym etapie studi\u00f3w. Pracownia Metod Psychologicznych mie\u015bci si\u0119 w pomieszczeniach Biblioteki Wy\u017cszej Szko\u0142y Kszta\u0142cenia Zawodowego, w budynku Sky Tower przy ul. Gwia\u017adzistej 66 we Wroc\u0142awiu.\n\n\n\n\n\n\n\n\n\n\n\nW zasobach Pracowni...<div class=\"clear post_clear\"><\/div><a href=\"https:\/\/studia-wroclaw.pl\/en\/pracownia-metod-psychologicznych-warto-poznac-to-miejsce\/\" class=\"learn_more\">Read More<span><\/span><\/a><div class=\"post_info\">\r\n                                <\/div>\r\n                                <div class=\"clear\"><\/div>\r\n                            <\/div>\r\n\t\t\t\t\t\t<\/div>\r\n\t\t\t\t\t<\/div>\r\n\t\t\t\t\t<\/div><ul class=\"pagerblock\"><li><a href='https:\/\/studia-wroclaw.pl\/en\/wp-json\/wp\/v2\/pages\/9012\/' class='current'>1<\/a><\/li><li><a href='https:\/\/studia-wroclaw.pl\/en\/wp-json\/wp\/v2\/pages\/9012\/page\/2\/'>2<\/a><\/li><li><a href='https:\/\/studia-wroclaw.pl\/en\/wp-json\/wp\/v2\/pages\/9012\/page\/3\/'>3<\/a><\/li><li><a href='https:\/\/studia-wroclaw.pl\/en\/wp-json\/wp\/v2\/pages\/9012\/page\/4\/'>4<\/a><\/li><li><a href='https:\/\/studia-wroclaw.pl\/en\/wp-json\/wp\/v2\/pages\/9012\/page\/5\/'>5<\/a><\/li><li><a href='https:\/\/studia-wroclaw.pl\/en\/wp-json\/wp\/v2\/pages\/9012\/page\/6\/'>6<\/a><\/li><li><a href='https:\/\/studia-wroclaw.pl\/en\/wp-json\/wp\/v2\/pages\/9012\/page\/7\/'>7<\/a><\/li><li><a href='https:\/\/studia-wroclaw.pl\/en\/wp-json\/wp\/v2\/pages\/9012\/page\/8\/'>8<\/a><\/li><li><a href='https:\/\/studia-wroclaw.pl\/en\/wp-json\/wp\/v2\/pages\/9012\/page\/9\/'>9<\/a><\/li><li><a href='https:\/\/studia-wroclaw.pl\/en\/wp-json\/wp\/v2\/pages\/9012\/page\/10\/'>10<\/a><\/li><li><a href='https:\/\/studia-wroclaw.pl\/en\/wp-json\/wp\/v2\/pages\/9012\/page\/11\/'>11<\/a><\/li><li class=\"next_page\"><a href=\"https:\/\/studia-wroclaw.pl\/en\/wp-json\/wp\/v2\/pages\/9012\/page\/2\/\"><i class=\"fa fa-angle-right\"><\/i><\/a><\/li><\/ul>    <\/div>\r\n<\/div>\r\n<\/div><\/div><div class=\"vc_tta-panel\" id=\"psychologia\" data-vc-content=\".vc_tta-panel-body\"><div class=\"vc_tta-panel-heading\"><h4 class=\"vc_tta-panel-title\"><a href=\"#psychologia\" data-vc-accordion data-vc-container=\".vc_tta-container\"><span class=\"vc_tta-title-text\">Department of Psychology<\/span><\/a><\/h4><\/div><div class=\"vc_tta-panel-body\"><div class=\"vc_row\">\r\n    <div class=\"vc_col-sm-12 gt3_module_blog   items1\">\r\n\r\n        \r\n\t\t\t\t\t<div class=\"blog_post_preview  format-standard\">\r\n                        <div class=\"item_wrapper\">\r\n                            <div class=\"blog_content\"><div class=\"listing_meta\"><span>by <a href=\"https:\/\/studia-wroclaw.pl\/en\/author\/katarzynaciesielska\/\">Katarzyna Ciesielska<\/a><\/span><span>2026-07-27<\/span><span> <a href=\"https:\/\/studia-wroclaw.pl\/en\/category\/bez-kategorii\/\">Uncategorized<\/a>, <a href=\"https:\/\/studia-wroclaw.pl\/en\/category\/dla-studenta\/\">For a student<\/a>, <a href=\"https:\/\/studia-wroclaw.pl\/en\/category\/studenci-wydzial-psychologii\/\">Psychology students<\/a><\/span><span><a href=\"https:\/\/studia-wroclaw.pl\/en\/baza-miejsc-praktyk-zawodowych-sprawdz-aktualna-liste-dla-studentow-wydzialu-psychologii\/#respond\">0 comments<\/a><\/span><\/div><h2 class=\"blogpost_title\"><a href=\"https:\/\/studia-wroclaw.pl\/en\/baza-miejsc-praktyk-zawodowych-sprawdz-aktualna-liste-dla-studentow-wydzialu-psychologii\/\">Baza Miejsc Praktyk Zawodowych \u2013 sprawd\u017a aktualn\u0105 list\u0119 dla student\u00f3w Wydzia\u0142u Psychologii<\/a><\/h2>\n\n\n\n\nDrodzy Studenci!\n\n\n\nUdost\u0119pniamy Wam aktualn\u0105 Baz\u0119 Miejsc Praktyk Zawodowych Wydzia\u0142u Psychologii Wy\u017cszej Szko\u0142y Kszta\u0142cenia Zawodowego.\n\n\n\nLista jest przeznaczona wy\u0142\u0105cznie dla student\u00f3w naszego Wydzia\u0142u. \n\n\n\nPoni\u017csze zestawienie zawiera sprawdzone instytucje, z kt\u00f3rymi nasza Uczelnia wsp\u00f3\u0142pracuje w ramach programu praktyk studenckich i z kt\u00f3rymi mamy aktualne porozumienia. \n\n\n\nDzi\u0119ki...<div class=\"clear post_clear\"><\/div><a href=\"https:\/\/studia-wroclaw.pl\/en\/baza-miejsc-praktyk-zawodowych-sprawdz-aktualna-liste-dla-studentow-wydzialu-psychologii\/\" class=\"learn_more\">Read More<span><\/span><\/a><div class=\"post_info\">\r\n                                <\/div>\r\n                                <div class=\"clear\"><\/div>\r\n                            <\/div>\r\n\t\t\t\t\t\t<\/div>\r\n\t\t\t\t\t<\/div>\r\n\t\t\t\t\t\r\n\t\t\t\t\t<div class=\"blog_post_preview  format-standard\">\r\n                        <div class=\"item_wrapper\">\r\n                            <div class=\"blog_content\"><div class=\"listing_meta\"><span>by <a href=\"https:\/\/studia-wroclaw.pl\/en\/author\/katarzynaciesielska\/\">Katarzyna Ciesielska<\/a><\/span><span>2026-07-06<\/span><span> <a href=\"https:\/\/studia-wroclaw.pl\/en\/category\/bez-kategorii\/\">Uncategorized<\/a>, <a href=\"https:\/\/studia-wroclaw.pl\/en\/category\/studenci-wydzial-psychologii\/\">Psychology students<\/a><\/span><span><a href=\"https:\/\/studia-wroclaw.pl\/en\/oswoj-treme-uruchom-aparat-mowy-i-uspokoj-cialo-przygotuj-sie-do-rozmowy-o-prace-scenicznego-wystapienia-albo-do-egzaminu\/#respond\">0 comments<\/a><\/span><\/div><h2 class=\"blogpost_title\"><a href=\"https:\/\/studia-wroclaw.pl\/en\/oswoj-treme-uruchom-aparat-mowy-i-uspokoj-cialo-przygotuj-sie-do-rozmowy-o-prace-scenicznego-wystapienia-albo-do-egzaminu\/\">Osw\u00f3j trem\u0119, uruchom aparat mowy i uspok\u00f3j cia\u0142o&#8230; Przygotuj si\u0119 do rozmowy o prac\u0119, scenicznego wyst\u0105pienia albo do egzaminu.<\/a><\/h2>\nCzy stres przed wyst\u0105pieniem publicznym albo du\u017cym wyzwaniem da si\u0119 ca\u0142kowicie wyeliminowa\u0107? Nie. Ale mo\u017cna nauczy\u0107 si\u0119 nim zarz\u0105dza\u0107. Ba! Zawodowy prezenter\/konferansjer odpowiedzia\u0142by, \u017ce gdy przestaniesz odczuwa\u0107 trem\u0119, mo\u017cesz&#8230; po\u017cegna\u0107 si\u0119 z zawodem.&nbsp;\n\n\n\nPodczas godzinnego, praktycznego warsztatu uczestnicy poznaj\u0105 proste techniki, kt\u00f3re pomagaj\u0105 uspokoi\u0107 cia\u0142o, rozlu\u017ani\u0107 g\u0142os...<div class=\"clear post_clear\"><\/div><a href=\"https:\/\/studia-wroclaw.pl\/en\/oswoj-treme-uruchom-aparat-mowy-i-uspokoj-cialo-przygotuj-sie-do-rozmowy-o-prace-scenicznego-wystapienia-albo-do-egzaminu\/\" class=\"learn_more\">Read More<span><\/span><\/a><div class=\"post_info\">\r\n                                <\/div>\r\n                                <div class=\"clear\"><\/div>\r\n                            <\/div>\r\n\t\t\t\t\t\t<\/div>\r\n\t\t\t\t\t<\/div>\r\n\t\t\t\t\t\r\n\t\t\t\t\t<div class=\"blog_post_preview  format-standard\">\r\n                        <div class=\"item_wrapper\">\r\n                            <div class=\"blog_content\"><div class=\"listing_meta\"><span>by <a href=\"https:\/\/studia-wroclaw.pl\/en\/author\/katarzynaciesielska\/\">Katarzyna Ciesielska<\/a><\/span><span>2026-07-06<\/span><span> <a href=\"https:\/\/studia-wroclaw.pl\/en\/category\/bez-kategorii\/\">Uncategorized<\/a>, <a href=\"https:\/\/studia-wroclaw.pl\/en\/category\/dla-studenta\/\">For a student<\/a>, <a href=\"https:\/\/studia-wroclaw.pl\/en\/category\/studenci-wydzial-psychologii\/\">Psychology students<\/a><\/span><span><a href=\"https:\/\/studia-wroclaw.pl\/en\/pracownia-metod-psychologicznych-warto-poznac-to-miejsce\/#respond\">0 comments<\/a><\/span><\/div><h2 class=\"blogpost_title\"><a href=\"https:\/\/studia-wroclaw.pl\/en\/pracownia-metod-psychologicznych-warto-poznac-to-miejsce\/\">Pracownia Metod Psychologicznych &#8211; warto pozna\u0107 to miejsce<\/a><\/h2>\n\n\n\n\nPracownia Metod Psychologicznych zosta\u0142a powo\u0142ana do \u017cycia, by wspiera\u0107 badania naukowe w dziedzinie psychologii i praktyczne kszta\u0142cenie student\u00f3w psychologii na ka\u017cdym etapie studi\u00f3w. Pracownia Metod Psychologicznych mie\u015bci si\u0119 w pomieszczeniach Biblioteki Wy\u017cszej Szko\u0142y Kszta\u0142cenia Zawodowego, w budynku Sky Tower przy ul. Gwia\u017adzistej 66 we Wroc\u0142awiu.\n\n\n\n\n\n\n\n\n\n\n\nW zasobach Pracowni...<div class=\"clear post_clear\"><\/div><a href=\"https:\/\/studia-wroclaw.pl\/en\/pracownia-metod-psychologicznych-warto-poznac-to-miejsce\/\" class=\"learn_more\">Read More<span><\/span><\/a><div class=\"post_info\">\r\n                                <\/div>\r\n                                <div class=\"clear\"><\/div>\r\n                            <\/div>\r\n\t\t\t\t\t\t<\/div>\r\n\t\t\t\t\t<\/div>\r\n\t\t\t\t\t\r\n\t\t\t\t\t<div class=\"blog_post_preview  format-standard\">\r\n                        <div class=\"item_wrapper\">\r\n                            <div class=\"blog_content\"><div class=\"listing_meta\"><span>by <a href=\"https:\/\/studia-wroclaw.pl\/en\/author\/sylwia-ksiazek\/\">Sylwia Ksi\u0105\u017cek<\/a><\/span><span>2026-07-06<\/span><span> <a href=\"https:\/\/studia-wroclaw.pl\/en\/category\/dla-studenta\/\">For a student<\/a>, <a href=\"https:\/\/studia-wroclaw.pl\/en\/category\/studenci-wydzial-nsit\/\">Students - Faculty of NSiT<\/a>, <a href=\"https:\/\/studia-wroclaw.pl\/en\/category\/studenci-wydzial-psychologii\/\">Psychology students<\/a><\/span><span><a href=\"https:\/\/studia-wroclaw.pl\/en\/studenci-wskz-rozwijali-kompetencje-przyszlosci\/#respond\">0 comments<\/a><\/span><\/div><h2 class=\"blogpost_title\"><a href=\"https:\/\/studia-wroclaw.pl\/en\/studenci-wskz-rozwijali-kompetencje-przyszlosci\/\">Od tremy do pewno\u015bci siebie \u2013 studenci WSKZ rozwijali kompetencje przysz\u0142o\u015bci<\/a><\/h2>\nTrema ust\u0105pi\u0142a miejsca pewno\u015bci siebie.&nbsp;Tak w skr\u00f3cie mo\u017cna podsumowa\u0107 warsztaty&nbsp;\u201eOd Tremy do Pewno\u015bci Siebie \u2013 Jak Skutecznie Wyst\u0119powa\u0107 Publicznie\u201d, kt\u00f3re odby\u0142y si\u0119 17 lipca na 7. pi\u0119trze wroc\u0142awskiego SKY TOWER.\n\n\n\nW wydarzeniu uczestniczyli studenci, kt\u00f3rych po\u0142\u0105czy\u0142a potrzeba rozwijania jednej z najwa\u017cniejszych kompetencji XXI wieku \u2013 skutecznej komunikacji i swobody wyst\u0105pie\u0144...<div class=\"clear post_clear\"><\/div><a href=\"https:\/\/studia-wroclaw.pl\/en\/studenci-wskz-rozwijali-kompetencje-przyszlosci\/\" class=\"learn_more\">Read More<span><\/span><\/a><div class=\"post_info\">\r\n                                <\/div>\r\n                                <div class=\"clear\"><\/div>\r\n                            <\/div>\r\n\t\t\t\t\t\t<\/div>\r\n\t\t\t\t\t<\/div>\r\n\t\t\t\t\t\r\n\t\t\t\t\t<div class=\"blog_post_preview  format-standard\">\r\n                        <div class=\"item_wrapper\">\r\n                            <div class=\"blog_content\"><div class=\"listing_meta\"><span>by <a href=\"https:\/\/studia-wroclaw.pl\/en\/author\/piotrstepkowski\/\">Piotr St\u0119pkowski<\/a><\/span><span>2026-07-05<\/span><span> <a href=\"https:\/\/studia-wroclaw.pl\/en\/category\/aktualnosci\/\">News<\/a>, <a href=\"https:\/\/studia-wroclaw.pl\/en\/category\/dla-studenta\/\">For a student<\/a>, <a href=\"https:\/\/studia-wroclaw.pl\/en\/category\/studenci-wydzial-psychologii\/\">Psychology students<\/a><\/span><span><a href=\"https:\/\/studia-wroclaw.pl\/en\/12657-2\/#respond\">0 comments<\/a><\/span><\/div><h2 class=\"blogpost_title\"><a href=\"https:\/\/studia-wroclaw.pl\/en\/12657-2\/\">Baza miejsc praktyk zawodowych dla Student\u00f3w Wydzia\u0142u Psychologii WSKZ<\/a><\/h2>\n\n\n\n\n\n\n\n\nWydzia\u0142 Psychologii Wy\u017cszej Szko\u0142y Kszta\u0142cenia Zawodowego udost\u0119pnia Studentom aktualn\u0105 Baz\u0119 Miejsc Praktyk Zawodowych.\n\n\n\nZestawienie zawiera instytucje, z kt\u00f3rymi Uczelnia wsp\u00f3\u0142pracuje w ramach programu praktyk studenckich. \n\n\n\nLista zosta\u0142a przygotowana z my\u015bl\u0105 o u\u0142atwieniu Studentom wyboru miejsca praktyk zgodnego z ich zainteresowaniami, planami zawodowymi oraz lokalizacj\u0105....<div class=\"clear post_clear\"><\/div><a href=\"https:\/\/studia-wroclaw.pl\/en\/12657-2\/\" class=\"learn_more\">Read More<span><\/span><\/a><div class=\"post_info\">\r\n                                <\/div>\r\n                                <div class=\"clear\"><\/div>\r\n                            <\/div>\r\n\t\t\t\t\t\t<\/div>\r\n\t\t\t\t\t<\/div>\r\n\t\t\t\t\t\r\n\t\t\t\t\t<div class=\"blog_post_preview  format-standard\">\r\n                        <div class=\"item_wrapper\">\r\n                            <div class=\"blog_content\"><div class=\"listing_meta\"><span>by <a href=\"https:\/\/studia-wroclaw.pl\/en\/author\/katarzynaciesielska\/\">Katarzyna Ciesielska<\/a><\/span><span>2026-07-03<\/span><span> <a href=\"https:\/\/studia-wroclaw.pl\/en\/category\/bez-kategorii\/\">Uncategorized<\/a>, <a href=\"https:\/\/studia-wroclaw.pl\/en\/category\/studenci-wydzial-psychologii\/\">Psychology students<\/a><\/span><span><a href=\"https:\/\/studia-wroclaw.pl\/en\/trauma-psychiczna-i-jej-nastepstwa-ptsd-i-cptsd-w-ujeciu-wspolczesnym-cz-3-zapraszamy\/#respond\">0 comments<\/a><\/span><\/div><h2 class=\"blogpost_title\"><a href=\"https:\/\/studia-wroclaw.pl\/en\/trauma-psychiczna-i-jej-nastepstwa-ptsd-i-cptsd-w-ujeciu-wspolczesnym-cz-3-zapraszamy\/\">Trauma psychiczna i jej nast\u0119pstwa: PTSD i cPTSD w uj\u0119ciu wsp\u00f3\u0142czesnym cz. 3. Zapraszamy!<\/a><\/h2>\nWydarzenie poprowadzi mgr Anna Mierzy\u0144ska\u00a0\u2013 psycholo\u017cka, psychotraumatolo\u017cka oraz nauczycielka akademicka, specjalizuj\u0105ca si\u0119 w pracy z osobami po do\u015bwiadczeniach traumy i zaburze\u0144 zwi\u0105zanych ze stresem. \u0141\u0105czy podej\u015bcie kliniczne z aktualn\u0105 wiedz\u0105 naukow\u0105, koncentruj\u0105c si\u0119 na wspieraniu proces\u00f3w zdrowienia, regulacji emocjonalnej oraz odbudowie poczucia bezpiecze\u0144stwa. Jest r\u00f3wnie\u017c...<div class=\"clear post_clear\"><\/div><a href=\"https:\/\/studia-wroclaw.pl\/en\/trauma-psychiczna-i-jej-nastepstwa-ptsd-i-cptsd-w-ujeciu-wspolczesnym-cz-3-zapraszamy\/\" class=\"learn_more\">Read More<span><\/span><\/a><div class=\"post_info\">\r\n                                <\/div>\r\n                                <div class=\"clear\"><\/div>\r\n                            <\/div>\r\n\t\t\t\t\t\t<\/div>\r\n\t\t\t\t\t<\/div>\r\n\t\t\t\t\t\r\n\t\t\t\t\t<div class=\"blog_post_preview  format-standard\">\r\n                        <div class=\"item_wrapper\">\r\n                            <div class=\"blog_content\"><div class=\"listing_meta\"><span>by <a href=\"https:\/\/studia-wroclaw.pl\/en\/author\/katarzynaciesielska\/\">Katarzyna Ciesielska<\/a><\/span><span>2026-07-02<\/span><span> <a href=\"https:\/\/studia-wroclaw.pl\/en\/category\/bez-kategorii\/\">Uncategorized<\/a>, <a href=\"https:\/\/studia-wroclaw.pl\/en\/category\/dla-studenta\/\">For a student<\/a>, <a href=\"https:\/\/studia-wroclaw.pl\/en\/category\/studenci-wydzial-psychologii\/\">Psychology students<\/a><\/span><span><a href=\"https:\/\/studia-wroclaw.pl\/en\/dwa-warsztaty-jeden-dzien-nie-moze-was-zabraknac\/#respond\">0 comments<\/a><\/span><\/div><h2 class=\"blogpost_title\"><i class=\"fa fa-thumb-tack\"><\/i><a href=\"https:\/\/studia-wroclaw.pl\/en\/dwa-warsztaty-jeden-dzien-nie-moze-was-zabraknac\/\">Dwa warsztaty, jeden dzie\u0144 &#8211; nie mo\u017ce Was zabrakn\u0105\u0107!<\/a><\/h2>\nDrodzy Studenci Wydzia\u0142u Psychologii WSKZ!\u00a0Serdecznie zapraszamy na dwa bezp\u0142atne warsztaty organizowane w ramach dzia\u0142alno\u015bci Ko\u0142a Psychofizjologii WSKZ, kt\u00f3re odb\u0119d\u0105 si\u0119 17 lipca (pi\u0105tek) w Sky Tower, sala 7.6Harmonogram:\n\n\n\n14:00\u201316:00&#8220;Profilaktyka HIV\/AIDS, STI oraz uzale\u017cnie\u0144 od substancji psychoaktywnych\u201d. Warsztaty poprowadzi Marek Lecko. \n\n\n\nProwadz\u0105cy opowie o:&#8211;...<div class=\"clear post_clear\"><\/div><a href=\"https:\/\/studia-wroclaw.pl\/en\/dwa-warsztaty-jeden-dzien-nie-moze-was-zabraknac\/\" class=\"learn_more\">Read More<span><\/span><\/a><div class=\"post_info\">\r\n                                <\/div>\r\n                                <div class=\"clear\"><\/div>\r\n                            <\/div>\r\n\t\t\t\t\t\t<\/div>\r\n\t\t\t\t\t<\/div>\r\n\t\t\t\t\t\r\n\t\t\t\t\t<div class=\"blog_post_preview  format-standard\">\r\n                        <div class=\"item_wrapper\">\r\n                            <div class=\"blog_content\"><div class=\"listing_meta\"><span>by <a href=\"https:\/\/studia-wroclaw.pl\/en\/author\/katarzynaciesielska\/\">Katarzyna Ciesielska<\/a><\/span><span>2026-06-30<\/span><span> <a href=\"https:\/\/studia-wroclaw.pl\/en\/category\/bez-kategorii\/\">Uncategorized<\/a>, <a href=\"https:\/\/studia-wroclaw.pl\/en\/category\/dla-studenta\/\">For a student<\/a>, <a href=\"https:\/\/studia-wroclaw.pl\/en\/category\/studenci-wydzial-psychologii\/\">Psychology students<\/a><\/span><span><a href=\"https:\/\/studia-wroclaw.pl\/en\/debata-miedzy-nauka-a-przekonaniem-tu-nie-bylo-pytan-bez-odpowiedzi\/#respond\">0 comments<\/a><\/span><\/div><h2 class=\"blogpost_title\"><a href=\"https:\/\/studia-wroclaw.pl\/en\/debata-miedzy-nauka-a-przekonaniem-tu-nie-bylo-pytan-bez-odpowiedzi\/\">Debata &#8220;Mi\u0119dzy nauk\u0105 a przekonaniem&#8221; \u2013 tu nie by\u0142o pyta\u0144 bez odpowiedzi<\/a><\/h2>\nDebata online by\u0142a merytoryczn\u0105 konfrontacj\u0105 popularnych przekona\u0144 zdrowotnych z aktualn\u0105 wiedz\u0105 medyczn\u0105 opart\u0105 na dowodach \u2014 EBM, Evidence-Based Medicine. Spotkanie poprowadzi\u0142a Ewa Siwiec. Celem nie by\u0142o wydawanie wyrok\u00f3w, lecz rzetelna dyskusja, w kt\u00f3rej decyduj\u0105 argumenty i dowody naukowe, a nie mody czy uproszczone opinie influencer\u00f3w.\n\n\n\nG\u0142os ekspertek\n\n\n\nDo udzia\u0142u w debacie...<div class=\"clear post_clear\"><\/div><a href=\"https:\/\/studia-wroclaw.pl\/en\/debata-miedzy-nauka-a-przekonaniem-tu-nie-bylo-pytan-bez-odpowiedzi\/\" class=\"learn_more\">Read More<span><\/span><\/a><div class=\"post_info\">\r\n                                <\/div>\r\n                                <div class=\"clear\"><\/div>\r\n                            <\/div>\r\n\t\t\t\t\t\t<\/div>\r\n\t\t\t\t\t<\/div>\r\n\t\t\t\t\t\r\n\t\t\t\t\t<div class=\"blog_post_preview  format-standard\">\r\n                        <div class=\"item_wrapper\">\r\n                            <div class=\"blog_content\"><div class=\"listing_meta\"><span>by <a href=\"https:\/\/studia-wroclaw.pl\/en\/author\/katarzynaciesielska\/\">Katarzyna Ciesielska<\/a><\/span><span>2026-06-30<\/span><span> <a href=\"https:\/\/studia-wroclaw.pl\/en\/category\/dla-studenta\/\">For a student<\/a>, <a href=\"https:\/\/studia-wroclaw.pl\/en\/category\/studenci-wydzial-psychologii\/\">Psychology students<\/a><\/span><span><a href=\"https:\/\/studia-wroclaw.pl\/en\/psychologia-i-co-dalej-alternatywne-sciezki-kariery\/#respond\">0 comments<\/a><\/span><\/div><h2 class=\"blogpost_title\"><a href=\"https:\/\/studia-wroclaw.pl\/en\/psychologia-i-co-dalej-alternatywne-sciezki-kariery\/\">Psychologia \u2013 i co dalej? Alternatywne \u015bcie\u017cki kariery<\/a><\/h2>\nStudia psychologiczne otwieraj\u0105 wiele mo\u017cliwo\u015bci zawodowych \u2013 nie tylko tych najbardziej oczywistych. Jak wykorzysta\u0107 potencja\u0142 swoich studi\u00f3w? Jakie \u015bcie\u017cki rozwoju warto rozwa\u017cy\u0107? I jak zdobywa\u0107 do\u015bwiadczenie, kt\u00f3re naprawd\u0119 zaprocentuje na rynku pracy? O tym ju\u017c w najbli\u017csz\u0105 \u015brod\u0119. \n\n\n\nZapraszamy na spotkanie online \u201ePsychologia \u2013 i co dalej? Alternatywne \u015bcie\u017cki kariery\u201d, kt\u00f3re odb\u0119dzie...<div class=\"clear post_clear\"><\/div><a href=\"https:\/\/studia-wroclaw.pl\/en\/psychologia-i-co-dalej-alternatywne-sciezki-kariery\/\" class=\"learn_more\">Read More<span><\/span><\/a><div class=\"post_info\">\r\n                                <\/div>\r\n                                <div class=\"clear\"><\/div>\r\n                            <\/div>\r\n\t\t\t\t\t\t<\/div>\r\n\t\t\t\t\t<\/div>\r\n\t\t\t\t\t\r\n\t\t\t\t\t<div class=\"blog_post_preview  format-standard\">\r\n                        <div class=\"item_wrapper\">\r\n                            <div class=\"blog_content\"><div class=\"listing_meta\"><span>by <a href=\"https:\/\/studia-wroclaw.pl\/en\/author\/katarzynaciesielska\/\">Katarzyna Ciesielska<\/a><\/span><span>2026-06-26<\/span><span> <a href=\"https:\/\/studia-wroclaw.pl\/en\/category\/dla-studenta\/\">For a student<\/a>, <a href=\"https:\/\/studia-wroclaw.pl\/en\/category\/studenci-wydzial-psychologii\/\">Psychology students<\/a><\/span><span><a href=\"https:\/\/studia-wroclaw.pl\/en\/zapraszamy-na-spotkanie-z-wladzami-wydzialu-psychologii-wskz-w-sprawie-zasad-dyplomowania-juz-w-poniedzialek\/#respond\">0 comments<\/a><\/span><\/div><h2 class=\"blogpost_title\"><a href=\"https:\/\/studia-wroclaw.pl\/en\/zapraszamy-na-spotkanie-z-wladzami-wydzialu-psychologii-wskz-w-sprawie-zasad-dyplomowania-juz-w-poniedzialek\/\">Zapraszamy na spotkanie z W\u0142adzami Wydzia\u0142u Psychologii WSKZ w sprawie zasad dyplomowania \u2013 ju\u017c w poniedzia\u0142ek!<\/a><\/h2>\nDrodzy Studenci V semestru!\n\n\n\n\n\n\n\nZapraszamy na spotkanie z W\u0142adzami Wydzia\u0142u Psychologii WSKZ w sprawie zasad dyplomowania.\n\n\n\nDziekan przeprasza wszystkich Student\u00f3w za problemy techniczne, kt\u00f3re mia\u0142y miejsce podczas ostatniego spotkania.\n\n\n\nJu\u017c w najbli\u017cszy poniedzia\u0142ek 29 czerwca o godzinie 19.00 spotkanie odb\u0119dzie si\u0119 ponownie.\n\n\n\n\n\n\n\nLink do spotkania:...<div class=\"clear post_clear\"><\/div><a href=\"https:\/\/studia-wroclaw.pl\/en\/zapraszamy-na-spotkanie-z-wladzami-wydzialu-psychologii-wskz-w-sprawie-zasad-dyplomowania-juz-w-poniedzialek\/\" class=\"learn_more\">Read More<span><\/span><\/a><div class=\"post_info\">\r\n                                <\/div>\r\n                                <div class=\"clear\"><\/div>\r\n                            <\/div>\r\n\t\t\t\t\t\t<\/div>\r\n\t\t\t\t\t<\/div>\r\n\t\t\t\t\t\r\n\t\t\t\t\t<div class=\"blog_post_preview  format-standard\">\r\n                        <div class=\"item_wrapper\">\r\n                            <div class=\"blog_content\"><div class=\"listing_meta\"><span>by <a href=\"https:\/\/studia-wroclaw.pl\/en\/author\/sylwia-ksiazek\/\">Sylwia Ksi\u0105\u017cek<\/a><\/span><span>2026-06-23<\/span><span> <a href=\"https:\/\/studia-wroclaw.pl\/en\/category\/aktualnosci\/\">News<\/a>, <a href=\"https:\/\/studia-wroclaw.pl\/en\/category\/studenci-wydzial-nsit\/\">Students - Faculty of NSiT<\/a>, <a href=\"https:\/\/studia-wroclaw.pl\/en\/category\/studenci-wydzial-psychologii\/\">Psychology students<\/a>, <a href=\"https:\/\/studia-wroclaw.pl\/en\/category\/wspolpraca-spoleczno-gospodarcza\/\">Socio-economic cooperation<\/a><\/span><span><a href=\"https:\/\/studia-wroclaw.pl\/en\/nowoczesne-dokumenty-aplikacyjne\/#respond\">0 comments<\/a><\/span><\/div><h2 class=\"blogpost_title\"><a href=\"https:\/\/studia-wroclaw.pl\/en\/nowoczesne-dokumenty-aplikacyjne\/\">Nowoczesne dokumenty aplikacyjne (CV, portfolio) oraz wykorzystanie AI w procesie rekrutacji<\/a><\/h2>\nJak stworzy\u0107 CV, kt\u00f3re przyci\u0105gnie uwag\u0119 rekrutera? Jak przygotowa\u0107 portfolio zawodowe i m\u0105drze wykorzysta\u0107 sztuczn\u0105 inteligencj\u0119 podczas poszukiwania pracy?\n\n\n\nCentrum Rozwoju i Wsparcia Student\u00f3w zaprasza student\u00f3w oraz osoby rozpoczynaj\u0105ce swoj\u0105 drog\u0119 zawodow\u0105 na praktyczny warsztat online po\u015bwi\u0119cony tworzeniu nowoczesnych dokument\u00f3w aplikacyjnych i \u015bwiadomemu wykorzystaniu narz\u0119dzi AI w...<div class=\"clear post_clear\"><\/div><a href=\"https:\/\/studia-wroclaw.pl\/en\/nowoczesne-dokumenty-aplikacyjne\/\" class=\"learn_more\">Read More<span><\/span><\/a><div class=\"post_info\">\r\n                                <\/div>\r\n                                <div class=\"clear\"><\/div>\r\n                            <\/div>\r\n\t\t\t\t\t\t<\/div>\r\n\t\t\t\t\t<\/div>\r\n\t\t\t\t\t\r\n\t\t\t\t\t<div class=\"blog_post_preview  format-standard\">\r\n                        <div class=\"item_wrapper\">\r\n                            <div class=\"blog_content\"><div class=\"listing_meta\"><span>by <a href=\"https:\/\/studia-wroclaw.pl\/en\/author\/katarzynaciesielska\/\">Katarzyna Ciesielska<\/a><\/span><span>2026-06-22<\/span><span> <a href=\"https:\/\/studia-wroclaw.pl\/en\/category\/studenci-wydzial-psychologii\/\">Psychology students<\/a><\/span><span><a href=\"https:\/\/studia-wroclaw.pl\/en\/zaproszenie-na-debate-online-miedzy-nauka-a-przekonaniem-emocji-nie-zabraknie-gwarantujemy\/#respond\">0 comments<\/a><\/span><\/div><h2 class=\"blogpost_title\"><a href=\"https:\/\/studia-wroclaw.pl\/en\/zaproszenie-na-debate-online-miedzy-nauka-a-przekonaniem-emocji-nie-zabraknie-gwarantujemy\/\">Zaproszenie na debat\u0119 online \u201eMi\u0119dzy nauk\u0105 a przekonaniem\u201d. Emocji nie zabraknie &#8211; gwarantujemy!<\/a><\/h2>\nZapraszamy student\u00f3w do udzia\u0142u w debacie online \u201eMi\u0119dzy nauk\u0105 a przekonaniem\u201d, po\u015bwi\u0119conej jednemu z najwa\u017cniejszych wyzwa\u0144 wsp\u00f3\u0142czesnej przestrzeni informacyjnej \u2013 odr\u00f3\u017cnianiu wiedzy opartej na dowodach naukowych od przekona\u0144 i uproszczonych przekaz\u00f3w dotycz\u0105cych zdrowia.\n\n\n\n\n\n\n\nMedia spo\u0142eczno\u015bciowe sta\u0142y si\u0119 miejscem, w kt\u00f3rym ka\u017cdego dnia pojawiaj\u0105 si\u0119 liczne informacje na temat...<div class=\"clear post_clear\"><\/div><a href=\"https:\/\/studia-wroclaw.pl\/en\/zaproszenie-na-debate-online-miedzy-nauka-a-przekonaniem-emocji-nie-zabraknie-gwarantujemy\/\" class=\"learn_more\">Read More<span><\/span><\/a><div class=\"post_info\">\r\n                                <\/div>\r\n                                <div class=\"clear\"><\/div>\r\n                            <\/div>\r\n\t\t\t\t\t\t<\/div>\r\n\t\t\t\t\t<\/div>\r\n\t\t\t\t\t<ul class=\"pagerblock\"><li><a href='https:\/\/studia-wroclaw.pl\/en\/wp-json\/wp\/v2\/pages\/9012\/' class='current'>1<\/a><\/li><li><a href='https:\/\/studia-wroclaw.pl\/en\/wp-json\/wp\/v2\/pages\/9012\/page\/2\/'>2<\/a><\/li><li><a href='https:\/\/studia-wroclaw.pl\/en\/wp-json\/wp\/v2\/pages\/9012\/page\/3\/'>3<\/a><\/li><li class=\"next_page\"><a href=\"https:\/\/studia-wroclaw.pl\/en\/wp-json\/wp\/v2\/pages\/9012\/page\/2\/\"><i class=\"fa fa-angle-right\"><\/i><\/a><\/li><\/ul>    <\/div>\r\n<\/div>\r\n<\/div><\/div><div class=\"vc_tta-panel\" id=\"wnsit\" data-vc-content=\".vc_tta-panel-body\"><div class=\"vc_tta-panel-heading\"><h4 class=\"vc_tta-panel-title\"><a href=\"#wnsit\" data-vc-accordion data-vc-container=\".vc_tta-container\"><span class=\"vc_tta-title-text\">Department of Social Sciences and Engineering<\/span><\/a><\/h4><\/div><div class=\"vc_tta-panel-body\"><div class=\"vc_row\">\r\n    <div class=\"vc_col-sm-12 gt3_module_blog   items1\">\r\n\r\n        \r\n\t\t\t\t\t<div class=\"blog_post_preview  format-standard\">\r\n                        <div class=\"item_wrapper\">\r\n                            <div class=\"blog_content\"><h2 class=\"blogpost_title\"><a href=\"https:\/\/studia-wroclaw.pl\/en\/studenci-wskz-rozwijali-kompetencje-przyszlosci\/\">Od tremy do pewno\u015bci siebie \u2013 studenci WSKZ rozwijali kompetencje przysz\u0142o\u015bci<\/a><\/h2>\nTrema ust\u0105pi\u0142a miejsca pewno\u015bci siebie.&nbsp;Tak w skr\u00f3cie mo\u017cna podsumowa\u0107 warsztaty&nbsp;\u201eOd Tremy do Pewno\u015bci Siebie \u2013 Jak Skutecznie Wyst\u0119powa\u0107 Publicznie\u201d, kt\u00f3re odby\u0142y si\u0119 17 lipca na 7. pi\u0119trze wroc\u0142awskiego SKY TOWER.\n\n\n\nW wydarzeniu uczestniczyli studenci, kt\u00f3rych po\u0142\u0105czy\u0142a potrzeba rozwijania jednej z najwa\u017cniejszych kompetencji XXI wieku \u2013 skutecznej komunikacji i swobody wyst\u0105pie\u0144...<div class=\"clear post_clear\"><\/div><a href=\"https:\/\/studia-wroclaw.pl\/en\/studenci-wskz-rozwijali-kompetencje-przyszlosci\/\" class=\"learn_more\">Read More<span><\/span><\/a><div class=\"post_info\">\r\n                                <\/div>\r\n                                <div class=\"clear\"><\/div>\r\n                            <\/div>\r\n\t\t\t\t\t\t<\/div>\r\n\t\t\t\t\t<\/div>\r\n\t\t\t\t\t\r\n\t\t\t\t\t<div class=\"blog_post_preview  format-standard\">\r\n                        <div class=\"item_wrapper\">\r\n                            <div class=\"blog_content\"><h2 class=\"blogpost_title\"><a href=\"https:\/\/studia-wroclaw.pl\/en\/rywalizacja-usa-chiny-dyskusja-ekspercka\/\">Rywalizacja USA\u2013Chiny \u2013 dyskusja ekspercka<\/a><\/h2>\nKo\u0142o Naukowe GeoPolitica&nbsp;zaprasza na dyskusj\u0119 eksperck\u0105 po\u015bwi\u0119con\u0105 rywalizacji Stan\u00f3w Zjednoczonych i Chi\u0144skiej Republiki Ludowej oraz jej wp\u0142ywowi na wsp\u00f3\u0142czesny \u0142ad mi\u0119dzynarodowy.\n\n\n\n\ud83d\udcc5&nbsp;Termin:&nbsp;24 lipca 2026 r. (pi\u0105tek), godz. 17:30\ud83d\udccd&nbsp;Miejsce:&nbsp;Cafe R\u00f3wnik, ul. Jedno\u015bci Narodowej 47\n\n\n\nPodczas spotkania poruszone zostan\u0105 zagadnienia zwi\u0105zane z geopolityczn\u0105...<div class=\"clear post_clear\"><\/div><a href=\"https:\/\/studia-wroclaw.pl\/en\/rywalizacja-usa-chiny-dyskusja-ekspercka\/\" class=\"learn_more\">Read More<span><\/span><\/a><div class=\"post_info\">\r\n                                <\/div>\r\n                                <div class=\"clear\"><\/div>\r\n                            <\/div>\r\n\t\t\t\t\t\t<\/div>\r\n\t\t\t\t\t<\/div>\r\n\t\t\t\t\t\r\n\t\t\t\t\t<div class=\"blog_post_preview  format-standard\">\r\n                        <div class=\"item_wrapper\">\r\n                            <div class=\"blog_content\"><h2 class=\"blogpost_title\"><a href=\"https:\/\/studia-wroclaw.pl\/en\/nowoczesne-dokumenty-aplikacyjne\/\">Nowoczesne dokumenty aplikacyjne (CV, portfolio) oraz wykorzystanie AI w procesie rekrutacji<\/a><\/h2>\nJak stworzy\u0107 CV, kt\u00f3re przyci\u0105gnie uwag\u0119 rekrutera? Jak przygotowa\u0107 portfolio zawodowe i m\u0105drze wykorzysta\u0107 sztuczn\u0105 inteligencj\u0119 podczas poszukiwania pracy?\n\n\n\nCentrum Rozwoju i Wsparcia Student\u00f3w zaprasza student\u00f3w oraz osoby rozpoczynaj\u0105ce swoj\u0105 drog\u0119 zawodow\u0105 na praktyczny warsztat online po\u015bwi\u0119cony tworzeniu nowoczesnych dokument\u00f3w aplikacyjnych i \u015bwiadomemu wykorzystaniu narz\u0119dzi AI w...<div class=\"clear post_clear\"><\/div><a href=\"https:\/\/studia-wroclaw.pl\/en\/nowoczesne-dokumenty-aplikacyjne\/\" class=\"learn_more\">Read More<span><\/span><\/a><div class=\"post_info\">\r\n                                <\/div>\r\n                                <div class=\"clear\"><\/div>\r\n                            <\/div>\r\n\t\t\t\t\t\t<\/div>\r\n\t\t\t\t\t<\/div>\r\n\t\t\t\t\t\r\n\t\t\t\t\t<div class=\"blog_post_preview  format-standard\">\r\n                        <div class=\"item_wrapper\">\r\n                            <div class=\"blog_content\"><h2 class=\"blogpost_title\"><a href=\"https:\/\/studia-wroclaw.pl\/en\/instytut-zarzadzania-i-nauk-o-jakosci-rozwija-kompetencje-kadry-w-obszarze-ai\/\">Instytut Zarz\u0105dzania i Nauk o Jako\u015bci rozwija kompetencje kadry w obszarze AI<\/a><\/h2>\n\n\n\n\n\n\n\n\nW dniach 24\u201325 maja 2026 r. pracownicy akademiccy zwi\u0105zani z Instytutem Zarz\u0105dzania i Nauk o Jako\u015bci uczestniczyli w dw\u00f3ch seminariach po\u015bwi\u0119conych wykorzystaniu sztucznej inteligencji w szkolnictwie wy\u017cszym. Spotkania odby\u0142y si\u0119 w Sky Tower we Wroc\u0142awiu i poprowadzi\u0142a je Nicole Aleksander \u2013 ekspertka w obszarze marketingu, innowacji i transformacji cyfrowej organizacji.\n\n\n\nNicole...<div class=\"clear post_clear\"><\/div><a href=\"https:\/\/studia-wroclaw.pl\/en\/instytut-zarzadzania-i-nauk-o-jakosci-rozwija-kompetencje-kadry-w-obszarze-ai\/\" class=\"learn_more\">Read More<span><\/span><\/a><div class=\"post_info\">\r\n                                <\/div>\r\n                                <div class=\"clear\"><\/div>\r\n                            <\/div>\r\n\t\t\t\t\t\t<\/div>\r\n\t\t\t\t\t<\/div>\r\n\t\t\t\t\t\r\n\t\t\t\t\t<div class=\"blog_post_preview  format-standard\">\r\n                        <div class=\"item_wrapper\">\r\n                            <div class=\"blog_content\"><h2 class=\"blogpost_title\"><a href=\"https:\/\/studia-wroclaw.pl\/en\/instytut-zarzadzania-i-nauk-o-jakosci-wspiera-mlodziez-z-mow-w-olawie-pierwsza-edycja-warsztatow-za-nami\/\">Instytut Zarz\u0105dzania i Nauk o Jako\u015bci wspiera m\u0142odzie\u017c z MOW w O\u0142awie \u2013 pierwsza edycja warsztat\u00f3w za nami<\/a><\/h2>\nPierwsza edycja warsztat\u00f3w dla podopiecznych MOW w O\u0142awie za nami\n\n\n\n27 marca 2026 r. odby\u0142o si\u0119 spotkanie inauguruj\u0105ce cykl warsztat\u00f3w edukacyjno-rozwojowych realizowanych przez Instytut Zarz\u0105dzania i Nauk o Jako\u015bci, WSKZ we wsp\u00f3\u0142pracy z M\u0142odzie\u017cowym O\u015brodkiem Wychowawczym w O\u0142awie. Projekt, zainicjowany przez dr Marik\u0119 Szyma\u0144sk\u0105, Dyrektor Instytutu Zarz\u0105dzania i Nauk o Jako\u015bci WSKZ, ma na...<div class=\"clear post_clear\"><\/div><a href=\"https:\/\/studia-wroclaw.pl\/en\/instytut-zarzadzania-i-nauk-o-jakosci-wspiera-mlodziez-z-mow-w-olawie-pierwsza-edycja-warsztatow-za-nami\/\" class=\"learn_more\">Read More<span><\/span><\/a><div class=\"post_info\">\r\n                                <\/div>\r\n                                <div class=\"clear\"><\/div>\r\n                            <\/div>\r\n\t\t\t\t\t\t<\/div>\r\n\t\t\t\t\t<\/div>\r\n\t\t\t\t\t\r\n\t\t\t\t\t<div class=\"blog_post_preview  format-standard\">\r\n                        <div class=\"item_wrapper\">\r\n                            <div class=\"blog_content\"><h2 class=\"blogpost_title\"><a href=\"https:\/\/studia-wroclaw.pl\/en\/spotkanie-autorskie-instytutu-zarzadzania-i-nauk-o-jakosci-wskz\/\">Spotkanie autorskie Instytutu Zarz\u0105dzania i Nauk o Jako\u015bci WSKZ<\/a><\/h2>\nW dniu 14 czerwca 2026 r. w Sky Tower we Wroc\u0142awiu odby\u0142o si\u0119 spotkanie autorskie z dr. hab. Krzysztofem Safinem, prof. WSKZ, kierownikiem Centrum Rozwoju Przedsi\u0119biorczo\u015bci WSKZ, zorganizowane z inicjatywy Instytutu Zarz\u0105dzania i Nauk o Jako\u015bci WSKZ.\n\n\n\n\n\n\n\nSpotkanie zosta\u0142o po\u015bwi\u0119cone ksi\u0105\u017cce \u201eModele biznesu przedsi\u0119biorstw rodzinnych. Rodzina jako zas\u00f3b strategiczny na r\u00f3\u017cnych etapach...<div class=\"clear post_clear\"><\/div><a href=\"https:\/\/studia-wroclaw.pl\/en\/spotkanie-autorskie-instytutu-zarzadzania-i-nauk-o-jakosci-wskz\/\" class=\"learn_more\">Read More<span><\/span><\/a><div class=\"post_info\">\r\n                                <\/div>\r\n                                <div class=\"clear\"><\/div>\r\n                            <\/div>\r\n\t\t\t\t\t\t<\/div>\r\n\t\t\t\t\t<\/div>\r\n\t\t\t\t\t\r\n\t\t\t\t\t<div class=\"blog_post_preview  format-standard\">\r\n                        <div class=\"item_wrapper\">\r\n                            <div class=\"blog_content\"><h2 class=\"blogpost_title\"><a href=\"https:\/\/studia-wroclaw.pl\/en\/przyszlosc-firm-rodzinnych-oczami-mlodego-pokolenia-instytut-zarzadzania-i-nauk-o-jakosci\/\">Przysz\u0142o\u015b\u0107 firm rodzinnych oczami m\u0142odego pokolenia. Instytut Zarz\u0105dzania i Nauk o Jako\u015bci.<\/a><\/h2>\nWnioski z konferencji Forum Biznesu Rodzinnego Instytutu Zarz\u0105dzania i Nauk o Jako\u015bci WSKZ.\n\n\n\n13 czerwca 2026 roku we Wroc\u0142awiu odby\u0142a si\u0119 konferencja \u201eNowe pokolenia w firmach rodzinnych \u2013 kariery, szanse i wyzwania\u201d, inauguruj\u0105ca dzia\u0142alno\u015b\u0107 Forum Biznesu Rodzinnego WSKZ. Wydarzenie zgromadzi\u0142o przedsi\u0119biorc\u00f3w, przedstawicieli \u015brodowiska akademickiego, student\u00f3w oraz osoby zainteresowane...<div class=\"clear post_clear\"><\/div><a href=\"https:\/\/studia-wroclaw.pl\/en\/przyszlosc-firm-rodzinnych-oczami-mlodego-pokolenia-instytut-zarzadzania-i-nauk-o-jakosci\/\" class=\"learn_more\">Read More<span><\/span><\/a><div class=\"post_info\">\r\n                                <\/div>\r\n                                <div class=\"clear\"><\/div>\r\n                            <\/div>\r\n\t\t\t\t\t\t<\/div>\r\n\t\t\t\t\t<\/div>\r\n\t\t\t\t\t\r\n\t\t\t\t\t<div class=\"blog_post_preview  format-standard\">\r\n                        <div class=\"item_wrapper\">\r\n                            <div class=\"blog_content\"><h2 class=\"blogpost_title\"><a href=\"https:\/\/studia-wroclaw.pl\/en\/jak-budowac-odpornosc-psychiczna-w-swiecie-przeciazenia-i-niepewnosci\/\">Jak budowa\u0107 odporno\u015b\u0107 psychiczn\u0105 w \u015bwiecie przeci\u0105\u017cenia i niepewno\u015bci? Techniki radzenia sobie ze stresem<\/a><\/h2>\nCentrum Rozwoju i Wsparcia Student\u00f3w WSKZ zaprasza na warsztat:\n\n\n\n\ud83d\udcc5 Termin: 22 czerwca 2026\ud83d\udd55 Godzina: 17:30\ud83d\udcbb Forma: warsztat onlineLink do rozmowy wideo: https:\/\/meet.google.com\/aqw-xbor-yss(Opcjonalnie) Do\u0142\u0105cz przez telefon: \u202a(PL) +48 22 163 92 90\u202c, PIN: \u202a246 593 051\u202c#Dodatkowe numery telefon\u00f3w: https:\/\/tel.meet\/aqw-xbor-yss?pin=1856734438364\u23f1\ufe0f Czas trwania: 90 minut\n\n\n\n\u015awiat zmienia si\u0119...<div class=\"clear post_clear\"><\/div><a href=\"https:\/\/studia-wroclaw.pl\/en\/jak-budowac-odpornosc-psychiczna-w-swiecie-przeciazenia-i-niepewnosci\/\" class=\"learn_more\">Read More<span><\/span><\/a><div class=\"post_info\">\r\n                                <\/div>\r\n                                <div class=\"clear\"><\/div>\r\n                            <\/div>\r\n\t\t\t\t\t\t<\/div>\r\n\t\t\t\t\t<\/div>\r\n\t\t\t\t\t\r\n\t\t\t\t\t<div class=\"blog_post_preview  format-standard\">\r\n                        <div class=\"item_wrapper\">\r\n                            <div class=\"blog_content\"><h2 class=\"blogpost_title\"><a href=\"https:\/\/studia-wroclaw.pl\/en\/zaprojektuj-zmiane-jak-wspolnie-tworzyc-rozwiazania-ktore-naprawde-dzialaja\/\">Zaprojektuj zmian\u0119 &#8211; jak wsp\u00f3lnie tworzy\u0107 rozwi\u0105zania, kt\u00f3re naprawd\u0119 dzia\u0142aj\u0105?\u00a0<\/a><\/h2>\nCentrum Rozwoju i Wsparcia Student\u00f3w WSKZ zaprasza na warsztat online:\n\n\n\n\ud83d\udcc5&nbsp;Termin:&nbsp;18 czerwca 2026\ud83d\udd55&nbsp;Kiedy? Godz. 18:00\ud83d\udcbb&nbsp;Forma: warsztat online\u23f1\ufe0f&nbsp;Czas trwania: 120 minut\n\n\n\nLink do rozmowy wideo: https:\/\/meet.google.com\/qwp-khje-ihx\n\n\n\n(Opcjonalnie) Do\u0142\u0105cz przez telefon: \u202a(PL) +48 22 163 91 20, PIN: \u202a655 361 500#\n\n\n\nDodatkowe numery telefon\u00f3w:...<div class=\"clear post_clear\"><\/div><a href=\"https:\/\/studia-wroclaw.pl\/en\/zaprojektuj-zmiane-jak-wspolnie-tworzyc-rozwiazania-ktore-naprawde-dzialaja\/\" class=\"learn_more\">Read More<span><\/span><\/a><div class=\"post_info\">\r\n                                <\/div>\r\n                                <div class=\"clear\"><\/div>\r\n                            <\/div>\r\n\t\t\t\t\t\t<\/div>\r\n\t\t\t\t\t<\/div>\r\n\t\t\t\t\t\r\n\t\t\t\t\t<div class=\"blog_post_preview  format-standard\">\r\n                        <div class=\"item_wrapper\">\r\n                            <div class=\"blog_content\"><h2 class=\"blogpost_title\"><a href=\"https:\/\/studia-wroclaw.pl\/en\/zaproszenie-na-spotkanie-autorskie\/\">Zaproszenie na spotkanie autorskie<\/a><\/h2>\nSzanowni Pa\u0144stwo,\n\n\n\n\n\n\n\nserdecznie zapraszamy student\u00f3w oraz pracownik\u00f3w WSKZ na spotkanie autorskie z dr. hab. Krzysztofem Safinem, prof. WSKZ, kierownikiem Centrum Rozwoju Przedsi\u0119biorczo\u015bci WSKZ, ekspertem specjalizuj\u0105cym si\u0119 w zarz\u0105dzaniu ma\u0142ymi i \u015brednimi przedsi\u0119biorstwami, przedsi\u0119biorczo\u015bci oraz funkcjonowaniu firm rodzinnych.\n\n\n\n\n\n\n\nSpotkanie odb\u0119dzie si\u0119:\n\n\n\n14 czerwca 2026 r. o...<div class=\"clear post_clear\"><\/div><a href=\"https:\/\/studia-wroclaw.pl\/en\/zaproszenie-na-spotkanie-autorskie\/\" class=\"learn_more\">Read More<span><\/span><\/a><div class=\"post_info\">\r\n                                <\/div>\r\n                                <div class=\"clear\"><\/div>\r\n                            <\/div>\r\n\t\t\t\t\t\t<\/div>\r\n\t\t\t\t\t<\/div>\r\n\t\t\t\t\t\r\n\t\t\t\t\t<div class=\"blog_post_preview  format-standard\">\r\n                        <div class=\"item_wrapper\">\r\n                            <div class=\"blog_content\"><h2 class=\"blogpost_title\"><a href=\"https:\/\/studia-wroclaw.pl\/en\/od-tremy-do-pewnosci-siebie-jak-skutecznie-wystepowac-publicznie\/\">\ud83c\udfa4\u00a0Od Tremy do Pewno\u015bci Siebie &#8211; Jak Skutecznie Wyst\u0119powa\u0107 Publicznie<\/a><\/h2>\nMasz \u015bwietne pomys\u0142y, ale stres przed wyst\u0105pieniami nie pozwala Ci ich w pe\u0142ni zaprezentowa\u0107? Chcesz m\u00f3wi\u0107 pewnie, przekonuj\u0105co i z \u0142atwo\u015bci\u0105 nawi\u0105zywa\u0107 kontakt z odbiorcami?\n\n\n\nChcesz m\u00f3wi\u0107 pewnie, przekonuj\u0105co i \u015bwiadomie budowa\u0107 sw\u00f3j wizerunek?\n\n\n\nZapraszamy student\u00f3w na praktyczne warsztaty&nbsp;\u201eOd Tremy do Pewno\u015bci Siebie \u2013 Jak Skutecznie Wyst\u0119powa\u0107 Publicznie\u201d, podczas kt\u00f3rych poznasz...<div class=\"clear post_clear\"><\/div><a href=\"https:\/\/studia-wroclaw.pl\/en\/od-tremy-do-pewnosci-siebie-jak-skutecznie-wystepowac-publicznie\/\" class=\"learn_more\">Read More<span><\/span><\/a><div class=\"post_info\">\r\n                                <\/div>\r\n                                <div class=\"clear\"><\/div>\r\n                            <\/div>\r\n\t\t\t\t\t\t<\/div>\r\n\t\t\t\t\t<\/div>\r\n\t\t\t\t\t\r\n\t\t\t\t\t<div class=\"blog_post_preview  format-standard\">\r\n                        <div class=\"item_wrapper\">\r\n                            <div class=\"blog_content\"><h2 class=\"blogpost_title\"><a href=\"https:\/\/studia-wroclaw.pl\/en\/spotkanie-autorskie-i-dyskusja-wokol-ksiazki-wladza-umyslu-przejmij-kontrole-nad-myslami-i-zmien-swoje-zycie\/\">Spotkanie autorskie i dyskusja wok\u00f3\u0142 ksi\u0105\u017cki\u00a0\u201eW\u0142adza umys\u0142u. Przejmij kontrol\u0119 nad my\u015blami i zmie\u0144 swoje \u017cycie\u201d<\/a><\/h2>\nW dniu 5 czerwca\u00a0o godzinie 18:00 w budynku\u00a0Sky Tower\u00a0we Wroc\u0142awiu (sala 7.6) odb\u0119dzie si\u0119\u00a0potkanie autorskie i dyskusja wok\u00f3\u0142 ksi\u0105\u017cki\u00a0\u201eW\u0142adza umys\u0142u. Przejmij kontrol\u0119 nad my\u015blami i zmie\u0144 swoje \u017cycie\u201d autorstwa\u00a0Cypriana Buka\u0142y.\n\n\n\nCyprian Buka\u0142a jest studentem Wy\u017cszej Szko\u0142y Kszta\u0142cenia Zawodowego, aktywnie dzia\u0142aj\u0105cym w kole naukowym Geopilityka &#8211; Ko\u0142o Naukowe My\u015bli Politycznej i...<div class=\"clear post_clear\"><\/div><a href=\"https:\/\/studia-wroclaw.pl\/en\/spotkanie-autorskie-i-dyskusja-wokol-ksiazki-wladza-umyslu-przejmij-kontrole-nad-myslami-i-zmien-swoje-zycie\/\" class=\"learn_more\">Read More<span><\/span><\/a><div class=\"post_info\">\r\n                                <\/div>\r\n                                <div class=\"clear\"><\/div>\r\n                            <\/div>\r\n\t\t\t\t\t\t<\/div>\r\n\t\t\t\t\t<\/div>\r\n\t\t\t\t\t<ul class=\"pagerblock\"><li><a href='https:\/\/studia-wroclaw.pl\/en\/wp-json\/wp\/v2\/pages\/9012\/' class='current'>1<\/a><\/li><li><a href='https:\/\/studia-wroclaw.pl\/en\/wp-json\/wp\/v2\/pages\/9012\/page\/2\/'>2<\/a><\/li><li><a href='https:\/\/studia-wroclaw.pl\/en\/wp-json\/wp\/v2\/pages\/9012\/page\/3\/'>3<\/a><\/li><li class=\"next_page\"><a href=\"https:\/\/studia-wroclaw.pl\/en\/wp-json\/wp\/v2\/pages\/9012\/page\/2\/\"><i class=\"fa fa-angle-right\"><\/i><\/a><\/li><\/ul>    <\/div>\r\n<\/div>\r\n<\/div><\/div><\/div><\/div><\/div><\/div><\/div><\/div><\/div><\/div><\/div><\/div>\n<\/div>","protected":false},"excerpt":{"rendered":"W dniu 5 czerwca\u00a0o godzinie 18:00 w budynku\u00a0Sky Tower\u00a0we Wroc\u0142awiu (sala 7.6) odb\u0119dzie si\u0119\u00a0potkanie autorskie i dyskusja wok\u00f3\u0142 ksi\u0105\u017cki\u00a0\u201eW\u0142adza umys\u0142u. Przejmij kontrol\u0119 nad my\u015blami i zmie\u0144 swoje \u017cycie\u201d autorstwa\u00a0Cypriana Buka\u0142y. Cyprian Buka\u0142a jest studentem Wy\u017cszej Szko\u0142y Kszta\u0142cenia Zawodowego, aktywnie dzia\u0142aj\u0105cym w kole naukowym Geopilityka - Ko\u0142o Naukowe My\u015bli Politycznej i Stosunk\u00f3w Mi\u0119dzynarodowych. W wieku 15 [...]","protected":false},"author":1,"featured_media":0,"parent":0,"menu_order":0,"comment_status":"closed","ping_status":"closed","template":"","meta":{"om_disable_all_campaigns":false,"footnotes":""},"class_list":["post-9012","page","type-page","status-publish","hentry"],"yoast_head":"<!-- This site is optimized with the Yoast SEO plugin v28.1 - https:\/\/yoast.com\/product\/yoast-seo-wordpress\/ -->\n<title>Aktualno\u015bci | studia-wroclaw.pl<\/title>\n<meta name=\"description\" content=\"Naj\u015bwie\u017csze informacje dotycz\u0105ce wydarze\u0144, nowych kierunk\u00f3w i specjalno\u015bci, terminy rekrutacji, wydarzenia, partnerstwa z biznesem oraz \u017cycie uczelni. Zobacz, co si\u0119 u nas dzieje, \u017ceby by\u0107 na bie\u017c\u0105co!\" \/>\n<meta name=\"robots\" content=\"index, follow, max-snippet:-1, max-image-preview:large, max-video-preview:-1\" \/>\n<link rel=\"canonical\" href=\"https:\/\/studia-wroclaw.pl\/en\/aktualnosci-dla-studentow\/\" \/>\n<meta property=\"og:locale\" content=\"en_GB\" \/>\n<meta property=\"og:type\" content=\"article\" \/>\n<meta property=\"og:title\" content=\"Aktualno\u015bci | studia-wroclaw.pl\" \/>\n<meta property=\"og:description\" content=\"Naj\u015bwie\u017csze informacje dotycz\u0105ce wydarze\u0144, nowych kierunk\u00f3w i specjalno\u015bci, terminy rekrutacji, wydarzenia, partnerstwa z biznesem oraz \u017cycie uczelni. Zobacz, co si\u0119 u nas dzieje, \u017ceby by\u0107 na bie\u017c\u0105co!\" \/>\n<meta property=\"og:url\" content=\"https:\/\/studia-wroclaw.pl\/en\/aktualnosci-dla-studentow\/\" \/>\n<meta property=\"og:site_name\" content=\"Studia Wroc\u0142aw\" \/>\n<meta property=\"article:modified_time\" content=\"2026-04-28T22:53:21+00:00\" \/>\n<meta name=\"twitter:card\" content=\"summary_large_image\" \/>\n<meta name=\"twitter:label1\" content=\"Estimated reading time\" \/>\n\t<meta name=\"twitter:data1\" content=\"1 minute\" \/>\n<script type=\"application\/ld+json\" class=\"yoast-schema-graph\">{\"@context\":\"https:\\\/\\\/schema.org\",\"@graph\":[{\"@type\":\"WebPage\",\"@id\":\"https:\\\/\\\/studia-wroclaw.pl\\\/aktualnosci-dla-studentow\\\/\",\"url\":\"https:\\\/\\\/studia-wroclaw.pl\\\/aktualnosci-dla-studentow\\\/\",\"name\":\"Aktualno\u015bci | studia-wroclaw.pl\",\"isPartOf\":{\"@id\":\"https:\\\/\\\/studia-wroclaw.pl\\\/#website\"},\"datePublished\":\"2024-11-21T08:53:00+00:00\",\"dateModified\":\"2026-04-28T22:53:21+00:00\",\"description\":\"Naj\u015bwie\u017csze informacje dotycz\u0105ce wydarze\u0144, nowych kierunk\u00f3w i specjalno\u015bci, terminy rekrutacji, wydarzenia, partnerstwa z biznesem oraz \u017cycie uczelni. Zobacz, co si\u0119 u nas dzieje, \u017ceby by\u0107 na bie\u017c\u0105co!\",\"breadcrumb\":{\"@id\":\"https:\\\/\\\/studia-wroclaw.pl\\\/aktualnosci-dla-studentow\\\/#breadcrumb\"},\"inLanguage\":\"en-GB\",\"potentialAction\":[{\"@type\":\"ReadAction\",\"target\":[\"https:\\\/\\\/studia-wroclaw.pl\\\/aktualnosci-dla-studentow\\\/\"]}]},{\"@type\":\"BreadcrumbList\",\"@id\":\"https:\\\/\\\/studia-wroclaw.pl\\\/aktualnosci-dla-studentow\\\/#breadcrumb\",\"itemListElement\":[{\"@type\":\"ListItem\",\"position\":1,\"name\":\"Strona g\u0142\u00f3wna\",\"item\":\"https:\\\/\\\/studia-wroclaw.pl\\\/\"},{\"@type\":\"ListItem\",\"position\":2,\"name\":\"Aktualno\u015bci studenckie\"}]},{\"@type\":\"WebSite\",\"@id\":\"https:\\\/\\\/studia-wroclaw.pl\\\/#website\",\"url\":\"https:\\\/\\\/studia-wroclaw.pl\\\/\",\"name\":\"Studia Wroc\u0142aw\",\"description\":\"\",\"potentialAction\":[{\"@type\":\"SearchAction\",\"target\":{\"@type\":\"EntryPoint\",\"urlTemplate\":\"https:\\\/\\\/studia-wroclaw.pl\\\/?s={search_term_string}\"},\"query-input\":{\"@type\":\"PropertyValueSpecification\",\"valueRequired\":true,\"valueName\":\"search_term_string\"}}],\"inLanguage\":\"en-GB\"}]}<\/script>\n<!-- \/ Yoast SEO plugin. -->","yoast_head_json":{"title":"News | studia-wroclaw.pl","description":"The latest news on events, new courses and specialisms, recruitment deadlines, events, business partnerships, and university life. See what's happening with us to stay up to date!","robots":{"index":"index","follow":"follow","max-snippet":"max-snippet:-1","max-image-preview":"max-image-preview:large","max-video-preview":"max-video-preview:-1"},"canonical":"https:\/\/studia-wroclaw.pl\/en\/aktualnosci-dla-studentow\/","og_locale":"en_GB","og_type":"article","og_title":"Aktualno\u015bci | studia-wroclaw.pl","og_description":"Naj\u015bwie\u017csze informacje dotycz\u0105ce wydarze\u0144, nowych kierunk\u00f3w i specjalno\u015bci, terminy rekrutacji, wydarzenia, partnerstwa z biznesem oraz \u017cycie uczelni. Zobacz, co si\u0119 u nas dzieje, \u017ceby by\u0107 na bie\u017c\u0105co!","og_url":"https:\/\/studia-wroclaw.pl\/en\/aktualnosci-dla-studentow\/","og_site_name":"Studia Wroc\u0142aw","article_modified_time":"2026-04-28T22:53:21+00:00","twitter_card":"summary_large_image","twitter_misc":{"Estimated reading time":"1 minute"},"schema":{"@context":"https:\/\/schema.org","@graph":[{"@type":"WebPage","@id":"https:\/\/studia-wroclaw.pl\/aktualnosci-dla-studentow\/","url":"https:\/\/studia-wroclaw.pl\/aktualnosci-dla-studentow\/","name":"News | studia-wroclaw.pl","isPartOf":{"@id":"https:\/\/studia-wroclaw.pl\/#website"},"datePublished":"2024-11-21T08:53:00+00:00","dateModified":"2026-04-28T22:53:21+00:00","description":"The latest news on events, new courses and specialisms, recruitment deadlines, events, business partnerships, and university life. See what's happening with us to stay up to date!","breadcrumb":{"@id":"https:\/\/studia-wroclaw.pl\/aktualnosci-dla-studentow\/#breadcrumb"},"inLanguage":"en-GB","potentialAction":[{"@type":"ReadAction","target":["https:\/\/studia-wroclaw.pl\/aktualnosci-dla-studentow\/"]}]},{"@type":"BreadcrumbList","@id":"https:\/\/studia-wroclaw.pl\/aktualnosci-dla-studentow\/#breadcrumb","itemListElement":[{"@type":"ListItem","position":1,"name":"Strona g\u0142\u00f3wna","item":"https:\/\/studia-wroclaw.pl\/"},{"@type":"ListItem","position":2,"name":"Aktualno\u015bci studenckie"}]},{"@type":"WebSite","@id":"https:\/\/studia-wroclaw.pl\/#website","url":"https:\/\/studia-wroclaw.pl\/","name":"Studies Wroclaw","description":"","potentialAction":[{"@type":"SearchAction","target":{"@type":"EntryPoint","urlTemplate":"https:\/\/studia-wroclaw.pl\/?s={search_term_string}"},"query-input":{"@type":"PropertyValueSpecification","valueRequired":true,"valueName":"search_term_string"}}],"inLanguage":"en-GB"}]}},"_links":{"self":[{"href":"https:\/\/studia-wroclaw.pl\/en\/wp-json\/wp\/v2\/pages\/9012","targetHints":{"allow":["GET"]}}],"collection":[{"href":"https:\/\/studia-wroclaw.pl\/en\/wp-json\/wp\/v2\/pages"}],"about":[{"href":"https:\/\/studia-wroclaw.pl\/en\/wp-json\/wp\/v2\/types\/page"}],"author":[{"embeddable":true,"href":"https:\/\/studia-wroclaw.pl\/en\/wp-json\/wp\/v2\/users\/1"}],"replies":[{"embeddable":true,"href":"https:\/\/studia-wroclaw.pl\/en\/wp-json\/wp\/v2\/comments?post=9012"}],"version-history":[{"count":23,"href":"https:\/\/studia-wroclaw.pl\/en\/wp-json\/wp\/v2\/pages\/9012\/revisions"}],"predecessor-version":[{"id":10981,"href":"https:\/\/studia-wroclaw.pl\/en\/wp-json\/wp\/v2\/pages\/9012\/revisions\/10981"}],"wp:attachment":[{"href":"https:\/\/studia-wroclaw.pl\/en\/wp-json\/wp\/v2\/media?parent=9012"}],"curies":[{"name":"wp","href":"https:\/\/api.w.org\/{rel}","templated":true}]}}