{"id":9012,"date":"2024-11-21T09:53:00","date_gmt":"2024-11-21T08:53:00","guid":{"rendered":"https:\/\/studia-wroclaw.pl\/?page_id=9012"},"modified":"2026-04-29T00:53:21","modified_gmt":"2026-04-28T22:53:21","slug":"aktualnosci-dla-studentow","status":"publish","type":"page","link":"https:\/\/studia-wroclaw.pl\/en\/aktualnosci-dla-studentow\/","title":{"rendered":"Aktualno\u015bci studenckie"},"content":{"rendered":"<div class=\"wpb-content-wrapper\"><div class=\"\"><div class=\"container\"><div class=\"vc_row wpb_row vc_row-fluid\"><div class=\"wpb_column vc_column_container vc_col-sm-12\"><div class=\"vc_column-inner\"><div class=\"wpb_wrapper\">\n\t<div class=\"wpb_text_column wpb_content_element  vc_custom_1772033116397\" >\n\t\t<div class=\"wpb_wrapper\">\n\t\t\t<h1>Aktualno\u015bci studenckie<\/h1>\n\n\t\t<\/div>\n\t<\/div>\n<div class=\"vc_row wpb_row vc_inner vc_row-fluid vc_custom_1774355063661 vc_row-has-fill\"><div class=\"wpb_column vc_column_container vc_col-sm-12\"><div class=\"vc_column-inner\"><div class=\"wpb_wrapper\">\n\t<div class=\"wpb_text_column wpb_content_element\" >\n\t\t<div class=\"wpb_wrapper\">\n\t\t\t<h3 style=\"text-align: center;\"><strong>Wyr\u00f3\u017cnione<\/strong><\/h3>\n\n\t\t<\/div>\n\t<\/div>\n<div class=\"vc_row\">\r\n    <div class=\"vc_col-sm-12 gt3_module_blog  wpb_animate_when_almost_visible wpb_fadeIn fadeIn  items1\">\r\n\r\n        \r\n\t\t\t\t\t<div class=\"blog_post_preview  format-standard\">\r\n                        <div class=\"item_wrapper\">\r\n                            <div class=\"blog_content\"><h2 class=\"blogpost_title\"><a href=\"https:\/\/studia-wroclaw.pl\/en\/psychologia-milosci-w-centrum-uwagi-ogolnopolska-konferencja-naukowa-wskz\/\">Psychologia mi\u0142o\u015bci w centrum uwagi \u2013 og\u00f3lnopolska STUDENCKA konferencja naukowa WSKZ<\/a><\/h2>\nJu\u017c 13 czerwca 2026 roku we Wroc\u0142awiu odb\u0119dzie si\u0119 og\u00f3lnopolska konferencja naukowa \u201eWsp\u00f3\u0142czesne wyzwania psychologii mi\u0142o\u015bci\u201d. Wydarzenie zgromadzi student\u00f3w, m\u0142odych badaczy oraz uznanych naukowc\u00f3w. Stworzy przestrze\u0144 do dyskusji o jednym z najbardziej z\u0142o\u017conych i aktualnych obszar\u00f3w psychologii \u2013 relacjach romantycznych.\n\n\n\nO konferencji\n\n\n\nKonferencja \u201eWsp\u00f3\u0142czesne wyzwania psychologii...<div class=\"clear post_clear\"><\/div><a href=\"https:\/\/studia-wroclaw.pl\/en\/psychologia-milosci-w-centrum-uwagi-ogolnopolska-konferencja-naukowa-wskz\/\" class=\"learn_more\">Read More<span><\/span><\/a><div class=\"post_info\">\r\n                                <\/div>\r\n                                <div class=\"clear\"><\/div>\r\n                            <\/div>\r\n\t\t\t\t\t\t<\/div>\r\n\t\t\t\t\t<\/div>\r\n\t\t\t\t\t\r\n\t\t\t\t\t<div class=\"blog_post_preview  format-standard\">\r\n                        <div class=\"item_wrapper\">\r\n                            <div class=\"blog_content\"><h2 class=\"blogpost_title\"><a href=\"https:\/\/studia-wroclaw.pl\/en\/miedzynarodowa-publikacja-naukowa-z-okazji-21-miedzynarodowego-kongresu-kryminalistyka-i-ekspertologia-sadowa-nauka-studia-praktyka-pod-patronatem-honorowym-komendanta-glownego-p\/\">Nowa publikacja naukowa z okazji 21. Mi\u0119dzynarodowego Kongresu \u201eKryminalistyka i Ekspertologia S\u0105dowa: Nauka, Studia, Praktyka\u201d pod Patronatem Honorowym Komendanta G\u0142\u00f3wnego Policji oraz Marsza\u0142ka Wojew\u00f3dztwa Pomorskiego<\/a><\/h2>\nZ przyjemno\u015bci\u0105 informujemy, \u017ce ukaza\u0142a si\u0119 nowa publikacja naukowa pt. \u201eWsp\u00f3\u0142czesne wyzwania w kryminalistyce. Prawa cz\u0142owieka, technologie i interdyscyplinarno\u015b\u0107\u201d. Ksi\u0105\u017cka sponsorowana przez Wy\u017csz\u0105 Szko\u0142\u0119 Kszta\u0142cenia Zawodowego we Wroc\u0142awiu oraz Pomorsk\u0105 Szko\u0142\u0119 Wy\u017csz\u0105 w Starogardzie Gda\u0144skim zosta\u0142a wydana przez presti\u017cowe wydawnictwo Wolters Kluwer.\n\n\n\nDystrybucja i dost\u0119pno\u015b\u0107...<div class=\"clear post_clear\"><\/div><a href=\"https:\/\/studia-wroclaw.pl\/en\/miedzynarodowa-publikacja-naukowa-z-okazji-21-miedzynarodowego-kongresu-kryminalistyka-i-ekspertologia-sadowa-nauka-studia-praktyka-pod-patronatem-honorowym-komendanta-glownego-p\/\" class=\"learn_more\">Read More<span><\/span><\/a><div class=\"post_info\">\r\n                                <\/div>\r\n                                <div class=\"clear\"><\/div>\r\n                            <\/div>\r\n\t\t\t\t\t\t<\/div>\r\n\t\t\t\t\t<\/div>\r\n\t\t\t\t\t    <\/div>\r\n<\/div>\r\n<\/div><\/div><\/div><\/div><div class=\"vc_separator wpb_content_element vc_separator_align_center vc_sep_width_100 vc_sep_pos_align_center vc_separator_no_text vc_sep_color_grey\" ><span class=\"vc_sep_holder vc_sep_holder_l\"><span class=\"vc_sep_line\"><\/span><\/span><span class=\"vc_sep_holder vc_sep_holder_r\"><span class=\"vc_sep_line\"><\/span><\/span>\n<\/div><\/div><\/div><\/div><\/div><\/div><\/div><div class=\"\"><div class=\"container\"><div class=\"vc_row wpb_row vc_row-fluid\"><div class=\"wpb_column vc_column_container vc_col-sm-12\"><div class=\"vc_column-inner vc_custom_1774355935814\"><div class=\"wpb_wrapper\"><div class=\"vc_tta-container\" data-vc-action=\"collapse\"><div class=\"vc_general vc_tta vc_tta-tabs vc_tta-o-shape-group vc_tta-tabs-position-top vc_tta-controls-align-left\"><div class=\"vc_tta-tabs-container\"><ul class=\"vc_tta-tabs-list\"><li class=\"vc_tta-tab vc_active\" data-vc-tab><a href=\"#ogolne\" data-vc-tabs data-vc-container=\".vc_tta\"><span class=\"vc_tta-title-text\">Og\u00f3lne<\/span><\/a><\/li><li class=\"vc_tta-tab\" data-vc-tab><a href=\"#psychologia\" data-vc-tabs data-vc-container=\".vc_tta\"><span class=\"vc_tta-title-text\">Wydzia\u0142 Psychologii<\/span><\/a><\/li><li class=\"vc_tta-tab\" data-vc-tab><a href=\"#wnsit\" data-vc-tabs data-vc-container=\".vc_tta\"><span class=\"vc_tta-title-text\">Wydzia\u0142 Nauk Spo\u0142ecznych i Technicznych<\/span><\/a><\/li><\/ul><\/div><div class=\"vc_tta-panels-container\"><div class=\"vc_tta-panels\"><div class=\"vc_tta-panel vc_active\" id=\"ogolne\" data-vc-content=\".vc_tta-panel-body\"><div class=\"vc_tta-panel-heading\"><h4 class=\"vc_tta-panel-title\"><a href=\"#ogolne\" data-vc-accordion data-vc-container=\".vc_tta-container\"><span class=\"vc_tta-title-text\">Og\u00f3lne<\/span><\/a><\/h4><\/div><div class=\"vc_tta-panel-body\"><div class=\"vc_row\">\r\n    <div class=\"vc_col-sm-12 gt3_module_blog   items2\">\r\n\r\n        <div class=\"spacing_beetween_items_5 isotope_blog_items\">\r\n\t\t\t\t\t<div class=\"blog_post_preview element format-standard\">\r\n                        <div class=\"item_wrapper\">\r\n                            <div class=\"blog_content\"><h2 class=\"blogpost_title\"><a href=\"https:\/\/studia-wroclaw.pl\/en\/wspolczesne-wyzwania-psychologii-milosci-ogolnopolska-konferencja-naukowa-wskz\/\">\u201eWsp\u00f3\u0142czesne wyzwania psychologii mi\u0142o\u015bci\u201d \u2013 og\u00f3lnopolska STUDENCKA konferencja naukowa WSKZ<\/a><\/h2>\nJak bada\u0107 mi\u0142o\u015b\u0107 \u2013 zjawisko b\u0119d\u0105ce jednocze\u015bnie do\u015bwiadczeniem, procesem i jednym z najbardziej z\u0142o\u017conych obszar\u00f3w funkcjonowania cz\u0142owieka? Odpowiedzi na to pytanie poszukaj\u0105 uczestnicy og\u00f3lnopolskiej konferencji naukowej \u201eWsp\u00f3\u0142czesne wyzwania psychologii mi\u0142o\u015bci\u201d, kt\u00f3ra odb\u0119dzie si\u0119 13 czerwca 2026 r.\u00a0\n\n\n\nNauka o relacjach w nowoczesnym uj\u0119ciu\n\n\n\nKonferencja \u201eWsp\u00f3\u0142czesne wyzwania...<div class=\"clear post_clear\"><\/div><a href=\"https:\/\/studia-wroclaw.pl\/en\/wspolczesne-wyzwania-psychologii-milosci-ogolnopolska-konferencja-naukowa-wskz\/\" class=\"learn_more\">Read More<span><\/span><\/a><div class=\"post_info\">\r\n                                <\/div>\r\n                                <div class=\"clear\"><\/div>\r\n                            <\/div>\r\n\t\t\t\t\t\t<\/div>\r\n\t\t\t\t\t<\/div>\r\n\t\t\t\t\t\r\n\t\t\t\t\t<div class=\"blog_post_preview element format-standard\">\r\n                        <div class=\"item_wrapper\">\r\n                            <div class=\"blog_content\"><h2 class=\"blogpost_title\"><a href=\"https:\/\/studia-wroclaw.pl\/en\/zapraszamy-na-kolejny-webinar-z-cyklu-z-prawem-na-ty-czyli-praktycznie-o-prawie\/\">Zapraszamy na kolejny webinar z cyklu \u201eZ prawem na Ty, czyli praktycznie o prawie\u201d<\/a><\/h2>\nW ramach cyklu warsztat\u00f3w \u201eZ prawem na Ty, czyli praktycznie o prawie\u201d odb\u0119dzie si\u0119 webinar po\u015bwi\u0119cony podstawom prawa autorskiego oraz praktycznym aspektom jego stosowania. Celem spotkania jest przybli\u017cenie studentom podstaw prawa autorskiego w uj\u0119ciu praktycznym. Do tego celu wykorzystane zostan\u0105 przyk\u0142ady z \u017cycia codziennego oraz analiza wybranych case studies ze \u015bwiata sztuki, muzyki,...<div class=\"clear post_clear\"><\/div><a href=\"https:\/\/studia-wroclaw.pl\/en\/zapraszamy-na-kolejny-webinar-z-cyklu-z-prawem-na-ty-czyli-praktycznie-o-prawie\/\" class=\"learn_more\">Read More<span><\/span><\/a><div class=\"post_info\">\r\n                                <\/div>\r\n                                <div class=\"clear\"><\/div>\r\n                            <\/div>\r\n\t\t\t\t\t\t<\/div>\r\n\t\t\t\t\t<\/div>\r\n\t\t\t\t\t\r\n\t\t\t\t\t<div class=\"blog_post_preview element format-standard\">\r\n                        <div class=\"item_wrapper\">\r\n                            <div class=\"blog_content\"><h2 class=\"blogpost_title\"><a href=\"https:\/\/studia-wroclaw.pl\/en\/ryzyko-emocje-i-decyzje-za-kierownica-inspirujace-warsztaty-pod-okiem-dr-hab-antoniego-wontorczyka\/\">Ryzyko, emocje i decyzje za kierownic\u0105 \u2013 inspiruj\u0105ce warsztaty pod okiem dr. hab. Antoniego Wontorczyka<\/a><\/h2>\nJak zrozumie\u0107 mechanizmy agresji drogowej? Dlaczego jedni podejmuj\u0105 ryzyko \u0142atwiej ni\u017c inni i co ma z tym wsp\u00f3lnego osobowo\u015b\u0107? Na te i wiele innych pyta\u0144 odpowiedzi szukali studenci psychologii podczas cyklu warsztat\u00f3w prowadzonych przez dr. hab. Antoniego Wontorczyka, prof. UJ \u2013 uznanego badacza z obszaru psychologii transportu. Zobacz, jakie tematy zosta\u0142y poruszone podczas spotkania....<div class=\"clear post_clear\"><\/div><a href=\"https:\/\/studia-wroclaw.pl\/en\/ryzyko-emocje-i-decyzje-za-kierownica-inspirujace-warsztaty-pod-okiem-dr-hab-antoniego-wontorczyka\/\" class=\"learn_more\">Read More<span><\/span><\/a><div class=\"post_info\">\r\n                                <\/div>\r\n                                <div class=\"clear\"><\/div>\r\n                            <\/div>\r\n\t\t\t\t\t\t<\/div>\r\n\t\t\t\t\t<\/div>\r\n\t\t\t\t\t\r\n\t\t\t\t\t<div class=\"blog_post_preview element format-standard\">\r\n                        <div class=\"item_wrapper\">\r\n                            <div class=\"blog_content\"><h2 class=\"blogpost_title\"><a href=\"https:\/\/studia-wroclaw.pl\/en\/wskz-zaprasza-do-udzialu-w-xv-ogolnopolskich-warsztatach-praktyczno-technicznych\/\">WSKZ zaprasza do udzia\u0142u w XV Og\u00f3lnopolskich Warsztatach Praktyczno-Technicznych<\/a><\/h2>\nFirma Safety Project, we wsp\u00f3\u0142pracy z Wy\u017csz\u0105 Szko\u0142\u0105 Kszta\u0142cenia Zawodowego we Wroc\u0142awiu, zaprasza student\u00f3w do udzia\u0142u w XV Og\u00f3lnopolskich Warsztatach Praktyczno-Technicznych. Wydarzenie odb\u0119dzie si\u0119 17 lutego 2026 r. w formule online i ma charakter bezp\u0142atny. Ka\u017cdy uczestnik otrzyma certyfikat potwierdzaj\u0105cy udzia\u0142.\n\n\n\nTemat warsztat\u00f3w\n\n\n\nTegoroczna edycja po\u015bwi\u0119cona b\u0119dzie zagadnieniu: \u201eJak...<div class=\"clear post_clear\"><\/div><a href=\"https:\/\/studia-wroclaw.pl\/en\/wskz-zaprasza-do-udzialu-w-xv-ogolnopolskich-warsztatach-praktyczno-technicznych\/\" class=\"learn_more\">Read More<span><\/span><\/a><div class=\"post_info\">\r\n                                <\/div>\r\n                                <div class=\"clear\"><\/div>\r\n                            <\/div>\r\n\t\t\t\t\t\t<\/div>\r\n\t\t\t\t\t<\/div>\r\n\t\t\t\t\t\r\n\t\t\t\t\t<div class=\"blog_post_preview element format-standard\">\r\n                        <div class=\"item_wrapper\">\r\n                            <div class=\"blog_content\"><h2 class=\"blogpost_title\"><a href=\"https:\/\/studia-wroclaw.pl\/en\/czwartkowe-spotkania-z-praktykiem-o-innowacjach-i-komunikacji-w-biznesie\/\">Czwartkowe spotkania z Praktykiem: o innowacjach i komunikacji w biznesie<\/a><\/h2>\nStudenci Instytutu Zarz\u0105dzania i Nauk o Jako\u015bci Wy\u017cszej Szko\u0142y Kszta\u0142cenia Zawodowego 5 lutego 2026 r. wzi\u0119li udzia\u0142 w kolejnym spotkaniu z cyklu \u201eCzwartkowe spotkania z Praktykiem\u201d. Go\u015bciem wydarzenia by\u0142 Pawe\u0142 Zbiegniewski \u2013 Dyrektor Komunikacji Veolia Energia Warszawa. Ekspert opowiedzia\u0142 o roli innowacji w rozwoju organizacji oraz o praktycznych aspektach zarz\u0105dzania pomys\u0142ami w...<div class=\"clear post_clear\"><\/div><a href=\"https:\/\/studia-wroclaw.pl\/en\/czwartkowe-spotkania-z-praktykiem-o-innowacjach-i-komunikacji-w-biznesie\/\" class=\"learn_more\">Read More<span><\/span><\/a><div class=\"post_info\">\r\n                                <\/div>\r\n                                <div class=\"clear\"><\/div>\r\n                            <\/div>\r\n\t\t\t\t\t\t<\/div>\r\n\t\t\t\t\t<\/div>\r\n\t\t\t\t\t\r\n\t\t\t\t\t<div class=\"blog_post_preview element format-standard\">\r\n                        <div class=\"item_wrapper\">\r\n                            <div class=\"blog_content\"><h2 class=\"blogpost_title\"><a href=\"https:\/\/studia-wroclaw.pl\/en\/wskz-zaprasza-na-webinar-aplikacje-prawnicze-i-inne-drogi-do-zawodow-prawniczych-z-cyklu-z-prawem-na-ty-czyli-praktycznie-o-prawie\/\">WSKZ zaprasza na webinar \u201eAplikacje prawnicze i inne drogi do zawod\u00f3w prawniczych\u201d z cyklu \u201eZ prawem na Ty, czyli praktycznie o prawie\u201d\u00a0<\/a><\/h2>\nWy\u017csza Szko\u0142a Kszta\u0142cenia Zawodowego we Wroc\u0142awiu zaprasza student\u00f3w Prawa oraz Prawo w biznesie do udzia\u0142u w webinarze online po\u015bwi\u0119conym \u015bcie\u017ckom kariery w zawodach prawniczych. Spotkanie odb\u0119dzie si\u0119 18 lutego 2026 roku w godzinach 18:00-20:00 w formule online. Webinar ma charakter praktyczny i pomo\u017ce studentom \u015bwiadomie zaplanowa\u0107 dalsz\u0105 drog\u0119 zawodow\u0105.\n\n\n\nJaka b\u0119dzie tematyka...<div class=\"clear post_clear\"><\/div><a href=\"https:\/\/studia-wroclaw.pl\/en\/wskz-zaprasza-na-webinar-aplikacje-prawnicze-i-inne-drogi-do-zawodow-prawniczych-z-cyklu-z-prawem-na-ty-czyli-praktycznie-o-prawie\/\" class=\"learn_more\">Read More<span><\/span><\/a><div class=\"post_info\">\r\n                                <\/div>\r\n                                <div class=\"clear\"><\/div>\r\n                            <\/div>\r\n\t\t\t\t\t\t<\/div>\r\n\t\t\t\t\t<\/div>\r\n\t\t\t\t\t<\/div><ul class=\"pagerblock\"><li><a href='https:\/\/studia-wroclaw.pl\/en\/wp-json\/wp\/v2\/pages\/9012\/' class='current'>1<\/a><\/li><li><a href='https:\/\/studia-wroclaw.pl\/en\/wp-json\/wp\/v2\/pages\/9012\/page\/2\/'>2<\/a><\/li><li><a href='https:\/\/studia-wroclaw.pl\/en\/wp-json\/wp\/v2\/pages\/9012\/page\/3\/'>3<\/a><\/li><li><a href='https:\/\/studia-wroclaw.pl\/en\/wp-json\/wp\/v2\/pages\/9012\/page\/4\/'>4<\/a><\/li><li><a href='https:\/\/studia-wroclaw.pl\/en\/wp-json\/wp\/v2\/pages\/9012\/page\/5\/'>5<\/a><\/li><li><a href='https:\/\/studia-wroclaw.pl\/en\/wp-json\/wp\/v2\/pages\/9012\/page\/6\/'>6<\/a><\/li><li><a href='https:\/\/studia-wroclaw.pl\/en\/wp-json\/wp\/v2\/pages\/9012\/page\/7\/'>7<\/a><\/li><li><a href='https:\/\/studia-wroclaw.pl\/en\/wp-json\/wp\/v2\/pages\/9012\/page\/8\/'>8<\/a><\/li><li><a href='https:\/\/studia-wroclaw.pl\/en\/wp-json\/wp\/v2\/pages\/9012\/page\/9\/'>9<\/a><\/li><li><a href='https:\/\/studia-wroclaw.pl\/en\/wp-json\/wp\/v2\/pages\/9012\/page\/10\/'>10<\/a><\/li><li><a href='https:\/\/studia-wroclaw.pl\/en\/wp-json\/wp\/v2\/pages\/9012\/page\/11\/'>11<\/a><\/li><li class=\"next_page\"><a href=\"https:\/\/studia-wroclaw.pl\/en\/wp-json\/wp\/v2\/pages\/9012\/page\/2\/\"><i class=\"fa fa-angle-right\"><\/i><\/a><\/li><\/ul>    <\/div>\r\n<\/div>\r\n<\/div><\/div><div class=\"vc_tta-panel\" id=\"psychologia\" data-vc-content=\".vc_tta-panel-body\"><div class=\"vc_tta-panel-heading\"><h4 class=\"vc_tta-panel-title\"><a href=\"#psychologia\" data-vc-accordion data-vc-container=\".vc_tta-container\"><span class=\"vc_tta-title-text\">Wydzia\u0142 Psychologii<\/span><\/a><\/h4><\/div><div class=\"vc_tta-panel-body\"><div class=\"vc_row\">\r\n    <div class=\"vc_col-sm-12 gt3_module_blog   items1\">\r\n\r\n        \r\n\t\t\t\t\t<div class=\"blog_post_preview  format-standard\">\r\n                        <div class=\"item_wrapper\">\r\n                            <div class=\"blog_content\"><div class=\"listing_meta\"><span>by <a href=\"https:\/\/studia-wroclaw.pl\/en\/author\/sylwia-ksiazek\/\">Sylwia Ksi\u0105\u017cek<\/a><\/span><span>2026-04-29<\/span><span> <a href=\"https:\/\/studia-wroclaw.pl\/en\/category\/aktualnosci\/\">News<\/a>, <a href=\"https:\/\/studia-wroclaw.pl\/en\/category\/studenci-wydzial-psychologii\/\">Studenci - wydzia\u0142 psychologii<\/a><\/span><span><a href=\"https:\/\/studia-wroclaw.pl\/en\/psychologia-milosci-w-centrum-uwagi-ogolnopolska-konferencja-naukowa-wskz-2\/#respond\">0 comments<\/a><\/span><\/div><h2 class=\"blogpost_title\"><a href=\"https:\/\/studia-wroclaw.pl\/en\/psychologia-milosci-w-centrum-uwagi-ogolnopolska-konferencja-naukowa-wskz-2\/\">Dodatkowe, nieobowi\u0105zkowe wyk\u0142ady online \u2013 sprawd\u017a i znajd\u017a co\u015b dla siebie!<\/a><\/h2>\nOd poniedzia\u0142ku do pi\u0105tku, od maja do lipca, dla student\u00f3w Wydzia\u0142u Psychologii realizowane s\u0105 dodatkowe wyk\u0142ady online. Wyk\u0142ady s\u0105 nieobowi\u0105zkowe i przypisane do poszczeg\u00f3lnych semestr\u00f3w psychologii oraz psychologii w biznesie.\n\n\n\nKonkretne terminy wraz z godzinami znajdziecie tutaj:&nbsp;https:\/\/studia-wroclaw.pl\/kalendarz-wydarzen-psychologii-wskz\/\n\n\n\nSprawdzajcie \u2013 warto!\n\n\n\n\n\n\n\n\n\n\n\n\n\n\n\n\n<div class=\"clear post_clear\"><\/div><a href=\"https:\/\/studia-wroclaw.pl\/en\/psychologia-milosci-w-centrum-uwagi-ogolnopolska-konferencja-naukowa-wskz-2\/\" class=\"learn_more\">Read More<span><\/span><\/a><div class=\"post_info\">\r\n                                <\/div>\r\n                                <div class=\"clear\"><\/div>\r\n                            <\/div>\r\n\t\t\t\t\t\t<\/div>\r\n\t\t\t\t\t<\/div>\r\n\t\t\t\t\t\r\n\t\t\t\t\t<div class=\"blog_post_preview  format-standard\">\r\n                        <div class=\"item_wrapper\">\r\n                            <div class=\"blog_content\"><div class=\"listing_meta\"><span>by <a href=\"https:\/\/studia-wroclaw.pl\/en\/author\/sylwia-ksiazek\/\">Sylwia Ksi\u0105\u017cek<\/a><\/span><span>2026-04-29<\/span><span> <a href=\"https:\/\/studia-wroclaw.pl\/en\/category\/aktualnosci\/\">News<\/a>, <a href=\"https:\/\/studia-wroclaw.pl\/en\/category\/studenci-wydzial-psychologii\/\">Studenci - wydzia\u0142 psychologii<\/a><\/span><span><a href=\"https:\/\/studia-wroclaw.pl\/en\/psychologia-milosci-w-centrum-uwagi-ogolnopolska-konferencja-naukowa-wskz-2-2\/#respond\">0 comments<\/a><\/span><\/div><h2 class=\"blogpost_title\"><a href=\"https:\/\/studia-wroclaw.pl\/en\/psychologia-milosci-w-centrum-uwagi-ogolnopolska-konferencja-naukowa-wskz-2-2\/\">Szanowni Studenci!<\/a><\/h2>\nInformator dla Spo\u0142eczno\u015bci Studenckiej Wydzia\u0142u Psychologii WSKZ to kompleksowy przewodnik, kt\u00f3ry ma na celu uporz\u0105dkowanie i przybli\u017cenie najwa\u017cniejszych informacji zwi\u0105zanych ze studiowaniem. Zosta\u0142 stworzony z my\u015bl\u0105 o Was, studentach, aby u\u0142atwi\u0107 Wam odnalezienie si\u0119 w realiach uczelni oraz sprawne poruszanie si\u0119 po jej strukturze.\n\n\n\nDokument zawiera praktyczne wskaz\u00f3wki...<div class=\"clear post_clear\"><\/div><a href=\"https:\/\/studia-wroclaw.pl\/en\/psychologia-milosci-w-centrum-uwagi-ogolnopolska-konferencja-naukowa-wskz-2-2\/\" class=\"learn_more\">Read More<span><\/span><\/a><div class=\"post_info\">\r\n                                <\/div>\r\n                                <div class=\"clear\"><\/div>\r\n                            <\/div>\r\n\t\t\t\t\t\t<\/div>\r\n\t\t\t\t\t<\/div>\r\n\t\t\t\t\t\r\n\t\t\t\t\t<div class=\"blog_post_preview  format-standard\">\r\n                        <div class=\"item_wrapper\">\r\n                            <div class=\"blog_content\"><div class=\"listing_meta\"><span>by <a href=\"https:\/\/studia-wroclaw.pl\/en\/author\/ernest-marczynski\/\">Ernest Marczy\u0144ski<\/a><\/span><span>2026-04-24<\/span><span> <a href=\"https:\/\/studia-wroclaw.pl\/en\/category\/studenci-wydzial-psychologii\/\">Studenci - wydzia\u0142 psychologii<\/a><\/span><span><a href=\"https:\/\/studia-wroclaw.pl\/en\/wiecej-szybciej-lepiej-brzmi-znajomo-jesli-chcesz-zrozumiec-skad-bierze-sie-zmeczenie-wspolczesnym-stylem-zycia-ten-warsztat-jest-dla-ciebie\/#respond\">0 comments<\/a><\/span><\/div><h2 class=\"blogpost_title\"><a href=\"https:\/\/studia-wroclaw.pl\/en\/wiecej-szybciej-lepiej-brzmi-znajomo-jesli-chcesz-zrozumiec-skad-bierze-sie-zmeczenie-wspolczesnym-stylem-zycia-ten-warsztat-jest-dla-ciebie\/\">Wi\u0119cej\u201d, \u201eszybciej\u201d, \u201elepiej\u201d \u2013 brzmi znajomo? Je\u015bli chcesz zrozumie\u0107, sk\u0105d bierze si\u0119 zm\u0119czenie wsp\u00f3\u0142czesnym stylem \u017cycia, ten warsztat jest dla Ciebie<\/a><\/h2>\nWydzia\u0142 Psychologii WSKZ zaprasza na spotkanie online po\u015bwi\u0119cone kulturze osi\u0105gni\u0119\u0107 i jej wp\u0142ywowi na nasze funkcjonowanie.\n\n\n\nKiedy? 29 kwietniaGodzina: 17:00\u201319:00Link do spotkania: Meet\n\n\n\nWarsztat poprowadzi Liwiusz Pi\u00f3rko \u2013 badacz zajmuj\u0105cy si\u0119 filozofi\u0105 kultury, nauki i spo\u0142ecze\u0144stwa cyfrowego.\n\n\n\nCzego mo\u017cesz si\u0119 spodziewa\u0107?\n\n\n\nPodczas spotkania:\n\n\n\n\npoznasz mechanizmy samowyzysku,...<div class=\"clear post_clear\"><\/div><a href=\"https:\/\/studia-wroclaw.pl\/en\/wiecej-szybciej-lepiej-brzmi-znajomo-jesli-chcesz-zrozumiec-skad-bierze-sie-zmeczenie-wspolczesnym-stylem-zycia-ten-warsztat-jest-dla-ciebie\/\" class=\"learn_more\">Read More<span><\/span><\/a><div class=\"post_info\">\r\n                                <\/div>\r\n                                <div class=\"clear\"><\/div>\r\n                            <\/div>\r\n\t\t\t\t\t\t<\/div>\r\n\t\t\t\t\t<\/div>\r\n\t\t\t\t\t\r\n\t\t\t\t\t<div class=\"blog_post_preview  format-standard\">\r\n                        <div class=\"item_wrapper\">\r\n                            <div class=\"blog_content\"><div class=\"listing_meta\"><span>by <a href=\"https:\/\/studia-wroclaw.pl\/en\/author\/ernest-marczynski\/\">Ernest Marczy\u0144ski<\/a><\/span><span>2026-04-20<\/span><span> <a href=\"https:\/\/studia-wroclaw.pl\/en\/category\/studenci-wydzial-psychologii\/\">Studenci - wydzia\u0142 psychologii<\/a><\/span><span><a href=\"https:\/\/studia-wroclaw.pl\/en\/o-relacjach-w-sposob-przystepny-i-uzyteczny-juz-24-kwietnia-opowie-pawel-pilkiewicz-to-warsztat-ktory-pomoze-wam-w-pracy-i-w-zyciu-prywatnym\/#respond\">0 comments<\/a><\/span><\/div><h2 class=\"blogpost_title\"><a href=\"https:\/\/studia-wroclaw.pl\/en\/o-relacjach-w-sposob-przystepny-i-uzyteczny-juz-24-kwietnia-opowie-pawel-pilkiewicz-to-warsztat-ktory-pomoze-wam-w-pracy-i-w-zyciu-prywatnym\/\">O relacjach w spos\u00f3b przyst\u0119pny i u\u017cyteczny ju\u017c 24 kwietnia opowie Pawe\u0142 Pilkiewicz. To warsztat, kt\u00f3ry pomo\u017ce Wam w pracy i w \u017cyciu prywatnym!<\/a><\/h2>\nJak budujemy relacje? Co wp\u0142ywa na nasze reakcje, komunikacj\u0119 i stawianie granic? Je\u015bli chcesz lepiej rozumie\u0107 siebie i innych \u2013 ten warsztat jest dla Ciebie.\n\n\n\nKiedy? 24 kwietniaGodzina: 18:00\u201320:00Link do spotkania: Meet\n\n\n\nWarsztat \u201eO relacjach okiem terapeuty\u201d poprowadzi Pawe\u0142 Pilkiewicz \u2013 psycholog i pedagog, pracuj\u0105cy m.in. z osobami w kryzysie zdrowotnym i traumie, \u0142\u0105cz\u0105cy praktyk\u0119...<div class=\"clear post_clear\"><\/div><a href=\"https:\/\/studia-wroclaw.pl\/en\/o-relacjach-w-sposob-przystepny-i-uzyteczny-juz-24-kwietnia-opowie-pawel-pilkiewicz-to-warsztat-ktory-pomoze-wam-w-pracy-i-w-zyciu-prywatnym\/\" class=\"learn_more\">Read More<span><\/span><\/a><div class=\"post_info\">\r\n                                <\/div>\r\n                                <div class=\"clear\"><\/div>\r\n                            <\/div>\r\n\t\t\t\t\t\t<\/div>\r\n\t\t\t\t\t<\/div>\r\n\t\t\t\t\t\r\n\t\t\t\t\t<div class=\"blog_post_preview  format-standard\">\r\n                        <div class=\"item_wrapper\">\r\n                            <div class=\"blog_content\"><div class=\"listing_meta\"><span>by <a href=\"https:\/\/studia-wroclaw.pl\/en\/author\/karina\/\">Karina Dycha\u0142a<\/a><\/span><span>2026-04-17<\/span><span> <a href=\"https:\/\/studia-wroclaw.pl\/en\/category\/studenci-wydzial-psychologii\/\">Studenci - wydzia\u0142 psychologii<\/a><\/span><span><a href=\"https:\/\/studia-wroclaw.pl\/en\/hipnoza-nauka-czy-sugestia-zapraszamy-na-warsztat-pod-haslem-ile-neuro-nauki-jest-w-hipnozie\/#respond\">0 comments<\/a><\/span><\/div><h2 class=\"blogpost_title\"><a href=\"https:\/\/studia-wroclaw.pl\/en\/hipnoza-nauka-czy-sugestia-zapraszamy-na-warsztat-pod-haslem-ile-neuro-nauki-jest-w-hipnozie\/\">Hipnoza \u2013 nauka czy sugestia? Zapraszamy na warsztat pod has\u0142em &#8220;Ile (neuro-)nauki jest w hipnozie?<\/a><\/h2>\nJak to mo\u017cliwe, \u017ce hipnoza znajduje zastosowanie nawet w medycynie, np. podczas operacji? Je\u015bli chcesz spojrze\u0107 na to zjawisko z naukowej perspektywy \u2013 ten warsztat jest dla Ciebie. Zaprasza Wydzia\u0142 Psychologii.\n\n\n\nKiedy? 28 kwietniaGodzina: 18:00-19:30Link do spotkania: Meet\n\n\n\nWarsztat poprowadzi dr hab. Adrianna Grabizna, prof. WSKZ \u2013 filozofka zajmuj\u0105ca si\u0119 zagadnieniami na styku...<div class=\"clear post_clear\"><\/div><a href=\"https:\/\/studia-wroclaw.pl\/en\/hipnoza-nauka-czy-sugestia-zapraszamy-na-warsztat-pod-haslem-ile-neuro-nauki-jest-w-hipnozie\/\" class=\"learn_more\">Read More<span><\/span><\/a><div class=\"post_info\">\r\n                                <\/div>\r\n                                <div class=\"clear\"><\/div>\r\n                            <\/div>\r\n\t\t\t\t\t\t<\/div>\r\n\t\t\t\t\t<\/div>\r\n\t\t\t\t\t\r\n\t\t\t\t\t<div class=\"blog_post_preview  format-standard\">\r\n                        <div class=\"item_wrapper\">\r\n                            <div class=\"blog_content\"><div class=\"listing_meta\"><span>by <a href=\"https:\/\/studia-wroclaw.pl\/en\/author\/karina\/\">Karina Dycha\u0142a<\/a><\/span><span>2026-04-17<\/span><span> <a href=\"https:\/\/studia-wroclaw.pl\/en\/category\/studenci-wydzial-psychologii\/\">Studenci - wydzia\u0142 psychologii<\/a><\/span><span><a href=\"https:\/\/studia-wroclaw.pl\/en\/interesuje-was-jak-wyglada-praca-psychologa-w-realnych-dzialaniach-policyjnych-i-sadowych-mamy-propozycje-warsztat-dr-barbary-lorenc-zelisko\/#respond\">0 comments<\/a><\/span><\/div><h2 class=\"blogpost_title\"><a href=\"https:\/\/studia-wroclaw.pl\/en\/interesuje-was-jak-wyglada-praca-psychologa-w-realnych-dzialaniach-policyjnych-i-sadowych-mamy-propozycje-warsztat-dr-barbary-lorenc-zelisko\/\">Interesuje Was, jak wygl\u0105da praca psychologa w realnych dzia\u0142aniach policyjnych i s\u0105dowych? Mamy propozycj\u0119 \u2013 warsztat dr Barbary Lorenc-\u017belisko<\/a><\/h2>\nPsycholog policyjny i s\u0105dowy w pracy z osobami z traum\u0105 i PTSD\u201d. To pod tym has\u0142em ju\u017c 29 kwietnia odb\u0119dzie si\u0119 spotkanie, kt\u00f3re przybli\u017cy praktyczny wymiar pracy psychologa w obszarze traumy i PTSD \u2013 od miejsca zdarzenia po sal\u0119 s\u0105dow\u0105. To unikatowa okazja do tego, by uzyska\u0107 wiedz\u0119 z pierwszej r\u0119ki \u2013 wprost od do\u015bwiadczonego praktyka. Zaprasza oczywi\u015bcie dr Barbara Lorenc-\u017belisko i Wydzia\u0142...<div class=\"clear post_clear\"><\/div><a href=\"https:\/\/studia-wroclaw.pl\/en\/interesuje-was-jak-wyglada-praca-psychologa-w-realnych-dzialaniach-policyjnych-i-sadowych-mamy-propozycje-warsztat-dr-barbary-lorenc-zelisko\/\" class=\"learn_more\">Read More<span><\/span><\/a><div class=\"post_info\">\r\n                                <\/div>\r\n                                <div class=\"clear\"><\/div>\r\n                            <\/div>\r\n\t\t\t\t\t\t<\/div>\r\n\t\t\t\t\t<\/div>\r\n\t\t\t\t\t\r\n\t\t\t\t\t<div class=\"blog_post_preview  format-standard\">\r\n                        <div class=\"item_wrapper\">\r\n                            <div class=\"blog_content\"><div class=\"listing_meta\"><span>by <a href=\"https:\/\/studia-wroclaw.pl\/en\/author\/agnieszka\/\">Agnieszka<\/a><\/span><span>2026-04-17<\/span><span> <a href=\"https:\/\/studia-wroclaw.pl\/en\/category\/studenci-wydzial-psychologii\/\">Studenci - wydzia\u0142 psychologii<\/a><\/span><span><a href=\"https:\/\/studia-wroclaw.pl\/en\/kolo-naukowe-psychologii-klinicznej-nie-zwalnia-tempa-mozecie-byc-jego-czescia\/#respond\">0 comments<\/a><\/span><\/div><h2 class=\"blogpost_title\"><a href=\"https:\/\/studia-wroclaw.pl\/en\/kolo-naukowe-psychologii-klinicznej-nie-zwalnia-tempa-mozecie-byc-jego-czescia\/\">Ko\u0142o Naukowe Psychologii Klinicznej nie zwalnia tempa\u00a0 \u2013 mo\u017cecie by\u0107 jego cz\u0119\u015bci\u0105!\u00a0<\/a><\/h2>\n14 kwietnia w ramach dzia\u0142alno\u015bci Studenckiego Ko\u0142a Naukowego Psychologii Klinicznej odby\u0142o si\u0119 spotkanie, kt\u00f3re zdecydowanie warto by\u0142o wpisa\u0107 do kalendarza, a dzi\u015b z przyjemno\u015bci\u0105 je odnotowujemy. Tym razem uczestnicy mieli okazj\u0119 przyjrze\u0107 si\u0119 bli\u017cej zagadnieniu stresu traumatycznego oraz metodom jego pomiaru \u2013 w towarzystwie wybitnej specjalistki.\n\n\n\nSpotkanie z uznan\u0105 ekspertk\u0105...<div class=\"clear post_clear\"><\/div><a href=\"https:\/\/studia-wroclaw.pl\/en\/kolo-naukowe-psychologii-klinicznej-nie-zwalnia-tempa-mozecie-byc-jego-czescia\/\" class=\"learn_more\">Read More<span><\/span><\/a><div class=\"post_info\">\r\n                                <\/div>\r\n                                <div class=\"clear\"><\/div>\r\n                            <\/div>\r\n\t\t\t\t\t\t<\/div>\r\n\t\t\t\t\t<\/div>\r\n\t\t\t\t\t\r\n\t\t\t\t\t<div class=\"blog_post_preview  format-standard\">\r\n                        <div class=\"item_wrapper\">\r\n                            <div class=\"blog_content\"><div class=\"listing_meta\"><span>by <a href=\"https:\/\/studia-wroclaw.pl\/en\/author\/agnieszka\/\">Agnieszka<\/a><\/span><span>2026-04-17<\/span><span> <a href=\"https:\/\/studia-wroclaw.pl\/en\/category\/studenci-wydzial-psychologii\/\">Studenci - wydzia\u0142 psychologii<\/a><\/span><span><a href=\"https:\/\/studia-wroclaw.pl\/en\/czlowiek-w-kryzysie-psychicznym-zapraszamy-do-udzialu-w-warsztacie\/#respond\">0 comments<\/a><\/span><\/div><h2 class=\"blogpost_title\"><a href=\"https:\/\/studia-wroclaw.pl\/en\/czlowiek-w-kryzysie-psychicznym-zapraszamy-do-udzialu-w-warsztacie\/\">&#8220;Cz\u0142owiek w kryzysie psychicznym&#8221; &#8211; zapraszamy do udzia\u0142u w warsztacie!<\/a><\/h2>\nWydzia\u0142 Psychologii WSKZ zaprasza na spotkanie online po\u015bwi\u0119cone funkcjonowaniu cz\u0142owieka w sytuacjach kryzysowych. Jak reagowa\u0107, gdy kto\u015b do\u015bwiadcza kryzysu psychicznego? Jak rozpozna\u0107 jego mechanizmy i udzieli\u0107 realnego wsparcia? Je\u015bli chcesz zdoby\u0107 praktyczne umiej\u0119tno\u015bci w tym obszarze \u2013 ten warsztat jest dla Ciebie. \n\n\n\nCzego mo\u017cesz si\u0119 spodziewa\u0107?\n\n\n\nPodczas spotkania:\n\n\n\n\npoznasz r\u00f3\u017cne...<div class=\"clear post_clear\"><\/div><a href=\"https:\/\/studia-wroclaw.pl\/en\/czlowiek-w-kryzysie-psychicznym-zapraszamy-do-udzialu-w-warsztacie\/\" class=\"learn_more\">Read More<span><\/span><\/a><div class=\"post_info\">\r\n                                <\/div>\r\n                                <div class=\"clear\"><\/div>\r\n                            <\/div>\r\n\t\t\t\t\t\t<\/div>\r\n\t\t\t\t\t<\/div>\r\n\t\t\t\t\t\r\n\t\t\t\t\t<div class=\"blog_post_preview  format-standard\">\r\n                        <div class=\"item_wrapper\">\r\n                            <div class=\"blog_content\"><div class=\"listing_meta\"><span>by <a href=\"https:\/\/studia-wroclaw.pl\/en\/author\/agnieszka\/\">Agnieszka<\/a><\/span><span>2026-04-14<\/span><span> <a href=\"https:\/\/studia-wroclaw.pl\/en\/category\/aktualnosci\/\">News<\/a>, <a href=\"https:\/\/studia-wroclaw.pl\/en\/category\/studenci-wydzial-psychologii\/\">Studenci - wydzia\u0142 psychologii<\/a><\/span><span><a href=\"https:\/\/studia-wroclaw.pl\/en\/psychologia-w-dzialaniu-warsztaty-online-o-pracy-z-trauma-i-ptsd\/#respond\">0 comments<\/a><\/span><\/div><h2 class=\"blogpost_title\"><a href=\"https:\/\/studia-wroclaw.pl\/en\/psychologia-w-dzialaniu-warsztaty-online-o-pracy-z-trauma-i-ptsd\/\">Psychologia w dzia\u0142aniu \u2013 warsztaty online o pracy z traum\u0105 i PTSD<\/a><\/h2>\nJak wygl\u0105da rola psychologa w dzia\u0142aniach policyjnych i s\u0105dowych? Wydzia\u0142 Psychologii WSKZ zaprasza na specjalistyczne warsztaty online, kt\u00f3re przybli\u017c\u0105 praktyczny wymiar pracy z osobami po traumie \u2013 od miejsca zdarzenia po sal\u0119 rozpraw. To wyj\u0105tkowa okazja, by zdoby\u0107 wiedz\u0119 bezpo\u015brednio od do\u015bwiadczonego praktyka.\n\n\n\nKiedy teoria spotyka praktyk\u0119\n\n\n\nWarsztaty poprowadzi dr Barbara...<div class=\"clear post_clear\"><\/div><a href=\"https:\/\/studia-wroclaw.pl\/en\/psychologia-w-dzialaniu-warsztaty-online-o-pracy-z-trauma-i-ptsd\/\" class=\"learn_more\">Read More<span><\/span><\/a><div class=\"post_info\">\r\n                                <\/div>\r\n                                <div class=\"clear\"><\/div>\r\n                            <\/div>\r\n\t\t\t\t\t\t<\/div>\r\n\t\t\t\t\t<\/div>\r\n\t\t\t\t\t\r\n\t\t\t\t\t<div class=\"blog_post_preview  format-standard\">\r\n                        <div class=\"item_wrapper\">\r\n                            <div class=\"blog_content\"><div class=\"listing_meta\"><span>by <a href=\"https:\/\/studia-wroclaw.pl\/en\/author\/wskz-admin\/\">wskz-admin<\/a><\/span><span>2026-03-24<\/span><span> <a href=\"https:\/\/studia-wroclaw.pl\/en\/category\/studenci-wydzial-psychologii\/\">Studenci - wydzia\u0142 psychologii<\/a><\/span><span><a href=\"https:\/\/studia-wroclaw.pl\/en\/spotkanie-online-z-dziekanem\/#respond\">0 comments<\/a><\/span><\/div><h2 class=\"blogpost_title\"><a href=\"https:\/\/studia-wroclaw.pl\/en\/spotkanie-online-z-dziekanem\/\">Spotkanie online z Dziekanem<\/a><\/h2>\nSerdecznie zapraszamy na dzisiejsze spotkanie online z Dziekanem Wydzia\u0142u Psychologii \u2013 dr. hab. Arturem Zi\u00f3\u0142kowskim, prof. WSKZ.\n\n\n\nPodczas spotkania zostan\u0105 przedstawione odpowiedzi na wcze\u015bniej zadane przez student\u00f3w pytania oraz om\u00f3wione bie\u017c\u0105ce sprawy zwi\u0105zane z funkcjonowaniem Wydzia\u0142u Psychologii.\n\n\n\nData i godzina spotkania: wtorek, 24 marca, godz. 18:00\u201319:30Link do spotkania na...<div class=\"clear post_clear\"><\/div><a href=\"https:\/\/studia-wroclaw.pl\/en\/spotkanie-online-z-dziekanem\/\" class=\"learn_more\">Read More<span><\/span><\/a><div class=\"post_info\">\r\n                                <\/div>\r\n                                <div class=\"clear\"><\/div>\r\n                            <\/div>\r\n\t\t\t\t\t\t<\/div>\r\n\t\t\t\t\t<\/div>\r\n\t\t\t\t\t    <\/div>\r\n<\/div>\r\n<\/div><\/div><div class=\"vc_tta-panel\" id=\"wnsit\" data-vc-content=\".vc_tta-panel-body\"><div class=\"vc_tta-panel-heading\"><h4 class=\"vc_tta-panel-title\"><a href=\"#wnsit\" data-vc-accordion data-vc-container=\".vc_tta-container\"><span class=\"vc_tta-title-text\">Wydzia\u0142 Nauk Spo\u0142ecznych i Technicznych<\/span><\/a><\/h4><\/div><div class=\"vc_tta-panel-body\"><div class=\"vc_row\">\r\n    <div class=\"vc_col-sm-12 gt3_module_blog   items1\">\r\n\r\n        \r\n\t\t\t\t\t<div class=\"blog_post_preview  format-standard\">\r\n                        <div class=\"item_wrapper\">\r\n                            <div class=\"blog_content\"><h2 class=\"blogpost_title\"><a href=\"https:\/\/studia-wroclaw.pl\/en\/szkola-demokracji-przestrzen-spotkania-nauki-refleksji-i-wspolczesnych-wyzwan-swiata-polityki\/\">Szko\u0142a Demokracji \u2013 przestrze\u0144 spotkania nauki, refleksji i wsp\u00f3\u0142czesnych wyzwa\u0144 \u015bwiata polityki<\/a><\/h2>\nW pierwszym kwartale 2026 roku Instytut Administracji i Nauk o Polityce zrealizowa\u0142 wyj\u0105tkowy cykl wyk\u0142ad\u00f3w mistrzowskich w ramach programu Szko\u0142a Demokracji \u2013 inicjatywy, kt\u00f3ra konsekwentnie buduje przestrze\u0144 pog\u0142\u0119bionej refleksji nad wsp\u00f3\u0142czesnym pa\u0144stwem, spo\u0142ecze\u0144stwem oraz kierunkami rozwoju demokracji.\n\n\n\nBy\u0142 to cykl, kt\u00f3ry nie tylko odpowiada\u0142 na aktualne wyzwania \u015bwiata, ale przede...<div class=\"clear post_clear\"><\/div><a href=\"https:\/\/studia-wroclaw.pl\/en\/szkola-demokracji-przestrzen-spotkania-nauki-refleksji-i-wspolczesnych-wyzwan-swiata-polityki\/\" class=\"learn_more\">Read More<span><\/span><\/a><div class=\"post_info\">\r\n                                <\/div>\r\n                                <div class=\"clear\"><\/div>\r\n                            <\/div>\r\n\t\t\t\t\t\t<\/div>\r\n\t\t\t\t\t<\/div>\r\n\t\t\t\t\t\r\n\t\t\t\t\t<div class=\"blog_post_preview  format-standard\">\r\n                        <div class=\"item_wrapper\">\r\n                            <div class=\"blog_content\"><h2 class=\"blogpost_title\"><a href=\"https:\/\/studia-wroclaw.pl\/en\/ogolnopolska-konferencja-edukacja-dla-bezpieczenstwa-trzy-dni-debat-warsztatow-i-praktycznej-wiedzy-we-wroclawiu-2\/\">Og\u00f3lnopolska konferencja \u201eEdukacja dla bezpiecze\u0144stwa\u201d \u2013 trzy dni debat, warsztat\u00f3w i praktycznej wiedzy we Wroc\u0142awiu<\/a><\/h2>\nMW dniach 26\u201328 kwietnia 2026 r. we Wroc\u0142awiu odb\u0119dzie si\u0119 Og\u00f3lnopolska Konferencja Naukowa i cykl warsztat\u00f3w pt. \u201eEdukacja dla bezpiecze\u0144stwa \u2013 teoria, praktyka, wyzwania wsp\u00f3\u0142czesno\u015bci\u201d. Wydarzenie organizowane przez Instytut Kryminologii i Bezpiecze\u0144stwa Wewn\u0119trznego WSKZ stanowi przestrze\u0144 spotkania \u015brodowiska naukowego, administracji oraz praktyk\u00f3w systemu bezpiecze\u0144stwa.\n\n\n\nKonferencja...<div class=\"clear post_clear\"><\/div><a href=\"https:\/\/studia-wroclaw.pl\/en\/ogolnopolska-konferencja-edukacja-dla-bezpieczenstwa-trzy-dni-debat-warsztatow-i-praktycznej-wiedzy-we-wroclawiu-2\/\" class=\"learn_more\">Read More<span><\/span><\/a><div class=\"post_info\">\r\n                                <\/div>\r\n                                <div class=\"clear\"><\/div>\r\n                            <\/div>\r\n\t\t\t\t\t\t<\/div>\r\n\t\t\t\t\t<\/div>\r\n\t\t\t\t\t\r\n\t\t\t\t\t<div class=\"blog_post_preview  format-standard\">\r\n                        <div class=\"item_wrapper\">\r\n                            <div class=\"blog_content\"><h2 class=\"blogpost_title\"><a href=\"https:\/\/studia-wroclaw.pl\/en\/ogolnopolski-konkurs-posterow-studenckich-rozstrzygniety-20-prac-silna-reprezentacja-uczelni-i-wysoki-poziom-merytoryczny\/\">Og\u00f3lnopolski konkurs poster\u00f3w studenckich rozstrzygni\u0119ty \u2013 20 prac, silna reprezentacja uczelni i wysoki poziom merytoryczny<\/a><\/h2>\n17 kwietnia 2026 r. we Wroc\u0142awiu, w ramach Mi\u0119dzynarodowej Konferencji Naukowej \u201eZagini\u0119cia os\u00f3b w \u015bwietle psychologii s\u0105dowej i kryminalistyki \u2013 wyzwania wsp\u00f3\u0142czesnych \u015bledztw\u201d, rozstrzygni\u0119to Og\u00f3lnopolski Konkurs Poster\u00f3w Studenckich. Do rywalizacji zg\u0142oszono 20 prac reprezentuj\u0105cych wiele o\u015brodk\u00f3w akademickich w Polsce. Konkurs by\u0142 integraln\u0105 cz\u0119\u015bci\u0105 wydarzenia i stanowi\u0142 przestrze\u0144...<div class=\"clear post_clear\"><\/div><a href=\"https:\/\/studia-wroclaw.pl\/en\/ogolnopolski-konkurs-posterow-studenckich-rozstrzygniety-20-prac-silna-reprezentacja-uczelni-i-wysoki-poziom-merytoryczny\/\" class=\"learn_more\">Read More<span><\/span><\/a><div class=\"post_info\">\r\n                                <\/div>\r\n                                <div class=\"clear\"><\/div>\r\n                            <\/div>\r\n\t\t\t\t\t\t<\/div>\r\n\t\t\t\t\t<\/div>\r\n\t\t\t\t\t\r\n\t\t\t\t\t<div class=\"blog_post_preview  format-standard\">\r\n                        <div class=\"item_wrapper\">\r\n                            <div class=\"blog_content\"><h2 class=\"blogpost_title\"><a href=\"https:\/\/studia-wroclaw.pl\/en\/targi-pracy-wskz-inspirujace-spotkania-setki-rozmow-i-ponad-500-studentow-zarzadzania-na-kampusie\/\">Targi Pracy WSKZ &#8211; inspiruj\u0105ce spotkania, setki rozm\u00f3w i ponad 500 student\u00f3w Zarz\u0105dzania na kampusie!<\/a><\/h2>\n28 marca 2026 r. kampus Wy\u017cszej Szko\u0142y Kszta\u0142cenia Zawodowego we Wroc\u0142awiu ponownie sta\u0142 si\u0119 miejscem intensywnych rozm\u00f3w, wymiany do\u015bwiadcze\u0144 i planowania przysz\u0142ych karier. Podczas Targ\u00f3w Pracy WSKZ ponad 500 student\u00f3w kierunku Zarz\u0105dzanie spotka\u0142o si\u0119 z pracodawcami, ekspertami bran\u017cowymi oraz przedstawicielami instytucji publicznych. Atmosfera by\u0142a dynamiczna, inspiruj\u0105ca i pe\u0142na...<div class=\"clear post_clear\"><\/div><a href=\"https:\/\/studia-wroclaw.pl\/en\/targi-pracy-wskz-inspirujace-spotkania-setki-rozmow-i-ponad-500-studentow-zarzadzania-na-kampusie\/\" class=\"learn_more\">Read More<span><\/span><\/a><div class=\"post_info\">\r\n                                <\/div>\r\n                                <div class=\"clear\"><\/div>\r\n                            <\/div>\r\n\t\t\t\t\t\t<\/div>\r\n\t\t\t\t\t<\/div>\r\n\t\t\t\t\t\r\n\t\t\t\t\t<div class=\"blog_post_preview  format-standard\">\r\n                        <div class=\"item_wrapper\">\r\n                            <div class=\"blog_content\"><h2 class=\"blogpost_title\"><a href=\"https:\/\/studia-wroclaw.pl\/en\/instytut-administracji-i-nauk-o-polityce-wskz-oraz-projekt-akademia-gospodarzem-miedzynarodowej-konferencji-z-udzialem-swiatowych-autorytetow\/\">Instytut Administracji i Nauk o Polityce WSKZ oraz Projekt Akademia gospodarzem mi\u0119dzynarodowej konferencji z udzia\u0142em \u015bwiatowych autorytet\u00f3w.<\/a><\/h2>\nMi\u0119dzynarodowa konferencja naukowo-ekspercka&nbsp;\u201eAdministracja Publiczna w dobie kryzysu\u201d&nbsp;odb\u0119dzie si\u0119 w dniach&nbsp;11\u201312 maja 2026 roku we Wroc\u0142awiu&nbsp;w Hotelu Scandic.\n\n\n\nWydarzenie zgromadzi wybitnych przedstawicieli \u015bwiata nauki oraz praktyki administracji publicznej, staj\u0105c si\u0119 jednym z kluczowych mi\u0119dzynarodowych for\u00f3w dyskusji o przysz\u0142o\u015bci administracji w warunkach...<div class=\"clear post_clear\"><\/div><a href=\"https:\/\/studia-wroclaw.pl\/en\/instytut-administracji-i-nauk-o-polityce-wskz-oraz-projekt-akademia-gospodarzem-miedzynarodowej-konferencji-z-udzialem-swiatowych-autorytetow\/\" class=\"learn_more\">Read More<span><\/span><\/a><div class=\"post_info\">\r\n                                <\/div>\r\n                                <div class=\"clear\"><\/div>\r\n                            <\/div>\r\n\t\t\t\t\t\t<\/div>\r\n\t\t\t\t\t<\/div>\r\n\t\t\t\t\t\r\n\t\t\t\t\t<div class=\"blog_post_preview  format-standard\">\r\n                        <div class=\"item_wrapper\">\r\n                            <div class=\"blog_content\"><h2 class=\"blogpost_title\"><a href=\"https:\/\/studia-wroclaw.pl\/en\/instytut-administracji-i-nauk-o-polityce-wskz-oraz-projekt-akademia-gospodarzem-miedzynarodowej-konferencji-z-udzialem-swiatowych-autorytetow-2\/\">Spotkania W\u0142adz Wydzia\u0142u Nauk Spo\u0142ecznych i Technicznych ze studentami \u2013 dialog, konkretne wnioski i wsp\u00f3lne kierunki dzia\u0142a\u0144<\/a><\/h2>\nW dniach 14\u201315 marca 2026 r. odby\u0142y si\u0119 spotkania W\u0142adz Wydzia\u0142u Nauk Spo\u0142ecznych i Technicznych ze studentami kierunk\u00f3w Zarz\u0105dzanie, Bezpiecze\u0144stwo wewn\u0119trzne, Kryminologia, Administracja oraz Prawo. Rozmowy mia\u0142y bezpo\u015bredni charakter i skupi\u0142y si\u0119 na bie\u017c\u0105cych sprawach funkcjonowania Wydzia\u0142u, organizacji procesu kszta\u0142cenia oraz potrzebach student\u00f3w.\n\n\n\nSpotkania by\u0142y przestrzeni\u0105...<div class=\"clear post_clear\"><\/div><a href=\"https:\/\/studia-wroclaw.pl\/en\/instytut-administracji-i-nauk-o-polityce-wskz-oraz-projekt-akademia-gospodarzem-miedzynarodowej-konferencji-z-udzialem-swiatowych-autorytetow-2\/\" class=\"learn_more\">Read More<span><\/span><\/a><div class=\"post_info\">\r\n                                <\/div>\r\n                                <div class=\"clear\"><\/div>\r\n                            <\/div>\r\n\t\t\t\t\t\t<\/div>\r\n\t\t\t\t\t<\/div>\r\n\t\t\t\t\t\r\n\t\t\t\t\t<div class=\"blog_post_preview  format-standard\">\r\n                        <div class=\"item_wrapper\">\r\n                            <div class=\"blog_content\"><h2 class=\"blogpost_title\"><a href=\"https:\/\/studia-wroclaw.pl\/en\/zapraszamy-na-kolejny-webinar-z-cyklu-z-prawem-na-ty-czyli-praktycznie-o-prawie\/\">Zapraszamy na kolejny webinar z cyklu \u201eZ prawem na Ty, czyli praktycznie o prawie\u201d<\/a><\/h2>\nW ramach cyklu warsztat\u00f3w \u201eZ prawem na Ty, czyli praktycznie o prawie\u201d odb\u0119dzie si\u0119 webinar po\u015bwi\u0119cony podstawom prawa autorskiego oraz praktycznym aspektom jego stosowania. Celem spotkania jest przybli\u017cenie studentom podstaw prawa autorskiego w uj\u0119ciu praktycznym. Do tego celu wykorzystane zostan\u0105 przyk\u0142ady z \u017cycia codziennego oraz analiza wybranych case studies ze \u015bwiata sztuki, muzyki,...<div class=\"clear post_clear\"><\/div><a href=\"https:\/\/studia-wroclaw.pl\/en\/zapraszamy-na-kolejny-webinar-z-cyklu-z-prawem-na-ty-czyli-praktycznie-o-prawie\/\" class=\"learn_more\">Read More<span><\/span><\/a><div class=\"post_info\">\r\n                                <\/div>\r\n                                <div class=\"clear\"><\/div>\r\n                            <\/div>\r\n\t\t\t\t\t\t<\/div>\r\n\t\t\t\t\t<\/div>\r\n\t\t\t\t\t\r\n\t\t\t\t\t<div class=\"blog_post_preview  format-standard\">\r\n                        <div class=\"item_wrapper\">\r\n                            <div class=\"blog_content\"><h2 class=\"blogpost_title\"><a href=\"https:\/\/studia-wroclaw.pl\/en\/wskz-zaprasza-do-udzialu-w-xv-ogolnopolskich-warsztatach-praktyczno-technicznych\/\">WSKZ zaprasza do udzia\u0142u w XV Og\u00f3lnopolskich Warsztatach Praktyczno-Technicznych<\/a><\/h2>\nFirma Safety Project, we wsp\u00f3\u0142pracy z Wy\u017csz\u0105 Szko\u0142\u0105 Kszta\u0142cenia Zawodowego we Wroc\u0142awiu, zaprasza student\u00f3w do udzia\u0142u w XV Og\u00f3lnopolskich Warsztatach Praktyczno-Technicznych. Wydarzenie odb\u0119dzie si\u0119 17 lutego 2026 r. w formule online i ma charakter bezp\u0142atny. Ka\u017cdy uczestnik otrzyma certyfikat potwierdzaj\u0105cy udzia\u0142.\n\n\n\nTemat warsztat\u00f3w\n\n\n\nTegoroczna edycja po\u015bwi\u0119cona b\u0119dzie zagadnieniu: \u201eJak...<div class=\"clear post_clear\"><\/div><a href=\"https:\/\/studia-wroclaw.pl\/en\/wskz-zaprasza-do-udzialu-w-xv-ogolnopolskich-warsztatach-praktyczno-technicznych\/\" class=\"learn_more\">Read More<span><\/span><\/a><div class=\"post_info\">\r\n                                <\/div>\r\n                                <div class=\"clear\"><\/div>\r\n                            <\/div>\r\n\t\t\t\t\t\t<\/div>\r\n\t\t\t\t\t<\/div>\r\n\t\t\t\t\t\r\n\t\t\t\t\t<div class=\"blog_post_preview  format-standard\">\r\n                        <div class=\"item_wrapper\">\r\n                            <div class=\"blog_content\"><h2 class=\"blogpost_title\"><a href=\"https:\/\/studia-wroclaw.pl\/en\/czwartkowe-spotkania-z-praktykiem-o-innowacjach-i-komunikacji-w-biznesie\/\">Czwartkowe spotkania z Praktykiem: o innowacjach i komunikacji w biznesie<\/a><\/h2>\nStudenci Instytutu Zarz\u0105dzania i Nauk o Jako\u015bci Wy\u017cszej Szko\u0142y Kszta\u0142cenia Zawodowego 5 lutego 2026 r. wzi\u0119li udzia\u0142 w kolejnym spotkaniu z cyklu \u201eCzwartkowe spotkania z Praktykiem\u201d. Go\u015bciem wydarzenia by\u0142 Pawe\u0142 Zbiegniewski \u2013 Dyrektor Komunikacji Veolia Energia Warszawa. Ekspert opowiedzia\u0142 o roli innowacji w rozwoju organizacji oraz o praktycznych aspektach zarz\u0105dzania pomys\u0142ami w...<div class=\"clear post_clear\"><\/div><a href=\"https:\/\/studia-wroclaw.pl\/en\/czwartkowe-spotkania-z-praktykiem-o-innowacjach-i-komunikacji-w-biznesie\/\" class=\"learn_more\">Read More<span><\/span><\/a><div class=\"post_info\">\r\n                                <\/div>\r\n                                <div class=\"clear\"><\/div>\r\n                            <\/div>\r\n\t\t\t\t\t\t<\/div>\r\n\t\t\t\t\t<\/div>\r\n\t\t\t\t\t\r\n\t\t\t\t\t<div class=\"blog_post_preview  format-standard\">\r\n                        <div class=\"item_wrapper\">\r\n                            <div class=\"blog_content\"><h2 class=\"blogpost_title\"><a href=\"https:\/\/studia-wroclaw.pl\/en\/wskz-zaprasza-na-webinar-aplikacje-prawnicze-i-inne-drogi-do-zawodow-prawniczych-z-cyklu-z-prawem-na-ty-czyli-praktycznie-o-prawie\/\">WSKZ zaprasza na webinar \u201eAplikacje prawnicze i inne drogi do zawod\u00f3w prawniczych\u201d z cyklu \u201eZ prawem na Ty, czyli praktycznie o prawie\u201d\u00a0<\/a><\/h2>\nWy\u017csza Szko\u0142a Kszta\u0142cenia Zawodowego we Wroc\u0142awiu zaprasza student\u00f3w Prawa oraz Prawo w biznesie do udzia\u0142u w webinarze online po\u015bwi\u0119conym \u015bcie\u017ckom kariery w zawodach prawniczych. Spotkanie odb\u0119dzie si\u0119 18 lutego 2026 roku w godzinach 18:00-20:00 w formule online. Webinar ma charakter praktyczny i pomo\u017ce studentom \u015bwiadomie zaplanowa\u0107 dalsz\u0105 drog\u0119 zawodow\u0105.\n\n\n\nJaka b\u0119dzie tematyka...<div class=\"clear post_clear\"><\/div><a href=\"https:\/\/studia-wroclaw.pl\/en\/wskz-zaprasza-na-webinar-aplikacje-prawnicze-i-inne-drogi-do-zawodow-prawniczych-z-cyklu-z-prawem-na-ty-czyli-praktycznie-o-prawie\/\" class=\"learn_more\">Read More<span><\/span><\/a><div class=\"post_info\">\r\n                                <\/div>\r\n                                <div class=\"clear\"><\/div>\r\n                            <\/div>\r\n\t\t\t\t\t\t<\/div>\r\n\t\t\t\t\t<\/div>\r\n\t\t\t\t\t\r\n\t\t\t\t\t<div class=\"blog_post_preview  format-standard\">\r\n                        <div class=\"item_wrapper\">\r\n                            <div class=\"blog_content\"><h2 class=\"blogpost_title\"><a href=\"https:\/\/studia-wroclaw.pl\/en\/wskz-zaprasza-na-warsztaty-jak-przebiega-rozprawa-sadowa-z-cyklu-z-prawem-na-ty-czyli-praktycznie-o-prawie\/\">WSKZ zaprasza na warsztaty \u201eJak przebiega rozprawa s\u0105dowa\u201d z cyklu \u201eZ prawem na Ty, czyli praktycznie o prawie\u201d\u00a0<\/a><\/h2>\nWy\u017csza Szko\u0142a Kszta\u0142cenia Zawodowego we Wroc\u0142awiu zaprasza student\u00f3w Prawa oraz Prawo w biznesie do udzia\u0142u w webinarze online realizowanym w ramach cyklu warsztat\u00f3w \u201eZ prawem na Ty, czyli praktycznie o prawie\u201d. Spotkanie odb\u0119dzie si\u0119 24 lutego 2026 roku w godzinach 17.00-18.00 i b\u0119dzie po\u015bwi\u0119cone praktycznym aspektom przebiegu rozprawy s\u0105dowej. Webinar stanowi okazj\u0119 do poznania reali\u00f3w...<div class=\"clear post_clear\"><\/div><a href=\"https:\/\/studia-wroclaw.pl\/en\/wskz-zaprasza-na-warsztaty-jak-przebiega-rozprawa-sadowa-z-cyklu-z-prawem-na-ty-czyli-praktycznie-o-prawie\/\" class=\"learn_more\">Read More<span><\/span><\/a><div class=\"post_info\">\r\n                                <\/div>\r\n                                <div class=\"clear\"><\/div>\r\n                            <\/div>\r\n\t\t\t\t\t\t<\/div>\r\n\t\t\t\t\t<\/div>\r\n\t\t\t\t\t\r\n\t\t\t\t\t<div class=\"blog_post_preview  format-standard\">\r\n                        <div class=\"item_wrapper\">\r\n                            <div class=\"blog_content\"><h2 class=\"blogpost_title\"><a href=\"https:\/\/studia-wroclaw.pl\/en\/spotkanie-z-praktykiem-rafal-rytka-o-wsparciu-procesow-biznesowych-w-nestle-przez-system-erp-sap\/\">Spotkanie z Praktykiem: Rafa\u0142 Ryfka o wsparciu proces\u00f3w biznesowych w Nestl\u00e9 przez system ERP SAP<\/a><\/h2>\nW czym pomaga system ERP SAP w globalnej organizacji? Podczas \u201eSpotkania z Praktykiem\u201d studenci Instytutu Zarz\u0105dzania i Nauk o Jako\u015bci WSKZ dowiedzieli si\u0119, \u017ce w Nestl\u00e9 Polska S.A wspiera on procesy dostaw, sprzeda\u017cy i rozlicze\u0144. Sprawd\u017a, jakie dok\u0142adnie zagadnienia poruszono podczas wyk\u0142adu i dlaczego takie spotkania s\u0105 cennym uzupe\u0142nieniem kszta\u0142cenia akademickiego.\n\n\n\nJak\u0105 wiedz\u0119...<div class=\"clear post_clear\"><\/div><a href=\"https:\/\/studia-wroclaw.pl\/en\/spotkanie-z-praktykiem-rafal-rytka-o-wsparciu-procesow-biznesowych-w-nestle-przez-system-erp-sap\/\" class=\"learn_more\">Read More<span><\/span><\/a><div class=\"post_info\">\r\n                                <\/div>\r\n                                <div class=\"clear\"><\/div>\r\n                            <\/div>\r\n\t\t\t\t\t\t<\/div>\r\n\t\t\t\t\t<\/div>\r\n\t\t\t\t\t<ul class=\"pagerblock\"><li><a href='https:\/\/studia-wroclaw.pl\/en\/wp-json\/wp\/v2\/pages\/9012\/' class='current'>1<\/a><\/li><li><a href='https:\/\/studia-wroclaw.pl\/en\/wp-json\/wp\/v2\/pages\/9012\/page\/2\/'>2<\/a><\/li><li class=\"next_page\"><a href=\"https:\/\/studia-wroclaw.pl\/en\/wp-json\/wp\/v2\/pages\/9012\/page\/2\/\"><i class=\"fa fa-angle-right\"><\/i><\/a><\/li><\/ul>    <\/div>\r\n<\/div>\r\n<\/div><\/div><\/div><\/div><\/div><\/div><\/div><\/div><\/div><\/div><\/div><\/div>\n<\/div>","protected":false},"excerpt":{"rendered":"W czym pomaga system ERP SAP w globalnej organizacji? Podczas \u201eSpotkania z Praktykiem\u201d studenci Instytutu Zarz\u0105dzania i Nauk o Jako\u015bci WSKZ dowiedzieli si\u0119, \u017ce w Nestl\u00e9 Polska S.A wspiera on procesy dostaw, sprzeda\u017cy i rozlicze\u0144. Sprawd\u017a, jakie dok\u0142adnie zagadnienia poruszono podczas wyk\u0142adu i dlaczego takie spotkania s\u0105 cennym uzupe\u0142nieniem kszta\u0142cenia akademickiego. Jak\u0105 wiedz\u0119 praktyczn\u0105 przekaza\u0142 [...]","protected":false},"author":1,"featured_media":0,"parent":0,"menu_order":0,"comment_status":"closed","ping_status":"closed","template":"","meta":{"om_disable_all_campaigns":false,"footnotes":""},"class_list":["post-9012","page","type-page","status-publish","hentry"],"yoast_head":"<!-- This site is optimized with the Yoast SEO plugin v25.9 - https:\/\/yoast.com\/wordpress\/plugins\/seo\/ -->\n<title>Aktualno\u015bci | studia-wroclaw.pl<\/title>\n<meta name=\"description\" content=\"Naj\u015bwie\u017csze informacje dotycz\u0105ce wydarze\u0144, nowych kierunk\u00f3w i specjalno\u015bci, terminy rekrutacji, wydarzenia, partnerstwa z biznesem oraz \u017cycie uczelni. Zobacz, co si\u0119 u nas dzieje, \u017ceby by\u0107 na bie\u017c\u0105co!\" \/>\n<meta name=\"robots\" content=\"index, follow, max-snippet:-1, max-image-preview:large, max-video-preview:-1\" \/>\n<link rel=\"canonical\" href=\"https:\/\/studia-wroclaw.pl\/en\/aktualnosci-dla-studentow\/\" \/>\n<meta property=\"og:locale\" content=\"en_GB\" \/>\n<meta property=\"og:type\" content=\"article\" \/>\n<meta property=\"og:title\" content=\"Aktualno\u015bci | studia-wroclaw.pl\" \/>\n<meta property=\"og:description\" content=\"Naj\u015bwie\u017csze informacje dotycz\u0105ce wydarze\u0144, nowych kierunk\u00f3w i specjalno\u015bci, terminy rekrutacji, wydarzenia, partnerstwa z biznesem oraz \u017cycie uczelni. Zobacz, co si\u0119 u nas dzieje, \u017ceby by\u0107 na bie\u017c\u0105co!\" \/>\n<meta property=\"og:url\" content=\"https:\/\/studia-wroclaw.pl\/en\/aktualnosci-dla-studentow\/\" \/>\n<meta property=\"og:site_name\" content=\"Studia Wroc\u0142aw\" \/>\n<meta property=\"article:modified_time\" content=\"2026-04-28T22:53:21+00:00\" \/>\n<meta name=\"twitter:card\" content=\"summary_large_image\" \/>\n<meta name=\"twitter:label1\" content=\"Estimated reading time\" \/>\n\t<meta name=\"twitter:data1\" content=\"1 minute\" \/>\n<script type=\"application\/ld+json\" class=\"yoast-schema-graph\">{\"@context\":\"https:\/\/schema.org\",\"@graph\":[{\"@type\":\"WebPage\",\"@id\":\"https:\/\/studia-wroclaw.pl\/aktualnosci-dla-studentow\/\",\"url\":\"https:\/\/studia-wroclaw.pl\/aktualnosci-dla-studentow\/\",\"name\":\"Aktualno\u015bci | studia-wroclaw.pl\",\"isPartOf\":{\"@id\":\"https:\/\/studia-wroclaw.pl\/#website\"},\"datePublished\":\"2024-11-21T08:53:00+00:00\",\"dateModified\":\"2026-04-28T22:53:21+00:00\",\"description\":\"Naj\u015bwie\u017csze informacje dotycz\u0105ce wydarze\u0144, nowych kierunk\u00f3w i specjalno\u015bci, terminy rekrutacji, wydarzenia, partnerstwa z biznesem oraz \u017cycie uczelni. Zobacz, co si\u0119 u nas dzieje, \u017ceby by\u0107 na bie\u017c\u0105co!\",\"breadcrumb\":{\"@id\":\"https:\/\/studia-wroclaw.pl\/aktualnosci-dla-studentow\/#breadcrumb\"},\"inLanguage\":\"en-GB\",\"potentialAction\":[{\"@type\":\"ReadAction\",\"target\":[\"https:\/\/studia-wroclaw.pl\/aktualnosci-dla-studentow\/\"]}]},{\"@type\":\"BreadcrumbList\",\"@id\":\"https:\/\/studia-wroclaw.pl\/aktualnosci-dla-studentow\/#breadcrumb\",\"itemListElement\":[{\"@type\":\"ListItem\",\"position\":1,\"name\":\"Strona g\u0142\u00f3wna\",\"item\":\"https:\/\/studia-wroclaw.pl\/\"},{\"@type\":\"ListItem\",\"position\":2,\"name\":\"Aktualno\u015bci studenckie\"}]},{\"@type\":\"WebSite\",\"@id\":\"https:\/\/studia-wroclaw.pl\/#website\",\"url\":\"https:\/\/studia-wroclaw.pl\/\",\"name\":\"Studia Wroc\u0142aw\",\"description\":\"\",\"potentialAction\":[{\"@type\":\"SearchAction\",\"target\":{\"@type\":\"EntryPoint\",\"urlTemplate\":\"https:\/\/studia-wroclaw.pl\/?s={search_term_string}\"},\"query-input\":{\"@type\":\"PropertyValueSpecification\",\"valueRequired\":true,\"valueName\":\"search_term_string\"}}],\"inLanguage\":\"en-GB\"}]}<\/script>\n<!-- \/ Yoast SEO plugin. -->","yoast_head_json":{"title":"Aktualno\u015bci | studia-wroclaw.pl","description":"Naj\u015bwie\u017csze informacje dotycz\u0105ce wydarze\u0144, nowych kierunk\u00f3w i specjalno\u015bci, terminy rekrutacji, wydarzenia, partnerstwa z biznesem oraz \u017cycie uczelni. Zobacz, co si\u0119 u nas dzieje, \u017ceby by\u0107 na bie\u017c\u0105co!","robots":{"index":"index","follow":"follow","max-snippet":"max-snippet:-1","max-image-preview":"max-image-preview:large","max-video-preview":"max-video-preview:-1"},"canonical":"https:\/\/studia-wroclaw.pl\/en\/aktualnosci-dla-studentow\/","og_locale":"en_GB","og_type":"article","og_title":"Aktualno\u015bci | studia-wroclaw.pl","og_description":"Naj\u015bwie\u017csze informacje dotycz\u0105ce wydarze\u0144, nowych kierunk\u00f3w i specjalno\u015bci, terminy rekrutacji, wydarzenia, partnerstwa z biznesem oraz \u017cycie uczelni. Zobacz, co si\u0119 u nas dzieje, \u017ceby by\u0107 na bie\u017c\u0105co!","og_url":"https:\/\/studia-wroclaw.pl\/en\/aktualnosci-dla-studentow\/","og_site_name":"Studia Wroc\u0142aw","article_modified_time":"2026-04-28T22:53:21+00:00","twitter_card":"summary_large_image","twitter_misc":{"Estimated reading time":"1 minute"},"schema":{"@context":"https:\/\/schema.org","@graph":[{"@type":"WebPage","@id":"https:\/\/studia-wroclaw.pl\/aktualnosci-dla-studentow\/","url":"https:\/\/studia-wroclaw.pl\/aktualnosci-dla-studentow\/","name":"Aktualno\u015bci | studia-wroclaw.pl","isPartOf":{"@id":"https:\/\/studia-wroclaw.pl\/#website"},"datePublished":"2024-11-21T08:53:00+00:00","dateModified":"2026-04-28T22:53:21+00:00","description":"Naj\u015bwie\u017csze informacje dotycz\u0105ce wydarze\u0144, nowych kierunk\u00f3w i specjalno\u015bci, terminy rekrutacji, wydarzenia, partnerstwa z biznesem oraz \u017cycie uczelni. Zobacz, co si\u0119 u nas dzieje, \u017ceby by\u0107 na bie\u017c\u0105co!","breadcrumb":{"@id":"https:\/\/studia-wroclaw.pl\/aktualnosci-dla-studentow\/#breadcrumb"},"inLanguage":"en-GB","potentialAction":[{"@type":"ReadAction","target":["https:\/\/studia-wroclaw.pl\/aktualnosci-dla-studentow\/"]}]},{"@type":"BreadcrumbList","@id":"https:\/\/studia-wroclaw.pl\/aktualnosci-dla-studentow\/#breadcrumb","itemListElement":[{"@type":"ListItem","position":1,"name":"Strona g\u0142\u00f3wna","item":"https:\/\/studia-wroclaw.pl\/"},{"@type":"ListItem","position":2,"name":"Aktualno\u015bci studenckie"}]},{"@type":"WebSite","@id":"https:\/\/studia-wroclaw.pl\/#website","url":"https:\/\/studia-wroclaw.pl\/","name":"Studies Wroclaw","description":"","potentialAction":[{"@type":"SearchAction","target":{"@type":"EntryPoint","urlTemplate":"https:\/\/studia-wroclaw.pl\/?s={search_term_string}"},"query-input":{"@type":"PropertyValueSpecification","valueRequired":true,"valueName":"search_term_string"}}],"inLanguage":"en-GB"}]}},"_links":{"self":[{"href":"https:\/\/studia-wroclaw.pl\/en\/wp-json\/wp\/v2\/pages\/9012","targetHints":{"allow":["GET"]}}],"collection":[{"href":"https:\/\/studia-wroclaw.pl\/en\/wp-json\/wp\/v2\/pages"}],"about":[{"href":"https:\/\/studia-wroclaw.pl\/en\/wp-json\/wp\/v2\/types\/page"}],"author":[{"embeddable":true,"href":"https:\/\/studia-wroclaw.pl\/en\/wp-json\/wp\/v2\/users\/1"}],"replies":[{"embeddable":true,"href":"https:\/\/studia-wroclaw.pl\/en\/wp-json\/wp\/v2\/comments?post=9012"}],"version-history":[{"count":23,"href":"https:\/\/studia-wroclaw.pl\/en\/wp-json\/wp\/v2\/pages\/9012\/revisions"}],"predecessor-version":[{"id":10981,"href":"https:\/\/studia-wroclaw.pl\/en\/wp-json\/wp\/v2\/pages\/9012\/revisions\/10981"}],"wp:attachment":[{"href":"https:\/\/studia-wroclaw.pl\/en\/wp-json\/wp\/v2\/media?parent=9012"}],"curies":[{"name":"wp","href":"https:\/\/api.w.org\/{rel}","templated":true}]}}