{"id":9018,"date":"2024-10-11T10:30:20","date_gmt":"2024-10-11T08:30:20","guid":{"rendered":"https:\/\/studia-wroclaw.pl\/?page_id=9018"},"modified":"2026-04-07T10:14:19","modified_gmt":"2026-04-07T08:14:19","slug":"studenckie-wroclawskie-zeszyty-naukowe","status":"publish","type":"page","link":"https:\/\/studia-wroclaw.pl\/en\/studenckie-wroclawskie-zeszyty-naukowe\/","title":{"rendered":"Studenckie Wroc\u0142awskie Zeszyty Naukowe"},"content":{"rendered":"<div class=\"wpb-content-wrapper\"><div data-vc-full-width=\"true\" data-vc-full-width-init=\"false\" class=\"vc_custom_1771897702594\"><div class=\"container\"><div class=\"vc_row wpb_row vc_row-fluid vc_row-has-fill\"><div class=\"wpb_column vc_column_container vc_col-sm-12\"><div class=\"vc_column-inner\"><div class=\"wpb_wrapper\"><h1 style=\"font-size: 30px;color: #ffffff;text-align: center;font-family:PT Serif;font-weight:700;font-style:normal\" class=\"vc_custom_heading\" >Wroc\u0142awskie Studenckie Zeszyty Naukowe<\/h1><h1 style=\"font-size: 16px;color: #ffffff;line-height: 1.25;text-align: center;font-family:Montserrat;font-weight:400;font-style:normal\" class=\"vc_custom_heading vc_custom_1771893742849\" >to multidyscyplinarne, recenzowane czasopismo naukowe Wy\u017cszej Szko\u0142y Kszta\u0142cenia Zawodowego wydawane w formie rocznika.<br \/>\nNa jego \u0142amach publikowane s\u0105 artyku\u0142y autorstwa student\u00f3w oraz doktorant\u00f3w, obejmuj\u0105ce szeroki wachlarz temat\u00f3w i dyscyplin akademickich.<\/h1><div class=\"vc_btn3-container vc_btn3-center vc_custom_1771942461269\" ><a class=\"vc_general vc_btn3 vc_btn3-size-lg vc_btn3-shape-round vc_btn3-style-classic vc_btn3-icon-right vc_btn3-color-btn-cta-WSKZ\" href=\"#swzn\" title=\"\">Read more <i class=\"vc_btn3-icon entypo-icon entypo-icon-down-open-big\"><\/i><\/a><\/div><\/div><\/div><\/div><\/div><\/div><\/div><div class=\"vc_row-full-width vc_clearfix\"><\/div><div id=\"swzn\" data-vc-parallax=\"1.5\" class=\"vc_custom_1772019011832\"><div class=\"container\"><div class=\"vc_row wpb_row vc_row-fluid vc_row-has-fill vc_row-o-content-middle vc_row-flex vc_general vc_parallax vc_parallax-content-moving\"><div class=\"wpb_column vc_column_container vc_col-sm-12\"><div class=\"vc_column-inner\"><div class=\"wpb_wrapper\">\n\t<div class=\"wpb_text_column wpb_content_element  vc_custom_1771938887973\" >\n\t\t<div class=\"wpb_wrapper\">\n\t\t\t<p>Czasopismo pozostaje otwarte na r\u00f3\u017cnorodn\u0105 tematyk\u0119 oraz form\u0119 publikacji.<br \/>\nW\u015br\u00f3d akceptowanych tekst\u00f3w znajduj\u0105 si\u0119:<\/p>\n<ul>\n<li>artyku\u0142y badawcze,<\/li>\n<li>artyku\u0142y przegl\u0105dowe (<em>review<\/em>),<\/li>\n<li>artyku\u0142y kr\u00f3tkie (<em>letter<\/em>),<\/li>\n<li>publikacje o charakterze recenzji.<\/li>\n<\/ul>\n<p>Taka r\u00f3\u017cnorodno\u015b\u0107 pozwala autorom na swobodne dopasowanie formy wypowiedzi do charakteru prowadzonych bada\u0144 i zainteresowa\u0144 naukowych.<\/p>\n<p>Na \u0142amach rocznika publikowane s\u0105 artyku\u0142y z zakresu nauk spo\u0142ecznych, humanistycznych, technicznych w szczeg\u00f3lno\u015bci w obszarach takich jak: nauki prawne, kryminologia, kryminalistyka, nauki o bezpiecze\u0144stwie, nauki o polityce i administracji, pedagogika, psychologia, ekonomia i finanse oraz nauki o zarz\u0105dzaniu i jako\u015bci.<\/p>\n<p>Wszystkie teksty spe\u0142niaj\u0105 wysokie standardy merytoryczne i edytorskie oraz s\u0105 opatrzone abstraktami w j\u0119zyku angielskim. Artyku\u0142y w j\u0119zykach obcych publikowane s\u0105 w oryginalnej wersji j\u0119zykowej.<\/p>\n<p>Pierwotn\u0105 wersj\u0105 czasopisma jest wydanie drukowane, jednak wszystkie tre\u015bci s\u0105 r\u00f3wnie\u017c udost\u0119pniane online w modelu otwartego dost\u0119pu (<em>open access<\/em>). Przyj\u0119te dzia\u0142anie wynika<br \/>\nz przekonania, \u017ce swobodny dost\u0119p do wynik\u00f3w bada\u0144 przyspiesza rozw\u00f3j nauki i sprzyja globalnej wymianie wiedzy.<\/p>\n<p>Redakcja Wroc\u0142awskich Studenckich Zeszyt\u00f3w Naukowych nie pobiera op\u0142at ani za z\u0142o\u017cenie artyku\u0142u, ani za jego publikacj\u0119.<\/p>\n\n\t\t<\/div>\n\t<\/div>\n<\/div><\/div><\/div><\/div><\/div><\/div><div data-vc-full-width=\"true\" data-vc-full-width-init=\"false\" class=\"vc_custom_1744285849612\"><div class=\"container\"><div class=\"vc_row wpb_row vc_row-fluid vc_row-has-fill vc_row-o-content-middle vc_row-flex\"><div class=\"wpb_column vc_column_container vc_col-sm-6\"><div class=\"vc_column-inner\"><div class=\"wpb_wrapper\"><h2 style=\"font-size: 26px;color: #242d5a;text-align: left;font-family:PT Serif;font-weight:700;font-style:normal\" class=\"vc_custom_heading vc_custom_1771897843781\" >Misja i cele<\/h2>\n\t<div class=\"wpb_text_column wpb_content_element  vc_custom_1771897824878\" >\n\t\t<div class=\"wpb_wrapper\">\n\t\t\t<p style=\"margin: 0cm; text-align: justify; line-height: 150%;\">Misj\u0105 rocznika jest promowanie wysokiej jako\u015bci bada\u0144, wspieranie m\u0142odych naukowc\u00f3w w ich rozwoju akademickim oraz publikowanie rzetelnych artyku\u0142\u00f3w naukowych.<br \/>\nD\u0105\u017cymy do budowania przestrzeni dialogu naukowego mi\u0119dzy teori\u0105 a praktyk\u0105. Czasopismo ma charakter otwarty \u2014 ka\u017cdy numer stanowi przestrze\u0144 dla dzielenia si\u0119 nowymi ideami, badaniami oraz praktycznymi rozwi\u0105zaniami. Naszym celem jest stworzenie inspiruj\u0105cej przestrzeni naukowej dla student\u00f3w oraz doktorant\u00f3w z polskich i zagranicznych uczelni \u2013 zar\u00f3wno tych, kt\u00f3rzy maj\u0105 ju\u017c do\u015bwiadczenie w publikowaniu artyku\u0142\u00f3w naukowych, jak i tych, kt\u00f3rzy dopiero rozpoczynaj\u0105 swoj\u0105 przygod\u0119 z tw\u00f3rczo\u015bci\u0105 akademick\u0105.<\/p>\n\n\t\t<\/div>\n\t<\/div>\n<\/div><\/div><\/div><div class=\"wpb_column vc_column_container vc_col-sm-6\"><div class=\"vc_column-inner vc_custom_1729511084169\"><div class=\"wpb_wrapper\">\n\t<div  class=\"wpb_single_image wpb_content_element vc_align_left  vc_custom_1771898021303\">\n\t\t\n\t\t<figure class=\"wpb_wrapper vc_figure\">\n\t\t\t<div class=\"vc_single_image-wrapper   vc_box_border_grey\"><img loading=\"lazy\" decoding=\"async\" width=\"600\" height=\"400\" src=\"https:\/\/studia-wroclaw.pl\/wp-content\/uploads\/2026\/02\/misja.jpg\" class=\"vc_single_image-img attachment-full\" alt=\"\" title=\"misja\" srcset=\"https:\/\/studia-wroclaw.pl\/wp-content\/uploads\/2026\/02\/misja.jpg 600w, https:\/\/studia-wroclaw.pl\/wp-content\/uploads\/2026\/02\/misja-300x200.jpg 300w, https:\/\/studia-wroclaw.pl\/wp-content\/uploads\/2026\/02\/misja-18x12.jpg 18w\" sizes=\"auto, (max-width: 600px) 100vw, 600px\" \/><\/div>\n\t\t<\/figure>\n\t<\/div>\n<\/div><\/div><\/div><\/div><\/div><\/div><div class=\"vc_row-full-width vc_clearfix\"><\/div><div class=\"vc_custom_1744191235771\"><div class=\"container\"><div class=\"vc_row wpb_row vc_row-fluid vc_row-o-content-middle vc_row-flex\"><div class=\"wpb_column vc_column_container vc_col-sm-12\"><div class=\"vc_column-inner\"><div class=\"wpb_wrapper\"><h2 style=\"font-size: 26px;color: #242d5a;text-align: left;font-family:PT Serif;font-weight:700;font-style:normal\" class=\"vc_custom_heading vc_custom_1744192356421\" >Editorial team<\/h2>\n\t<div class=\"wpb_text_column wpb_content_element  vc_custom_1775549593338\" >\n\t\t<div class=\"wpb_wrapper\">\n\t\t\t<p>Redakcja Wroc\u0142awskich Studenckich Zeszyt\u00f3w Naukowych aktywnie uczestniczy w ca\u0142ym procesie publikacyjnym czasopisma. Jej zadania obejmuj\u0105:<\/p>\n<ul>\n<li><strong>Wst\u0119pn\u0105 selekcj\u0119 artyku\u0142\u00f3w naukowych<\/strong> z uwzgl\u0119dnieniem ich warto\u015bci merytorycznej, oryginalno\u015bci oraz zgodno\u015bci z zakresem tematycznym czasopisma.<\/li>\n<li><strong>Kontakt z recenzentami<\/strong> \u2013 koordynowanie procesu recenzji oraz zapewnienie obiektywnej oceny zg\u0142aszanych tekst\u00f3w.<\/li>\n<li><strong>Korekt\u0119 j\u0119zykow\u0105 i redakcyjn\u0105<\/strong> maj\u0105c\u0105 na celu poprawno\u015b\u0107, klarowno\u015b\u0107 oraz sp\u00f3jno\u015b\u0107 publikowanych tre\u015bci.<\/li>\n<li><strong>Przygotowanie ostatecznej wersji do druku<\/strong> oraz publikacji cyfrowej \u2014 zar\u00f3wno od strony graficznej, jak i edytorskiej.<\/li>\n<\/ul>\n<p>Ponadto zesp\u00f3\u0142 redakcyjny anga\u017cuje si\u0119 w:<\/p>\n<ul>\n<li><strong>Promowanie rozwoju naukowego student\u00f3w<\/strong> i wsp\u00f3\u0142tworzenia warto\u015bciowych publikacji poprzez organizowanie wydarze\u0144, takich jak:\n<ul>\n<li>spotkania warsztatowe z ekspertami,<\/li>\n<li>konsultacje dla autor\u00f3w,<\/li>\n<li>otwarte sesje naukowe.<\/li>\n<\/ul>\n<\/li>\n<li><strong>Tworzenie popularyzatorskich materia\u0142\u00f3w<\/strong>, kt\u00f3re u\u0142atwiaj\u0105 studentom wej\u015bcie<br \/>\nw \u015bwiat publikacji akademickich i zach\u0119caj\u0105 do rozwoju naukowego.<\/li>\n<\/ul>\n<ul>\n<li><strong>Budowanie spo\u0142eczno\u015bci autor\u00f3w<\/strong>, <strong>recenzent\u00f3w i czytelnik\u00f3w wok\u00f3\u0142 czasopisma<\/strong> \u2014 w mediach spo\u0142eczno\u015bciowych, na uczelniach i podczas wydarze\u0144 naukowych.<\/li>\n<\/ul>\n<p><strong>\u00a0<\/strong><\/p>\n<p><strong>Editor-in-Chief:<br \/>\n<\/strong>dr Aneta Kazanecka | aneta.kazanecka@wskz.pl<\/p>\n<p><strong>Deputy editors:<br \/>\n<\/strong><span>dr hab. Marek Bodziany | marek.bodziany@wskz.pl <\/span><br \/>\n<span>dr Sylwia Zakrzewska | e-mail: sylwia.zakrzewska@wskz.pl <\/span><\/p>\n<p><strong>Editorial Secretary:<br \/>\n<\/strong>Iwona Kuc<\/p>\n<p><strong>Technical editor:<br \/>\n<\/strong>Anna Andrej\u00f3w-Kub\u00f3w<\/p>\n<p><strong>Redaktor statyczny:<br \/>\n<\/strong>MA Ma\u0142gorzata Pacer<\/p>\n<p><strong>Projekt ok\u0142adki:<br \/>\n<\/strong>Dr Rafa\u0142 Guzowski<\/p>\n\n\t\t<\/div>\n\t<\/div>\n<\/div><\/div><\/div><\/div><\/div><\/div><div data-vc-full-width=\"true\" data-vc-full-width-init=\"false\" class=\"vc_custom_1771940588444\"><div class=\"container\"><div class=\"vc_row wpb_row vc_row-fluid vc_row-has-fill vc_row-o-content-middle vc_row-flex\"><div class=\"wpb_column vc_column_container vc_col-sm-12\"><div class=\"vc_column-inner\"><div class=\"wpb_wrapper\"><h2 style=\"font-size: 26px;color: #242d5a;text-align: left;font-family:PT Serif;font-weight:700;font-style:normal\" class=\"vc_custom_heading vc_custom_1744285920811\" >Scientific Council<\/h2><h4 style=\"font-size: 22px;color: #242d5a;text-align: left;font-family:PT Serif;font-weight:700;font-style:normal\" class=\"vc_custom_heading vc_custom_1775548902751\" >Przewodnicz\u0105cy\/Chairman<\/h4>\n\t<div class=\"wpb_text_column wpb_content_element  vc_custom_1775548730787\" >\n\t\t<div class=\"wpb_wrapper\">\n\t\t\t<p><strong>Prof. Janusz Sobo\u0144<\/strong> \u2013 Akademia im. Jakuba z Parady\u017ca<\/p>\n\n\t\t<\/div>\n\t<\/div>\n<h4 style=\"font-size: 22px;color: #242d5a;text-align: left;font-family:PT Serif;font-weight:700;font-style:normal\" class=\"vc_custom_heading vc_custom_1775548878848\" >Cz\u0142onkowie\/Members<\/h4>\n\t<div class=\"wpb_text_column wpb_content_element  vc_custom_1775548556873\" >\n\t\t<div class=\"wpb_wrapper\">\n\t\t\t<p><strong>prof. dr hab. Bruno Drw\u0119ski<\/strong> \u2013 Narodowy Instytut J\u0119zyk\u00f3w i Cywilizacji Wschodnich (INALCO), Pary\u017c, Francja<\/p>\n<p><strong>Prof. Adam Muszy\u0144ski<\/strong> \u2013 Wy\u017csza Szko\u0142a Kszta\u0142cenia Zawodowego, Wroc\u0142aw<\/p>\n<p><strong>prof. Duman Aitmagambetov<\/strong> \u2013 L.N. Gumilov Eurasian National University, Kazachstan<\/p>\n<p><strong>prof. Ruslan Kozovyj<\/strong> \u2013 Ivano-Frankivsk National Medical University (IFNMU), Ivano-Frankivsk, Ukraine<\/p>\n<p><strong>prof. Natalia Kolashnikova<\/strong> \u2013 L.N. Gumilov Eurasian National University, Kazachstan<\/p>\n<p><strong>prof. dr hab. Leszek Kieltyka<\/strong> \u2013 Pomorska Szko\u0142a Wy\u017csza, Starogard Gda\u0144ski<\/p>\n<p><strong>dr hab. Marcin K\u0119sy<\/strong> \u2013 Pomorska Szko\u0142a Wy\u017csza, Starogard Gda\u0144ski<\/p>\n<p><strong>prof. Olga Borisova<\/strong> \u2013 Varna Free University \u201eChernorizets Hrabar\u201d, Bu\u0142garia<\/p>\n<p><strong>prof. dr Marta Kisiel<\/strong> \u2013 Uppsala University, Szwecja<\/p>\n<p><strong>dr hab. Roman Stawicki<\/strong> \u2013 Uniwersytet Jana Kochanowskiego, Kielce<\/p>\n<p><strong>Dr Micha\u0142 \u0106wi\u0105ka\u0142a<\/strong> \u2013 Pomorska Szko\u0142a Wy\u017csza, Starogard Gda\u0144ski<\/p>\n<p><strong>prof. Igor Britchenko<\/strong> \u2013 Academy of National and Information Security, Bulgaria<\/p>\n<p><strong>prof. Oleksandr Ko\u0142omojec, PhD, DSc<\/strong> \u2013 Kirovohrad Scientific Research Center of Expertise and Criminology of the Ministry of Internal Affairs of Ukraine, Ukraina<\/p>\n<p><strong>dr hab. Irena Malinowska, Professor at UCPE<\/strong> \u2013 Wy\u017csza Szko\u0142a Kszta\u0142cenia Zawodowego, Wroc\u0142aw<\/p>\n<p><strong>dr hab. Mariusz Kubiak<\/strong> \u2013 Polskie Towarzystwo Nauk o Bezpiecze\u0144stwie, Siedlce<\/p>\n<p><strong>Dariusz Brakoniecki, PhD<\/strong> \u2013 Szko\u0142a G\u0142\u00f3wna Miko\u0142aja Kopernika, Warszawa<\/p>\n<p><strong>Dr Mariusz Nepelski<\/strong> \u2013 Akademia Po\u017carnicza, Warszawa<\/p>\n<p><strong>dr hab. Grzegorz Drozdowski<\/strong> \u2013 Pomorska Szko\u0142a Wy\u017csza, Starogard Gda\u0144ski<\/p>\n<p><strong>dr doc. Nikola Abramovi\u0107<\/strong> \u2013 University Adratic, Czarnog\u00f3ra<\/p>\n<p><strong>dr Rostyslav Romaniuk<\/strong> \u2013 Ivan Franco National University of Lviv, Ukraina<\/p>\n<p><strong>Dr Henryk Fedewicz<\/strong> \u2013 Wy\u017csza Szko\u0142a Kszta\u0142cenia Zawodowego, Wroc\u0142aw<\/p>\n<p><strong>Dr Bartosz B\u0142aszczak<\/strong> \u2013 Wy\u017csza Szko\u0142a Kszta\u0142cenia Zawodowego, Wroc\u0142aw<\/p>\n<p><strong>Dr Aleksandra Siewert<\/strong> \u2013 Wy\u017csza Szko\u0142a Kszta\u0142cenia Zawodowego, Wroc\u0142aw<\/p>\n<p><strong>Dr Jakub Kufel<\/strong> \u2013 Pomorska Szko\u0142a Wy\u017csza, Starogard Gda\u0144ski<\/p>\n<p><strong>dr Maciej \u015alusarczyk<\/strong> \u2013 Pomorska Szko\u0142a Wy\u017csza, Starogard Gda\u0144ski<\/p>\n<p><strong>Dr Justyna Jasi\u0144ska-Rudzka<\/strong> \u2013 Wy\u017csza Szko\u0142a Kszta\u0142cenia Zawodowego, Wroc\u0142aw<\/p>\n<p><strong>Dr Maciej Tolwi\u0144ski<\/strong> \u2013 Akademia im. Jakuba z Parady\u017ca<\/p>\n<p><strong>Dr Pawlowski<\/strong> \u2013 Wy\u017csza Szko\u0142a Kszta\u0142cenia Zawodowego, Wroc\u0142aw<\/p>\n<p><strong>Dr Rafa\u0142 Guzowski<\/strong> \u2013 Wy\u017csza Szko\u0142a Kszta\u0142cenia Zawodowego, Wroc\u0142aw<\/p>\n<p><strong>Dr Jaros\u0142aw Kaleta<\/strong> \u2013 Wy\u017csza Szko\u0142a Kszta\u0142cenia Zawodowego, Wroc\u0142aw<\/p>\n<p><strong>dr Monika Bartnik<\/strong> \u2013 Uniwersytet Jana D\u0142ugosza, Cz\u0119stochowa<\/p>\n<p><strong>dr Olena Kravchenko<\/strong> \u2013 Central Ukrainian Institute of Human Development in Kropyvnytskyi, Ukraina<\/p>\n<p><strong>dr Valentyna Pupysheva<\/strong> \u2013 Central Ukrainian Institute of Human Development in Kropyvnytskyi, Ukraina<\/p>\n<p><strong>dr Ziad Abou Saleh<\/strong> \u2013 Uniwersytet SWPS, Wroc\u0142aw<\/p>\n<p><strong>Dr Przemys\u0142aw Ruchlewski<\/strong> \u2013 Pomorska Szko\u0142a Wy\u017csza, Starogard Gda\u0144ski<\/p>\n<p><strong>Dr Damian W\u0105sik<\/strong> \u2013 Wy\u017csza Szko\u0142a Kszta\u0142cenia Zawodowego, Wroc\u0142aw<\/p>\n<p><strong>dr Natalia W\u0105sik<\/strong> \u2013 Wy\u017csza Szko\u0142a Kszta\u0142cenia Zawodowego, Wroc\u0142aw<\/p>\n<p><strong>Dr Mariusz Michalski<\/strong> \u2013 Wy\u017csza Szko\u0142a Kszta\u0142cenia Zawodowego, Wroc\u0142aw<\/p>\n<p><strong>Dr Wojciech Kazanecki<\/strong> \u2013 Wy\u017csza Szko\u0142a Kszta\u0142cenia Zawodowego, Wroc\u0142aw<\/p>\n<p><strong>Dr Arkadiusz Smagacz<\/strong> \u2013 Pomorska Szko\u0142a Wy\u017csza, Starogard Gda\u0144ski<\/p>\n<p><strong>dr El\u017cbieta Wa\u017cna<\/strong> \u2013 Pomorska Szko\u0142a Wy\u017csza, Starogard Gda\u0144ski<\/p>\n<p><strong>dr Aneta Pawli\u0144ska<\/strong> \u2013 Uniwersytet \u201eVizja\u201d, Warszawa<\/p>\n<p><strong>dr Piotr Zalewski<\/strong> \u2013 Uniwersytet Jana Kochanowskiego, Kielce<\/p>\n<p><strong>Dr Aleksandra Nowak<\/strong> \u2013 Uniwersytet Warmi\u0144sko-Mazurski, Olsztyn<\/p>\n<p><strong>dr Magdalena Nowak<\/strong> \u2013 Wy\u017csza Szko\u0142a Kszta\u0142cenia Zawodowego, Wroc\u0142aw<\/p>\n<p><strong>dr Dariusz Palacz<\/strong> \u2013 Akademia Nauk Stosowanych im. prof. Edwarda Lipi\u0144skiego, Kielce<\/p>\n<p><strong>Dr Bianka Lewandowska<\/strong> \u2013 Wy\u017csza Szko\u0142a Kszta\u0142cenia Zawodowego, Wroc\u0142aw<\/p>\n<p><strong>dr Sylwia Ksi\u0105\u017cek<\/strong> \u2013 Wy\u017csza Szko\u0142a Kszta\u0142cenia Zawodowego, Wroc\u0142aw<\/p>\n<p><strong>dr Iryna Kozova<\/strong> \u2013 Department of Psychiatry, Narcology and Medical Psychology, Ivano-Frankivsk National Medical University (IFNMU), Ivano-Frankivsk, Ukraine<\/p>\n<p><strong>Dr. Vytautas Yakimko<\/strong> \u2013 Wy\u017csza Szko\u0142a Kszta\u0142cenia Zawodowego, Wroc\u0142aw<\/p>\n<p><strong>dr Ewa Charymska<\/strong> \u2013 Wy\u017csza Szko\u0142a Kszta\u0142cenia Zawodowego, Wroc\u0142aw<\/p>\n<p><strong>dr Izabella K\u0119sy<\/strong> \u2013 Pomorska Szko\u0142a Wy\u017csza w Starogardzie Gda\u0144skim<\/p>\n<p><strong>dr Paulina Wzorek<\/strong> \u2013 Akademia Nauk Stosowanych im. prof. Edwarda Lipi\u0144skiego, Kielce<\/p>\n<p><strong>Dr Natalia Najgiebauer<\/strong> \u2013 Wy\u017csza Szko\u0142a Kszta\u0142cenia Zawodowego, Wroc\u0142aw<\/p>\n\n\t\t<\/div>\n\t<\/div>\n<\/div><\/div><\/div><\/div><\/div><\/div><div class=\"vc_row-full-width vc_clearfix\"><\/div><div data-vc-full-width=\"true\" data-vc-full-width-init=\"false\" class=\"vc_custom_1773350858026\"><div class=\"container\"><div class=\"vc_row wpb_row vc_row-fluid vc_row-has-fill vc_row-o-content-middle vc_row-flex\"><div class=\"wpb_column vc_column_container vc_col-sm-12\"><div class=\"vc_column-inner\"><div class=\"wpb_wrapper\"><h2 style=\"font-size: 26px;color: #242d5a;text-align: left;font-family:PT Serif;font-weight:700;font-style:normal\" class=\"vc_custom_heading vc_custom_1773350828803\" >Redaktorzy tematyczni:<\/h2>\n\t<div class=\"wpb_text_column wpb_content_element  vc_custom_1775549629148\" >\n\t\t<div class=\"wpb_wrapper\">\n\t\t\t<p><strong>Psychology<\/strong> &#8211; dr hab.\u00a0Artur\u00a0Zi\u00f3\u0142kowski, prof. WSKZ<\/p>\n<p><strong>Law <\/strong>&#8211; dr Andrzej Chajbowicz<\/p>\n<p><strong>Criminology <\/strong>- <span>dr Janusz Bryk, Professor at UCPE <\/span><\/p>\n<p><strong>Internal security<\/strong> - <span>Dr Daniel Kasprzycki <\/span><\/p>\n<p><strong>Administracja i nauki o polityce<\/strong> \u2013 dr Anna Janus<\/p>\n<p><strong>Zarz\u0105dzanie i nauki o jako\u015bci<\/strong> &#8211; dr Marika Szyma\u0144ska<\/p>\n<p><strong>Media i komunikacja spo\u0142eczna<\/strong> \u2013 prof. dr hab. Aleksander Wo\u017any<\/p>\n<p><strong>Nauki techniczne &#8211; <\/strong>dr hab. in\u017c. Piotr Kardasz<\/p>\n<p><strong>Afiliacja czasopisma:<\/strong><\/p>\n<p>University College of Professional Education<\/p>\n\n\t\t<\/div>\n\t<\/div>\n<\/div><\/div><\/div><\/div><\/div><\/div><div class=\"vc_row-full-width vc_clearfix\"><\/div><section data-vc-full-width=\"true\" data-vc-full-width-init=\"false\" class=\"vc_section vc_custom_1773350895807 vc_section-has-fill\"><div class=\"vc_custom_1773350880699\"><div class=\"container\"><div class=\"vc_row wpb_row vc_row-fluid vc_row-has-fill\"><div class=\"wpb_column vc_column_container vc_col-sm-12\"><div class=\"vc_column-inner\"><div class=\"wpb_wrapper\">\n\t<div class=\"wpb_text_column wpb_content_element  vc_custom_1771940667042\" id=\"prelegenci\">\n\t\t<div class=\"wpb_wrapper\">\n\t\t\t<h3 class=\"footer-grid-journal__header\">Wytyczne dla autor\u00f3w<\/h3>\n\n\t\t<\/div>\n\t<\/div>\n<\/div><\/div><\/div><\/div><\/div><\/div><div class=\"vc_custom_1729520444983\"><div class=\"container\"><div class=\"vc_row wpb_row vc_row-fluid\"><div class=\"wpb_column vc_column_container vc_col-sm-12\"><div class=\"vc_column-inner\"><div class=\"wpb_wrapper\"><div class=\"vc_tta-container\" data-vc-action=\"collapse\"><div class=\"vc_general vc_tta vc_tta-accordion vc_tta-style-classic vc_tta-o-shape-group vc_tta-controls-align-default\"><div class=\"vc_tta-panels-container\"><div class=\"vc_tta-panels\"><div class=\"vc_tta-panel vc_active\" id=\"1771941102646-9efe5ce1-38bb\" data-vc-content=\".vc_tta-panel-body\"><div class=\"vc_tta-panel-heading\"><h4 class=\"vc_tta-panel-title vc_tta-controls-icon-position-left\"><a href=\"#1771941102646-9efe5ce1-38bb\" data-vc-accordion data-vc-container=\".vc_tta-container\"><span class=\"vc_tta-title-text\">Rejestracja i zg\u0142oszenie artyku\u0142u<\/span><i class=\"vc_tta-controls-icon vc_tta-controls-icon-plus\"><\/i><\/a><\/h4><\/div><div class=\"vc_tta-panel-body\">\n\t<div class=\"wpb_text_column wpb_content_element\" >\n\t\t<div class=\"wpb_wrapper\">\n\t\t\t<ul>\n<li>Aby przes\u0142a\u0107 artyku\u0142, autor musi zarejestrowa\u0107 si\u0119 w Panelu Redakcyjnym Czasopisma.<\/li>\n<li>Je\u015bli autor posiada ju\u017c konto \u2013 wystarczy si\u0119 zalogowa\u0107 i rozpocz\u0105\u0107 proces zg\u0142oszenia.<\/li>\n<li>Artyku\u0142 nale\u017cy przes\u0142a\u0107 wy\u0142\u0105cznie poprzez platform\u0119 zg\u0142oszeniow\u0105 w formacie DOC lub DOCX.<\/li>\n<\/ul>\n\n\t\t<\/div>\n\t<\/div>\n<\/div><\/div><div class=\"vc_tta-panel\" id=\"1771941166453-63b08478-00c9\" data-vc-content=\".vc_tta-panel-body\"><div class=\"vc_tta-panel-heading\"><h4 class=\"vc_tta-panel-title vc_tta-controls-icon-position-left\"><a href=\"#1771941166453-63b08478-00c9\" data-vc-accordion data-vc-container=\".vc_tta-container\"><span class=\"vc_tta-title-text\">Pliki wymagane przy zg\u0142oszeniu<\/span><i class=\"vc_tta-controls-icon vc_tta-controls-icon-plus\"><\/i><\/a><\/h4><\/div><div class=\"vc_tta-panel-body\">\n\t<div class=\"wpb_text_column wpb_content_element\" >\n\t\t<div class=\"wpb_wrapper\">\n\t\t\t<p>Ka\u017cde zg\u0142oszenie musi zawiera\u0107 dwa oddzielne pliki:<\/p>\n<ol>\n<li><strong>Tekst artyku\u0142u<\/strong> \u2013 w pe\u0142ni zanonimizowany, bez danych umo\u017cliwiaj\u0105cych identyfikacj\u0119 autora.<\/li>\n<li><strong>Strona tytu\u0142owa<\/strong> \u2013 zawieraj\u0105ca:<\/li>\n<\/ol>\n<ul>\n<li>imi\u0119 i nazwisko autora\/autor\u00f3w oraz afiliacj\u0119,<\/li>\n<li>adres e-mail (opcjonalnie numer telefonu),<\/li>\n<li>wskazanie autora do korespondencji,<\/li>\n<li>numer ORCID autora\/autor\u00f3w,<\/li>\n<li>pe\u0142ny tytu\u0142 artyku\u0142u.<\/li>\n<\/ul>\n<p>Tekst artyku\u0142u powinien by\u0107 przygotowany do podw\u00f3jnie \u015blepej recenzji (<em>double-blind peer review<\/em>).<\/p>\n\n\t\t<\/div>\n\t<\/div>\n<\/div><\/div><div class=\"vc_tta-panel\" id=\"1771941249281-e8c7176e-8b8f\" data-vc-content=\".vc_tta-panel-body\"><div class=\"vc_tta-panel-heading\"><h4 class=\"vc_tta-panel-title vc_tta-controls-icon-position-left\"><a href=\"#1771941249281-e8c7176e-8b8f\" data-vc-accordion data-vc-container=\".vc_tta-container\"><span class=\"vc_tta-title-text\">Formatowanie tekstu:<\/span><i class=\"vc_tta-controls-icon vc_tta-controls-icon-plus\"><\/i><\/a><\/h4><\/div><div class=\"vc_tta-panel-body\">\n\t<div class=\"wpb_text_column wpb_content_element\" >\n\t\t<div class=\"wpb_wrapper\">\n\t\t\t<ul>\n<li><strong>Czcionka<\/strong>: Times New Roman, 12 pkt<\/li>\n<li><strong>Tytu\u0142 artyku\u0142u<\/strong>: wy\u015brodkowany, pogrubiony, 14 pkt<\/li>\n<li><strong>\u015ar\u00f3dtytu\u0142y<\/strong>: wy\u015brodkowane, bez numeracji, 12 pkt<\/li>\n<li><strong>Interlinia<\/strong>: 1,5<\/li>\n<li><strong>Marginesy<\/strong>: 2,5 cm<\/li>\n<li><strong>Abstrakt i s\u0142owa kluczowe<\/strong>: czcionka 10 pkt, na pocz\u0105tku tekstu.<\/li>\n<\/ul>\n\n\t\t<\/div>\n\t<\/div>\n<\/div><\/div><div class=\"vc_tta-panel\" id=\"1771941296761-53c0db00-c72a\" data-vc-content=\".vc_tta-panel-body\"><div class=\"vc_tta-panel-heading\"><h4 class=\"vc_tta-panel-title vc_tta-controls-icon-position-left\"><a href=\"#1771941296761-53c0db00-c72a\" data-vc-accordion data-vc-container=\".vc_tta-container\"><span class=\"vc_tta-title-text\">Cytaty:<\/span><i class=\"vc_tta-controls-icon vc_tta-controls-icon-plus\"><\/i><\/a><\/h4><\/div><div class=\"vc_tta-panel-body\">\n\t<div class=\"wpb_text_column wpb_content_element\" >\n\t\t<div class=\"wpb_wrapper\">\n\t\t\t<ul>\n<li>Kr\u00f3tkie \u2013 w cudzys\u0142owie, w tek\u015bcie.<\/li>\n<li>D\u0142u\u017csze \u2013 w osobnym akapicie, bez cudzys\u0142owu.<\/li>\n<\/ul>\n\n\t\t<\/div>\n\t<\/div>\n<\/div><\/div><div class=\"vc_tta-panel\" id=\"1771941321836-23f8528e-140f\" data-vc-content=\".vc_tta-panel-body\"><div class=\"vc_tta-panel-heading\"><h4 class=\"vc_tta-panel-title vc_tta-controls-icon-position-left\"><a href=\"#1771941321836-23f8528e-140f\" data-vc-accordion data-vc-container=\".vc_tta-container\"><span class=\"vc_tta-title-text\">Tabele i rysunki:<\/span><i class=\"vc_tta-controls-icon vc_tta-controls-icon-plus\"><\/i><\/a><\/h4><\/div><div class=\"vc_tta-panel-body\">\n\t<div class=\"wpb_text_column wpb_content_element\" >\n\t\t<div class=\"wpb_wrapper\">\n\t\t\t<ul>\n<li>Numerowane kolejno w ca\u0142ym artykule.<\/li>\n<li>Opatrzone tytu\u0142em lub podpisem.<\/li>\n<li>Format plik\u00f3w: .tif, .jpg, .bmp, .eps, .pcx, .wmf (zgodne z MS Word).<\/li>\n<li>Rysunki z MS Word powinny by\u0107 pogrupowane i nie wstawiane bezpo\u015brednio w tre\u015b\u0107.<\/li>\n<\/ul>\n\n\t\t<\/div>\n\t<\/div>\n<\/div><\/div><div class=\"vc_tta-panel\" id=\"1771941359793-dbb65c61-5620\" data-vc-content=\".vc_tta-panel-body\"><div class=\"vc_tta-panel-heading\"><h4 class=\"vc_tta-panel-title vc_tta-controls-icon-position-left\"><a href=\"#1771941359793-dbb65c61-5620\" data-vc-accordion data-vc-container=\".vc_tta-container\"><span class=\"vc_tta-title-text\">Odwo\u0142ania i bibliografia<\/span><i class=\"vc_tta-controls-icon vc_tta-controls-icon-plus\"><\/i><\/a><\/h4><\/div><div class=\"vc_tta-panel-body\">\n\t<div class=\"wpb_text_column wpb_content_element\" >\n\t\t<div class=\"wpb_wrapper\">\n\t\t\t<ul>\n<li>Odwo\u0142ania w tek\u015bcie \u2013 zgodne z APA 7.<\/li>\n<li>Przypisy dolne \u2013 tylko w wyj\u0105tkowych przypadkach, jako komentarze rozszerzaj\u0105ce.<\/li>\n<li>Bibliografia \u2013 zgodna z APA 7.<\/li>\n<\/ul>\n\n\t\t<\/div>\n\t<\/div>\n<\/div><\/div><div class=\"vc_tta-panel\" id=\"1771941386312-d89317c3-3658\" data-vc-content=\".vc_tta-panel-body\"><div class=\"vc_tta-panel-heading\"><h4 class=\"vc_tta-panel-title vc_tta-controls-icon-position-left\"><a href=\"#1771941386312-d89317c3-3658\" data-vc-accordion data-vc-container=\".vc_tta-container\"><span class=\"vc_tta-title-text\">Wymogi j\u0119zykowe<\/span><i class=\"vc_tta-controls-icon vc_tta-controls-icon-plus\"><\/i><\/a><\/h4><\/div><div class=\"vc_tta-panel-body\">\n\t<div class=\"wpb_text_column wpb_content_element\" >\n\t\t<div class=\"wpb_wrapper\">\n\t\t\t<ul>\n<li>Artyku\u0142y w j\u0119zyku polskim musz\u0105 zawiera\u0107 streszczenie w j\u0119zyku polskim i angielskim.<\/li>\n<\/ul>\n\n\t\t<\/div>\n\t<\/div>\n<\/div><\/div><div class=\"vc_tta-panel\" id=\"1771941428671-cd34bb0f-e337\" data-vc-content=\".vc_tta-panel-body\"><div class=\"vc_tta-panel-heading\"><h4 class=\"vc_tta-panel-title vc_tta-controls-icon-position-left\"><a href=\"#1771941428671-cd34bb0f-e337\" data-vc-accordion data-vc-container=\".vc_tta-container\"><span class=\"vc_tta-title-text\">Badania z udzia\u0142em ludzi<\/span><i class=\"vc_tta-controls-icon vc_tta-controls-icon-plus\"><\/i><\/a><\/h4><\/div><div class=\"vc_tta-panel-body\">\n\t<div class=\"wpb_text_column wpb_content_element\" >\n\t\t<div class=\"wpb_wrapper\">\n\t\t\t<p>Je\u017celi badania obejmuj\u0105 udzia\u0142 ludzi (np. wywiady, kwestionariusze, obserwacje), autor<br \/>\njest zobowi\u0105zany do:<\/p>\n<ul>\n<li>podania informacji o zgodzie komisji ds. etyki bada\u0144 (z numerem referencyjnym),<\/li>\n<li>do\u0142\u0105czenia skanu zgody (zalecane),<\/li>\n<li>opisania procedury etycznej w sekcji \u201eO\u015bwiadczenie dotycz\u0105ce etyki bada\u0144\u201d.<\/li>\n<\/ul>\n\n\t\t<\/div>\n\t<\/div>\n<\/div><\/div><div class=\"vc_tta-panel\" id=\"1771941484012-41d4c60e-17aa\" data-vc-content=\".vc_tta-panel-body\"><div class=\"vc_tta-panel-heading\"><h4 class=\"vc_tta-panel-title vc_tta-controls-icon-position-left\"><a href=\"#1771941484012-41d4c60e-17aa\" data-vc-accordion data-vc-container=\".vc_tta-container\"><span class=\"vc_tta-title-text\">Wk\u0142ad autor\u00f3w i etyka publikacyjna<\/span><i class=\"vc_tta-controls-icon vc_tta-controls-icon-plus\"><\/i><\/a><\/h4><\/div><div class=\"vc_tta-panel-body\">\n\t<div class=\"wpb_text_column wpb_content_element\" >\n\t\t<div class=\"wpb_wrapper\">\n\t\t\t<ul>\n<li>Nale\u017cy ujawni\u0107 wk\u0142ad wszystkich os\u00f3b i podmiot\u00f3w w powstanie publikacji (merytoryczny, rzeczowy, finansowy).<\/li>\n<li>Odpowiedzialno\u015b\u0107 za prawdziwo\u015b\u0107 danych ponosi autor zg\u0142aszaj\u0105cy artyku\u0142.<\/li>\n<li>Ghostwriting i guest authorship s\u0105 traktowane jako powa\u017cne naruszenia etyki i b\u0119d\u0105 ujawniane oraz zg\u0142aszane.<\/li>\n<\/ul>\n\n\t\t<\/div>\n\t<\/div>\n<\/div><\/div><div class=\"vc_tta-panel\" id=\"1771941517809-287a72ca-1ac7\" data-vc-content=\".vc_tta-panel-body\"><div class=\"vc_tta-panel-heading\"><h4 class=\"vc_tta-panel-title vc_tta-controls-icon-position-left\"><a href=\"#1771941517809-287a72ca-1ac7\" data-vc-accordion data-vc-container=\".vc_tta-container\"><span class=\"vc_tta-title-text\">Op\u0142aty<\/span><i class=\"vc_tta-controls-icon vc_tta-controls-icon-plus\"><\/i><\/a><\/h4><\/div><div class=\"vc_tta-panel-body\">\n\t<div class=\"wpb_text_column wpb_content_element\" >\n\t\t<div class=\"wpb_wrapper\">\n\t\t\t<ul>\n<li>Czasopismo nie pobiera \u017cadnych op\u0142at za z\u0142o\u017cenie, recenzj\u0119 oraz publikacj\u0119 artyku\u0142u.<\/li>\n<\/ul>\n\n\t\t<\/div>\n\t<\/div>\n<\/div><\/div><\/div><\/div><\/div><\/div><\/div><\/div><\/div><\/div><\/div><\/div><\/section><div class=\"vc_row-full-width vc_clearfix\"><\/div><div class=\"vc_custom_1771941997281\"><div class=\"container\"><div class=\"vc_row wpb_row vc_row-fluid\"><div class=\"wpb_column vc_column_container vc_col-sm-12\"><div class=\"vc_column-inner\"><div class=\"wpb_wrapper\">\n\t<div class=\"wpb_text_column wpb_content_element\" >\n\t\t<div class=\"wpb_wrapper\">\n\t\t\t<h2><strong>Serdecznie zapraszamy student\u00f3w do nadsy\u0142ania tekst\u00f3w do publikacji.<\/strong><\/h2>\n\n\t\t<\/div>\n\t<\/div>\n<\/div><\/div><\/div><\/div><\/div><\/div>\n<\/div>","protected":false},"excerpt":{"rendered":"Wroc\u0142awskie Studenckie Zeszyty Naukoweto multidyscyplinarne, recenzowane czasopismo naukowe Wy\u017cszej Szko\u0142y Kszta\u0142cenia Zawodowego wydawane w formie rocznika. Na jego \u0142amach publikowane s\u0105 artyku\u0142y autorstwa student\u00f3w oraz doktorant\u00f3w, obejmuj\u0105ce szeroki wachlarz temat\u00f3w i dyscyplin akademickich.Czytaj wi\u0119cej Czasopismo pozostaje otwarte na r\u00f3\u017cnorodn\u0105 tematyk\u0119 oraz form\u0119 publikacji. W\u015br\u00f3d akceptowanych tekst\u00f3w znajduj\u0105 si\u0119: artyku\u0142y badawcze, artyku\u0142y przegl\u0105dowe (review), artyku\u0142y kr\u00f3tkie [...]","protected":false},"author":1,"featured_media":0,"parent":0,"menu_order":0,"comment_status":"closed","ping_status":"closed","template":"","meta":{"om_disable_all_campaigns":false,"footnotes":""},"class_list":["post-9018","page","type-page","status-publish","hentry"],"yoast_head":"<!-- This site is optimized with the Yoast SEO plugin v25.9 - https:\/\/yoast.com\/wordpress\/plugins\/seo\/ -->\n<title>Studenckie Wroc\u0142awskie Zeszyty Naukowe | studia-wroclaw.pl<\/title>\n<meta name=\"description\" content=\"Multidyscyplinarne, recenzowane czasopismo naukowe Wy\u017cszej Szko\u0142y Kszta\u0142cenia Zawodowego wydawane w formie rocznika. Na jego \u0142amach publikowane s\u0105 artyku\u0142y autorstwa student\u00f3w oraz doktorant\u00f3w, obejmuj\u0105ce szeroki wachlarz temat\u00f3w i dyscyplin akademickich.\" \/>\n<meta name=\"robots\" content=\"noindex, nofollow\" \/>\n<meta property=\"og:locale\" content=\"en_GB\" \/>\n<meta property=\"og:type\" content=\"article\" \/>\n<meta property=\"og:title\" content=\"Studenckie Wroc\u0142awskie Zeszyty Naukowe | studia-wroclaw.pl\" \/>\n<meta property=\"og:description\" content=\"Multidyscyplinarne, recenzowane czasopismo naukowe Wy\u017cszej Szko\u0142y Kszta\u0142cenia Zawodowego wydawane w formie rocznika. Na jego \u0142amach publikowane s\u0105 artyku\u0142y autorstwa student\u00f3w oraz doktorant\u00f3w, obejmuj\u0105ce szeroki wachlarz temat\u00f3w i dyscyplin akademickich.\" \/>\n<meta property=\"og:url\" content=\"https:\/\/studia-wroclaw.pl\/en\/studenckie-wroclawskie-zeszyty-naukowe\/\" \/>\n<meta property=\"og:site_name\" content=\"Studia Wroc\u0142aw\" \/>\n<meta property=\"article:modified_time\" content=\"2026-04-07T08:14:19+00:00\" \/>\n<meta name=\"twitter:card\" content=\"summary_large_image\" \/>\n<meta name=\"twitter:label1\" content=\"Estimated reading time\" \/>\n\t<meta name=\"twitter:data1\" content=\"10 minutes\" \/>\n<script type=\"application\/ld+json\" class=\"yoast-schema-graph\">{\"@context\":\"https:\/\/schema.org\",\"@graph\":[{\"@type\":\"WebPage\",\"@id\":\"https:\/\/studia-wroclaw.pl\/studenckie-wroclawskie-zeszyty-naukowe\/\",\"url\":\"https:\/\/studia-wroclaw.pl\/studenckie-wroclawskie-zeszyty-naukowe\/\",\"name\":\"Studenckie Wroc\u0142awskie Zeszyty Naukowe | studia-wroclaw.pl\",\"isPartOf\":{\"@id\":\"https:\/\/studia-wroclaw.pl\/#website\"},\"datePublished\":\"2024-10-11T08:30:20+00:00\",\"dateModified\":\"2026-04-07T08:14:19+00:00\",\"description\":\"Multidyscyplinarne, recenzowane czasopismo naukowe Wy\u017cszej Szko\u0142y Kszta\u0142cenia Zawodowego wydawane w formie rocznika. Na jego \u0142amach publikowane s\u0105 artyku\u0142y autorstwa student\u00f3w oraz doktorant\u00f3w, obejmuj\u0105ce szeroki wachlarz temat\u00f3w i dyscyplin akademickich.\",\"breadcrumb\":{\"@id\":\"https:\/\/studia-wroclaw.pl\/studenckie-wroclawskie-zeszyty-naukowe\/#breadcrumb\"},\"inLanguage\":\"en-GB\",\"potentialAction\":[{\"@type\":\"ReadAction\",\"target\":[\"https:\/\/studia-wroclaw.pl\/studenckie-wroclawskie-zeszyty-naukowe\/\"]}]},{\"@type\":\"BreadcrumbList\",\"@id\":\"https:\/\/studia-wroclaw.pl\/studenckie-wroclawskie-zeszyty-naukowe\/#breadcrumb\",\"itemListElement\":[{\"@type\":\"ListItem\",\"position\":1,\"name\":\"Strona g\u0142\u00f3wna\",\"item\":\"https:\/\/studia-wroclaw.pl\/\"},{\"@type\":\"ListItem\",\"position\":2,\"name\":\"Studenckie Wroc\u0142awskie Zeszyty Naukowe\"}]},{\"@type\":\"WebSite\",\"@id\":\"https:\/\/studia-wroclaw.pl\/#website\",\"url\":\"https:\/\/studia-wroclaw.pl\/\",\"name\":\"Studia Wroc\u0142aw\",\"description\":\"\",\"potentialAction\":[{\"@type\":\"SearchAction\",\"target\":{\"@type\":\"EntryPoint\",\"urlTemplate\":\"https:\/\/studia-wroclaw.pl\/?s={search_term_string}\"},\"query-input\":{\"@type\":\"PropertyValueSpecification\",\"valueRequired\":true,\"valueName\":\"search_term_string\"}}],\"inLanguage\":\"en-GB\"}]}<\/script>\n<!-- \/ Yoast SEO plugin. -->","yoast_head_json":{"title":"Studenckie Wroc\u0142awskie Zeszyty Naukowe | studia-wroclaw.pl","description":"Multidyscyplinarne, recenzowane czasopismo naukowe Wy\u017cszej Szko\u0142y Kszta\u0142cenia Zawodowego wydawane w formie rocznika. Na jego \u0142amach publikowane s\u0105 artyku\u0142y autorstwa student\u00f3w oraz doktorant\u00f3w, obejmuj\u0105ce szeroki wachlarz temat\u00f3w i dyscyplin akademickich.","robots":{"index":"noindex","follow":"nofollow"},"og_locale":"en_GB","og_type":"article","og_title":"Studenckie Wroc\u0142awskie Zeszyty Naukowe | studia-wroclaw.pl","og_description":"Multidyscyplinarne, recenzowane czasopismo naukowe Wy\u017cszej Szko\u0142y Kszta\u0142cenia Zawodowego wydawane w formie rocznika. Na jego \u0142amach publikowane s\u0105 artyku\u0142y autorstwa student\u00f3w oraz doktorant\u00f3w, obejmuj\u0105ce szeroki wachlarz temat\u00f3w i dyscyplin akademickich.","og_url":"https:\/\/studia-wroclaw.pl\/en\/studenckie-wroclawskie-zeszyty-naukowe\/","og_site_name":"Studia Wroc\u0142aw","article_modified_time":"2026-04-07T08:14:19+00:00","twitter_card":"summary_large_image","twitter_misc":{"Estimated reading time":"10 minutes"},"schema":{"@context":"https:\/\/schema.org","@graph":[{"@type":"WebPage","@id":"https:\/\/studia-wroclaw.pl\/studenckie-wroclawskie-zeszyty-naukowe\/","url":"https:\/\/studia-wroclaw.pl\/studenckie-wroclawskie-zeszyty-naukowe\/","name":"Studenckie Wroc\u0142awskie Zeszyty Naukowe | studia-wroclaw.pl","isPartOf":{"@id":"https:\/\/studia-wroclaw.pl\/#website"},"datePublished":"2024-10-11T08:30:20+00:00","dateModified":"2026-04-07T08:14:19+00:00","description":"Multidyscyplinarne, recenzowane czasopismo naukowe Wy\u017cszej Szko\u0142y Kszta\u0142cenia Zawodowego wydawane w formie rocznika. Na jego \u0142amach publikowane s\u0105 artyku\u0142y autorstwa student\u00f3w oraz doktorant\u00f3w, obejmuj\u0105ce szeroki wachlarz temat\u00f3w i dyscyplin akademickich.","breadcrumb":{"@id":"https:\/\/studia-wroclaw.pl\/studenckie-wroclawskie-zeszyty-naukowe\/#breadcrumb"},"inLanguage":"en-GB","potentialAction":[{"@type":"ReadAction","target":["https:\/\/studia-wroclaw.pl\/studenckie-wroclawskie-zeszyty-naukowe\/"]}]},{"@type":"BreadcrumbList","@id":"https:\/\/studia-wroclaw.pl\/studenckie-wroclawskie-zeszyty-naukowe\/#breadcrumb","itemListElement":[{"@type":"ListItem","position":1,"name":"Strona g\u0142\u00f3wna","item":"https:\/\/studia-wroclaw.pl\/"},{"@type":"ListItem","position":2,"name":"Studenckie Wroc\u0142awskie Zeszyty Naukowe"}]},{"@type":"WebSite","@id":"https:\/\/studia-wroclaw.pl\/#website","url":"https:\/\/studia-wroclaw.pl\/","name":"Studies Wroclaw","description":"","potentialAction":[{"@type":"SearchAction","target":{"@type":"EntryPoint","urlTemplate":"https:\/\/studia-wroclaw.pl\/?s={search_term_string}"},"query-input":{"@type":"PropertyValueSpecification","valueRequired":true,"valueName":"search_term_string"}}],"inLanguage":"en-GB"}]}},"_links":{"self":[{"href":"https:\/\/studia-wroclaw.pl\/en\/wp-json\/wp\/v2\/pages\/9018","targetHints":{"allow":["GET"]}}],"collection":[{"href":"https:\/\/studia-wroclaw.pl\/en\/wp-json\/wp\/v2\/pages"}],"about":[{"href":"https:\/\/studia-wroclaw.pl\/en\/wp-json\/wp\/v2\/types\/page"}],"author":[{"embeddable":true,"href":"https:\/\/studia-wroclaw.pl\/en\/wp-json\/wp\/v2\/users\/1"}],"replies":[{"embeddable":true,"href":"https:\/\/studia-wroclaw.pl\/en\/wp-json\/wp\/v2\/comments?post=9018"}],"version-history":[{"count":19,"href":"https:\/\/studia-wroclaw.pl\/en\/wp-json\/wp\/v2\/pages\/9018\/revisions"}],"predecessor-version":[{"id":10463,"href":"https:\/\/studia-wroclaw.pl\/en\/wp-json\/wp\/v2\/pages\/9018\/revisions\/10463"}],"wp:attachment":[{"href":"https:\/\/studia-wroclaw.pl\/en\/wp-json\/wp\/v2\/media?parent=9018"}],"curies":[{"name":"wp","href":"https:\/\/api.w.org\/{rel}","templated":true}]}}